{"id":22470,"date":"2018-04-03T02:00:00","date_gmt":"2018-04-03T00:00:00","guid":{"rendered":"https:\/\/spartacus.forenteforlag.no\/produkt\/pa-vandring-med-et-esel-i-cevennene-3\/"},"modified":"2026-03-04T15:18:28","modified_gmt":"2026-03-04T14:18:28","slug":"pa-vandring-med-et-esel-i-cevennene-3","status":"publish","type":"product","link":"https:\/\/staging.forenteforlag.no\/spartacus\/produkt\/pa-vandring-med-et-esel-i-cevennene-3\/","title":{"rendered":"P\u00e5 vandring med et esel i Cevennene"},"content":{"rendered":"<p>\u00abFor min egen del reiser jeg ikke for \u00e5 komme noe sted, men for \u00e5 vandre. Jeg reiser for reisens skyld.\u00bb H\u00f8sten 1878 er den unge skotske forfatteren Robert Louis Stevenson preget b\u00e5de av lungesykdom og kj\u00e6rlighetssorg. Han bestemmer seg for \u00e5 legge ut p\u00e5 vandring i den s\u00f8rfranske fjellkjeden Cevennene, der klimaet skal v\u00e6re godt for b\u00e5de kropp og sjel.<\/p>\n<p>Dagboken fra turen blir til det som i dag regnes som en av friluftslitteraturens store klassikere. \u00abP\u00e5 vandring med et esel i Cevennene\u00bb er f\u00f8rst og fremst forfatterens betraktninger av naturen som omgir ham og menneskene han treffer underveis. Men den handler ogs\u00e5 om Stevensons eneste f\u00f8lgesvenn, det gjenstridige eselet Modestine, som han aldri helt makter \u00e5 bli herre over. Hun gj\u00f8r turen b\u00e5de tyngre og langsommere enn den ville v\u00e6rt uten henne, men blir likevel en viktig del av Stevensons liv de tolv dagene turen varer.<\/p>\n","protected":false},"excerpt":{"rendered":"<p>\u00abFor min egen del reiser jeg ikke for \u00e5 komme noe sted, men for \u00e5 vandre. Jeg reiser for reisens skyld.\u00bb H\u00f8sten 1878 er den unge skotske forfatteren Robert Louis Stevenson preget b\u00e5de av lungesykdom og kj\u00e6rlighetssorg. Han bestemmer seg for \u00e5 legge ut p\u00e5 vandring i den s\u00f8rfranske fjellkjeden Cevennene, der klimaet skal v\u00e6re [&hellip;]<\/p>\n","protected":false},"featured_media":26545,"template":"","meta":{"_acf_changed":false,"inline_featured_image":false},"product_brand":[],"product_cat":[1786],"product_tag":[394,362,413,777,882,989],"class_list":{"0":"post-22470","1":"product","2":"type-product","3":"status-publish","4":"has-post-thumbnail","6":"product_cat-rabattkodekampanje","7":"product_tag-1800-tallet","8":"product_tag-faglitteratur","9":"product_tag-forfattere","10":"product_tag-frankrike","11":"product_tag-geografi-og-reiser","12":"product_tag-reiseskildringer","14":"first","15":"instock","16":"shipping-taxable","17":"purchasable","18":"product-type-simple"},"acf":{"anmeldelse":[{"tekst_anmeldelser":"\u00abDet er ei risikabel reise, men dermed litter\u00e6rt sjarmerande. \u2026 Alexander Leborg har kledd omsetjinga i eit spr\u00e5k som imponerande nok verkar b\u00e5de tidstypisk og moderne. Han byd ogs\u00e5 p\u00e5 eit opplysande etterord om forfatteren og reisa hans \u2026 Ei leseverdig og l\u00e6rerik utgjeving.\u00bb","av_anmeldelser":"Ingvild Br\u00e6in","terningkast":false,"kilde":"Dag og Tid"},{"tekst_anmeldelser":"\u00aben av de fineste b\u00f8kene som er laget om friluftsliv og vandring.\u00bb","av_anmeldelser":"","terningkast":false,"kilde":"Harvest \u2013 Mennesket & Naturen"},{"tekst_anmeldelser":"\u00abdet som gj\u00f8r boken original, er ikke bare skildringen av m\u00f8tet med vill og vakker natur, men det tette og intime forholdet til f\u00f8lgesvennen av hunkj\u00f8nn: Eselet Modestine. \u2026 en meget innholdsrik reiseskildring.\u00bb","av_anmeldelser":"Marion Berntzen Koksvik","terningkast":false,"kilde":"Friheten"},{"tekst_anmeldelser":"\u00abOgs\u00e5 som novellist og friluftsforfatter er Robert Louis Stevenson blitt en moderne klassiker \u2026 Dette er friluftslitteratur skrevet av en nybegynner blant vandringsmenn, og det gir fortellingen en helt s\u00e6regen sjarm. \u2026 'P\u00e5 vandring med et esel i Cevennene' foreligger i en spenstig oversettelse ved Alexander Leborg, som ogs\u00e5 har utstyrt boka med perspektivskapende opplysninger i noter og etterord. Anbefales!\u00bb","av_anmeldelser":"Espen Haavardsholm","terningkast":false,"kilde":"Klassekampen"},{"tekst_anmeldelser":"\u00abEn forn\u00f8yelig reiseskildring \u2026 byr p\u00e5 b\u00e5de humor, selvinnsikt og ikke minst poetisk spr\u00e5k.\u00bb","av_anmeldelser":"Runar Larsen","terningkast":false,"kilde":"Magasinet Reiselyst"},{"tekst_anmeldelser":"\u00abenormt l\u00f8yen\u00bb","av_anmeldelser":"Janne Stigen Drangsholt, Kjente b\u00f8ker p\u00e5 4 minutter","terningkast":false,"kilde":"NRK"}]},"yoast_head":"<!-- This site is optimized with the Yoast SEO plugin v26.6 - https:\/\/yoast.com\/wordpress\/plugins\/seo\/ -->\n<title>P\u00e5 vandring med et esel i Cevennene - Spartacus<\/title>\n<meta name=\"robots\" content=\"noindex, follow, max-snippet:-1, max-image-preview:large, max-video-preview:-1\" \/>\n<meta property=\"og:locale\" content=\"nb_NO\" \/>\n<meta property=\"og:type\" content=\"article\" \/>\n<meta property=\"og:title\" content=\"P\u00e5 vandring med et esel i Cevennene - Spartacus\" \/>\n<meta property=\"og:description\" content=\"\u00abFor min egen del reiser jeg ikke for \u00e5 komme noe sted, men for \u00e5 vandre. Jeg reiser for reisens skyld.\u00bb H\u00f8sten 1878 er den unge skotske forfatteren Robert Louis Stevenson preget b\u00e5de av lungesykdom og kj\u00e6rlighetssorg. Han bestemmer seg for \u00e5 legge ut p\u00e5 vandring i den s\u00f8rfranske fjellkjeden Cevennene, der klimaet skal v\u00e6re [&hellip;]\" \/>\n<meta property=\"og:url\" content=\"https:\/\/staging.forenteforlag.no\/spartacus\/produkt\/pa-vandring-med-et-esel-i-cevennene-3\/\" \/>\n<meta property=\"og:site_name\" content=\"Spartacus\" \/>\n<meta property=\"article:publisher\" content=\"https:\/\/www.facebook.com\/SpartacusForlag\" \/>\n<meta property=\"article:modified_time\" content=\"2026-03-04T14:18:28+00:00\" \/>\n<meta property=\"og:image\" content=\"https:\/\/staging.forenteforlag.no\/spartacus\/wp-content\/uploads\/sites\/6\/2026\/02\/9788243011663.jpg\" \/>\n\t<meta property=\"og:image:width\" content=\"720\" \/>\n\t<meta property=\"og:image:height\" content=\"1046\" \/>\n\t<meta property=\"og:image:type\" content=\"image\/jpeg\" \/>\n<meta name=\"twitter:card\" content=\"summary_large_image\" \/>\n<meta name=\"twitter:label1\" content=\"Ansl. lesetid\" \/>\n\t<meta name=\"twitter:data1\" content=\"1 minutt\" \/>\n<script type=\"application\/ld+json\" class=\"yoast-schema-graph\">{\"@context\":\"https:\/\/schema.org\",\"@graph\":[{\"@type\":\"WebPage\",\"@id\":\"https:\/\/staging.forenteforlag.no\/spartacus\/produkt\/pa-vandring-med-et-esel-i-cevennene-3\/\",\"url\":\"https:\/\/staging.forenteforlag.no\/spartacus\/produkt\/pa-vandring-med-et-esel-i-cevennene-3\/\",\"name\":\"P\u00e5 vandring med et esel i Cevennene - Spartacus\",\"isPartOf\":{\"@id\":\"https:\/\/staging.forenteforlag.no\/spartacus\/#website\"},\"primaryImageOfPage\":{\"@id\":\"https:\/\/staging.forenteforlag.no\/spartacus\/produkt\/pa-vandring-med-et-esel-i-cevennene-3\/#primaryimage\"},\"image\":{\"@id\":\"https:\/\/staging.forenteforlag.no\/spartacus\/produkt\/pa-vandring-med-et-esel-i-cevennene-3\/#primaryimage\"},\"thumbnailUrl\":\"https:\/\/staging.forenteforlag.no\/spartacus\/wp-content\/uploads\/sites\/6\/2026\/02\/9788243011663.jpg\",\"datePublished\":\"2018-04-03T00:00:00+00:00\",\"dateModified\":\"2026-03-04T14:18:28+00:00\",\"breadcrumb\":{\"@id\":\"https:\/\/staging.forenteforlag.no\/spartacus\/produkt\/pa-vandring-med-et-esel-i-cevennene-3\/#breadcrumb\"},\"inLanguage\":\"nb-NO\",\"potentialAction\":[{\"@type\":\"ReadAction\",\"target\":[\"https:\/\/staging.forenteforlag.no\/spartacus\/produkt\/pa-vandring-med-et-esel-i-cevennene-3\/\"]}]},{\"@type\":\"ImageObject\",\"inLanguage\":\"nb-NO\",\"@id\":\"https:\/\/staging.forenteforlag.no\/spartacus\/produkt\/pa-vandring-med-et-esel-i-cevennene-3\/#primaryimage\",\"url\":\"https:\/\/staging.forenteforlag.no\/spartacus\/wp-content\/uploads\/sites\/6\/2026\/02\/9788243011663.jpg\",\"contentUrl\":\"https:\/\/staging.forenteforlag.no\/spartacus\/wp-content\/uploads\/sites\/6\/2026\/02\/9788243011663.jpg\",\"width\":720,\"height\":1046},{\"@type\":\"BreadcrumbList\",\"@id\":\"https:\/\/staging.forenteforlag.no\/spartacus\/produkt\/pa-vandring-med-et-esel-i-cevennene-3\/#breadcrumb\",\"itemListElement\":[{\"@type\":\"ListItem\",\"position\":1,\"name\":\"Hjem\",\"item\":\"https:\/\/staging.forenteforlag.no\/spartacus\/\"},{\"@type\":\"ListItem\",\"position\":2,\"name\":\"Alle b\u00f8ker\",\"item\":\"https:\/\/staging.forenteforlag.no\/spartacus\/butikk\/\"},{\"@type\":\"ListItem\",\"position\":3,\"name\":\"P\u00e5 vandring med et esel i Cevennene\"}]},{\"@type\":\"WebSite\",\"@id\":\"https:\/\/staging.forenteforlag.no\/spartacus\/#website\",\"url\":\"https:\/\/staging.forenteforlag.no\/spartacus\/\",\"name\":\"Spartacus forlag\",\"description\":\"\",\"publisher\":{\"@id\":\"https:\/\/staging.forenteforlag.no\/spartacus\/#organization\"},\"potentialAction\":[{\"@type\":\"SearchAction\",\"target\":{\"@type\":\"EntryPoint\",\"urlTemplate\":\"https:\/\/staging.forenteforlag.no\/spartacus\/?s={search_term_string}\"},\"query-input\":{\"@type\":\"PropertyValueSpecification\",\"valueRequired\":true,\"valueName\":\"search_term_string\"}}],\"inLanguage\":\"nb-NO\"},{\"@type\":\"Organization\",\"@id\":\"https:\/\/staging.forenteforlag.no\/spartacus\/#organization\",\"name\":\"Spartacus forlag\",\"url\":\"https:\/\/staging.forenteforlag.no\/spartacus\/\",\"logo\":{\"@type\":\"ImageObject\",\"inLanguage\":\"nb-NO\",\"@id\":\"https:\/\/staging.forenteforlag.no\/spartacus\/#\/schema\/logo\/image\/\",\"url\":\"https:\/\/staging.forenteforlag.no\/spartacus\/wp-content\/uploads\/sites\/6\/2024\/09\/Spartacus_logo.svg\",\"contentUrl\":\"https:\/\/staging.forenteforlag.no\/spartacus\/wp-content\/uploads\/sites\/6\/2024\/09\/Spartacus_logo.svg\",\"width\":100,\"height\":100,\"caption\":\"Spartacus forlag\"},\"image\":{\"@id\":\"https:\/\/staging.forenteforlag.no\/spartacus\/#\/schema\/logo\/image\/\"},\"sameAs\":[\"https:\/\/www.facebook.com\/SpartacusForlag\"]}]}<\/script>\n<!-- \/ Yoast SEO plugin. -->","yoast_head_json":{"title":"P\u00e5 vandring med et esel i Cevennene - Spartacus","robots":{"index":"noindex","follow":"follow","max-snippet":"max-snippet:-1","max-image-preview":"max-image-preview:large","max-video-preview":"max-video-preview:-1"},"og_locale":"nb_NO","og_type":"article","og_title":"P\u00e5 vandring med et esel i Cevennene - Spartacus","og_description":"\u00abFor min egen del reiser jeg ikke for \u00e5 komme noe sted, men for \u00e5 vandre. Jeg reiser for reisens skyld.\u00bb H\u00f8sten 1878 er den unge skotske forfatteren Robert Louis Stevenson preget b\u00e5de av lungesykdom og kj\u00e6rlighetssorg. Han bestemmer seg for \u00e5 legge ut p\u00e5 vandring i den s\u00f8rfranske fjellkjeden Cevennene, der klimaet skal v\u00e6re [&hellip;]","og_url":"https:\/\/staging.forenteforlag.no\/spartacus\/produkt\/pa-vandring-med-et-esel-i-cevennene-3\/","og_site_name":"Spartacus","article_publisher":"https:\/\/www.facebook.com\/SpartacusForlag","article_modified_time":"2026-03-04T14:18:28+00:00","og_image":[{"width":720,"height":1046,"url":"https:\/\/staging.forenteforlag.no\/spartacus\/wp-content\/uploads\/sites\/6\/2026\/02\/9788243011663.jpg","type":"image\/jpeg"}],"twitter_card":"summary_large_image","twitter_misc":{"Ansl. lesetid":"1 minutt"},"schema":{"@context":"https:\/\/schema.org","@graph":[{"@type":"WebPage","@id":"https:\/\/staging.forenteforlag.no\/spartacus\/produkt\/pa-vandring-med-et-esel-i-cevennene-3\/","url":"https:\/\/staging.forenteforlag.no\/spartacus\/produkt\/pa-vandring-med-et-esel-i-cevennene-3\/","name":"P\u00e5 vandring med et esel i Cevennene - Spartacus","isPartOf":{"@id":"https:\/\/staging.forenteforlag.no\/spartacus\/#website"},"primaryImageOfPage":{"@id":"https:\/\/staging.forenteforlag.no\/spartacus\/produkt\/pa-vandring-med-et-esel-i-cevennene-3\/#primaryimage"},"image":{"@id":"https:\/\/staging.forenteforlag.no\/spartacus\/produkt\/pa-vandring-med-et-esel-i-cevennene-3\/#primaryimage"},"thumbnailUrl":"https:\/\/staging.forenteforlag.no\/spartacus\/wp-content\/uploads\/sites\/6\/2026\/02\/9788243011663.jpg","datePublished":"2018-04-03T00:00:00+00:00","dateModified":"2026-03-04T14:18:28+00:00","breadcrumb":{"@id":"https:\/\/staging.forenteforlag.no\/spartacus\/produkt\/pa-vandring-med-et-esel-i-cevennene-3\/#breadcrumb"},"inLanguage":"nb-NO","potentialAction":[{"@type":"ReadAction","target":["https:\/\/staging.forenteforlag.no\/spartacus\/produkt\/pa-vandring-med-et-esel-i-cevennene-3\/"]}]},{"@type":"ImageObject","inLanguage":"nb-NO","@id":"https:\/\/staging.forenteforlag.no\/spartacus\/produkt\/pa-vandring-med-et-esel-i-cevennene-3\/#primaryimage","url":"https:\/\/staging.forenteforlag.no\/spartacus\/wp-content\/uploads\/sites\/6\/2026\/02\/9788243011663.jpg","contentUrl":"https:\/\/staging.forenteforlag.no\/spartacus\/wp-content\/uploads\/sites\/6\/2026\/02\/9788243011663.jpg","width":720,"height":1046},{"@type":"BreadcrumbList","@id":"https:\/\/staging.forenteforlag.no\/spartacus\/produkt\/pa-vandring-med-et-esel-i-cevennene-3\/#breadcrumb","itemListElement":[{"@type":"ListItem","position":1,"name":"Hjem","item":"https:\/\/staging.forenteforlag.no\/spartacus\/"},{"@type":"ListItem","position":2,"name":"Alle b\u00f8ker","item":"https:\/\/staging.forenteforlag.no\/spartacus\/butikk\/"},{"@type":"ListItem","position":3,"name":"P\u00e5 vandring med et esel i Cevennene"}]},{"@type":"WebSite","@id":"https:\/\/staging.forenteforlag.no\/spartacus\/#website","url":"https:\/\/staging.forenteforlag.no\/spartacus\/","name":"Spartacus forlag","description":"","publisher":{"@id":"https:\/\/staging.forenteforlag.no\/spartacus\/#organization"},"potentialAction":[{"@type":"SearchAction","target":{"@type":"EntryPoint","urlTemplate":"https:\/\/staging.forenteforlag.no\/spartacus\/?s={search_term_string}"},"query-input":{"@type":"PropertyValueSpecification","valueRequired":true,"valueName":"search_term_string"}}],"inLanguage":"nb-NO"},{"@type":"Organization","@id":"https:\/\/staging.forenteforlag.no\/spartacus\/#organization","name":"Spartacus forlag","url":"https:\/\/staging.forenteforlag.no\/spartacus\/","logo":{"@type":"ImageObject","inLanguage":"nb-NO","@id":"https:\/\/staging.forenteforlag.no\/spartacus\/#\/schema\/logo\/image\/","url":"https:\/\/staging.forenteforlag.no\/spartacus\/wp-content\/uploads\/sites\/6\/2024\/09\/Spartacus_logo.svg","contentUrl":"https:\/\/staging.forenteforlag.no\/spartacus\/wp-content\/uploads\/sites\/6\/2024\/09\/Spartacus_logo.svg","width":100,"height":100,"caption":"Spartacus forlag"},"image":{"@id":"https:\/\/staging.forenteforlag.no\/spartacus\/#\/schema\/logo\/image\/"},"sameAs":["https:\/\/www.facebook.com\/SpartacusForlag"]}]}},"_links":{"self":[{"href":"https:\/\/staging.forenteforlag.no\/spartacus\/wp-json\/wp\/v2\/product\/22470","targetHints":{"allow":["GET"]}}],"collection":[{"href":"https:\/\/staging.forenteforlag.no\/spartacus\/wp-json\/wp\/v2\/product"}],"about":[{"href":"https:\/\/staging.forenteforlag.no\/spartacus\/wp-json\/wp\/v2\/types\/product"}],"wp:featuredmedia":[{"embeddable":true,"href":"https:\/\/staging.forenteforlag.no\/spartacus\/wp-json\/wp\/v2\/media\/26545"}],"wp:attachment":[{"href":"https:\/\/staging.forenteforlag.no\/spartacus\/wp-json\/wp\/v2\/media?parent=22470"}],"wp:term":[{"taxonomy":"product_brand","embeddable":true,"href":"https:\/\/staging.forenteforlag.no\/spartacus\/wp-json\/wp\/v2\/product_brand?post=22470"},{"taxonomy":"product_cat","embeddable":true,"href":"https:\/\/staging.forenteforlag.no\/spartacus\/wp-json\/wp\/v2\/product_cat?post=22470"},{"taxonomy":"product_tag","embeddable":true,"href":"https:\/\/staging.forenteforlag.no\/spartacus\/wp-json\/wp\/v2\/product_tag?post=22470"}],"curies":[{"name":"wp","href":"https:\/\/api.w.org\/{rel}","templated":true}]}}