{"id":22462,"date":"2019-08-20T02:00:00","date_gmt":"2019-08-20T00:00:00","guid":{"rendered":"https:\/\/spartacus.forenteforlag.no\/produkt\/det-var-ikke-voldtekt\/"},"modified":"2026-03-04T15:25:51","modified_gmt":"2026-03-04T14:25:51","slug":"det-var-ikke-voldtekt","status":"publish","type":"product","link":"https:\/\/staging.forenteforlag.no\/spartacus\/produkt\/det-var-ikke-voldtekt\/","title":{"rendered":"&laquo;Det var ikke voldtekt&raquo;"},"content":{"rendered":"<p>Hva snakker vi om n\u00e5r vi snakker om voldtekt? Gjennom mediene f\u00e5r vi kun kjennskap til bruddstykker av hendelsen. De stereotype forestillingene f\u00e5r stor plass. Ofte spekuleres det i hypotetiske og alternative forklaringer p\u00e5 det som i rettssalene defineres som voldtekt. De fleste sakene som havner i rettssalene, handler ikke om angresex i en kaotisk festkultur, uheldige misforst\u00e5elser fordi jentene sendte tvetydige signaler, eller om jenter som lyver p\u00e5 seg voldtekter fordi offerrollen er s\u00e5 attraktiv, slik enkelte hevder. Ved \u00e5 v\u00e6re til stede under voldtektsrettssaker sirkler Heidi Helene Sveen inn hva som egentlig skjedde &#8211; f\u00f8r, under og etter voldtektene. Dernest belyser hun hva slags fortellinger de ulike partene presenterer. Hvilke forst\u00e5elser av kj\u00f8nn, sex, grenser og samtykke settes i spill, og hvordan overlapper disse med de r\u00e5dende kulturelle forestillingene? Og til slutt: Hvilken historie setter retten st\u00f8rst lit til?<\/p>\n","protected":false},"excerpt":{"rendered":"<p>Hva snakker vi om n\u00e5r vi snakker om voldtekt? Gjennom mediene f\u00e5r vi kun kjennskap til bruddstykker av hendelsen. De stereotype forestillingene f\u00e5r stor plass. Ofte spekuleres det i hypotetiske og alternative forklaringer p\u00e5 det som i rettssalene defineres som voldtekt. De fleste sakene som havner i rettssalene, handler ikke om angresex i en kaotisk [&hellip;]<\/p>\n","protected":false},"featured_media":25938,"template":"","meta":{"_acf_changed":false,"inline_featured_image":false},"product_brand":[],"product_cat":[1786],"product_tag":[362,1141,1284],"class_list":{"0":"post-22462","1":"product","2":"type-product","3":"status-publish","4":"has-post-thumbnail","6":"product_cat-rabattkodekampanje","7":"product_tag-faglitteratur","8":"product_tag-rettsvesen","9":"product_tag-voldtekt","11":"first","12":"instock","13":"shipping-taxable","14":"purchasable","15":"product-type-simple"},"acf":{"anmeldelse":[{"tekst_anmeldelser":"\u00abDette er virkelig ei bok \u00e5 bli klokere av. Sveen skal ha honn\u00f8r for at hun har tatt seg bryet med dag etter dag \u00e5 lide seg gjennom ekle handlinger, kjipe opplevelser, traumatiserende vold og t\u00e5pelig arroganse fra overgripere uten troverdighet. Hennes egen troverdighet i teksten er stor, ikke minst fordi hun \u00e5penbart har satt seg godt inn i litteraturen p\u00e5 feltet.\u00bb","av_anmeldelser":"Jon Rognlien","terningkast":"<i class=\"fa-solid fa-dice-five\"><\/i>","kilde":"Dagbladet"},{"tekst_anmeldelser":"\u00abDet er uansett ei viktig bok, ikkje grunna sakene i seg sj\u00f8lv, men fordi ho kan tena til \u00e5 belysa kor ulike valdtektssaker er, og ogs\u00e5 til \u00e5 starta ein viktig debatt om voldtektsmyter, feilaktige f\u00f8restillingar om kva valdtekt er.\u00bb","av_anmeldelser":"","terningkast":false,"kilde":"Stavanger Aftenblad"},{"tekst_anmeldelser":"\u00abDet er en str\u00e5lende id\u00e9 \u00e5 g\u00e5 s\u00e5 tett p\u00e5 innhold og fremdrift i retten som det Sveen har gjort. Boken er nesten ubehagelig oppslukende.\u00bb","av_anmeldelser":"Vilde Sagstad Imeland","terningkast":false,"kilde":"Morgenbladet"},{"tekst_anmeldelser":"\u00abHeidi Helene Sveen kartlegger myter om voldtekt og de fortellingene som forsvarsadvokatene i retten oftest tyr til for \u00e5 sverte ofrene. Boken er et kraftfullt argument mot at ofrene selv har ansvar for voldtekten. Og Sveen er overbevisende i kritikken av politiets nedprioriterte og d\u00e5rlige etterforskning av de anmeldte sakene.\u00bb","av_anmeldelser":"Eskil Skjeldal, \u00c5rets b\u00f8ker 2019","terningkast":false,"kilde":"V\u00e5rt Land"}]},"yoast_head":"<!-- This site is optimized with the Yoast SEO plugin v26.6 - https:\/\/yoast.com\/wordpress\/plugins\/seo\/ -->\n<title>&quot;Det var ikke voldtekt&quot; - Spartacus<\/title>\n<meta name=\"robots\" content=\"noindex, follow, max-snippet:-1, max-image-preview:large, max-video-preview:-1\" \/>\n<meta property=\"og:locale\" content=\"nb_NO\" \/>\n<meta property=\"og:type\" content=\"article\" \/>\n<meta property=\"og:title\" content=\"&quot;Det var ikke voldtekt&quot; - Spartacus\" \/>\n<meta property=\"og:description\" content=\"Hva snakker vi om n\u00e5r vi snakker om voldtekt? Gjennom mediene f\u00e5r vi kun kjennskap til bruddstykker av hendelsen. De stereotype forestillingene f\u00e5r stor plass. Ofte spekuleres det i hypotetiske og alternative forklaringer p\u00e5 det som i rettssalene defineres som voldtekt. De fleste sakene som havner i rettssalene, handler ikke om angresex i en kaotisk [&hellip;]\" \/>\n<meta property=\"og:url\" content=\"https:\/\/staging.forenteforlag.no\/spartacus\/produkt\/det-var-ikke-voldtekt\/\" \/>\n<meta property=\"og:site_name\" content=\"Spartacus\" \/>\n<meta property=\"article:publisher\" content=\"https:\/\/www.facebook.com\/SpartacusForlag\" \/>\n<meta property=\"article:modified_time\" content=\"2026-03-04T14:25:51+00:00\" \/>\n<meta property=\"og:image\" content=\"https:\/\/staging.forenteforlag.no\/spartacus\/wp-content\/uploads\/sites\/6\/2026\/02\/9788243012936.jpg\" \/>\n\t<meta property=\"og:image:width\" content=\"720\" \/>\n\t<meta property=\"og:image:height\" content=\"1140\" \/>\n\t<meta property=\"og:image:type\" content=\"image\/jpeg\" \/>\n<meta name=\"twitter:card\" content=\"summary_large_image\" \/>\n<meta name=\"twitter:label1\" content=\"Ansl. lesetid\" \/>\n\t<meta name=\"twitter:data1\" content=\"1 minutt\" \/>\n<script type=\"application\/ld+json\" class=\"yoast-schema-graph\">{\"@context\":\"https:\/\/schema.org\",\"@graph\":[{\"@type\":\"WebPage\",\"@id\":\"https:\/\/staging.forenteforlag.no\/spartacus\/produkt\/det-var-ikke-voldtekt\/\",\"url\":\"https:\/\/staging.forenteforlag.no\/spartacus\/produkt\/det-var-ikke-voldtekt\/\",\"name\":\"\\\"Det var ikke voldtekt\\\" - Spartacus\",\"isPartOf\":{\"@id\":\"https:\/\/staging.forenteforlag.no\/spartacus\/#website\"},\"primaryImageOfPage\":{\"@id\":\"https:\/\/staging.forenteforlag.no\/spartacus\/produkt\/det-var-ikke-voldtekt\/#primaryimage\"},\"image\":{\"@id\":\"https:\/\/staging.forenteforlag.no\/spartacus\/produkt\/det-var-ikke-voldtekt\/#primaryimage\"},\"thumbnailUrl\":\"https:\/\/staging.forenteforlag.no\/spartacus\/wp-content\/uploads\/sites\/6\/2026\/02\/9788243012936.jpg\",\"datePublished\":\"2019-08-20T00:00:00+00:00\",\"dateModified\":\"2026-03-04T14:25:51+00:00\",\"breadcrumb\":{\"@id\":\"https:\/\/staging.forenteforlag.no\/spartacus\/produkt\/det-var-ikke-voldtekt\/#breadcrumb\"},\"inLanguage\":\"nb-NO\",\"potentialAction\":[{\"@type\":\"ReadAction\",\"target\":[\"https:\/\/staging.forenteforlag.no\/spartacus\/produkt\/det-var-ikke-voldtekt\/\"]}]},{\"@type\":\"ImageObject\",\"inLanguage\":\"nb-NO\",\"@id\":\"https:\/\/staging.forenteforlag.no\/spartacus\/produkt\/det-var-ikke-voldtekt\/#primaryimage\",\"url\":\"https:\/\/staging.forenteforlag.no\/spartacus\/wp-content\/uploads\/sites\/6\/2026\/02\/9788243012936.jpg\",\"contentUrl\":\"https:\/\/staging.forenteforlag.no\/spartacus\/wp-content\/uploads\/sites\/6\/2026\/02\/9788243012936.jpg\",\"width\":720,\"height\":1140},{\"@type\":\"BreadcrumbList\",\"@id\":\"https:\/\/staging.forenteforlag.no\/spartacus\/produkt\/det-var-ikke-voldtekt\/#breadcrumb\",\"itemListElement\":[{\"@type\":\"ListItem\",\"position\":1,\"name\":\"Hjem\",\"item\":\"https:\/\/staging.forenteforlag.no\/spartacus\/\"},{\"@type\":\"ListItem\",\"position\":2,\"name\":\"Alle b\u00f8ker\",\"item\":\"https:\/\/staging.forenteforlag.no\/spartacus\/butikk\/\"},{\"@type\":\"ListItem\",\"position\":3,\"name\":\"&laquo;Det var ikke voldtekt&raquo;\"}]},{\"@type\":\"WebSite\",\"@id\":\"https:\/\/staging.forenteforlag.no\/spartacus\/#website\",\"url\":\"https:\/\/staging.forenteforlag.no\/spartacus\/\",\"name\":\"Spartacus forlag\",\"description\":\"\",\"publisher\":{\"@id\":\"https:\/\/staging.forenteforlag.no\/spartacus\/#organization\"},\"potentialAction\":[{\"@type\":\"SearchAction\",\"target\":{\"@type\":\"EntryPoint\",\"urlTemplate\":\"https:\/\/staging.forenteforlag.no\/spartacus\/?s={search_term_string}\"},\"query-input\":{\"@type\":\"PropertyValueSpecification\",\"valueRequired\":true,\"valueName\":\"search_term_string\"}}],\"inLanguage\":\"nb-NO\"},{\"@type\":\"Organization\",\"@id\":\"https:\/\/staging.forenteforlag.no\/spartacus\/#organization\",\"name\":\"Spartacus forlag\",\"url\":\"https:\/\/staging.forenteforlag.no\/spartacus\/\",\"logo\":{\"@type\":\"ImageObject\",\"inLanguage\":\"nb-NO\",\"@id\":\"https:\/\/staging.forenteforlag.no\/spartacus\/#\/schema\/logo\/image\/\",\"url\":\"https:\/\/staging.forenteforlag.no\/spartacus\/wp-content\/uploads\/sites\/6\/2024\/09\/Spartacus_logo.svg\",\"contentUrl\":\"https:\/\/staging.forenteforlag.no\/spartacus\/wp-content\/uploads\/sites\/6\/2024\/09\/Spartacus_logo.svg\",\"width\":100,\"height\":100,\"caption\":\"Spartacus forlag\"},\"image\":{\"@id\":\"https:\/\/staging.forenteforlag.no\/spartacus\/#\/schema\/logo\/image\/\"},\"sameAs\":[\"https:\/\/www.facebook.com\/SpartacusForlag\"]}]}<\/script>\n<!-- \/ Yoast SEO plugin. -->","yoast_head_json":{"title":"\"Det var ikke voldtekt\" - Spartacus","robots":{"index":"noindex","follow":"follow","max-snippet":"max-snippet:-1","max-image-preview":"max-image-preview:large","max-video-preview":"max-video-preview:-1"},"og_locale":"nb_NO","og_type":"article","og_title":"\"Det var ikke voldtekt\" - Spartacus","og_description":"Hva snakker vi om n\u00e5r vi snakker om voldtekt? Gjennom mediene f\u00e5r vi kun kjennskap til bruddstykker av hendelsen. De stereotype forestillingene f\u00e5r stor plass. Ofte spekuleres det i hypotetiske og alternative forklaringer p\u00e5 det som i rettssalene defineres som voldtekt. De fleste sakene som havner i rettssalene, handler ikke om angresex i en kaotisk [&hellip;]","og_url":"https:\/\/staging.forenteforlag.no\/spartacus\/produkt\/det-var-ikke-voldtekt\/","og_site_name":"Spartacus","article_publisher":"https:\/\/www.facebook.com\/SpartacusForlag","article_modified_time":"2026-03-04T14:25:51+00:00","og_image":[{"width":720,"height":1140,"url":"https:\/\/staging.forenteforlag.no\/spartacus\/wp-content\/uploads\/sites\/6\/2026\/02\/9788243012936.jpg","type":"image\/jpeg"}],"twitter_card":"summary_large_image","twitter_misc":{"Ansl. lesetid":"1 minutt"},"schema":{"@context":"https:\/\/schema.org","@graph":[{"@type":"WebPage","@id":"https:\/\/staging.forenteforlag.no\/spartacus\/produkt\/det-var-ikke-voldtekt\/","url":"https:\/\/staging.forenteforlag.no\/spartacus\/produkt\/det-var-ikke-voldtekt\/","name":"\"Det var ikke voldtekt\" - Spartacus","isPartOf":{"@id":"https:\/\/staging.forenteforlag.no\/spartacus\/#website"},"primaryImageOfPage":{"@id":"https:\/\/staging.forenteforlag.no\/spartacus\/produkt\/det-var-ikke-voldtekt\/#primaryimage"},"image":{"@id":"https:\/\/staging.forenteforlag.no\/spartacus\/produkt\/det-var-ikke-voldtekt\/#primaryimage"},"thumbnailUrl":"https:\/\/staging.forenteforlag.no\/spartacus\/wp-content\/uploads\/sites\/6\/2026\/02\/9788243012936.jpg","datePublished":"2019-08-20T00:00:00+00:00","dateModified":"2026-03-04T14:25:51+00:00","breadcrumb":{"@id":"https:\/\/staging.forenteforlag.no\/spartacus\/produkt\/det-var-ikke-voldtekt\/#breadcrumb"},"inLanguage":"nb-NO","potentialAction":[{"@type":"ReadAction","target":["https:\/\/staging.forenteforlag.no\/spartacus\/produkt\/det-var-ikke-voldtekt\/"]}]},{"@type":"ImageObject","inLanguage":"nb-NO","@id":"https:\/\/staging.forenteforlag.no\/spartacus\/produkt\/det-var-ikke-voldtekt\/#primaryimage","url":"https:\/\/staging.forenteforlag.no\/spartacus\/wp-content\/uploads\/sites\/6\/2026\/02\/9788243012936.jpg","contentUrl":"https:\/\/staging.forenteforlag.no\/spartacus\/wp-content\/uploads\/sites\/6\/2026\/02\/9788243012936.jpg","width":720,"height":1140},{"@type":"BreadcrumbList","@id":"https:\/\/staging.forenteforlag.no\/spartacus\/produkt\/det-var-ikke-voldtekt\/#breadcrumb","itemListElement":[{"@type":"ListItem","position":1,"name":"Hjem","item":"https:\/\/staging.forenteforlag.no\/spartacus\/"},{"@type":"ListItem","position":2,"name":"Alle b\u00f8ker","item":"https:\/\/staging.forenteforlag.no\/spartacus\/butikk\/"},{"@type":"ListItem","position":3,"name":"&laquo;Det var ikke voldtekt&raquo;"}]},{"@type":"WebSite","@id":"https:\/\/staging.forenteforlag.no\/spartacus\/#website","url":"https:\/\/staging.forenteforlag.no\/spartacus\/","name":"Spartacus forlag","description":"","publisher":{"@id":"https:\/\/staging.forenteforlag.no\/spartacus\/#organization"},"potentialAction":[{"@type":"SearchAction","target":{"@type":"EntryPoint","urlTemplate":"https:\/\/staging.forenteforlag.no\/spartacus\/?s={search_term_string}"},"query-input":{"@type":"PropertyValueSpecification","valueRequired":true,"valueName":"search_term_string"}}],"inLanguage":"nb-NO"},{"@type":"Organization","@id":"https:\/\/staging.forenteforlag.no\/spartacus\/#organization","name":"Spartacus forlag","url":"https:\/\/staging.forenteforlag.no\/spartacus\/","logo":{"@type":"ImageObject","inLanguage":"nb-NO","@id":"https:\/\/staging.forenteforlag.no\/spartacus\/#\/schema\/logo\/image\/","url":"https:\/\/staging.forenteforlag.no\/spartacus\/wp-content\/uploads\/sites\/6\/2024\/09\/Spartacus_logo.svg","contentUrl":"https:\/\/staging.forenteforlag.no\/spartacus\/wp-content\/uploads\/sites\/6\/2024\/09\/Spartacus_logo.svg","width":100,"height":100,"caption":"Spartacus forlag"},"image":{"@id":"https:\/\/staging.forenteforlag.no\/spartacus\/#\/schema\/logo\/image\/"},"sameAs":["https:\/\/www.facebook.com\/SpartacusForlag"]}]}},"_links":{"self":[{"href":"https:\/\/staging.forenteforlag.no\/spartacus\/wp-json\/wp\/v2\/product\/22462","targetHints":{"allow":["GET"]}}],"collection":[{"href":"https:\/\/staging.forenteforlag.no\/spartacus\/wp-json\/wp\/v2\/product"}],"about":[{"href":"https:\/\/staging.forenteforlag.no\/spartacus\/wp-json\/wp\/v2\/types\/product"}],"wp:featuredmedia":[{"embeddable":true,"href":"https:\/\/staging.forenteforlag.no\/spartacus\/wp-json\/wp\/v2\/media\/25938"}],"wp:attachment":[{"href":"https:\/\/staging.forenteforlag.no\/spartacus\/wp-json\/wp\/v2\/media?parent=22462"}],"wp:term":[{"taxonomy":"product_brand","embeddable":true,"href":"https:\/\/staging.forenteforlag.no\/spartacus\/wp-json\/wp\/v2\/product_brand?post=22462"},{"taxonomy":"product_cat","embeddable":true,"href":"https:\/\/staging.forenteforlag.no\/spartacus\/wp-json\/wp\/v2\/product_cat?post=22462"},{"taxonomy":"product_tag","embeddable":true,"href":"https:\/\/staging.forenteforlag.no\/spartacus\/wp-json\/wp\/v2\/product_tag?post=22462"}],"curies":[{"name":"wp","href":"https:\/\/api.w.org\/{rel}","templated":true}]}}