{"id":20980,"date":"2017-09-06T02:00:00","date_gmt":"2017-09-06T00:00:00","guid":{"rendered":"https:\/\/spartacus.forenteforlag.no\/produkt\/min-europeiske-familie-2\/"},"modified":"2026-03-02T18:11:01","modified_gmt":"2026-03-02T17:11:01","slug":"min-europeiske-familie-2","status":"publish","type":"product","link":"https:\/\/staging.forenteforlag.no\/spartacus\/produkt\/min-europeiske-familie-2\/","title":{"rendered":"Min europeiske familie"},"content":{"rendered":"<p>Vitenskapsjournalisten Karin Bojs bestemte seg for \u00e5 ta slektsforskningen et skritt videre og la DNA-tr\u00e5dene knytte henne sammen med fortidens mennesker. Hun har lest, intervjuet forskere og reist i en rekke land for \u00e5 f\u00f8lge sporene bakover. <\/p>\n<p>Siden 1980-tallet har DNA-teknologien gjennomg\u00e5tt en enest\u00e5ende utvikling. Den har revolusjonert b\u00e5de kriminalteknikernes arbeid og biologisk og medisinsk forskning, og har bidratt til ny kunnskap innen arkeologi og historie. Til og med privatpersoner som driver slektsforskning, har begynt \u00e5 bruke DNA-tester. Sm\u00e5 variasjoner i DNA-sekvenser gj\u00f8r det mulig \u00e5  finne s\u00f8skenbarn, tremenninger og  firmenninger, og til og med slektninger som levde for veldig lenge siden &#8211; under siste istid og enda lenger tilbake. <\/p>\n<p>Resultatet av Bojs&#8217; arbeid har blitt en bok om hennes opphav og familie. Men ogs\u00e5 om oss andre. Vi er jo i slekt. Et sted, en gang levde v\u00e5r siste felles formor og forfar. DNA-tr\u00e5dene knytter oss alle sammen. <\/p>\n<p>Bojs vant med denne boken Augustprisen i Sverige.<\/p>\n","protected":false},"excerpt":{"rendered":"<p>Vitenskapsjournalisten Karin Bojs bestemte seg for \u00e5 ta slektsforskningen et skritt videre og la DNA-tr\u00e5dene knytte henne sammen med fortidens mennesker. Hun har lest, intervjuet forskere og reist i en rekke land for \u00e5 f\u00f8lge sporene bakover. Siden 1980-tallet har DNA-teknologien gjennomg\u00e5tt en enest\u00e5ende utvikling. Den har revolusjonert b\u00e5de kriminalteknikernes arbeid og biologisk og medisinsk [&hellip;]<\/p>\n","protected":false},"featured_media":26504,"template":"","meta":{"_acf_changed":false,"inline_featured_image":false},"product_brand":[],"product_cat":[1786],"product_tag":[362],"class_list":{"0":"post-20980","1":"product","2":"type-product","3":"status-publish","4":"has-post-thumbnail","6":"product_cat-rabattkodekampanje","7":"product_tag-faglitteratur","9":"first","10":"instock","11":"shipping-taxable","12":"purchasable","13":"product-type-simple"},"acf":{"anmeldelse":[{"tekst_anmeldelser":"\u00abFolkeopplysning p\u00e5 h\u00f8yt niv\u00e5 \u2026 en fascinerende og usedvanlig l\u00e6rerik beretning om moderne europeeres brokete opphav. \u2026 Min europeiske familie ble bel\u00f8nnet med den h\u00f8ythengende Augustprisen i Sverige, og anbefales absolutt alle som \u00f8nsker \u00e5 l\u00e6re mer om v\u00e5re felles forferdes liv og forflytninger. Sjelden har jeg l\u00e6rt s\u00e5 mye av \u00e9n enkelt bok.\u00bb","av_anmeldelser":"Erika Fatland","terningkast":false,"kilde":"Aftenposten"},{"tekst_anmeldelser":"\u00abMin europeiske familie er en utmerket popul\u00e6rvitenskapelig bok som viser hvordan forskning er politisk.\u00bb","av_anmeldelser":"Jan Grue","terningkast":false,"kilde":"Klassekampen"},{"tekst_anmeldelser":"\u00abPresisjonsniv\u00e5et er h\u00f8yt. Fakta kommer tett. Hver setning og hvert avsnitt rommer lag p\u00e5 lag med informasjon. \u2026 sv\u00e6rt leseverdig.\u00bb","av_anmeldelser":"Guri Hjulstad","terningkast":"<i class=\"fa-solid fa-dice-five\"><\/i>","kilde":"Tr\u00f8nder-Avisa"},{"tekst_anmeldelser":"\u00ab[Bojs] har ressurser nok til \u00e5 f\u00e5 innpass i de fremste forskningsmilj\u00f8er, og kunnskap nok til \u00e5 se forbindelsene mellom resultatene deres. Uten \u00e5 miste tr\u00e5den klarer hun \u00e5 tegne det virkelig store bildet av Europas og europeernes utvikling. \u2026 At Karin Bojs ogs\u00e5 stoler s\u00e5 mye p\u00e5 egen kunnskap at hun v\u00e5ger \u00e5 ta stilling mellom motstridende teorier, gir boken en autoritet som den strengt refererende journalistikken mangler. \u2026 Det er vanskelig \u00e5 forestille seg en bedre ballast enn denne boken for den som vil forst\u00e5 den nye folkevandringstiden.\u00bb","av_anmeldelser":"","terningkast":false,"kilde":"Bergens Tidende"}]},"yoast_head":"<!-- This site is optimized with the Yoast SEO plugin v26.6 - https:\/\/yoast.com\/wordpress\/plugins\/seo\/ -->\n<title>Min europeiske familie - Spartacus<\/title>\n<meta name=\"robots\" content=\"noindex, follow, max-snippet:-1, max-image-preview:large, max-video-preview:-1\" \/>\n<meta property=\"og:locale\" content=\"nb_NO\" \/>\n<meta property=\"og:type\" content=\"article\" \/>\n<meta property=\"og:title\" content=\"Min europeiske familie - Spartacus\" \/>\n<meta property=\"og:description\" content=\"Vitenskapsjournalisten Karin Bojs bestemte seg for \u00e5 ta slektsforskningen et skritt videre og la DNA-tr\u00e5dene knytte henne sammen med fortidens mennesker. Hun har lest, intervjuet forskere og reist i en rekke land for \u00e5 f\u00f8lge sporene bakover. Siden 1980-tallet har DNA-teknologien gjennomg\u00e5tt en enest\u00e5ende utvikling. Den har revolusjonert b\u00e5de kriminalteknikernes arbeid og biologisk og medisinsk [&hellip;]\" \/>\n<meta property=\"og:url\" content=\"https:\/\/staging.forenteforlag.no\/spartacus\/produkt\/min-europeiske-familie-2\/\" \/>\n<meta property=\"og:site_name\" content=\"Spartacus\" \/>\n<meta property=\"article:publisher\" content=\"https:\/\/www.facebook.com\/SpartacusForlag\" \/>\n<meta property=\"article:modified_time\" content=\"2026-03-02T17:11:01+00:00\" \/>\n<meta property=\"og:image\" content=\"https:\/\/staging.forenteforlag.no\/spartacus\/wp-content\/uploads\/sites\/6\/2026\/02\/9788243010925.jpg\" \/>\n\t<meta property=\"og:image:width\" content=\"720\" \/>\n\t<meta property=\"og:image:height\" content=\"1080\" \/>\n\t<meta property=\"og:image:type\" content=\"image\/jpeg\" \/>\n<meta name=\"twitter:card\" content=\"summary_large_image\" \/>\n<meta name=\"twitter:label1\" content=\"Ansl. lesetid\" \/>\n\t<meta name=\"twitter:data1\" content=\"1 minutt\" \/>\n<script type=\"application\/ld+json\" class=\"yoast-schema-graph\">{\"@context\":\"https:\/\/schema.org\",\"@graph\":[{\"@type\":\"WebPage\",\"@id\":\"https:\/\/staging.forenteforlag.no\/spartacus\/produkt\/min-europeiske-familie-2\/\",\"url\":\"https:\/\/staging.forenteforlag.no\/spartacus\/produkt\/min-europeiske-familie-2\/\",\"name\":\"Min europeiske familie - Spartacus\",\"isPartOf\":{\"@id\":\"https:\/\/staging.forenteforlag.no\/spartacus\/#website\"},\"primaryImageOfPage\":{\"@id\":\"https:\/\/staging.forenteforlag.no\/spartacus\/produkt\/min-europeiske-familie-2\/#primaryimage\"},\"image\":{\"@id\":\"https:\/\/staging.forenteforlag.no\/spartacus\/produkt\/min-europeiske-familie-2\/#primaryimage\"},\"thumbnailUrl\":\"https:\/\/staging.forenteforlag.no\/spartacus\/wp-content\/uploads\/sites\/6\/2026\/02\/9788243010925.jpg\",\"datePublished\":\"2017-09-06T00:00:00+00:00\",\"dateModified\":\"2026-03-02T17:11:01+00:00\",\"breadcrumb\":{\"@id\":\"https:\/\/staging.forenteforlag.no\/spartacus\/produkt\/min-europeiske-familie-2\/#breadcrumb\"},\"inLanguage\":\"nb-NO\",\"potentialAction\":[{\"@type\":\"ReadAction\",\"target\":[\"https:\/\/staging.forenteforlag.no\/spartacus\/produkt\/min-europeiske-familie-2\/\"]}]},{\"@type\":\"ImageObject\",\"inLanguage\":\"nb-NO\",\"@id\":\"https:\/\/staging.forenteforlag.no\/spartacus\/produkt\/min-europeiske-familie-2\/#primaryimage\",\"url\":\"https:\/\/staging.forenteforlag.no\/spartacus\/wp-content\/uploads\/sites\/6\/2026\/02\/9788243010925.jpg\",\"contentUrl\":\"https:\/\/staging.forenteforlag.no\/spartacus\/wp-content\/uploads\/sites\/6\/2026\/02\/9788243010925.jpg\",\"width\":720,\"height\":1080},{\"@type\":\"BreadcrumbList\",\"@id\":\"https:\/\/staging.forenteforlag.no\/spartacus\/produkt\/min-europeiske-familie-2\/#breadcrumb\",\"itemListElement\":[{\"@type\":\"ListItem\",\"position\":1,\"name\":\"Hjem\",\"item\":\"https:\/\/staging.forenteforlag.no\/spartacus\/\"},{\"@type\":\"ListItem\",\"position\":2,\"name\":\"Alle b\u00f8ker\",\"item\":\"https:\/\/staging.forenteforlag.no\/spartacus\/butikk\/\"},{\"@type\":\"ListItem\",\"position\":3,\"name\":\"Min europeiske familie\"}]},{\"@type\":\"WebSite\",\"@id\":\"https:\/\/staging.forenteforlag.no\/spartacus\/#website\",\"url\":\"https:\/\/staging.forenteforlag.no\/spartacus\/\",\"name\":\"Spartacus forlag\",\"description\":\"\",\"publisher\":{\"@id\":\"https:\/\/staging.forenteforlag.no\/spartacus\/#organization\"},\"potentialAction\":[{\"@type\":\"SearchAction\",\"target\":{\"@type\":\"EntryPoint\",\"urlTemplate\":\"https:\/\/staging.forenteforlag.no\/spartacus\/?s={search_term_string}\"},\"query-input\":{\"@type\":\"PropertyValueSpecification\",\"valueRequired\":true,\"valueName\":\"search_term_string\"}}],\"inLanguage\":\"nb-NO\"},{\"@type\":\"Organization\",\"@id\":\"https:\/\/staging.forenteforlag.no\/spartacus\/#organization\",\"name\":\"Spartacus forlag\",\"url\":\"https:\/\/staging.forenteforlag.no\/spartacus\/\",\"logo\":{\"@type\":\"ImageObject\",\"inLanguage\":\"nb-NO\",\"@id\":\"https:\/\/staging.forenteforlag.no\/spartacus\/#\/schema\/logo\/image\/\",\"url\":\"https:\/\/staging.forenteforlag.no\/spartacus\/wp-content\/uploads\/sites\/6\/2024\/09\/Spartacus_logo.svg\",\"contentUrl\":\"https:\/\/staging.forenteforlag.no\/spartacus\/wp-content\/uploads\/sites\/6\/2024\/09\/Spartacus_logo.svg\",\"width\":100,\"height\":100,\"caption\":\"Spartacus forlag\"},\"image\":{\"@id\":\"https:\/\/staging.forenteforlag.no\/spartacus\/#\/schema\/logo\/image\/\"},\"sameAs\":[\"https:\/\/www.facebook.com\/SpartacusForlag\"]}]}<\/script>\n<!-- \/ Yoast SEO plugin. -->","yoast_head_json":{"title":"Min europeiske familie - Spartacus","robots":{"index":"noindex","follow":"follow","max-snippet":"max-snippet:-1","max-image-preview":"max-image-preview:large","max-video-preview":"max-video-preview:-1"},"og_locale":"nb_NO","og_type":"article","og_title":"Min europeiske familie - Spartacus","og_description":"Vitenskapsjournalisten Karin Bojs bestemte seg for \u00e5 ta slektsforskningen et skritt videre og la DNA-tr\u00e5dene knytte henne sammen med fortidens mennesker. Hun har lest, intervjuet forskere og reist i en rekke land for \u00e5 f\u00f8lge sporene bakover. Siden 1980-tallet har DNA-teknologien gjennomg\u00e5tt en enest\u00e5ende utvikling. Den har revolusjonert b\u00e5de kriminalteknikernes arbeid og biologisk og medisinsk [&hellip;]","og_url":"https:\/\/staging.forenteforlag.no\/spartacus\/produkt\/min-europeiske-familie-2\/","og_site_name":"Spartacus","article_publisher":"https:\/\/www.facebook.com\/SpartacusForlag","article_modified_time":"2026-03-02T17:11:01+00:00","og_image":[{"width":720,"height":1080,"url":"https:\/\/staging.forenteforlag.no\/spartacus\/wp-content\/uploads\/sites\/6\/2026\/02\/9788243010925.jpg","type":"image\/jpeg"}],"twitter_card":"summary_large_image","twitter_misc":{"Ansl. lesetid":"1 minutt"},"schema":{"@context":"https:\/\/schema.org","@graph":[{"@type":"WebPage","@id":"https:\/\/staging.forenteforlag.no\/spartacus\/produkt\/min-europeiske-familie-2\/","url":"https:\/\/staging.forenteforlag.no\/spartacus\/produkt\/min-europeiske-familie-2\/","name":"Min europeiske familie - Spartacus","isPartOf":{"@id":"https:\/\/staging.forenteforlag.no\/spartacus\/#website"},"primaryImageOfPage":{"@id":"https:\/\/staging.forenteforlag.no\/spartacus\/produkt\/min-europeiske-familie-2\/#primaryimage"},"image":{"@id":"https:\/\/staging.forenteforlag.no\/spartacus\/produkt\/min-europeiske-familie-2\/#primaryimage"},"thumbnailUrl":"https:\/\/staging.forenteforlag.no\/spartacus\/wp-content\/uploads\/sites\/6\/2026\/02\/9788243010925.jpg","datePublished":"2017-09-06T00:00:00+00:00","dateModified":"2026-03-02T17:11:01+00:00","breadcrumb":{"@id":"https:\/\/staging.forenteforlag.no\/spartacus\/produkt\/min-europeiske-familie-2\/#breadcrumb"},"inLanguage":"nb-NO","potentialAction":[{"@type":"ReadAction","target":["https:\/\/staging.forenteforlag.no\/spartacus\/produkt\/min-europeiske-familie-2\/"]}]},{"@type":"ImageObject","inLanguage":"nb-NO","@id":"https:\/\/staging.forenteforlag.no\/spartacus\/produkt\/min-europeiske-familie-2\/#primaryimage","url":"https:\/\/staging.forenteforlag.no\/spartacus\/wp-content\/uploads\/sites\/6\/2026\/02\/9788243010925.jpg","contentUrl":"https:\/\/staging.forenteforlag.no\/spartacus\/wp-content\/uploads\/sites\/6\/2026\/02\/9788243010925.jpg","width":720,"height":1080},{"@type":"BreadcrumbList","@id":"https:\/\/staging.forenteforlag.no\/spartacus\/produkt\/min-europeiske-familie-2\/#breadcrumb","itemListElement":[{"@type":"ListItem","position":1,"name":"Hjem","item":"https:\/\/staging.forenteforlag.no\/spartacus\/"},{"@type":"ListItem","position":2,"name":"Alle b\u00f8ker","item":"https:\/\/staging.forenteforlag.no\/spartacus\/butikk\/"},{"@type":"ListItem","position":3,"name":"Min europeiske familie"}]},{"@type":"WebSite","@id":"https:\/\/staging.forenteforlag.no\/spartacus\/#website","url":"https:\/\/staging.forenteforlag.no\/spartacus\/","name":"Spartacus forlag","description":"","publisher":{"@id":"https:\/\/staging.forenteforlag.no\/spartacus\/#organization"},"potentialAction":[{"@type":"SearchAction","target":{"@type":"EntryPoint","urlTemplate":"https:\/\/staging.forenteforlag.no\/spartacus\/?s={search_term_string}"},"query-input":{"@type":"PropertyValueSpecification","valueRequired":true,"valueName":"search_term_string"}}],"inLanguage":"nb-NO"},{"@type":"Organization","@id":"https:\/\/staging.forenteforlag.no\/spartacus\/#organization","name":"Spartacus forlag","url":"https:\/\/staging.forenteforlag.no\/spartacus\/","logo":{"@type":"ImageObject","inLanguage":"nb-NO","@id":"https:\/\/staging.forenteforlag.no\/spartacus\/#\/schema\/logo\/image\/","url":"https:\/\/staging.forenteforlag.no\/spartacus\/wp-content\/uploads\/sites\/6\/2024\/09\/Spartacus_logo.svg","contentUrl":"https:\/\/staging.forenteforlag.no\/spartacus\/wp-content\/uploads\/sites\/6\/2024\/09\/Spartacus_logo.svg","width":100,"height":100,"caption":"Spartacus forlag"},"image":{"@id":"https:\/\/staging.forenteforlag.no\/spartacus\/#\/schema\/logo\/image\/"},"sameAs":["https:\/\/www.facebook.com\/SpartacusForlag"]}]}},"_links":{"self":[{"href":"https:\/\/staging.forenteforlag.no\/spartacus\/wp-json\/wp\/v2\/product\/20980","targetHints":{"allow":["GET"]}}],"collection":[{"href":"https:\/\/staging.forenteforlag.no\/spartacus\/wp-json\/wp\/v2\/product"}],"about":[{"href":"https:\/\/staging.forenteforlag.no\/spartacus\/wp-json\/wp\/v2\/types\/product"}],"wp:featuredmedia":[{"embeddable":true,"href":"https:\/\/staging.forenteforlag.no\/spartacus\/wp-json\/wp\/v2\/media\/26504"}],"wp:attachment":[{"href":"https:\/\/staging.forenteforlag.no\/spartacus\/wp-json\/wp\/v2\/media?parent=20980"}],"wp:term":[{"taxonomy":"product_brand","embeddable":true,"href":"https:\/\/staging.forenteforlag.no\/spartacus\/wp-json\/wp\/v2\/product_brand?post=20980"},{"taxonomy":"product_cat","embeddable":true,"href":"https:\/\/staging.forenteforlag.no\/spartacus\/wp-json\/wp\/v2\/product_cat?post=20980"},{"taxonomy":"product_tag","embeddable":true,"href":"https:\/\/staging.forenteforlag.no\/spartacus\/wp-json\/wp\/v2\/product_tag?post=20980"}],"curies":[{"name":"wp","href":"https:\/\/api.w.org\/{rel}","templated":true}]}}