{"id":20411,"date":"2013-02-20T01:00:00","date_gmt":"2013-02-20T00:00:00","guid":{"rendered":"https:\/\/scandinavianacademicpress.forenteforlag.no\/produkt\/da-det-personlige-ble-politisk-2\/"},"modified":"2026-03-04T12:21:48","modified_gmt":"2026-03-04T11:21:48","slug":"da-det-personlige-ble-politisk-2","status":"publish","type":"product","link":"https:\/\/staging.forenteforlag.no\/scandinavian\/produkt\/da-det-personlige-ble-politisk-2\/","title":{"rendered":"Da det personlige ble politisk"},"content":{"rendered":"<p>I l\u00f8pet av noen f\u00e5 hektiske \u00e5r p\u00e5 1970-tallet engasjerte titusener av norske kvinner -og menn seg kampen for \u00e5 endre den r\u00e5dende kj\u00f8nnsordningen. Den nye kvinnebevegelsen m\u00e5lbar ideer som endret det norske samfunnet. De holdninger og praksiser vi i dag har til familieliv, samliv og foreldreskap, m\u00e5ten de fleste i dag tenker omkring kj\u00f8nnsroller og likestilling, springer ut av bevegelsene p\u00e5 1970-tallet og reaksjonene p\u00e5 disse. Idealer og normer for hva det vil si \u00e5 ha et godt og fritt liv endret seg og det samme gjorde synet p\u00e5 hva som er politikk og hvor grensene g\u00e5r mellom det private og det offentlige. 1970-tallets kvinnefrigj\u00f8ring er et myteomspunnet kapittel i norsk historie og forfatterne av denne boken viser p\u00e5 en underholdende m\u00e5te hvorfor s\u00e5 mange engasjere seg i kvinnebevegelsen. Denne boken tar opp motivene, metodene og meningene som kom til uttrykk i kvinne- og mannsbevegelsens streben etter \u00e5 skape et mer rettferdig og friere samfunn.<\/p>\n","protected":false},"excerpt":{"rendered":"<p>I l\u00f8pet av noen f\u00e5 hektiske \u00e5r p\u00e5 1970-tallet engasjerte titusener av norske kvinner -og menn seg kampen for \u00e5 endre den r\u00e5dende kj\u00f8nnsordningen. Den nye kvinnebevegelsen m\u00e5lbar ideer som endret det norske samfunnet. De holdninger og praksiser vi i dag har til familieliv, samliv og foreldreskap, m\u00e5ten de fleste i dag tenker omkring kj\u00f8nnsroller [&hellip;]<\/p>\n","protected":false},"featured_media":22665,"template":"","meta":{"_acf_changed":false,"inline_featured_image":false},"product_brand":[],"product_cat":[1775],"product_tag":[473,362,896,439],"class_list":{"0":"post-20411","1":"product","2":"type-product","3":"status-publish","4":"has-post-thumbnail","6":"product_cat-rabattkodekampanje","7":"product_tag-1970-1979","8":"product_tag-faglitteratur","9":"product_tag-kjonnsidentitet","10":"product_tag-nord-norge","12":"first","13":"instock","14":"shipping-taxable","15":"purchasable","16":"product-type-simple"},"acf":{"anmeldelse":null},"yoast_head":"<!-- This site is optimized with the Yoast SEO plugin v26.6 - https:\/\/yoast.com\/wordpress\/plugins\/seo\/ -->\n<title>Da det personlige ble politisk - Scandinavian Academic Press<\/title>\n<meta name=\"robots\" content=\"noindex, follow, max-snippet:-1, max-image-preview:large, max-video-preview:-1\" \/>\n<meta property=\"og:locale\" content=\"nb_NO\" \/>\n<meta property=\"og:type\" content=\"article\" \/>\n<meta property=\"og:title\" content=\"Da det personlige ble politisk - Scandinavian Academic Press\" \/>\n<meta property=\"og:description\" content=\"I l\u00f8pet av noen f\u00e5 hektiske \u00e5r p\u00e5 1970-tallet engasjerte titusener av norske kvinner -og menn seg kampen for \u00e5 endre den r\u00e5dende kj\u00f8nnsordningen. Den nye kvinnebevegelsen m\u00e5lbar ideer som endret det norske samfunnet. De holdninger og praksiser vi i dag har til familieliv, samliv og foreldreskap, m\u00e5ten de fleste i dag tenker omkring kj\u00f8nnsroller [&hellip;]\" \/>\n<meta property=\"og:url\" content=\"https:\/\/staging.forenteforlag.no\/scandinavian\/produkt\/da-det-personlige-ble-politisk-2\/\" \/>\n<meta property=\"og:site_name\" content=\"Scandinavian Academic Press\" \/>\n<meta property=\"article:publisher\" content=\"https:\/\/www.facebook.com\/ScandinavianAcademicPress\" \/>\n<meta property=\"article:modified_time\" content=\"2026-03-04T11:21:48+00:00\" \/>\n<meta property=\"og:image\" content=\"https:\/\/staging.forenteforlag.no\/scandinavian\/wp-content\/uploads\/sites\/7\/2026\/02\/9788230400814.jpg\" \/>\n\t<meta property=\"og:image:width\" content=\"720\" \/>\n\t<meta property=\"og:image:height\" content=\"1121\" \/>\n\t<meta property=\"og:image:type\" content=\"image\/jpeg\" \/>\n<meta name=\"twitter:card\" content=\"summary_large_image\" \/>\n<meta name=\"twitter:label1\" content=\"Ansl. lesetid\" \/>\n\t<meta name=\"twitter:data1\" content=\"1 minutt\" \/>\n<script type=\"application\/ld+json\" class=\"yoast-schema-graph\">{\"@context\":\"https:\/\/schema.org\",\"@graph\":[{\"@type\":\"WebPage\",\"@id\":\"https:\/\/staging.forenteforlag.no\/scandinavian\/produkt\/da-det-personlige-ble-politisk-2\/\",\"url\":\"https:\/\/staging.forenteforlag.no\/scandinavian\/produkt\/da-det-personlige-ble-politisk-2\/\",\"name\":\"Da det personlige ble politisk - Scandinavian Academic Press\",\"isPartOf\":{\"@id\":\"https:\/\/staging.forenteforlag.no\/scandinavian\/#website\"},\"primaryImageOfPage\":{\"@id\":\"https:\/\/staging.forenteforlag.no\/scandinavian\/produkt\/da-det-personlige-ble-politisk-2\/#primaryimage\"},\"image\":{\"@id\":\"https:\/\/staging.forenteforlag.no\/scandinavian\/produkt\/da-det-personlige-ble-politisk-2\/#primaryimage\"},\"thumbnailUrl\":\"https:\/\/staging.forenteforlag.no\/scandinavian\/wp-content\/uploads\/sites\/7\/2026\/02\/9788230400814.jpg\",\"datePublished\":\"2013-02-20T00:00:00+00:00\",\"dateModified\":\"2026-03-04T11:21:48+00:00\",\"breadcrumb\":{\"@id\":\"https:\/\/staging.forenteforlag.no\/scandinavian\/produkt\/da-det-personlige-ble-politisk-2\/#breadcrumb\"},\"inLanguage\":\"nb-NO\",\"potentialAction\":[{\"@type\":\"ReadAction\",\"target\":[\"https:\/\/staging.forenteforlag.no\/scandinavian\/produkt\/da-det-personlige-ble-politisk-2\/\"]}]},{\"@type\":\"ImageObject\",\"inLanguage\":\"nb-NO\",\"@id\":\"https:\/\/staging.forenteforlag.no\/scandinavian\/produkt\/da-det-personlige-ble-politisk-2\/#primaryimage\",\"url\":\"https:\/\/staging.forenteforlag.no\/scandinavian\/wp-content\/uploads\/sites\/7\/2026\/02\/9788230400814.jpg\",\"contentUrl\":\"https:\/\/staging.forenteforlag.no\/scandinavian\/wp-content\/uploads\/sites\/7\/2026\/02\/9788230400814.jpg\",\"width\":720,\"height\":1121},{\"@type\":\"BreadcrumbList\",\"@id\":\"https:\/\/staging.forenteforlag.no\/scandinavian\/produkt\/da-det-personlige-ble-politisk-2\/#breadcrumb\",\"itemListElement\":[{\"@type\":\"ListItem\",\"position\":1,\"name\":\"Hjem\",\"item\":\"https:\/\/staging.forenteforlag.no\/scandinavian\/\"},{\"@type\":\"ListItem\",\"position\":2,\"name\":\"Alle b\u00f8ker\",\"item\":\"https:\/\/staging.forenteforlag.no\/scandinavian\/butikk\/\"},{\"@type\":\"ListItem\",\"position\":3,\"name\":\"Da det personlige ble politisk\"}]},{\"@type\":\"WebSite\",\"@id\":\"https:\/\/staging.forenteforlag.no\/scandinavian\/#website\",\"url\":\"https:\/\/staging.forenteforlag.no\/scandinavian\/\",\"name\":\"Scandinavian Academic Press\",\"description\":\"\",\"publisher\":{\"@id\":\"https:\/\/staging.forenteforlag.no\/scandinavian\/#organization\"},\"potentialAction\":[{\"@type\":\"SearchAction\",\"target\":{\"@type\":\"EntryPoint\",\"urlTemplate\":\"https:\/\/staging.forenteforlag.no\/scandinavian\/?s={search_term_string}\"},\"query-input\":{\"@type\":\"PropertyValueSpecification\",\"valueRequired\":true,\"valueName\":\"search_term_string\"}}],\"inLanguage\":\"nb-NO\"},{\"@type\":\"Organization\",\"@id\":\"https:\/\/staging.forenteforlag.no\/scandinavian\/#organization\",\"name\":\"Scandinavian Academic Press\",\"url\":\"https:\/\/staging.forenteforlag.no\/scandinavian\/\",\"logo\":{\"@type\":\"ImageObject\",\"inLanguage\":\"nb-NO\",\"@id\":\"https:\/\/staging.forenteforlag.no\/scandinavian\/#\/schema\/logo\/image\/\",\"url\":\"https:\/\/staging.forenteforlag.no\/scandinavian\/wp-content\/uploads\/sites\/7\/2024\/09\/SAP_logo-1.svg\",\"contentUrl\":\"https:\/\/staging.forenteforlag.no\/scandinavian\/wp-content\/uploads\/sites\/7\/2024\/09\/SAP_logo-1.svg\",\"width\":4096,\"height\":1300,\"caption\":\"Scandinavian Academic Press\"},\"image\":{\"@id\":\"https:\/\/staging.forenteforlag.no\/scandinavian\/#\/schema\/logo\/image\/\"},\"sameAs\":[\"https:\/\/www.facebook.com\/ScandinavianAcademicPress\"]}]}<\/script>\n<!-- \/ Yoast SEO plugin. -->","yoast_head_json":{"title":"Da det personlige ble politisk - Scandinavian Academic Press","robots":{"index":"noindex","follow":"follow","max-snippet":"max-snippet:-1","max-image-preview":"max-image-preview:large","max-video-preview":"max-video-preview:-1"},"og_locale":"nb_NO","og_type":"article","og_title":"Da det personlige ble politisk - Scandinavian Academic Press","og_description":"I l\u00f8pet av noen f\u00e5 hektiske \u00e5r p\u00e5 1970-tallet engasjerte titusener av norske kvinner -og menn seg kampen for \u00e5 endre den r\u00e5dende kj\u00f8nnsordningen. Den nye kvinnebevegelsen m\u00e5lbar ideer som endret det norske samfunnet. De holdninger og praksiser vi i dag har til familieliv, samliv og foreldreskap, m\u00e5ten de fleste i dag tenker omkring kj\u00f8nnsroller [&hellip;]","og_url":"https:\/\/staging.forenteforlag.no\/scandinavian\/produkt\/da-det-personlige-ble-politisk-2\/","og_site_name":"Scandinavian Academic Press","article_publisher":"https:\/\/www.facebook.com\/ScandinavianAcademicPress","article_modified_time":"2026-03-04T11:21:48+00:00","og_image":[{"width":720,"height":1121,"url":"https:\/\/staging.forenteforlag.no\/scandinavian\/wp-content\/uploads\/sites\/7\/2026\/02\/9788230400814.jpg","type":"image\/jpeg"}],"twitter_card":"summary_large_image","twitter_misc":{"Ansl. lesetid":"1 minutt"},"schema":{"@context":"https:\/\/schema.org","@graph":[{"@type":"WebPage","@id":"https:\/\/staging.forenteforlag.no\/scandinavian\/produkt\/da-det-personlige-ble-politisk-2\/","url":"https:\/\/staging.forenteforlag.no\/scandinavian\/produkt\/da-det-personlige-ble-politisk-2\/","name":"Da det personlige ble politisk - Scandinavian Academic Press","isPartOf":{"@id":"https:\/\/staging.forenteforlag.no\/scandinavian\/#website"},"primaryImageOfPage":{"@id":"https:\/\/staging.forenteforlag.no\/scandinavian\/produkt\/da-det-personlige-ble-politisk-2\/#primaryimage"},"image":{"@id":"https:\/\/staging.forenteforlag.no\/scandinavian\/produkt\/da-det-personlige-ble-politisk-2\/#primaryimage"},"thumbnailUrl":"https:\/\/staging.forenteforlag.no\/scandinavian\/wp-content\/uploads\/sites\/7\/2026\/02\/9788230400814.jpg","datePublished":"2013-02-20T00:00:00+00:00","dateModified":"2026-03-04T11:21:48+00:00","breadcrumb":{"@id":"https:\/\/staging.forenteforlag.no\/scandinavian\/produkt\/da-det-personlige-ble-politisk-2\/#breadcrumb"},"inLanguage":"nb-NO","potentialAction":[{"@type":"ReadAction","target":["https:\/\/staging.forenteforlag.no\/scandinavian\/produkt\/da-det-personlige-ble-politisk-2\/"]}]},{"@type":"ImageObject","inLanguage":"nb-NO","@id":"https:\/\/staging.forenteforlag.no\/scandinavian\/produkt\/da-det-personlige-ble-politisk-2\/#primaryimage","url":"https:\/\/staging.forenteforlag.no\/scandinavian\/wp-content\/uploads\/sites\/7\/2026\/02\/9788230400814.jpg","contentUrl":"https:\/\/staging.forenteforlag.no\/scandinavian\/wp-content\/uploads\/sites\/7\/2026\/02\/9788230400814.jpg","width":720,"height":1121},{"@type":"BreadcrumbList","@id":"https:\/\/staging.forenteforlag.no\/scandinavian\/produkt\/da-det-personlige-ble-politisk-2\/#breadcrumb","itemListElement":[{"@type":"ListItem","position":1,"name":"Hjem","item":"https:\/\/staging.forenteforlag.no\/scandinavian\/"},{"@type":"ListItem","position":2,"name":"Alle b\u00f8ker","item":"https:\/\/staging.forenteforlag.no\/scandinavian\/butikk\/"},{"@type":"ListItem","position":3,"name":"Da det personlige ble politisk"}]},{"@type":"WebSite","@id":"https:\/\/staging.forenteforlag.no\/scandinavian\/#website","url":"https:\/\/staging.forenteforlag.no\/scandinavian\/","name":"Scandinavian Academic Press","description":"","publisher":{"@id":"https:\/\/staging.forenteforlag.no\/scandinavian\/#organization"},"potentialAction":[{"@type":"SearchAction","target":{"@type":"EntryPoint","urlTemplate":"https:\/\/staging.forenteforlag.no\/scandinavian\/?s={search_term_string}"},"query-input":{"@type":"PropertyValueSpecification","valueRequired":true,"valueName":"search_term_string"}}],"inLanguage":"nb-NO"},{"@type":"Organization","@id":"https:\/\/staging.forenteforlag.no\/scandinavian\/#organization","name":"Scandinavian Academic Press","url":"https:\/\/staging.forenteforlag.no\/scandinavian\/","logo":{"@type":"ImageObject","inLanguage":"nb-NO","@id":"https:\/\/staging.forenteforlag.no\/scandinavian\/#\/schema\/logo\/image\/","url":"https:\/\/staging.forenteforlag.no\/scandinavian\/wp-content\/uploads\/sites\/7\/2024\/09\/SAP_logo-1.svg","contentUrl":"https:\/\/staging.forenteforlag.no\/scandinavian\/wp-content\/uploads\/sites\/7\/2024\/09\/SAP_logo-1.svg","width":4096,"height":1300,"caption":"Scandinavian Academic Press"},"image":{"@id":"https:\/\/staging.forenteforlag.no\/scandinavian\/#\/schema\/logo\/image\/"},"sameAs":["https:\/\/www.facebook.com\/ScandinavianAcademicPress"]}]}},"_links":{"self":[{"href":"https:\/\/staging.forenteforlag.no\/scandinavian\/wp-json\/wp\/v2\/product\/20411","targetHints":{"allow":["GET"]}}],"collection":[{"href":"https:\/\/staging.forenteforlag.no\/scandinavian\/wp-json\/wp\/v2\/product"}],"about":[{"href":"https:\/\/staging.forenteforlag.no\/scandinavian\/wp-json\/wp\/v2\/types\/product"}],"wp:featuredmedia":[{"embeddable":true,"href":"https:\/\/staging.forenteforlag.no\/scandinavian\/wp-json\/wp\/v2\/media\/22665"}],"wp:attachment":[{"href":"https:\/\/staging.forenteforlag.no\/scandinavian\/wp-json\/wp\/v2\/media?parent=20411"}],"wp:term":[{"taxonomy":"product_brand","embeddable":true,"href":"https:\/\/staging.forenteforlag.no\/scandinavian\/wp-json\/wp\/v2\/product_brand?post=20411"},{"taxonomy":"product_cat","embeddable":true,"href":"https:\/\/staging.forenteforlag.no\/scandinavian\/wp-json\/wp\/v2\/product_cat?post=20411"},{"taxonomy":"product_tag","embeddable":true,"href":"https:\/\/staging.forenteforlag.no\/scandinavian\/wp-json\/wp\/v2\/product_tag?post=20411"}],"curies":[{"name":"wp","href":"https:\/\/api.w.org\/{rel}","templated":true}]}}