{"id":29750,"date":"2025-11-26T07:38:41","date_gmt":"2025-11-26T06:38:41","guid":{"rendered":"https:\/\/pax.no\/produkt\/hennes-side-av-historien-2\/"},"modified":"2026-03-04T09:46:03","modified_gmt":"2026-03-04T08:46:03","slug":"hennes-side-av-historien-2","status":"publish","type":"product","link":"https:\/\/staging.forenteforlag.no\/pax\/produkt\/hennes-side-av-historien-2\/","title":{"rendered":"Hennes side av historien"},"content":{"rendered":"<p>Fengslende klassiker om en kvinnes kamp for selvstendighet Alessandra har alltid \u00f8nsket seg mer ut av livet. Hun vokser opp i en trangbodd byg\u00e5rd i Roma p\u00e5 1930-tallet, og er vitne til hvordan morens dr\u00f8m om \u00e5 bli pianist blir kvalt av et ulykkelig ekteskap. Da farens tradisjonsbundne familie fors\u00f8ker \u00e5 gifte henne bort, gj\u00f8r Alessandra oppr\u00f8r. Hun blir hodestups forelsket i den antifascistiske professoren Francesco, og en ny verden ser ut til \u00e5 \u00e5pne seg. Hun jobber for motstandsbevegelsen under andre verdenskrig og f\u00e5r en smak av friheten hun har lengtet etter. Men \u00e5 bryte med samfunnets forventninger og leve det livet man dr\u00f8mmer om, har sin pris. Hennes side av historien er en gripende og f\u00f8lsom roman med bilder leseren ikke glemmer. Handlingen er inspirert av Alba de C\u00e9spedes\u2019 egne opplevelser under krigs\u00e5rene i Italia.<\/p>\n","protected":false},"excerpt":{"rendered":"<p>Fengslende klassiker om en kvinnes kamp for selvstendighet Alessandra har alltid \u00f8nsket seg mer ut av livet. Hun vokser opp i en trangbodd byg\u00e5rd i Roma p\u00e5 1930-tallet, og er vitne til hvordan morens dr\u00f8m om \u00e5 bli pianist blir kvalt av et ulykkelig ekteskap. Da farens tradisjonsbundne familie fors\u00f8ker \u00e5 gifte henne bort, gj\u00f8r [&hellip;]<\/p>\n","protected":false},"featured_media":29747,"template":"","meta":{"_acf_changed":false,"inline_featured_image":false},"product_brand":[],"product_cat":[1778],"product_tag":[370],"class_list":{"0":"post-29750","1":"product","2":"type-product","3":"status-publish","4":"has-post-thumbnail","6":"product_cat-fastpris","7":"product_tag-skjonnlitteratur","9":"first","10":"kommer","11":"purchasable","12":"product-type-simple"},"acf":{"anmeldelse":[{"tekst_anmeldelser":"\u00abAlba de C\u00e9spedes\u2019 klassiker har f\u00e5tt en str\u00e5lende norsk spr\u00e5kdrakt. \u2026 \u2018Hennes side av historien\u2019 er en personlig, sv\u00e6rt engasjert og detaljert beretning. Fortellerens blikk for bagateller, assosiasjoner, prosesser og nyanser er fascinerende.\u00bb","av_anmeldelser":"Janneken \u00d8verland","terningkast":false,"kilde":"Klassekampen"},{"tekst_anmeldelser":"\u00abDette er p\u00e5 alle m\u00e5tar ein stor roman ... S\u00e6rleg f\u00f8rste del gjorde meg s\u00e6rs begeistra. Forteljinga er av den typen ein kan bli oppslukt av og forsvinne inn i, der interessante karakterar med eit komplekst kjensleliv gjennomlever intense drama i eit eksotisk milj\u00f8.\u00bb","av_anmeldelser":"Hilde Vesaas","terningkast":false,"kilde":"Dag og Tid"},{"tekst_anmeldelser":"\u00ab'Hennes side av historien' er en rik og tett roman om barndom, ekteskap og feminisme, men mest av alt er det en roman om hvordan ekteskap er noe annet enn kj\u00e6rlighet. ... Alba de C\u00e9spedes\u2019 roman fra 1949 har potensial til \u00e5 begeistre mange nye lesere i 2025.\u00bb","av_anmeldelser":"Ida V\u00e5gsether","terningkast":false,"kilde":"Morgenbladet"},{"tekst_anmeldelser":"\u00abFerrante har holdt C\u00e9spedes' forfatterskap som en inspirasjonskilde til sin Napoli-kvartett. S\u00e5, for dere tusener som kjenner p\u00e5 en romanabstinens derfra, er det bare \u00e5 g\u00e5 til kilden, for dette er stor romankunst.\u00bb","av_anmeldelser":"Stein Roll","terningkast":"<i class=\"fa-solid fa-dice-six\"><\/i>","kilde":"Adresseavisen"},{"tekst_anmeldelser":"\u00abDa jeg leste Alba de C\u00e9spedes for f\u00f8rste gang (...) var det ikke bare Ferrantes forfatterskap jeg s\u00e5 speilet i romanen. Jeg s\u00e5 ogs\u00e5 meg selv, og alle rollene som kvinner i min samtid trer inn i n\u00e5r de st\u00e5r opp om morgenen \u2013 i en tid der krig er allestedsn\u00e6rv\u00e6rende rundt oss.\u00bb","av_anmeldelser":"Hilde Sl\u00e5tto","terningkast":false,"kilde":"V\u00e5rt Land"}]},"yoast_head":"<!-- This site is optimized with the Yoast SEO plugin v26.6 - https:\/\/yoast.com\/wordpress\/plugins\/seo\/ -->\n<title>Hennes side av historien - Pax<\/title>\n<meta name=\"robots\" content=\"noindex, follow, max-snippet:-1, max-image-preview:large, max-video-preview:-1\" \/>\n<meta property=\"og:locale\" content=\"nb_NO\" \/>\n<meta property=\"og:type\" content=\"article\" \/>\n<meta property=\"og:title\" content=\"Hennes side av historien - Pax\" \/>\n<meta property=\"og:description\" content=\"Fengslende klassiker om en kvinnes kamp for selvstendighet Alessandra har alltid \u00f8nsket seg mer ut av livet. Hun vokser opp i en trangbodd byg\u00e5rd i Roma p\u00e5 1930-tallet, og er vitne til hvordan morens dr\u00f8m om \u00e5 bli pianist blir kvalt av et ulykkelig ekteskap. Da farens tradisjonsbundne familie fors\u00f8ker \u00e5 gifte henne bort, gj\u00f8r [&hellip;]\" \/>\n<meta property=\"og:url\" content=\"https:\/\/staging.forenteforlag.no\/pax\/produkt\/hennes-side-av-historien-2\/\" \/>\n<meta property=\"og:site_name\" content=\"Pax\" \/>\n<meta property=\"article:modified_time\" content=\"2026-03-04T08:46:03+00:00\" \/>\n<meta property=\"og:image\" content=\"https:\/\/staging.forenteforlag.no\/pax\/wp-content\/uploads\/sites\/5\/2025\/11\/jpg-15-scaled.jpg\" \/>\n\t<meta property=\"og:image:width\" content=\"1229\" \/>\n\t<meta property=\"og:image:height\" content=\"1920\" \/>\n\t<meta property=\"og:image:type\" content=\"image\/jpeg\" \/>\n<meta name=\"twitter:card\" content=\"summary_large_image\" \/>\n<meta name=\"twitter:label1\" content=\"Ansl. lesetid\" \/>\n\t<meta name=\"twitter:data1\" content=\"1 minutt\" \/>\n<script type=\"application\/ld+json\" class=\"yoast-schema-graph\">{\"@context\":\"https:\/\/schema.org\",\"@graph\":[{\"@type\":\"WebPage\",\"@id\":\"https:\/\/staging.forenteforlag.no\/pax\/produkt\/hennes-side-av-historien-2\/\",\"url\":\"https:\/\/staging.forenteforlag.no\/pax\/produkt\/hennes-side-av-historien-2\/\",\"name\":\"Hennes side av historien - Pax\",\"isPartOf\":{\"@id\":\"https:\/\/staging.forenteforlag.no\/pax\/#website\"},\"primaryImageOfPage\":{\"@id\":\"https:\/\/staging.forenteforlag.no\/pax\/produkt\/hennes-side-av-historien-2\/#primaryimage\"},\"image\":{\"@id\":\"https:\/\/staging.forenteforlag.no\/pax\/produkt\/hennes-side-av-historien-2\/#primaryimage\"},\"thumbnailUrl\":\"https:\/\/staging.forenteforlag.no\/pax\/wp-content\/uploads\/sites\/5\/2025\/11\/jpg-15-scaled.jpg\",\"datePublished\":\"2025-11-26T06:38:41+00:00\",\"dateModified\":\"2026-03-04T08:46:03+00:00\",\"breadcrumb\":{\"@id\":\"https:\/\/staging.forenteforlag.no\/pax\/produkt\/hennes-side-av-historien-2\/#breadcrumb\"},\"inLanguage\":\"nb-NO\",\"potentialAction\":[{\"@type\":\"ReadAction\",\"target\":[\"https:\/\/staging.forenteforlag.no\/pax\/produkt\/hennes-side-av-historien-2\/\"]}]},{\"@type\":\"ImageObject\",\"inLanguage\":\"nb-NO\",\"@id\":\"https:\/\/staging.forenteforlag.no\/pax\/produkt\/hennes-side-av-historien-2\/#primaryimage\",\"url\":\"https:\/\/staging.forenteforlag.no\/pax\/wp-content\/uploads\/sites\/5\/2025\/11\/jpg-15-scaled.jpg\",\"contentUrl\":\"https:\/\/staging.forenteforlag.no\/pax\/wp-content\/uploads\/sites\/5\/2025\/11\/jpg-15-scaled.jpg\",\"width\":1229,\"height\":1920},{\"@type\":\"BreadcrumbList\",\"@id\":\"https:\/\/staging.forenteforlag.no\/pax\/produkt\/hennes-side-av-historien-2\/#breadcrumb\",\"itemListElement\":[{\"@type\":\"ListItem\",\"position\":1,\"name\":\"Hjem\",\"item\":\"https:\/\/staging.forenteforlag.no\/pax\/\"},{\"@type\":\"ListItem\",\"position\":2,\"name\":\"Alle b\u00f8ker\",\"item\":\"https:\/\/staging.forenteforlag.no\/pax\/butikk\/\"},{\"@type\":\"ListItem\",\"position\":3,\"name\":\"Hennes side av historien\"}]},{\"@type\":\"WebSite\",\"@id\":\"https:\/\/staging.forenteforlag.no\/pax\/#website\",\"url\":\"https:\/\/staging.forenteforlag.no\/pax\/\",\"name\":\"Pax\",\"description\":\"\",\"potentialAction\":[{\"@type\":\"SearchAction\",\"target\":{\"@type\":\"EntryPoint\",\"urlTemplate\":\"https:\/\/staging.forenteforlag.no\/pax\/?s={search_term_string}\"},\"query-input\":{\"@type\":\"PropertyValueSpecification\",\"valueRequired\":true,\"valueName\":\"search_term_string\"}}],\"inLanguage\":\"nb-NO\"}]}<\/script>\n<!-- \/ Yoast SEO plugin. -->","yoast_head_json":{"title":"Hennes side av historien - Pax","robots":{"index":"noindex","follow":"follow","max-snippet":"max-snippet:-1","max-image-preview":"max-image-preview:large","max-video-preview":"max-video-preview:-1"},"og_locale":"nb_NO","og_type":"article","og_title":"Hennes side av historien - Pax","og_description":"Fengslende klassiker om en kvinnes kamp for selvstendighet Alessandra har alltid \u00f8nsket seg mer ut av livet. Hun vokser opp i en trangbodd byg\u00e5rd i Roma p\u00e5 1930-tallet, og er vitne til hvordan morens dr\u00f8m om \u00e5 bli pianist blir kvalt av et ulykkelig ekteskap. Da farens tradisjonsbundne familie fors\u00f8ker \u00e5 gifte henne bort, gj\u00f8r [&hellip;]","og_url":"https:\/\/staging.forenteforlag.no\/pax\/produkt\/hennes-side-av-historien-2\/","og_site_name":"Pax","article_modified_time":"2026-03-04T08:46:03+00:00","og_image":[{"width":1229,"height":1920,"url":"https:\/\/staging.forenteforlag.no\/pax\/wp-content\/uploads\/sites\/5\/2025\/11\/jpg-15-scaled.jpg","type":"image\/jpeg"}],"twitter_card":"summary_large_image","twitter_misc":{"Ansl. lesetid":"1 minutt"},"schema":{"@context":"https:\/\/schema.org","@graph":[{"@type":"WebPage","@id":"https:\/\/staging.forenteforlag.no\/pax\/produkt\/hennes-side-av-historien-2\/","url":"https:\/\/staging.forenteforlag.no\/pax\/produkt\/hennes-side-av-historien-2\/","name":"Hennes side av historien - Pax","isPartOf":{"@id":"https:\/\/staging.forenteforlag.no\/pax\/#website"},"primaryImageOfPage":{"@id":"https:\/\/staging.forenteforlag.no\/pax\/produkt\/hennes-side-av-historien-2\/#primaryimage"},"image":{"@id":"https:\/\/staging.forenteforlag.no\/pax\/produkt\/hennes-side-av-historien-2\/#primaryimage"},"thumbnailUrl":"https:\/\/staging.forenteforlag.no\/pax\/wp-content\/uploads\/sites\/5\/2025\/11\/jpg-15-scaled.jpg","datePublished":"2025-11-26T06:38:41+00:00","dateModified":"2026-03-04T08:46:03+00:00","breadcrumb":{"@id":"https:\/\/staging.forenteforlag.no\/pax\/produkt\/hennes-side-av-historien-2\/#breadcrumb"},"inLanguage":"nb-NO","potentialAction":[{"@type":"ReadAction","target":["https:\/\/staging.forenteforlag.no\/pax\/produkt\/hennes-side-av-historien-2\/"]}]},{"@type":"ImageObject","inLanguage":"nb-NO","@id":"https:\/\/staging.forenteforlag.no\/pax\/produkt\/hennes-side-av-historien-2\/#primaryimage","url":"https:\/\/staging.forenteforlag.no\/pax\/wp-content\/uploads\/sites\/5\/2025\/11\/jpg-15-scaled.jpg","contentUrl":"https:\/\/staging.forenteforlag.no\/pax\/wp-content\/uploads\/sites\/5\/2025\/11\/jpg-15-scaled.jpg","width":1229,"height":1920},{"@type":"BreadcrumbList","@id":"https:\/\/staging.forenteforlag.no\/pax\/produkt\/hennes-side-av-historien-2\/#breadcrumb","itemListElement":[{"@type":"ListItem","position":1,"name":"Hjem","item":"https:\/\/staging.forenteforlag.no\/pax\/"},{"@type":"ListItem","position":2,"name":"Alle b\u00f8ker","item":"https:\/\/staging.forenteforlag.no\/pax\/butikk\/"},{"@type":"ListItem","position":3,"name":"Hennes side av historien"}]},{"@type":"WebSite","@id":"https:\/\/staging.forenteforlag.no\/pax\/#website","url":"https:\/\/staging.forenteforlag.no\/pax\/","name":"Pax","description":"","potentialAction":[{"@type":"SearchAction","target":{"@type":"EntryPoint","urlTemplate":"https:\/\/staging.forenteforlag.no\/pax\/?s={search_term_string}"},"query-input":{"@type":"PropertyValueSpecification","valueRequired":true,"valueName":"search_term_string"}}],"inLanguage":"nb-NO"}]}},"_links":{"self":[{"href":"https:\/\/staging.forenteforlag.no\/pax\/wp-json\/wp\/v2\/product\/29750","targetHints":{"allow":["GET"]}}],"collection":[{"href":"https:\/\/staging.forenteforlag.no\/pax\/wp-json\/wp\/v2\/product"}],"about":[{"href":"https:\/\/staging.forenteforlag.no\/pax\/wp-json\/wp\/v2\/types\/product"}],"wp:featuredmedia":[{"embeddable":true,"href":"https:\/\/staging.forenteforlag.no\/pax\/wp-json\/wp\/v2\/media\/29747"}],"wp:attachment":[{"href":"https:\/\/staging.forenteforlag.no\/pax\/wp-json\/wp\/v2\/media?parent=29750"}],"wp:term":[{"taxonomy":"product_brand","embeddable":true,"href":"https:\/\/staging.forenteforlag.no\/pax\/wp-json\/wp\/v2\/product_brand?post=29750"},{"taxonomy":"product_cat","embeddable":true,"href":"https:\/\/staging.forenteforlag.no\/pax\/wp-json\/wp\/v2\/product_cat?post=29750"},{"taxonomy":"product_tag","embeddable":true,"href":"https:\/\/staging.forenteforlag.no\/pax\/wp-json\/wp\/v2\/product_tag?post=29750"}],"curies":[{"name":"wp","href":"https:\/\/api.w.org\/{rel}","templated":true}]}}