{"id":25979,"date":"2025-10-02T15:54:38","date_gmt":"2025-10-02T13:54:38","guid":{"rendered":"https:\/\/pax.no\/produkt\/ingen-kjenner-mitt-navn\/"},"modified":"2026-03-03T23:22:39","modified_gmt":"2026-03-03T22:22:39","slug":"ingen-kjenner-mitt-navn","status":"publish","type":"product","link":"https:\/\/staging.forenteforlag.no\/pax\/produkt\/ingen-kjenner-mitt-navn\/","title":{"rendered":"Verden er ikke lenger hvit"},"content":{"rendered":"<p>Denne boka inneholder tolv utvalgte essay fra James Baldwins banebrytende essaysamlinger En svart manns nedtegnelser (1955) og Ingen kjenner mitt navn (1961).\u00a0\u00a0Her skriver Baldwin klokt og skarpt om oppveksten i Harlem, om amerikansk litteratur og om \u00e5rene i Paris. Ikke minst skriver han om hvordan det er \u00e5 v\u00e6re svart i USA. Han skildrer rasismen i hjemlandet, hatet og hevnf\u00f8lelsen som oppst\u00e5r n\u00e5r man blir diskriminert. Baldwins sviende samfunnskritikk oppleves like relevant i dag, noe som befester hans posisjon som en av USAs fremste sakprosaforfattere.\u00a0Verden er ikke lenger hvit ble utgitt for f\u00f8rste gang p\u00e5 norsk i 1964, ogs\u00e5 da av Pax Forlag. Boka inkluderer n\u00e5 et forord skrevet av James Baldwin i 1984.<\/p>\n","protected":false},"excerpt":{"rendered":"<p>Denne boka inneholder tolv utvalgte essay fra James Baldwins banebrytende essaysamlinger En svart manns nedtegnelser (1955) og Ingen kjenner mitt navn (1961).\u00a0\u00a0Her skriver Baldwin klokt og skarpt om oppveksten i Harlem, om amerikansk litteratur og om \u00e5rene i Paris. Ikke minst skriver han om hvordan det er \u00e5 v\u00e6re svart i USA. Han skildrer rasismen [&hellip;]<\/p>\n","protected":false},"featured_media":29573,"template":"","meta":{"_acf_changed":false,"inline_featured_image":false},"product_brand":[],"product_cat":[1778],"product_tag":[370],"class_list":{"0":"post-25979","1":"product","2":"type-product","3":"status-publish","4":"has-post-thumbnail","6":"product_cat-fastpris","7":"product_tag-skjonnlitteratur","9":"first","10":"instock","11":"shipping-taxable","12":"purchasable","13":"product-type-simple"},"acf":{"anmeldelse":[{"tekst_anmeldelser":"\u00abEn glitrende bok.\u00bb","av_anmeldelser":"The New York Times","terningkast":false,"kilde":"The New York Times"},{"tekst_anmeldelser":"\u00abHan er blitt en av f\u00e5 forfattere av v\u00e5r tid.\u00bb","av_anmeldelser":"Norman Mailer","terningkast":false,"kilde":"Norman Mailer"},{"tekst_anmeldelser":"\u00abDen st\u00f8rste amerikanske prosastilisten i sin generasjon.\u00bb","av_anmeldelser":"Colm T\u00f3ib\u00edn","terningkast":false,"kilde":"Colm T\u00f3ib\u00edn"}]},"yoast_head":"<!-- This site is optimized with the Yoast SEO plugin v26.6 - https:\/\/yoast.com\/wordpress\/plugins\/seo\/ -->\n<title>Verden er ikke lenger hvit - Pax<\/title>\n<meta name=\"robots\" content=\"noindex, follow, max-snippet:-1, max-image-preview:large, max-video-preview:-1\" \/>\n<meta property=\"og:locale\" content=\"nb_NO\" \/>\n<meta property=\"og:type\" content=\"article\" \/>\n<meta property=\"og:title\" content=\"Verden er ikke lenger hvit - Pax\" \/>\n<meta property=\"og:description\" content=\"Denne boka inneholder tolv utvalgte essay fra James Baldwins banebrytende essaysamlinger En svart manns nedtegnelser (1955) og Ingen kjenner mitt navn (1961).\u00a0\u00a0Her skriver Baldwin klokt og skarpt om oppveksten i Harlem, om amerikansk litteratur og om \u00e5rene i Paris. Ikke minst skriver han om hvordan det er \u00e5 v\u00e6re svart i USA. Han skildrer rasismen [&hellip;]\" \/>\n<meta property=\"og:url\" content=\"https:\/\/staging.forenteforlag.no\/pax\/produkt\/ingen-kjenner-mitt-navn\/\" \/>\n<meta property=\"og:site_name\" content=\"Pax\" \/>\n<meta property=\"article:modified_time\" content=\"2026-03-03T22:22:39+00:00\" \/>\n<meta property=\"og:image\" content=\"https:\/\/staging.forenteforlag.no\/pax\/wp-content\/uploads\/sites\/5\/2025\/09\/Cover-Verden-er-ikke-lenger-hvit-scaled.jpeg\" \/>\n\t<meta property=\"og:image:width\" content=\"1200\" \/>\n\t<meta property=\"og:image:height\" content=\"1920\" \/>\n\t<meta property=\"og:image:type\" content=\"image\/jpeg\" \/>\n<meta name=\"twitter:card\" content=\"summary_large_image\" \/>\n<meta name=\"twitter:label1\" content=\"Ansl. lesetid\" \/>\n\t<meta name=\"twitter:data1\" content=\"2 minutter\" \/>\n<script type=\"application\/ld+json\" class=\"yoast-schema-graph\">{\"@context\":\"https:\/\/schema.org\",\"@graph\":[{\"@type\":\"WebPage\",\"@id\":\"https:\/\/staging.forenteforlag.no\/pax\/produkt\/ingen-kjenner-mitt-navn\/\",\"url\":\"https:\/\/staging.forenteforlag.no\/pax\/produkt\/ingen-kjenner-mitt-navn\/\",\"name\":\"Verden er ikke lenger hvit - Pax\",\"isPartOf\":{\"@id\":\"https:\/\/staging.forenteforlag.no\/pax\/#website\"},\"primaryImageOfPage\":{\"@id\":\"https:\/\/staging.forenteforlag.no\/pax\/produkt\/ingen-kjenner-mitt-navn\/#primaryimage\"},\"image\":{\"@id\":\"https:\/\/staging.forenteforlag.no\/pax\/produkt\/ingen-kjenner-mitt-navn\/#primaryimage\"},\"thumbnailUrl\":\"https:\/\/staging.forenteforlag.no\/pax\/wp-content\/uploads\/sites\/5\/2025\/09\/Cover-Verden-er-ikke-lenger-hvit-scaled.jpeg\",\"datePublished\":\"2025-10-02T13:54:38+00:00\",\"dateModified\":\"2026-03-03T22:22:39+00:00\",\"breadcrumb\":{\"@id\":\"https:\/\/staging.forenteforlag.no\/pax\/produkt\/ingen-kjenner-mitt-navn\/#breadcrumb\"},\"inLanguage\":\"nb-NO\",\"potentialAction\":[{\"@type\":\"ReadAction\",\"target\":[\"https:\/\/staging.forenteforlag.no\/pax\/produkt\/ingen-kjenner-mitt-navn\/\"]}]},{\"@type\":\"ImageObject\",\"inLanguage\":\"nb-NO\",\"@id\":\"https:\/\/staging.forenteforlag.no\/pax\/produkt\/ingen-kjenner-mitt-navn\/#primaryimage\",\"url\":\"https:\/\/staging.forenteforlag.no\/pax\/wp-content\/uploads\/sites\/5\/2025\/09\/Cover-Verden-er-ikke-lenger-hvit-scaled.jpeg\",\"contentUrl\":\"https:\/\/staging.forenteforlag.no\/pax\/wp-content\/uploads\/sites\/5\/2025\/09\/Cover-Verden-er-ikke-lenger-hvit-scaled.jpeg\",\"width\":1200,\"height\":1920},{\"@type\":\"BreadcrumbList\",\"@id\":\"https:\/\/staging.forenteforlag.no\/pax\/produkt\/ingen-kjenner-mitt-navn\/#breadcrumb\",\"itemListElement\":[{\"@type\":\"ListItem\",\"position\":1,\"name\":\"Hjem\",\"item\":\"https:\/\/staging.forenteforlag.no\/pax\/\"},{\"@type\":\"ListItem\",\"position\":2,\"name\":\"Alle b\u00f8ker\",\"item\":\"https:\/\/staging.forenteforlag.no\/pax\/butikk\/\"},{\"@type\":\"ListItem\",\"position\":3,\"name\":\"Verden er ikke lenger hvit\"}]},{\"@type\":\"WebSite\",\"@id\":\"https:\/\/staging.forenteforlag.no\/pax\/#website\",\"url\":\"https:\/\/staging.forenteforlag.no\/pax\/\",\"name\":\"Pax\",\"description\":\"\",\"potentialAction\":[{\"@type\":\"SearchAction\",\"target\":{\"@type\":\"EntryPoint\",\"urlTemplate\":\"https:\/\/staging.forenteforlag.no\/pax\/?s={search_term_string}\"},\"query-input\":{\"@type\":\"PropertyValueSpecification\",\"valueRequired\":true,\"valueName\":\"search_term_string\"}}],\"inLanguage\":\"nb-NO\"}]}<\/script>\n<!-- \/ Yoast SEO plugin. -->","yoast_head_json":{"title":"Verden er ikke lenger hvit - Pax","robots":{"index":"noindex","follow":"follow","max-snippet":"max-snippet:-1","max-image-preview":"max-image-preview:large","max-video-preview":"max-video-preview:-1"},"og_locale":"nb_NO","og_type":"article","og_title":"Verden er ikke lenger hvit - Pax","og_description":"Denne boka inneholder tolv utvalgte essay fra James Baldwins banebrytende essaysamlinger En svart manns nedtegnelser (1955) og Ingen kjenner mitt navn (1961).\u00a0\u00a0Her skriver Baldwin klokt og skarpt om oppveksten i Harlem, om amerikansk litteratur og om \u00e5rene i Paris. Ikke minst skriver han om hvordan det er \u00e5 v\u00e6re svart i USA. Han skildrer rasismen [&hellip;]","og_url":"https:\/\/staging.forenteforlag.no\/pax\/produkt\/ingen-kjenner-mitt-navn\/","og_site_name":"Pax","article_modified_time":"2026-03-03T22:22:39+00:00","og_image":[{"width":1200,"height":1920,"url":"https:\/\/staging.forenteforlag.no\/pax\/wp-content\/uploads\/sites\/5\/2025\/09\/Cover-Verden-er-ikke-lenger-hvit-scaled.jpeg","type":"image\/jpeg"}],"twitter_card":"summary_large_image","twitter_misc":{"Ansl. lesetid":"2 minutter"},"schema":{"@context":"https:\/\/schema.org","@graph":[{"@type":"WebPage","@id":"https:\/\/staging.forenteforlag.no\/pax\/produkt\/ingen-kjenner-mitt-navn\/","url":"https:\/\/staging.forenteforlag.no\/pax\/produkt\/ingen-kjenner-mitt-navn\/","name":"Verden er ikke lenger hvit - Pax","isPartOf":{"@id":"https:\/\/staging.forenteforlag.no\/pax\/#website"},"primaryImageOfPage":{"@id":"https:\/\/staging.forenteforlag.no\/pax\/produkt\/ingen-kjenner-mitt-navn\/#primaryimage"},"image":{"@id":"https:\/\/staging.forenteforlag.no\/pax\/produkt\/ingen-kjenner-mitt-navn\/#primaryimage"},"thumbnailUrl":"https:\/\/staging.forenteforlag.no\/pax\/wp-content\/uploads\/sites\/5\/2025\/09\/Cover-Verden-er-ikke-lenger-hvit-scaled.jpeg","datePublished":"2025-10-02T13:54:38+00:00","dateModified":"2026-03-03T22:22:39+00:00","breadcrumb":{"@id":"https:\/\/staging.forenteforlag.no\/pax\/produkt\/ingen-kjenner-mitt-navn\/#breadcrumb"},"inLanguage":"nb-NO","potentialAction":[{"@type":"ReadAction","target":["https:\/\/staging.forenteforlag.no\/pax\/produkt\/ingen-kjenner-mitt-navn\/"]}]},{"@type":"ImageObject","inLanguage":"nb-NO","@id":"https:\/\/staging.forenteforlag.no\/pax\/produkt\/ingen-kjenner-mitt-navn\/#primaryimage","url":"https:\/\/staging.forenteforlag.no\/pax\/wp-content\/uploads\/sites\/5\/2025\/09\/Cover-Verden-er-ikke-lenger-hvit-scaled.jpeg","contentUrl":"https:\/\/staging.forenteforlag.no\/pax\/wp-content\/uploads\/sites\/5\/2025\/09\/Cover-Verden-er-ikke-lenger-hvit-scaled.jpeg","width":1200,"height":1920},{"@type":"BreadcrumbList","@id":"https:\/\/staging.forenteforlag.no\/pax\/produkt\/ingen-kjenner-mitt-navn\/#breadcrumb","itemListElement":[{"@type":"ListItem","position":1,"name":"Hjem","item":"https:\/\/staging.forenteforlag.no\/pax\/"},{"@type":"ListItem","position":2,"name":"Alle b\u00f8ker","item":"https:\/\/staging.forenteforlag.no\/pax\/butikk\/"},{"@type":"ListItem","position":3,"name":"Verden er ikke lenger hvit"}]},{"@type":"WebSite","@id":"https:\/\/staging.forenteforlag.no\/pax\/#website","url":"https:\/\/staging.forenteforlag.no\/pax\/","name":"Pax","description":"","potentialAction":[{"@type":"SearchAction","target":{"@type":"EntryPoint","urlTemplate":"https:\/\/staging.forenteforlag.no\/pax\/?s={search_term_string}"},"query-input":{"@type":"PropertyValueSpecification","valueRequired":true,"valueName":"search_term_string"}}],"inLanguage":"nb-NO"}]}},"_links":{"self":[{"href":"https:\/\/staging.forenteforlag.no\/pax\/wp-json\/wp\/v2\/product\/25979","targetHints":{"allow":["GET"]}}],"collection":[{"href":"https:\/\/staging.forenteforlag.no\/pax\/wp-json\/wp\/v2\/product"}],"about":[{"href":"https:\/\/staging.forenteforlag.no\/pax\/wp-json\/wp\/v2\/types\/product"}],"wp:featuredmedia":[{"embeddable":true,"href":"https:\/\/staging.forenteforlag.no\/pax\/wp-json\/wp\/v2\/media\/29573"}],"wp:attachment":[{"href":"https:\/\/staging.forenteforlag.no\/pax\/wp-json\/wp\/v2\/media?parent=25979"}],"wp:term":[{"taxonomy":"product_brand","embeddable":true,"href":"https:\/\/staging.forenteforlag.no\/pax\/wp-json\/wp\/v2\/product_brand?post=25979"},{"taxonomy":"product_cat","embeddable":true,"href":"https:\/\/staging.forenteforlag.no\/pax\/wp-json\/wp\/v2\/product_cat?post=25979"},{"taxonomy":"product_tag","embeddable":true,"href":"https:\/\/staging.forenteforlag.no\/pax\/wp-json\/wp\/v2\/product_tag?post=25979"}],"curies":[{"name":"wp","href":"https:\/\/api.w.org\/{rel}","templated":true}]}}