{"id":24539,"date":"2013-06-03T02:00:00","date_gmt":"2013-06-03T00:00:00","guid":{"rendered":"https:\/\/pax.forenteforlag.no\/produkt\/tenke-fort-og-langsomt-2\/"},"modified":"2026-03-03T22:30:33","modified_gmt":"2026-03-03T21:30:33","slug":"tenke-fort-og-langsomt-2","status":"publish","type":"product","link":"https:\/\/staging.forenteforlag.no\/pax\/produkt\/tenke-fort-og-langsomt-2\/","title":{"rendered":"Tenke, fort og langsomt"},"content":{"rendered":"<p>Hvorfor gj\u00f8r vi feil? Og hvorfor i all verden fortsetter vi \u00e5 gj\u00f8re de samme feilene gang p\u00e5 gang? Vi tenker i ett av to systemer ? enten raskt, intuitivt og f\u00f8lelsesdrevet, eller langsomt, rasjonelt og logisk. Begge systemene er n\u00f8dvendige, og begge har sine svakheter. Gjennom \u00e5 forst\u00e5 de to systemene, og hvordan de kan balanseres og virke sammen, skj\u00f8nner vi mer av oss selv og hverandre ? og samtidig l\u00e6rer vi hvordan vi selv kan ta bedre avgj\u00f8relser, personlig og \u00f8konomisk.<\/p>\n<p>Tenke, fort og langsomt  forklarer oss hvordan vi tenker og tar beslutninger, gjerne stikk i strid med vedtatte psykologiske og \u00f8konomiske sannheter. Ukonvensjonell og utradisjonell, overraskende og overbevisende ? boken vil endre hvordan du tenker om \u00e5 tenke for alltid<\/p>\n","protected":false},"excerpt":{"rendered":"<p>Hvorfor gj\u00f8r vi feil? Og hvorfor i all verden fortsetter vi \u00e5 gj\u00f8re de samme feilene gang p\u00e5 gang? Vi tenker i ett av to systemer ? enten raskt, intuitivt og f\u00f8lelsesdrevet, eller langsomt, rasjonelt og logisk. Begge systemene er n\u00f8dvendige, og begge har sine svakheter. Gjennom \u00e5 forst\u00e5 de to systemene, og hvordan de [&hellip;]<\/p>\n","protected":false},"featured_media":29452,"template":"","meta":{"_acf_changed":false,"inline_featured_image":false},"product_brand":[],"product_cat":[1782],"product_tag":[362],"class_list":{"0":"post-24539","1":"product","2":"type-product","3":"status-publish","4":"has-post-thumbnail","6":"product_cat-fripris","7":"product_tag-faglitteratur","9":"first","10":"instock","11":"shipping-taxable","12":"purchasable","13":"product-type-simple"},"acf":{"anmeldelse":[{"tekst_anmeldelser":"\u00abEn komplisert hyllest til mentalmaskineriet som l\u00f8ser s\u00e5 mange av hverdagens problemer raskt og knirkefritt, men som gj\u00f8r dette nettopp fordi den er basert p\u00e5 tommelfingerregler.\u00bb","av_anmeldelser":"Carl Joakim Gagnon","terningkast":false,"kilde":"Morgenbladet"},{"tekst_anmeldelser":"\u00abKahneman presenterer spennende forskning og gj\u00f8r den relevant for alle som \u00f8nsker \u00e5 forbedre sin egen, og forst\u00e5 svakhetene i andres, skj\u00f8nnsut\u00f8velse.\u00bb","av_anmeldelser":"Geir Kirkeb\u00f8en","terningkast":false,"kilde":"Klassekampen"},{"tekst_anmeldelser":"\u00abEn fremragende bok.\u00bb","av_anmeldelser":"\u00abEn fremragende bok.\u00bb","terningkast":false,"kilde":"The Guardian"},{"tekst_anmeldelser":"\u00abF\u00e5 har skrive betre og enklare om menneskesinnet, og knapt nokon er har kome over, har p\u00e5 eit meir overtydande vis underminert tesen om mennesket som rasjonall akt\u00f8r.\u00bb","av_anmeldelser":"Jon Hustad","terningkast":false,"kilde":"Dag og Tid"},{"tekst_anmeldelser":"\u00abVi m\u00e5 v\u00e6re takknemlige for at Kahneman har gitt oss en bok der han p\u00e5 en s\u00e5 underholdende m\u00e5te f\u00e5r oss til \u00e5 forst\u00e5 de praktiske sidene ved v\u00e5r personlighet.\u00bb","av_anmeldelser":"Freeman Dyson","terningkast":false,"kilde":"The New York Review of Books"},{"tekst_anmeldelser":"\u00abDet finnes mange b\u00f8ker om menneskets rasjonalitet og irrasjonalitet, men bare ett mesterverk. Mesterverket er Daniel Kahnemans Tenke, fort og langsomt.\u00bb","av_anmeldelser":"William Easterly","terningkast":false,"kilde":"Financial Times"}]},"yoast_head":"<!-- This site is optimized with the Yoast SEO plugin v26.6 - https:\/\/yoast.com\/wordpress\/plugins\/seo\/ -->\n<title>Tenke, fort og langsomt - Pax<\/title>\n<meta name=\"robots\" content=\"noindex, follow, max-snippet:-1, max-image-preview:large, max-video-preview:-1\" \/>\n<meta property=\"og:locale\" content=\"nb_NO\" \/>\n<meta property=\"og:type\" content=\"article\" \/>\n<meta property=\"og:title\" content=\"Tenke, fort og langsomt - Pax\" \/>\n<meta property=\"og:description\" content=\"Hvorfor gj\u00f8r vi feil? Og hvorfor i all verden fortsetter vi \u00e5 gj\u00f8re de samme feilene gang p\u00e5 gang? Vi tenker i ett av to systemer ? enten raskt, intuitivt og f\u00f8lelsesdrevet, eller langsomt, rasjonelt og logisk. Begge systemene er n\u00f8dvendige, og begge har sine svakheter. Gjennom \u00e5 forst\u00e5 de to systemene, og hvordan de [&hellip;]\" \/>\n<meta property=\"og:url\" content=\"https:\/\/staging.forenteforlag.no\/pax\/produkt\/tenke-fort-og-langsomt-2\/\" \/>\n<meta property=\"og:site_name\" content=\"Pax\" \/>\n<meta property=\"article:modified_time\" content=\"2026-03-03T21:30:33+00:00\" \/>\n<meta property=\"og:image\" content=\"https:\/\/staging.forenteforlag.no\/pax\/wp-content\/uploads\/sites\/5\/2025\/08\/jpg-9991.jpg\" \/>\n\t<meta property=\"og:image:width\" content=\"326\" \/>\n\t<meta property=\"og:image:height\" content=\"450\" \/>\n\t<meta property=\"og:image:type\" content=\"image\/jpeg\" \/>\n<meta name=\"twitter:card\" content=\"summary_large_image\" \/>\n<meta name=\"twitter:label1\" content=\"Ansl. lesetid\" \/>\n\t<meta name=\"twitter:data1\" content=\"1 minutt\" \/>\n<script type=\"application\/ld+json\" class=\"yoast-schema-graph\">{\"@context\":\"https:\/\/schema.org\",\"@graph\":[{\"@type\":\"WebPage\",\"@id\":\"https:\/\/staging.forenteforlag.no\/pax\/produkt\/tenke-fort-og-langsomt-2\/\",\"url\":\"https:\/\/staging.forenteforlag.no\/pax\/produkt\/tenke-fort-og-langsomt-2\/\",\"name\":\"Tenke, fort og langsomt - Pax\",\"isPartOf\":{\"@id\":\"https:\/\/staging.forenteforlag.no\/pax\/#website\"},\"primaryImageOfPage\":{\"@id\":\"https:\/\/staging.forenteforlag.no\/pax\/produkt\/tenke-fort-og-langsomt-2\/#primaryimage\"},\"image\":{\"@id\":\"https:\/\/staging.forenteforlag.no\/pax\/produkt\/tenke-fort-og-langsomt-2\/#primaryimage\"},\"thumbnailUrl\":\"https:\/\/staging.forenteforlag.no\/pax\/wp-content\/uploads\/sites\/5\/2025\/08\/jpg-9991.jpg\",\"datePublished\":\"2013-06-03T00:00:00+00:00\",\"dateModified\":\"2026-03-03T21:30:33+00:00\",\"breadcrumb\":{\"@id\":\"https:\/\/staging.forenteforlag.no\/pax\/produkt\/tenke-fort-og-langsomt-2\/#breadcrumb\"},\"inLanguage\":\"nb-NO\",\"potentialAction\":[{\"@type\":\"ReadAction\",\"target\":[\"https:\/\/staging.forenteforlag.no\/pax\/produkt\/tenke-fort-og-langsomt-2\/\"]}]},{\"@type\":\"ImageObject\",\"inLanguage\":\"nb-NO\",\"@id\":\"https:\/\/staging.forenteforlag.no\/pax\/produkt\/tenke-fort-og-langsomt-2\/#primaryimage\",\"url\":\"https:\/\/staging.forenteforlag.no\/pax\/wp-content\/uploads\/sites\/5\/2025\/08\/jpg-9991.jpg\",\"contentUrl\":\"https:\/\/staging.forenteforlag.no\/pax\/wp-content\/uploads\/sites\/5\/2025\/08\/jpg-9991.jpg\",\"width\":326,\"height\":450},{\"@type\":\"BreadcrumbList\",\"@id\":\"https:\/\/staging.forenteforlag.no\/pax\/produkt\/tenke-fort-og-langsomt-2\/#breadcrumb\",\"itemListElement\":[{\"@type\":\"ListItem\",\"position\":1,\"name\":\"Hjem\",\"item\":\"https:\/\/staging.forenteforlag.no\/pax\/\"},{\"@type\":\"ListItem\",\"position\":2,\"name\":\"Alle b\u00f8ker\",\"item\":\"https:\/\/staging.forenteforlag.no\/pax\/butikk\/\"},{\"@type\":\"ListItem\",\"position\":3,\"name\":\"Tenke, fort og langsomt\"}]},{\"@type\":\"WebSite\",\"@id\":\"https:\/\/staging.forenteforlag.no\/pax\/#website\",\"url\":\"https:\/\/staging.forenteforlag.no\/pax\/\",\"name\":\"Pax\",\"description\":\"\",\"potentialAction\":[{\"@type\":\"SearchAction\",\"target\":{\"@type\":\"EntryPoint\",\"urlTemplate\":\"https:\/\/staging.forenteforlag.no\/pax\/?s={search_term_string}\"},\"query-input\":{\"@type\":\"PropertyValueSpecification\",\"valueRequired\":true,\"valueName\":\"search_term_string\"}}],\"inLanguage\":\"nb-NO\"}]}<\/script>\n<!-- \/ Yoast SEO plugin. -->","yoast_head_json":{"title":"Tenke, fort og langsomt - Pax","robots":{"index":"noindex","follow":"follow","max-snippet":"max-snippet:-1","max-image-preview":"max-image-preview:large","max-video-preview":"max-video-preview:-1"},"og_locale":"nb_NO","og_type":"article","og_title":"Tenke, fort og langsomt - Pax","og_description":"Hvorfor gj\u00f8r vi feil? Og hvorfor i all verden fortsetter vi \u00e5 gj\u00f8re de samme feilene gang p\u00e5 gang? Vi tenker i ett av to systemer ? enten raskt, intuitivt og f\u00f8lelsesdrevet, eller langsomt, rasjonelt og logisk. Begge systemene er n\u00f8dvendige, og begge har sine svakheter. Gjennom \u00e5 forst\u00e5 de to systemene, og hvordan de [&hellip;]","og_url":"https:\/\/staging.forenteforlag.no\/pax\/produkt\/tenke-fort-og-langsomt-2\/","og_site_name":"Pax","article_modified_time":"2026-03-03T21:30:33+00:00","og_image":[{"width":326,"height":450,"url":"https:\/\/staging.forenteforlag.no\/pax\/wp-content\/uploads\/sites\/5\/2025\/08\/jpg-9991.jpg","type":"image\/jpeg"}],"twitter_card":"summary_large_image","twitter_misc":{"Ansl. lesetid":"1 minutt"},"schema":{"@context":"https:\/\/schema.org","@graph":[{"@type":"WebPage","@id":"https:\/\/staging.forenteforlag.no\/pax\/produkt\/tenke-fort-og-langsomt-2\/","url":"https:\/\/staging.forenteforlag.no\/pax\/produkt\/tenke-fort-og-langsomt-2\/","name":"Tenke, fort og langsomt - Pax","isPartOf":{"@id":"https:\/\/staging.forenteforlag.no\/pax\/#website"},"primaryImageOfPage":{"@id":"https:\/\/staging.forenteforlag.no\/pax\/produkt\/tenke-fort-og-langsomt-2\/#primaryimage"},"image":{"@id":"https:\/\/staging.forenteforlag.no\/pax\/produkt\/tenke-fort-og-langsomt-2\/#primaryimage"},"thumbnailUrl":"https:\/\/staging.forenteforlag.no\/pax\/wp-content\/uploads\/sites\/5\/2025\/08\/jpg-9991.jpg","datePublished":"2013-06-03T00:00:00+00:00","dateModified":"2026-03-03T21:30:33+00:00","breadcrumb":{"@id":"https:\/\/staging.forenteforlag.no\/pax\/produkt\/tenke-fort-og-langsomt-2\/#breadcrumb"},"inLanguage":"nb-NO","potentialAction":[{"@type":"ReadAction","target":["https:\/\/staging.forenteforlag.no\/pax\/produkt\/tenke-fort-og-langsomt-2\/"]}]},{"@type":"ImageObject","inLanguage":"nb-NO","@id":"https:\/\/staging.forenteforlag.no\/pax\/produkt\/tenke-fort-og-langsomt-2\/#primaryimage","url":"https:\/\/staging.forenteforlag.no\/pax\/wp-content\/uploads\/sites\/5\/2025\/08\/jpg-9991.jpg","contentUrl":"https:\/\/staging.forenteforlag.no\/pax\/wp-content\/uploads\/sites\/5\/2025\/08\/jpg-9991.jpg","width":326,"height":450},{"@type":"BreadcrumbList","@id":"https:\/\/staging.forenteforlag.no\/pax\/produkt\/tenke-fort-og-langsomt-2\/#breadcrumb","itemListElement":[{"@type":"ListItem","position":1,"name":"Hjem","item":"https:\/\/staging.forenteforlag.no\/pax\/"},{"@type":"ListItem","position":2,"name":"Alle b\u00f8ker","item":"https:\/\/staging.forenteforlag.no\/pax\/butikk\/"},{"@type":"ListItem","position":3,"name":"Tenke, fort og langsomt"}]},{"@type":"WebSite","@id":"https:\/\/staging.forenteforlag.no\/pax\/#website","url":"https:\/\/staging.forenteforlag.no\/pax\/","name":"Pax","description":"","potentialAction":[{"@type":"SearchAction","target":{"@type":"EntryPoint","urlTemplate":"https:\/\/staging.forenteforlag.no\/pax\/?s={search_term_string}"},"query-input":{"@type":"PropertyValueSpecification","valueRequired":true,"valueName":"search_term_string"}}],"inLanguage":"nb-NO"}]}},"_links":{"self":[{"href":"https:\/\/staging.forenteforlag.no\/pax\/wp-json\/wp\/v2\/product\/24539","targetHints":{"allow":["GET"]}}],"collection":[{"href":"https:\/\/staging.forenteforlag.no\/pax\/wp-json\/wp\/v2\/product"}],"about":[{"href":"https:\/\/staging.forenteforlag.no\/pax\/wp-json\/wp\/v2\/types\/product"}],"wp:featuredmedia":[{"embeddable":true,"href":"https:\/\/staging.forenteforlag.no\/pax\/wp-json\/wp\/v2\/media\/29452"}],"wp:attachment":[{"href":"https:\/\/staging.forenteforlag.no\/pax\/wp-json\/wp\/v2\/media?parent=24539"}],"wp:term":[{"taxonomy":"product_brand","embeddable":true,"href":"https:\/\/staging.forenteforlag.no\/pax\/wp-json\/wp\/v2\/product_brand?post=24539"},{"taxonomy":"product_cat","embeddable":true,"href":"https:\/\/staging.forenteforlag.no\/pax\/wp-json\/wp\/v2\/product_cat?post=24539"},{"taxonomy":"product_tag","embeddable":true,"href":"https:\/\/staging.forenteforlag.no\/pax\/wp-json\/wp\/v2\/product_tag?post=24539"}],"curies":[{"name":"wp","href":"https:\/\/api.w.org\/{rel}","templated":true}]}}