{"id":24254,"date":"2023-08-24T02:00:00","date_gmt":"2023-08-24T00:00:00","guid":{"rendered":"https:\/\/pax.forenteforlag.no\/produkt\/internatet-2\/"},"modified":"2025-08-27T14:06:51","modified_gmt":"2025-08-27T12:06:51","slug":"internatet-2","status":"publish","type":"product","link":"https:\/\/staging.forenteforlag.no\/pax\/produkt\/internatet-2\/","title":{"rendered":"Internatet"},"content":{"rendered":"<p>Da fiendtlige styrker invaderer nabobyen, drar den 35 \u00e5r gamle l\u00e6reren Pasja til internatskolen hvor nev\u00f8en Sasja bor, n\u00e5 i okkupert omr\u00e5de. Byen er forvandlet til et krigsinferno med fortvilte mennesker p\u00e5 flukt. Pasja m\u00e5 v\u00e5ge seg inn i kampsoner og trosse fiendtlige soldater, skuddsalver og minefelt for \u00e5 finne nev\u00f8en, i det som utvikler seg til en stadig mer desperat kamp for \u00e5 redde Sasja og f\u00e5 ham hjem.   <\/p>\n<p>I sin siste roman skriver Zjadan om krigens humanit\u00e6re omkostninger i oppr\u00f8rs- og krigsomr\u00e5dene i \u00d8st-Ukraina. Serhij Zjadan ble nylig tildelt EBRD Literature Prize 2022 for romanen, for det som if\u00f8lge juryen er en \u00abr\u00e5 og overbevisende fortelling om en vanlig manns reise gjennom konfliktsoner for \u00e5 komme seg hjem\u00bb.<\/p>\n","protected":false},"excerpt":{"rendered":"<p>Da fiendtlige styrker invaderer nabobyen, drar den 35 \u00e5r gamle l\u00e6reren Pasja til internatskolen hvor nev\u00f8en Sasja bor, n\u00e5 i okkupert omr\u00e5de. Byen er forvandlet til et krigsinferno med fortvilte mennesker p\u00e5 flukt. Pasja m\u00e5 v\u00e5ge seg inn i kampsoner og trosse fiendtlige soldater, skuddsalver og minefelt for \u00e5 finne nev\u00f8en, i det som utvikler [&hellip;]<\/p>\n","protected":false},"featured_media":27970,"template":"","meta":{"_acf_changed":false,"inline_featured_image":false},"product_brand":[],"product_cat":[1782,40,1791],"product_tag":[367,405,609,1095,1082,370,651],"class_list":{"0":"post-24254","1":"product","2":"type-product","3":"status-publish","4":"has-post-thumbnail","6":"product_cat-fripris","7":"product_cat-romaner","8":"product_cat-tilbud","9":"product_tag-2010-2019","10":"product_tag-andre-verdenskrig","11":"product_tag-foreldrelose","12":"product_tag-grafiske-romaner","13":"product_tag-pedagoger","14":"product_tag-skjonnlitteratur","15":"product_tag-ukraina","16":"pa_format-innbundet","18":"first","19":"instock","20":"shipping-taxable","21":"purchasable","22":"product-type-simple"},"acf":{"anmeldelse":null},"yoast_head":"<!-- This site is optimized with the Yoast SEO plugin v26.6 - https:\/\/yoast.com\/wordpress\/plugins\/seo\/ -->\n<title>Internatet - Pax<\/title>\n<meta name=\"robots\" content=\"noindex, follow, max-snippet:-1, max-image-preview:large, max-video-preview:-1\" \/>\n<meta property=\"og:locale\" content=\"nb_NO\" \/>\n<meta property=\"og:type\" content=\"article\" \/>\n<meta property=\"og:title\" content=\"Internatet - Pax\" \/>\n<meta property=\"og:description\" content=\"Da fiendtlige styrker invaderer nabobyen, drar den 35 \u00e5r gamle l\u00e6reren Pasja til internatskolen hvor nev\u00f8en Sasja bor, n\u00e5 i okkupert omr\u00e5de. Byen er forvandlet til et krigsinferno med fortvilte mennesker p\u00e5 flukt. Pasja m\u00e5 v\u00e5ge seg inn i kampsoner og trosse fiendtlige soldater, skuddsalver og minefelt for \u00e5 finne nev\u00f8en, i det som utvikler [&hellip;]\" \/>\n<meta property=\"og:url\" content=\"https:\/\/staging.forenteforlag.no\/pax\/produkt\/internatet-2\/\" \/>\n<meta property=\"og:site_name\" content=\"Pax\" \/>\n<meta property=\"article:modified_time\" content=\"2025-08-27T12:06:51+00:00\" \/>\n<meta property=\"og:image\" content=\"https:\/\/staging.forenteforlag.no\/pax\/wp-content\/uploads\/sites\/5\/2025\/08\/jpg-5612-scaled.jpg\" \/>\n\t<meta property=\"og:image:width\" content=\"1228\" \/>\n\t<meta property=\"og:image:height\" content=\"1920\" \/>\n\t<meta property=\"og:image:type\" content=\"image\/jpeg\" \/>\n<meta name=\"twitter:card\" content=\"summary_large_image\" \/>\n<meta name=\"twitter:label1\" content=\"Ansl. lesetid\" \/>\n\t<meta name=\"twitter:data1\" content=\"1 minutt\" \/>\n<script type=\"application\/ld+json\" class=\"yoast-schema-graph\">{\"@context\":\"https:\/\/schema.org\",\"@graph\":[{\"@type\":\"WebPage\",\"@id\":\"https:\/\/staging.forenteforlag.no\/pax\/produkt\/internatet-2\/\",\"url\":\"https:\/\/staging.forenteforlag.no\/pax\/produkt\/internatet-2\/\",\"name\":\"Internatet - Pax\",\"isPartOf\":{\"@id\":\"https:\/\/staging.forenteforlag.no\/pax\/#website\"},\"primaryImageOfPage\":{\"@id\":\"https:\/\/staging.forenteforlag.no\/pax\/produkt\/internatet-2\/#primaryimage\"},\"image\":{\"@id\":\"https:\/\/staging.forenteforlag.no\/pax\/produkt\/internatet-2\/#primaryimage\"},\"thumbnailUrl\":\"https:\/\/staging.forenteforlag.no\/pax\/wp-content\/uploads\/sites\/5\/2025\/08\/jpg-5612-scaled.jpg\",\"datePublished\":\"2023-08-24T00:00:00+00:00\",\"dateModified\":\"2025-08-27T12:06:51+00:00\",\"breadcrumb\":{\"@id\":\"https:\/\/staging.forenteforlag.no\/pax\/produkt\/internatet-2\/#breadcrumb\"},\"inLanguage\":\"nb-NO\",\"potentialAction\":[{\"@type\":\"ReadAction\",\"target\":[\"https:\/\/staging.forenteforlag.no\/pax\/produkt\/internatet-2\/\"]}]},{\"@type\":\"ImageObject\",\"inLanguage\":\"nb-NO\",\"@id\":\"https:\/\/staging.forenteforlag.no\/pax\/produkt\/internatet-2\/#primaryimage\",\"url\":\"https:\/\/staging.forenteforlag.no\/pax\/wp-content\/uploads\/sites\/5\/2025\/08\/jpg-5612-scaled.jpg\",\"contentUrl\":\"https:\/\/staging.forenteforlag.no\/pax\/wp-content\/uploads\/sites\/5\/2025\/08\/jpg-5612-scaled.jpg\",\"width\":1228,\"height\":1920},{\"@type\":\"BreadcrumbList\",\"@id\":\"https:\/\/staging.forenteforlag.no\/pax\/produkt\/internatet-2\/#breadcrumb\",\"itemListElement\":[{\"@type\":\"ListItem\",\"position\":1,\"name\":\"Hjem\",\"item\":\"https:\/\/staging.forenteforlag.no\/pax\/\"},{\"@type\":\"ListItem\",\"position\":2,\"name\":\"Alle b\u00f8ker\",\"item\":\"https:\/\/staging.forenteforlag.no\/pax\/butikk\/\"},{\"@type\":\"ListItem\",\"position\":3,\"name\":\"Internatet\"}]},{\"@type\":\"WebSite\",\"@id\":\"https:\/\/staging.forenteforlag.no\/pax\/#website\",\"url\":\"https:\/\/staging.forenteforlag.no\/pax\/\",\"name\":\"Pax\",\"description\":\"\",\"potentialAction\":[{\"@type\":\"SearchAction\",\"target\":{\"@type\":\"EntryPoint\",\"urlTemplate\":\"https:\/\/staging.forenteforlag.no\/pax\/?s={search_term_string}\"},\"query-input\":{\"@type\":\"PropertyValueSpecification\",\"valueRequired\":true,\"valueName\":\"search_term_string\"}}],\"inLanguage\":\"nb-NO\"}]}<\/script>\n<!-- \/ Yoast SEO plugin. -->","yoast_head_json":{"title":"Internatet - Pax","robots":{"index":"noindex","follow":"follow","max-snippet":"max-snippet:-1","max-image-preview":"max-image-preview:large","max-video-preview":"max-video-preview:-1"},"og_locale":"nb_NO","og_type":"article","og_title":"Internatet - Pax","og_description":"Da fiendtlige styrker invaderer nabobyen, drar den 35 \u00e5r gamle l\u00e6reren Pasja til internatskolen hvor nev\u00f8en Sasja bor, n\u00e5 i okkupert omr\u00e5de. Byen er forvandlet til et krigsinferno med fortvilte mennesker p\u00e5 flukt. Pasja m\u00e5 v\u00e5ge seg inn i kampsoner og trosse fiendtlige soldater, skuddsalver og minefelt for \u00e5 finne nev\u00f8en, i det som utvikler [&hellip;]","og_url":"https:\/\/staging.forenteforlag.no\/pax\/produkt\/internatet-2\/","og_site_name":"Pax","article_modified_time":"2025-08-27T12:06:51+00:00","og_image":[{"width":1228,"height":1920,"url":"https:\/\/staging.forenteforlag.no\/pax\/wp-content\/uploads\/sites\/5\/2025\/08\/jpg-5612-scaled.jpg","type":"image\/jpeg"}],"twitter_card":"summary_large_image","twitter_misc":{"Ansl. lesetid":"1 minutt"},"schema":{"@context":"https:\/\/schema.org","@graph":[{"@type":"WebPage","@id":"https:\/\/staging.forenteforlag.no\/pax\/produkt\/internatet-2\/","url":"https:\/\/staging.forenteforlag.no\/pax\/produkt\/internatet-2\/","name":"Internatet - Pax","isPartOf":{"@id":"https:\/\/staging.forenteforlag.no\/pax\/#website"},"primaryImageOfPage":{"@id":"https:\/\/staging.forenteforlag.no\/pax\/produkt\/internatet-2\/#primaryimage"},"image":{"@id":"https:\/\/staging.forenteforlag.no\/pax\/produkt\/internatet-2\/#primaryimage"},"thumbnailUrl":"https:\/\/staging.forenteforlag.no\/pax\/wp-content\/uploads\/sites\/5\/2025\/08\/jpg-5612-scaled.jpg","datePublished":"2023-08-24T00:00:00+00:00","dateModified":"2025-08-27T12:06:51+00:00","breadcrumb":{"@id":"https:\/\/staging.forenteforlag.no\/pax\/produkt\/internatet-2\/#breadcrumb"},"inLanguage":"nb-NO","potentialAction":[{"@type":"ReadAction","target":["https:\/\/staging.forenteforlag.no\/pax\/produkt\/internatet-2\/"]}]},{"@type":"ImageObject","inLanguage":"nb-NO","@id":"https:\/\/staging.forenteforlag.no\/pax\/produkt\/internatet-2\/#primaryimage","url":"https:\/\/staging.forenteforlag.no\/pax\/wp-content\/uploads\/sites\/5\/2025\/08\/jpg-5612-scaled.jpg","contentUrl":"https:\/\/staging.forenteforlag.no\/pax\/wp-content\/uploads\/sites\/5\/2025\/08\/jpg-5612-scaled.jpg","width":1228,"height":1920},{"@type":"BreadcrumbList","@id":"https:\/\/staging.forenteforlag.no\/pax\/produkt\/internatet-2\/#breadcrumb","itemListElement":[{"@type":"ListItem","position":1,"name":"Hjem","item":"https:\/\/staging.forenteforlag.no\/pax\/"},{"@type":"ListItem","position":2,"name":"Alle b\u00f8ker","item":"https:\/\/staging.forenteforlag.no\/pax\/butikk\/"},{"@type":"ListItem","position":3,"name":"Internatet"}]},{"@type":"WebSite","@id":"https:\/\/staging.forenteforlag.no\/pax\/#website","url":"https:\/\/staging.forenteforlag.no\/pax\/","name":"Pax","description":"","potentialAction":[{"@type":"SearchAction","target":{"@type":"EntryPoint","urlTemplate":"https:\/\/staging.forenteforlag.no\/pax\/?s={search_term_string}"},"query-input":{"@type":"PropertyValueSpecification","valueRequired":true,"valueName":"search_term_string"}}],"inLanguage":"nb-NO"}]}},"_links":{"self":[{"href":"https:\/\/staging.forenteforlag.no\/pax\/wp-json\/wp\/v2\/product\/24254","targetHints":{"allow":["GET"]}}],"collection":[{"href":"https:\/\/staging.forenteforlag.no\/pax\/wp-json\/wp\/v2\/product"}],"about":[{"href":"https:\/\/staging.forenteforlag.no\/pax\/wp-json\/wp\/v2\/types\/product"}],"wp:featuredmedia":[{"embeddable":true,"href":"https:\/\/staging.forenteforlag.no\/pax\/wp-json\/wp\/v2\/media\/27970"}],"wp:attachment":[{"href":"https:\/\/staging.forenteforlag.no\/pax\/wp-json\/wp\/v2\/media?parent=24254"}],"wp:term":[{"taxonomy":"product_brand","embeddable":true,"href":"https:\/\/staging.forenteforlag.no\/pax\/wp-json\/wp\/v2\/product_brand?post=24254"},{"taxonomy":"product_cat","embeddable":true,"href":"https:\/\/staging.forenteforlag.no\/pax\/wp-json\/wp\/v2\/product_cat?post=24254"},{"taxonomy":"product_tag","embeddable":true,"href":"https:\/\/staging.forenteforlag.no\/pax\/wp-json\/wp\/v2\/product_tag?post=24254"}],"curies":[{"name":"wp","href":"https:\/\/api.w.org\/{rel}","templated":true}]}}