{"id":24065,"date":"2019-02-11T01:00:00","date_gmt":"2019-02-11T00:00:00","guid":{"rendered":"https:\/\/pax.forenteforlag.no\/produkt\/drapet-pa-kommandanten-2\/"},"modified":"2025-08-27T11:11:04","modified_gmt":"2025-08-27T09:11:04","slug":"drapet-pa-kommandanten-2","status":"publish","type":"product","link":"https:\/\/staging.forenteforlag.no\/pax\/produkt\/drapet-pa-kommandanten-2\/","title":{"rendered":"Drapet p\u00e5 kommandanten"},"content":{"rendered":"<p>En trettiseks \u00e5r gammel portrettmaler blir dumpet av kona. Han flytter ut p\u00e5 dagen, og etter en tid ender han opp i et hus oppe i fjellene. Huset har tilh\u00f8rt en ber\u00f8mt gammel maler. Snart begynner det \u00e5 skje merkelige ting. P\u00e5 loftet finner han et uhyggelig maleri, \u00abDrapet p\u00e5 kommandanten\u00bb, laget av den tidligere eieren. Han kan ikke slippe tanken p\u00e5 det. Funnet av bildet setter i gang en rekke av surrealistiske hendelser. Her inng\u00e5r overnaturlige fenomener som p\u00e5 typisk Murakami-vis f\u00f8rer historien i bisarre retninger. Den navnl\u00f8se fortelleren er, som mange av Murakamis figurer, en ensom ung mann som leter etter en retning i livet og i kj\u00e6rligheten.<\/p>\n","protected":false},"excerpt":{"rendered":"<p>En trettiseks \u00e5r gammel portrettmaler blir dumpet av kona. Han flytter ut p\u00e5 dagen, og etter en tid ender han opp i et hus oppe i fjellene. Huset har tilh\u00f8rt en ber\u00f8mt gammel maler. Snart begynner det \u00e5 skje merkelige ting. P\u00e5 loftet finner han et uhyggelig maleri, \u00abDrapet p\u00e5 kommandanten\u00bb, laget av den tidligere [&hellip;]<\/p>\n","protected":false},"featured_media":28835,"template":"","meta":{"_acf_changed":false,"inline_featured_image":false},"product_brand":[],"product_cat":[40],"product_tag":[496,1095,461,370],"class_list":{"0":"post-24065","1":"product","2":"type-product","3":"status-publish","4":"has-post-thumbnail","6":"product_cat-romaner","7":"product_tag-billedkunstnere","8":"product_tag-grafiske-romaner","9":"product_tag-japan","10":"product_tag-skjonnlitteratur","11":"pa_format-innbundet","13":"first","14":"outofstock","15":"shipping-taxable","16":"purchasable","17":"product-type-simple"},"acf":{"anmeldelse":null},"yoast_head":"<!-- This site is optimized with the Yoast SEO plugin v26.6 - https:\/\/yoast.com\/wordpress\/plugins\/seo\/ -->\n<title>Drapet p\u00e5 kommandanten - Pax<\/title>\n<meta name=\"robots\" content=\"noindex, follow, max-snippet:-1, max-image-preview:large, max-video-preview:-1\" \/>\n<meta property=\"og:locale\" content=\"nb_NO\" \/>\n<meta property=\"og:type\" content=\"article\" \/>\n<meta property=\"og:title\" content=\"Drapet p\u00e5 kommandanten - Pax\" \/>\n<meta property=\"og:description\" content=\"En trettiseks \u00e5r gammel portrettmaler blir dumpet av kona. Han flytter ut p\u00e5 dagen, og etter en tid ender han opp i et hus oppe i fjellene. Huset har tilh\u00f8rt en ber\u00f8mt gammel maler. Snart begynner det \u00e5 skje merkelige ting. P\u00e5 loftet finner han et uhyggelig maleri, \u00abDrapet p\u00e5 kommandanten\u00bb, laget av den tidligere [&hellip;]\" \/>\n<meta property=\"og:url\" content=\"https:\/\/staging.forenteforlag.no\/pax\/produkt\/drapet-pa-kommandanten-2\/\" \/>\n<meta property=\"og:site_name\" content=\"Pax\" \/>\n<meta property=\"article:modified_time\" content=\"2025-08-27T09:11:04+00:00\" \/>\n<meta property=\"og:image\" content=\"https:\/\/staging.forenteforlag.no\/pax\/wp-content\/uploads\/sites\/5\/2025\/08\/jpg-8117-scaled.jpg\" \/>\n\t<meta property=\"og:image:width\" content=\"1219\" \/>\n\t<meta property=\"og:image:height\" content=\"1920\" \/>\n\t<meta property=\"og:image:type\" content=\"image\/jpeg\" \/>\n<meta name=\"twitter:card\" content=\"summary_large_image\" \/>\n<meta name=\"twitter:label1\" content=\"Ansl. lesetid\" \/>\n\t<meta name=\"twitter:data1\" content=\"1 minutt\" \/>\n<script type=\"application\/ld+json\" class=\"yoast-schema-graph\">{\"@context\":\"https:\/\/schema.org\",\"@graph\":[{\"@type\":\"WebPage\",\"@id\":\"https:\/\/staging.forenteforlag.no\/pax\/produkt\/drapet-pa-kommandanten-2\/\",\"url\":\"https:\/\/staging.forenteforlag.no\/pax\/produkt\/drapet-pa-kommandanten-2\/\",\"name\":\"Drapet p\u00e5 kommandanten - Pax\",\"isPartOf\":{\"@id\":\"https:\/\/staging.forenteforlag.no\/pax\/#website\"},\"primaryImageOfPage\":{\"@id\":\"https:\/\/staging.forenteforlag.no\/pax\/produkt\/drapet-pa-kommandanten-2\/#primaryimage\"},\"image\":{\"@id\":\"https:\/\/staging.forenteforlag.no\/pax\/produkt\/drapet-pa-kommandanten-2\/#primaryimage\"},\"thumbnailUrl\":\"https:\/\/staging.forenteforlag.no\/pax\/wp-content\/uploads\/sites\/5\/2025\/08\/jpg-8117-scaled.jpg\",\"datePublished\":\"2019-02-11T00:00:00+00:00\",\"dateModified\":\"2025-08-27T09:11:04+00:00\",\"breadcrumb\":{\"@id\":\"https:\/\/staging.forenteforlag.no\/pax\/produkt\/drapet-pa-kommandanten-2\/#breadcrumb\"},\"inLanguage\":\"nb-NO\",\"potentialAction\":[{\"@type\":\"ReadAction\",\"target\":[\"https:\/\/staging.forenteforlag.no\/pax\/produkt\/drapet-pa-kommandanten-2\/\"]}]},{\"@type\":\"ImageObject\",\"inLanguage\":\"nb-NO\",\"@id\":\"https:\/\/staging.forenteforlag.no\/pax\/produkt\/drapet-pa-kommandanten-2\/#primaryimage\",\"url\":\"https:\/\/staging.forenteforlag.no\/pax\/wp-content\/uploads\/sites\/5\/2025\/08\/jpg-8117-scaled.jpg\",\"contentUrl\":\"https:\/\/staging.forenteforlag.no\/pax\/wp-content\/uploads\/sites\/5\/2025\/08\/jpg-8117-scaled.jpg\",\"width\":1219,\"height\":1920},{\"@type\":\"BreadcrumbList\",\"@id\":\"https:\/\/staging.forenteforlag.no\/pax\/produkt\/drapet-pa-kommandanten-2\/#breadcrumb\",\"itemListElement\":[{\"@type\":\"ListItem\",\"position\":1,\"name\":\"Hjem\",\"item\":\"https:\/\/staging.forenteforlag.no\/pax\/\"},{\"@type\":\"ListItem\",\"position\":2,\"name\":\"Alle b\u00f8ker\",\"item\":\"https:\/\/staging.forenteforlag.no\/pax\/butikk\/\"},{\"@type\":\"ListItem\",\"position\":3,\"name\":\"Drapet p\u00e5 kommandanten\"}]},{\"@type\":\"WebSite\",\"@id\":\"https:\/\/staging.forenteforlag.no\/pax\/#website\",\"url\":\"https:\/\/staging.forenteforlag.no\/pax\/\",\"name\":\"Pax\",\"description\":\"\",\"potentialAction\":[{\"@type\":\"SearchAction\",\"target\":{\"@type\":\"EntryPoint\",\"urlTemplate\":\"https:\/\/staging.forenteforlag.no\/pax\/?s={search_term_string}\"},\"query-input\":{\"@type\":\"PropertyValueSpecification\",\"valueRequired\":true,\"valueName\":\"search_term_string\"}}],\"inLanguage\":\"nb-NO\"}]}<\/script>\n<!-- \/ Yoast SEO plugin. -->","yoast_head_json":{"title":"Drapet p\u00e5 kommandanten - Pax","robots":{"index":"noindex","follow":"follow","max-snippet":"max-snippet:-1","max-image-preview":"max-image-preview:large","max-video-preview":"max-video-preview:-1"},"og_locale":"nb_NO","og_type":"article","og_title":"Drapet p\u00e5 kommandanten - Pax","og_description":"En trettiseks \u00e5r gammel portrettmaler blir dumpet av kona. Han flytter ut p\u00e5 dagen, og etter en tid ender han opp i et hus oppe i fjellene. Huset har tilh\u00f8rt en ber\u00f8mt gammel maler. Snart begynner det \u00e5 skje merkelige ting. P\u00e5 loftet finner han et uhyggelig maleri, \u00abDrapet p\u00e5 kommandanten\u00bb, laget av den tidligere [&hellip;]","og_url":"https:\/\/staging.forenteforlag.no\/pax\/produkt\/drapet-pa-kommandanten-2\/","og_site_name":"Pax","article_modified_time":"2025-08-27T09:11:04+00:00","og_image":[{"width":1219,"height":1920,"url":"https:\/\/staging.forenteforlag.no\/pax\/wp-content\/uploads\/sites\/5\/2025\/08\/jpg-8117-scaled.jpg","type":"image\/jpeg"}],"twitter_card":"summary_large_image","twitter_misc":{"Ansl. lesetid":"1 minutt"},"schema":{"@context":"https:\/\/schema.org","@graph":[{"@type":"WebPage","@id":"https:\/\/staging.forenteforlag.no\/pax\/produkt\/drapet-pa-kommandanten-2\/","url":"https:\/\/staging.forenteforlag.no\/pax\/produkt\/drapet-pa-kommandanten-2\/","name":"Drapet p\u00e5 kommandanten - Pax","isPartOf":{"@id":"https:\/\/staging.forenteforlag.no\/pax\/#website"},"primaryImageOfPage":{"@id":"https:\/\/staging.forenteforlag.no\/pax\/produkt\/drapet-pa-kommandanten-2\/#primaryimage"},"image":{"@id":"https:\/\/staging.forenteforlag.no\/pax\/produkt\/drapet-pa-kommandanten-2\/#primaryimage"},"thumbnailUrl":"https:\/\/staging.forenteforlag.no\/pax\/wp-content\/uploads\/sites\/5\/2025\/08\/jpg-8117-scaled.jpg","datePublished":"2019-02-11T00:00:00+00:00","dateModified":"2025-08-27T09:11:04+00:00","breadcrumb":{"@id":"https:\/\/staging.forenteforlag.no\/pax\/produkt\/drapet-pa-kommandanten-2\/#breadcrumb"},"inLanguage":"nb-NO","potentialAction":[{"@type":"ReadAction","target":["https:\/\/staging.forenteforlag.no\/pax\/produkt\/drapet-pa-kommandanten-2\/"]}]},{"@type":"ImageObject","inLanguage":"nb-NO","@id":"https:\/\/staging.forenteforlag.no\/pax\/produkt\/drapet-pa-kommandanten-2\/#primaryimage","url":"https:\/\/staging.forenteforlag.no\/pax\/wp-content\/uploads\/sites\/5\/2025\/08\/jpg-8117-scaled.jpg","contentUrl":"https:\/\/staging.forenteforlag.no\/pax\/wp-content\/uploads\/sites\/5\/2025\/08\/jpg-8117-scaled.jpg","width":1219,"height":1920},{"@type":"BreadcrumbList","@id":"https:\/\/staging.forenteforlag.no\/pax\/produkt\/drapet-pa-kommandanten-2\/#breadcrumb","itemListElement":[{"@type":"ListItem","position":1,"name":"Hjem","item":"https:\/\/staging.forenteforlag.no\/pax\/"},{"@type":"ListItem","position":2,"name":"Alle b\u00f8ker","item":"https:\/\/staging.forenteforlag.no\/pax\/butikk\/"},{"@type":"ListItem","position":3,"name":"Drapet p\u00e5 kommandanten"}]},{"@type":"WebSite","@id":"https:\/\/staging.forenteforlag.no\/pax\/#website","url":"https:\/\/staging.forenteforlag.no\/pax\/","name":"Pax","description":"","potentialAction":[{"@type":"SearchAction","target":{"@type":"EntryPoint","urlTemplate":"https:\/\/staging.forenteforlag.no\/pax\/?s={search_term_string}"},"query-input":{"@type":"PropertyValueSpecification","valueRequired":true,"valueName":"search_term_string"}}],"inLanguage":"nb-NO"}]}},"_links":{"self":[{"href":"https:\/\/staging.forenteforlag.no\/pax\/wp-json\/wp\/v2\/product\/24065","targetHints":{"allow":["GET"]}}],"collection":[{"href":"https:\/\/staging.forenteforlag.no\/pax\/wp-json\/wp\/v2\/product"}],"about":[{"href":"https:\/\/staging.forenteforlag.no\/pax\/wp-json\/wp\/v2\/types\/product"}],"wp:featuredmedia":[{"embeddable":true,"href":"https:\/\/staging.forenteforlag.no\/pax\/wp-json\/wp\/v2\/media\/28835"}],"wp:attachment":[{"href":"https:\/\/staging.forenteforlag.no\/pax\/wp-json\/wp\/v2\/media?parent=24065"}],"wp:term":[{"taxonomy":"product_brand","embeddable":true,"href":"https:\/\/staging.forenteforlag.no\/pax\/wp-json\/wp\/v2\/product_brand?post=24065"},{"taxonomy":"product_cat","embeddable":true,"href":"https:\/\/staging.forenteforlag.no\/pax\/wp-json\/wp\/v2\/product_cat?post=24065"},{"taxonomy":"product_tag","embeddable":true,"href":"https:\/\/staging.forenteforlag.no\/pax\/wp-json\/wp\/v2\/product_tag?post=24065"}],"curies":[{"name":"wp","href":"https:\/\/api.w.org\/{rel}","templated":true}]}}