{"id":24064,"date":"2014-09-22T02:00:00","date_gmt":"2014-09-22T00:00:00","guid":{"rendered":"https:\/\/pax.forenteforlag.no\/produkt\/fargelose-tsukuru-tazaki-og-hans-pilegrimsar\/"},"modified":"2026-02-05T11:48:39","modified_gmt":"2026-02-05T10:48:39","slug":"fargelose-tsukuru-tazaki-og-hans-pilegrimsar","status":"publish","type":"product","link":"https:\/\/staging.forenteforlag.no\/pax\/produkt\/fargelose-tsukuru-tazaki-og-hans-pilegrimsar\/","title":{"rendered":"Fargel\u00f8se Tsukuru Tazaki og hans pilegrims\u00e5r"},"content":{"rendered":"<p>N\u00e5r Tsukuru Tazaki drar hjem p\u00e5 ferie etter et halvt \u00e5r med universitetsstudier i Tokyo, oppdager han at de f\u00f8r s\u00e5 uatskillelige barndomsvennene hans br\u00e5tt har snudd ryggen til ham..Under oppveksten var de fem vennene sikre p\u00e5 at vennskapet ville vare evig. Men noe har forandret seg, og ingen vil si hva det er..<br \/>\n   Flere \u00e5r senere er Tsukuru en vellykket ingeni\u00f8r og har innledet et forhold til den litt eldre Sara. N\u00e5r hun f\u00e5r h\u00f8re om barndomsvennenes svik og den skyggen det har kastet over Tsukurus liv, oppmuntrer hun ham til \u00e5 reise hjem og n\u00f8ste opp i det som skjedde..Tilbake i hjembyen opps\u00f8ker han de gamle vennene..Etter hvert m\u00e5 Tsukuru ta inn over seg alt det gruppen har undertrykt for \u00e5 kunne vedlikeholde idealet om det perfekte vennskapet. Kan skjulte f\u00f8lelser forbli skjult for alltid? Og kan det \u00e5 konfrontere fortiden gj\u00f8re det mulig \u00e5 \u00e5pne seg mot framtiden?<br \/>\n.<br \/>\nMed Fargel\u00f8se Tsukuru Tazaki og hans pilegrims\u00e5r vender Murakami for f\u00f8rste gang p\u00e5 over 25 \u00e5r tilbake til den spesielle formen for realisme han er s\u00e5 kjent for fra Norwegian Wood. Romanen har blitt mottatt med enorm internasjonal entusiasme, og solgte 1 million eksemplarer i Japan bare i l\u00f8pet av den f\u00f8rste uken den var i salg. <\/p>\n","protected":false},"excerpt":{"rendered":"<p>N\u00e5r Tsukuru Tazaki drar hjem p\u00e5 ferie etter et halvt \u00e5r med universitetsstudier i Tokyo, oppdager han at de f\u00f8r s\u00e5 uatskillelige barndomsvennene hans br\u00e5tt har snudd ryggen til ham..Under oppveksten var de fem vennene sikre p\u00e5 at vennskapet ville vare evig. Men noe har forandret seg, og ingen vil si hva det er.. Flere [&hellip;]<\/p>\n","protected":false},"featured_media":28880,"template":"","meta":{"_acf_changed":false,"inline_featured_image":false},"product_brand":[],"product_cat":[40],"product_tag":[370],"class_list":{"0":"post-24064","1":"product","2":"type-product","3":"status-publish","4":"has-post-thumbnail","6":"product_cat-romaner","7":"product_tag-skjonnlitteratur","8":"pa_format-innbundet","10":"first","11":"outofstock","12":"shipping-taxable","13":"purchasable","14":"product-type-simple"},"acf":{"anmeldelse":null},"yoast_head":"<!-- This site is optimized with the Yoast SEO plugin v26.6 - https:\/\/yoast.com\/wordpress\/plugins\/seo\/ -->\n<title>Fargel\u00f8se Tsukuru Tazaki og hans pilegrims\u00e5r - Pax<\/title>\n<meta name=\"robots\" content=\"noindex, follow, max-snippet:-1, max-image-preview:large, max-video-preview:-1\" \/>\n<meta property=\"og:locale\" content=\"nb_NO\" \/>\n<meta property=\"og:type\" content=\"article\" \/>\n<meta property=\"og:title\" content=\"Fargel\u00f8se Tsukuru Tazaki og hans pilegrims\u00e5r - Pax\" \/>\n<meta property=\"og:description\" content=\"N\u00e5r Tsukuru Tazaki drar hjem p\u00e5 ferie etter et halvt \u00e5r med universitetsstudier i Tokyo, oppdager han at de f\u00f8r s\u00e5 uatskillelige barndomsvennene hans br\u00e5tt har snudd ryggen til ham..Under oppveksten var de fem vennene sikre p\u00e5 at vennskapet ville vare evig. Men noe har forandret seg, og ingen vil si hva det er.. Flere [&hellip;]\" \/>\n<meta property=\"og:url\" content=\"https:\/\/staging.forenteforlag.no\/pax\/produkt\/fargelose-tsukuru-tazaki-og-hans-pilegrimsar\/\" \/>\n<meta property=\"og:site_name\" content=\"Pax\" \/>\n<meta property=\"article:modified_time\" content=\"2026-02-05T10:48:39+00:00\" \/>\n<meta property=\"og:image\" content=\"https:\/\/staging.forenteforlag.no\/pax\/wp-content\/uploads\/sites\/5\/2025\/08\/jpg-8246.jpg\" \/>\n\t<meta property=\"og:image:width\" content=\"287\" \/>\n\t<meta property=\"og:image:height\" content=\"449\" \/>\n\t<meta property=\"og:image:type\" content=\"image\/jpeg\" \/>\n<meta name=\"twitter:card\" content=\"summary_large_image\" \/>\n<meta name=\"twitter:label1\" content=\"Ansl. lesetid\" \/>\n\t<meta name=\"twitter:data1\" content=\"1 minutt\" \/>\n<script type=\"application\/ld+json\" class=\"yoast-schema-graph\">{\"@context\":\"https:\/\/schema.org\",\"@graph\":[{\"@type\":\"WebPage\",\"@id\":\"https:\/\/staging.forenteforlag.no\/pax\/produkt\/fargelose-tsukuru-tazaki-og-hans-pilegrimsar\/\",\"url\":\"https:\/\/staging.forenteforlag.no\/pax\/produkt\/fargelose-tsukuru-tazaki-og-hans-pilegrimsar\/\",\"name\":\"Fargel\u00f8se Tsukuru Tazaki og hans pilegrims\u00e5r - Pax\",\"isPartOf\":{\"@id\":\"https:\/\/staging.forenteforlag.no\/pax\/#website\"},\"primaryImageOfPage\":{\"@id\":\"https:\/\/staging.forenteforlag.no\/pax\/produkt\/fargelose-tsukuru-tazaki-og-hans-pilegrimsar\/#primaryimage\"},\"image\":{\"@id\":\"https:\/\/staging.forenteforlag.no\/pax\/produkt\/fargelose-tsukuru-tazaki-og-hans-pilegrimsar\/#primaryimage\"},\"thumbnailUrl\":\"https:\/\/staging.forenteforlag.no\/pax\/wp-content\/uploads\/sites\/5\/2025\/08\/jpg-8246.jpg\",\"datePublished\":\"2014-09-22T00:00:00+00:00\",\"dateModified\":\"2026-02-05T10:48:39+00:00\",\"breadcrumb\":{\"@id\":\"https:\/\/staging.forenteforlag.no\/pax\/produkt\/fargelose-tsukuru-tazaki-og-hans-pilegrimsar\/#breadcrumb\"},\"inLanguage\":\"nb-NO\",\"potentialAction\":[{\"@type\":\"ReadAction\",\"target\":[\"https:\/\/staging.forenteforlag.no\/pax\/produkt\/fargelose-tsukuru-tazaki-og-hans-pilegrimsar\/\"]}]},{\"@type\":\"ImageObject\",\"inLanguage\":\"nb-NO\",\"@id\":\"https:\/\/staging.forenteforlag.no\/pax\/produkt\/fargelose-tsukuru-tazaki-og-hans-pilegrimsar\/#primaryimage\",\"url\":\"https:\/\/staging.forenteforlag.no\/pax\/wp-content\/uploads\/sites\/5\/2025\/08\/jpg-8246.jpg\",\"contentUrl\":\"https:\/\/staging.forenteforlag.no\/pax\/wp-content\/uploads\/sites\/5\/2025\/08\/jpg-8246.jpg\",\"width\":287,\"height\":449},{\"@type\":\"BreadcrumbList\",\"@id\":\"https:\/\/staging.forenteforlag.no\/pax\/produkt\/fargelose-tsukuru-tazaki-og-hans-pilegrimsar\/#breadcrumb\",\"itemListElement\":[{\"@type\":\"ListItem\",\"position\":1,\"name\":\"Hjem\",\"item\":\"https:\/\/staging.forenteforlag.no\/pax\/\"},{\"@type\":\"ListItem\",\"position\":2,\"name\":\"Alle b\u00f8ker\",\"item\":\"https:\/\/staging.forenteforlag.no\/pax\/butikk\/\"},{\"@type\":\"ListItem\",\"position\":3,\"name\":\"Fargel\u00f8se Tsukuru Tazaki og hans pilegrims\u00e5r\"}]},{\"@type\":\"WebSite\",\"@id\":\"https:\/\/staging.forenteforlag.no\/pax\/#website\",\"url\":\"https:\/\/staging.forenteforlag.no\/pax\/\",\"name\":\"Pax\",\"description\":\"\",\"potentialAction\":[{\"@type\":\"SearchAction\",\"target\":{\"@type\":\"EntryPoint\",\"urlTemplate\":\"https:\/\/staging.forenteforlag.no\/pax\/?s={search_term_string}\"},\"query-input\":{\"@type\":\"PropertyValueSpecification\",\"valueRequired\":true,\"valueName\":\"search_term_string\"}}],\"inLanguage\":\"nb-NO\"}]}<\/script>\n<!-- \/ Yoast SEO plugin. -->","yoast_head_json":{"title":"Fargel\u00f8se Tsukuru Tazaki og hans pilegrims\u00e5r - Pax","robots":{"index":"noindex","follow":"follow","max-snippet":"max-snippet:-1","max-image-preview":"max-image-preview:large","max-video-preview":"max-video-preview:-1"},"og_locale":"nb_NO","og_type":"article","og_title":"Fargel\u00f8se Tsukuru Tazaki og hans pilegrims\u00e5r - Pax","og_description":"N\u00e5r Tsukuru Tazaki drar hjem p\u00e5 ferie etter et halvt \u00e5r med universitetsstudier i Tokyo, oppdager han at de f\u00f8r s\u00e5 uatskillelige barndomsvennene hans br\u00e5tt har snudd ryggen til ham..Under oppveksten var de fem vennene sikre p\u00e5 at vennskapet ville vare evig. Men noe har forandret seg, og ingen vil si hva det er.. Flere [&hellip;]","og_url":"https:\/\/staging.forenteforlag.no\/pax\/produkt\/fargelose-tsukuru-tazaki-og-hans-pilegrimsar\/","og_site_name":"Pax","article_modified_time":"2026-02-05T10:48:39+00:00","og_image":[{"width":287,"height":449,"url":"https:\/\/staging.forenteforlag.no\/pax\/wp-content\/uploads\/sites\/5\/2025\/08\/jpg-8246.jpg","type":"image\/jpeg"}],"twitter_card":"summary_large_image","twitter_misc":{"Ansl. lesetid":"1 minutt"},"schema":{"@context":"https:\/\/schema.org","@graph":[{"@type":"WebPage","@id":"https:\/\/staging.forenteforlag.no\/pax\/produkt\/fargelose-tsukuru-tazaki-og-hans-pilegrimsar\/","url":"https:\/\/staging.forenteforlag.no\/pax\/produkt\/fargelose-tsukuru-tazaki-og-hans-pilegrimsar\/","name":"Fargel\u00f8se Tsukuru Tazaki og hans pilegrims\u00e5r - Pax","isPartOf":{"@id":"https:\/\/staging.forenteforlag.no\/pax\/#website"},"primaryImageOfPage":{"@id":"https:\/\/staging.forenteforlag.no\/pax\/produkt\/fargelose-tsukuru-tazaki-og-hans-pilegrimsar\/#primaryimage"},"image":{"@id":"https:\/\/staging.forenteforlag.no\/pax\/produkt\/fargelose-tsukuru-tazaki-og-hans-pilegrimsar\/#primaryimage"},"thumbnailUrl":"https:\/\/staging.forenteforlag.no\/pax\/wp-content\/uploads\/sites\/5\/2025\/08\/jpg-8246.jpg","datePublished":"2014-09-22T00:00:00+00:00","dateModified":"2026-02-05T10:48:39+00:00","breadcrumb":{"@id":"https:\/\/staging.forenteforlag.no\/pax\/produkt\/fargelose-tsukuru-tazaki-og-hans-pilegrimsar\/#breadcrumb"},"inLanguage":"nb-NO","potentialAction":[{"@type":"ReadAction","target":["https:\/\/staging.forenteforlag.no\/pax\/produkt\/fargelose-tsukuru-tazaki-og-hans-pilegrimsar\/"]}]},{"@type":"ImageObject","inLanguage":"nb-NO","@id":"https:\/\/staging.forenteforlag.no\/pax\/produkt\/fargelose-tsukuru-tazaki-og-hans-pilegrimsar\/#primaryimage","url":"https:\/\/staging.forenteforlag.no\/pax\/wp-content\/uploads\/sites\/5\/2025\/08\/jpg-8246.jpg","contentUrl":"https:\/\/staging.forenteforlag.no\/pax\/wp-content\/uploads\/sites\/5\/2025\/08\/jpg-8246.jpg","width":287,"height":449},{"@type":"BreadcrumbList","@id":"https:\/\/staging.forenteforlag.no\/pax\/produkt\/fargelose-tsukuru-tazaki-og-hans-pilegrimsar\/#breadcrumb","itemListElement":[{"@type":"ListItem","position":1,"name":"Hjem","item":"https:\/\/staging.forenteforlag.no\/pax\/"},{"@type":"ListItem","position":2,"name":"Alle b\u00f8ker","item":"https:\/\/staging.forenteforlag.no\/pax\/butikk\/"},{"@type":"ListItem","position":3,"name":"Fargel\u00f8se Tsukuru Tazaki og hans pilegrims\u00e5r"}]},{"@type":"WebSite","@id":"https:\/\/staging.forenteforlag.no\/pax\/#website","url":"https:\/\/staging.forenteforlag.no\/pax\/","name":"Pax","description":"","potentialAction":[{"@type":"SearchAction","target":{"@type":"EntryPoint","urlTemplate":"https:\/\/staging.forenteforlag.no\/pax\/?s={search_term_string}"},"query-input":{"@type":"PropertyValueSpecification","valueRequired":true,"valueName":"search_term_string"}}],"inLanguage":"nb-NO"}]}},"_links":{"self":[{"href":"https:\/\/staging.forenteforlag.no\/pax\/wp-json\/wp\/v2\/product\/24064","targetHints":{"allow":["GET"]}}],"collection":[{"href":"https:\/\/staging.forenteforlag.no\/pax\/wp-json\/wp\/v2\/product"}],"about":[{"href":"https:\/\/staging.forenteforlag.no\/pax\/wp-json\/wp\/v2\/types\/product"}],"wp:featuredmedia":[{"embeddable":true,"href":"https:\/\/staging.forenteforlag.no\/pax\/wp-json\/wp\/v2\/media\/28880"}],"wp:attachment":[{"href":"https:\/\/staging.forenteforlag.no\/pax\/wp-json\/wp\/v2\/media?parent=24064"}],"wp:term":[{"taxonomy":"product_brand","embeddable":true,"href":"https:\/\/staging.forenteforlag.no\/pax\/wp-json\/wp\/v2\/product_brand?post=24064"},{"taxonomy":"product_cat","embeddable":true,"href":"https:\/\/staging.forenteforlag.no\/pax\/wp-json\/wp\/v2\/product_cat?post=24064"},{"taxonomy":"product_tag","embeddable":true,"href":"https:\/\/staging.forenteforlag.no\/pax\/wp-json\/wp\/v2\/product_tag?post=24064"}],"curies":[{"name":"wp","href":"https:\/\/api.w.org\/{rel}","templated":true}]}}