{"id":23939,"date":"2008-09-11T02:00:00","date_gmt":"2008-09-11T00:00:00","guid":{"rendered":"https:\/\/pax.forenteforlag.no\/produkt\/fra-indian-summer-til-nordisk-vinter\/"},"modified":"2025-08-27T08:04:04","modified_gmt":"2025-08-27T06:04:04","slug":"fra-indian-summer-til-nordisk-vinter","status":"publish","type":"product","link":"https:\/\/staging.forenteforlag.no\/pax\/produkt\/fra-indian-summer-til-nordisk-vinter\/","title":{"rendered":"Fra indian summer til nordisk vinter"},"content":{"rendered":"<p>I denne boken unders\u00f8kes for f\u00f8rste gang forholdet mellom det skandinaviske samarbeidet, den sene skandinavismen og unionsoppl\u00f8sningen i 1905. Boken bidrar til \u00e5 fylle et &laquo;sort hull&raquo; i det nordiske samarbeidets historie, gjennom en kartlegging av det tidlige samarbeidet p\u00e5 1800-tallet og tidlig 1900-tall. N\u00e6rmere 100 ulike typer m\u00f8terekker er identifisert for perioden 1839-1905.  Boken bidrar ogs\u00e5 med nye perspektiver p\u00e5 skandinavismens historie. Ryktet om skandinavismens d\u00f8d i 1864 er overdrevet og m\u00e5 nyanseres, hevdes det i denne boken, som viser at skandinavismen hadde en sen blomstringsperiode &#8211; en Indian Summer &#8211; i ti\u00e5ret rundt 1900. Parallelt med, og til dels p\u00e5virket av, denne nyskandinavismen var det et utbredt nordisk samarbeid, ikke minst i form av nordiske m\u00f8ter og nordiske foreninger. Store deler av dette samarbeidet br\u00f8t sammen p\u00e5 grunn av unionsoppl\u00f8sningen i 1905. Den f\u00f8rte til en nordisk vinter, b\u00e5de for skandinavismen og for det skandinaviske samarbeidet. F\u00f8rst etter f\u00f8rste verdenskrig ble samarbeidet igjen tatt opp p\u00e5 bred front. Siden har man v\u00e6rt lite opptatt av \u00e5 rippe opp i historien om den sene skandinavismen, det tette samarbeidet rundt 1900 og den nordiske vinter etter 1905.<\/p>\n","protected":false},"excerpt":{"rendered":"<p>I denne boken unders\u00f8kes for f\u00f8rste gang forholdet mellom det skandinaviske samarbeidet, den sene skandinavismen og unionsoppl\u00f8sningen i 1905. Boken bidrar til \u00e5 fylle et &laquo;sort hull&raquo; i det nordiske samarbeidets historie, gjennom en kartlegging av det tidlige samarbeidet p\u00e5 1800-tallet og tidlig 1900-tall. N\u00e6rmere 100 ulike typer m\u00f8terekker er identifisert for perioden 1839-1905. Boken [&hellip;]<\/p>\n","protected":false},"featured_media":28001,"template":"","meta":{"_acf_changed":false,"inline_featured_image":false},"product_brand":[],"product_cat":[23],"product_tag":[394,397,607,362,1724,460],"class_list":{"0":"post-23939","1":"product","2":"type-product","3":"status-publish","4":"has-post-thumbnail","6":"product_cat-historie","7":"product_tag-1800-tallet","8":"product_tag-1900-1914","9":"product_tag-bedriftshistorie","10":"product_tag-faglitteratur","11":"product_tag-identitetspolitikk","12":"product_tag-norden","13":"pa_format-innbundet","15":"first","16":"outofstock","17":"shipping-taxable","18":"purchasable","19":"product-type-simple"},"acf":{"anmeldelse":null},"yoast_head":"<!-- This site is optimized with the Yoast SEO plugin v26.6 - https:\/\/yoast.com\/wordpress\/plugins\/seo\/ -->\n<title>Fra indian summer til nordisk vinter - Pax<\/title>\n<meta name=\"robots\" content=\"noindex, follow, max-snippet:-1, max-image-preview:large, max-video-preview:-1\" \/>\n<meta property=\"og:locale\" content=\"nb_NO\" \/>\n<meta property=\"og:type\" content=\"article\" \/>\n<meta property=\"og:title\" content=\"Fra indian summer til nordisk vinter - Pax\" \/>\n<meta property=\"og:description\" content=\"I denne boken unders\u00f8kes for f\u00f8rste gang forholdet mellom det skandinaviske samarbeidet, den sene skandinavismen og unionsoppl\u00f8sningen i 1905. Boken bidrar til \u00e5 fylle et &laquo;sort hull&raquo; i det nordiske samarbeidets historie, gjennom en kartlegging av det tidlige samarbeidet p\u00e5 1800-tallet og tidlig 1900-tall. N\u00e6rmere 100 ulike typer m\u00f8terekker er identifisert for perioden 1839-1905. Boken [&hellip;]\" \/>\n<meta property=\"og:url\" content=\"https:\/\/staging.forenteforlag.no\/pax\/produkt\/fra-indian-summer-til-nordisk-vinter\/\" \/>\n<meta property=\"og:site_name\" content=\"Pax\" \/>\n<meta property=\"article:modified_time\" content=\"2025-08-27T06:04:04+00:00\" \/>\n<meta property=\"og:image\" content=\"https:\/\/staging.forenteforlag.no\/pax\/wp-content\/uploads\/sites\/5\/2025\/08\/jpg-5706.jpg\" \/>\n\t<meta property=\"og:image:width\" content=\"287\" \/>\n\t<meta property=\"og:image:height\" content=\"450\" \/>\n\t<meta property=\"og:image:type\" content=\"image\/jpeg\" \/>\n<meta name=\"twitter:card\" content=\"summary_large_image\" \/>\n<meta name=\"twitter:label1\" content=\"Ansl. lesetid\" \/>\n\t<meta name=\"twitter:data1\" content=\"1 minutt\" \/>\n<script type=\"application\/ld+json\" class=\"yoast-schema-graph\">{\"@context\":\"https:\/\/schema.org\",\"@graph\":[{\"@type\":\"WebPage\",\"@id\":\"https:\/\/staging.forenteforlag.no\/pax\/produkt\/fra-indian-summer-til-nordisk-vinter\/\",\"url\":\"https:\/\/staging.forenteforlag.no\/pax\/produkt\/fra-indian-summer-til-nordisk-vinter\/\",\"name\":\"Fra indian summer til nordisk vinter - Pax\",\"isPartOf\":{\"@id\":\"https:\/\/staging.forenteforlag.no\/pax\/#website\"},\"primaryImageOfPage\":{\"@id\":\"https:\/\/staging.forenteforlag.no\/pax\/produkt\/fra-indian-summer-til-nordisk-vinter\/#primaryimage\"},\"image\":{\"@id\":\"https:\/\/staging.forenteforlag.no\/pax\/produkt\/fra-indian-summer-til-nordisk-vinter\/#primaryimage\"},\"thumbnailUrl\":\"https:\/\/staging.forenteforlag.no\/pax\/wp-content\/uploads\/sites\/5\/2025\/08\/jpg-5706.jpg\",\"datePublished\":\"2008-09-11T00:00:00+00:00\",\"dateModified\":\"2025-08-27T06:04:04+00:00\",\"breadcrumb\":{\"@id\":\"https:\/\/staging.forenteforlag.no\/pax\/produkt\/fra-indian-summer-til-nordisk-vinter\/#breadcrumb\"},\"inLanguage\":\"nb-NO\",\"potentialAction\":[{\"@type\":\"ReadAction\",\"target\":[\"https:\/\/staging.forenteforlag.no\/pax\/produkt\/fra-indian-summer-til-nordisk-vinter\/\"]}]},{\"@type\":\"ImageObject\",\"inLanguage\":\"nb-NO\",\"@id\":\"https:\/\/staging.forenteforlag.no\/pax\/produkt\/fra-indian-summer-til-nordisk-vinter\/#primaryimage\",\"url\":\"https:\/\/staging.forenteforlag.no\/pax\/wp-content\/uploads\/sites\/5\/2025\/08\/jpg-5706.jpg\",\"contentUrl\":\"https:\/\/staging.forenteforlag.no\/pax\/wp-content\/uploads\/sites\/5\/2025\/08\/jpg-5706.jpg\",\"width\":287,\"height\":450},{\"@type\":\"BreadcrumbList\",\"@id\":\"https:\/\/staging.forenteforlag.no\/pax\/produkt\/fra-indian-summer-til-nordisk-vinter\/#breadcrumb\",\"itemListElement\":[{\"@type\":\"ListItem\",\"position\":1,\"name\":\"Hjem\",\"item\":\"https:\/\/staging.forenteforlag.no\/pax\/\"},{\"@type\":\"ListItem\",\"position\":2,\"name\":\"Alle b\u00f8ker\",\"item\":\"https:\/\/staging.forenteforlag.no\/pax\/butikk\/\"},{\"@type\":\"ListItem\",\"position\":3,\"name\":\"Fra indian summer til nordisk vinter\"}]},{\"@type\":\"WebSite\",\"@id\":\"https:\/\/staging.forenteforlag.no\/pax\/#website\",\"url\":\"https:\/\/staging.forenteforlag.no\/pax\/\",\"name\":\"Pax\",\"description\":\"\",\"potentialAction\":[{\"@type\":\"SearchAction\",\"target\":{\"@type\":\"EntryPoint\",\"urlTemplate\":\"https:\/\/staging.forenteforlag.no\/pax\/?s={search_term_string}\"},\"query-input\":{\"@type\":\"PropertyValueSpecification\",\"valueRequired\":true,\"valueName\":\"search_term_string\"}}],\"inLanguage\":\"nb-NO\"}]}<\/script>\n<!-- \/ Yoast SEO plugin. -->","yoast_head_json":{"title":"Fra indian summer til nordisk vinter - Pax","robots":{"index":"noindex","follow":"follow","max-snippet":"max-snippet:-1","max-image-preview":"max-image-preview:large","max-video-preview":"max-video-preview:-1"},"og_locale":"nb_NO","og_type":"article","og_title":"Fra indian summer til nordisk vinter - Pax","og_description":"I denne boken unders\u00f8kes for f\u00f8rste gang forholdet mellom det skandinaviske samarbeidet, den sene skandinavismen og unionsoppl\u00f8sningen i 1905. Boken bidrar til \u00e5 fylle et &laquo;sort hull&raquo; i det nordiske samarbeidets historie, gjennom en kartlegging av det tidlige samarbeidet p\u00e5 1800-tallet og tidlig 1900-tall. N\u00e6rmere 100 ulike typer m\u00f8terekker er identifisert for perioden 1839-1905. Boken [&hellip;]","og_url":"https:\/\/staging.forenteforlag.no\/pax\/produkt\/fra-indian-summer-til-nordisk-vinter\/","og_site_name":"Pax","article_modified_time":"2025-08-27T06:04:04+00:00","og_image":[{"width":287,"height":450,"url":"https:\/\/staging.forenteforlag.no\/pax\/wp-content\/uploads\/sites\/5\/2025\/08\/jpg-5706.jpg","type":"image\/jpeg"}],"twitter_card":"summary_large_image","twitter_misc":{"Ansl. lesetid":"1 minutt"},"schema":{"@context":"https:\/\/schema.org","@graph":[{"@type":"WebPage","@id":"https:\/\/staging.forenteforlag.no\/pax\/produkt\/fra-indian-summer-til-nordisk-vinter\/","url":"https:\/\/staging.forenteforlag.no\/pax\/produkt\/fra-indian-summer-til-nordisk-vinter\/","name":"Fra indian summer til nordisk vinter - Pax","isPartOf":{"@id":"https:\/\/staging.forenteforlag.no\/pax\/#website"},"primaryImageOfPage":{"@id":"https:\/\/staging.forenteforlag.no\/pax\/produkt\/fra-indian-summer-til-nordisk-vinter\/#primaryimage"},"image":{"@id":"https:\/\/staging.forenteforlag.no\/pax\/produkt\/fra-indian-summer-til-nordisk-vinter\/#primaryimage"},"thumbnailUrl":"https:\/\/staging.forenteforlag.no\/pax\/wp-content\/uploads\/sites\/5\/2025\/08\/jpg-5706.jpg","datePublished":"2008-09-11T00:00:00+00:00","dateModified":"2025-08-27T06:04:04+00:00","breadcrumb":{"@id":"https:\/\/staging.forenteforlag.no\/pax\/produkt\/fra-indian-summer-til-nordisk-vinter\/#breadcrumb"},"inLanguage":"nb-NO","potentialAction":[{"@type":"ReadAction","target":["https:\/\/staging.forenteforlag.no\/pax\/produkt\/fra-indian-summer-til-nordisk-vinter\/"]}]},{"@type":"ImageObject","inLanguage":"nb-NO","@id":"https:\/\/staging.forenteforlag.no\/pax\/produkt\/fra-indian-summer-til-nordisk-vinter\/#primaryimage","url":"https:\/\/staging.forenteforlag.no\/pax\/wp-content\/uploads\/sites\/5\/2025\/08\/jpg-5706.jpg","contentUrl":"https:\/\/staging.forenteforlag.no\/pax\/wp-content\/uploads\/sites\/5\/2025\/08\/jpg-5706.jpg","width":287,"height":450},{"@type":"BreadcrumbList","@id":"https:\/\/staging.forenteforlag.no\/pax\/produkt\/fra-indian-summer-til-nordisk-vinter\/#breadcrumb","itemListElement":[{"@type":"ListItem","position":1,"name":"Hjem","item":"https:\/\/staging.forenteforlag.no\/pax\/"},{"@type":"ListItem","position":2,"name":"Alle b\u00f8ker","item":"https:\/\/staging.forenteforlag.no\/pax\/butikk\/"},{"@type":"ListItem","position":3,"name":"Fra indian summer til nordisk vinter"}]},{"@type":"WebSite","@id":"https:\/\/staging.forenteforlag.no\/pax\/#website","url":"https:\/\/staging.forenteforlag.no\/pax\/","name":"Pax","description":"","potentialAction":[{"@type":"SearchAction","target":{"@type":"EntryPoint","urlTemplate":"https:\/\/staging.forenteforlag.no\/pax\/?s={search_term_string}"},"query-input":{"@type":"PropertyValueSpecification","valueRequired":true,"valueName":"search_term_string"}}],"inLanguage":"nb-NO"}]}},"_links":{"self":[{"href":"https:\/\/staging.forenteforlag.no\/pax\/wp-json\/wp\/v2\/product\/23939","targetHints":{"allow":["GET"]}}],"collection":[{"href":"https:\/\/staging.forenteforlag.no\/pax\/wp-json\/wp\/v2\/product"}],"about":[{"href":"https:\/\/staging.forenteforlag.no\/pax\/wp-json\/wp\/v2\/types\/product"}],"wp:featuredmedia":[{"embeddable":true,"href":"https:\/\/staging.forenteforlag.no\/pax\/wp-json\/wp\/v2\/media\/28001"}],"wp:attachment":[{"href":"https:\/\/staging.forenteforlag.no\/pax\/wp-json\/wp\/v2\/media?parent=23939"}],"wp:term":[{"taxonomy":"product_brand","embeddable":true,"href":"https:\/\/staging.forenteforlag.no\/pax\/wp-json\/wp\/v2\/product_brand?post=23939"},{"taxonomy":"product_cat","embeddable":true,"href":"https:\/\/staging.forenteforlag.no\/pax\/wp-json\/wp\/v2\/product_cat?post=23939"},{"taxonomy":"product_tag","embeddable":true,"href":"https:\/\/staging.forenteforlag.no\/pax\/wp-json\/wp\/v2\/product_tag?post=23939"}],"curies":[{"name":"wp","href":"https:\/\/api.w.org\/{rel}","templated":true}]}}