{"id":23886,"date":"2012-08-06T02:00:00","date_gmt":"2012-08-06T00:00:00","guid":{"rendered":"https:\/\/pax.forenteforlag.no\/produkt\/og-na-skal-jeg-do\/"},"modified":"2025-08-27T11:58:19","modified_gmt":"2025-08-27T09:58:19","slug":"og-na-skal-jeg-do","status":"publish","type":"product","link":"https:\/\/staging.forenteforlag.no\/pax\/produkt\/og-na-skal-jeg-do\/","title":{"rendered":"Og n\u00e5 skal jeg d\u00f8"},"content":{"rendered":"<p>Hvilken omsorg, behandling og pleie har vi gitt de alvorlig syke og d\u00f8ende i Norge. Og hvilke medisinske, filosofiske og religi\u00f8se ideer er denne pleien basert p\u00e5? Norsk Hospicebevegelse og palliasjonsfaget har en kort men p\u00e5 mange m\u00e5ter dramatisk historie. Historien er preget av motsetninger, det gjenspeiles blant annet i profesjonskamp, kamp mellom sterk medisinsk utvikling og omsorg for de menneskene det ikke kan gj\u00f8res mer for kurativt, spenningen mellom aktiv d\u00f8dshjelp og god lindring og av sterke personligheter som var offentlige akt\u00f8rer. Kjell Erik Str\u00f8mskag er overlege i anestesi ved Fylkessykehuset i Molde og professor II ved Institutt for kreftforskning og molekyl\u00e6r medisin. Han har tidligere utgitt Et fag p\u00e5 s\u00f8yler. Anestesiens historie i Norge (1999).<\/p>\n","protected":false},"excerpt":{"rendered":"<p>Hvilken omsorg, behandling og pleie har vi gitt de alvorlig syke og d\u00f8ende i Norge. Og hvilke medisinske, filosofiske og religi\u00f8se ideer er denne pleien basert p\u00e5? Norsk Hospicebevegelse og palliasjonsfaget har en kort men p\u00e5 mange m\u00e5ter dramatisk historie. Historien er preget av motsetninger, det gjenspeiles blant annet i profesjonskamp, kamp mellom sterk medisinsk [&hellip;]<\/p>\n","protected":false},"featured_media":29077,"template":"","meta":{"_acf_changed":false,"inline_featured_image":false},"product_brand":[],"product_cat":[1782,23],"product_tag":[473,387,419,557,607,421,362,902,439,1614],"class_list":{"0":"post-23886","1":"product","2":"type-product","3":"status-publish","4":"has-post-thumbnail","6":"product_cat-fripris","7":"product_cat-historie","8":"product_tag-1970-1979","9":"product_tag-1980-1989","10":"product_tag-1990-1999","11":"product_tag-2000-tallet","12":"product_tag-bedriftshistorie","13":"product_tag-doden","14":"product_tag-faglitteratur","15":"product_tag-hjemmesykepleie","16":"product_tag-nord-norge","17":"product_tag-smertebehandling","18":"pa_format-innbundet","20":"first","21":"outofstock","22":"shipping-taxable","23":"purchasable","24":"product-type-simple"},"acf":{"anmeldelse":null},"yoast_head":"<!-- This site is optimized with the Yoast SEO plugin v26.6 - https:\/\/yoast.com\/wordpress\/plugins\/seo\/ -->\n<title>Og n\u00e5 skal jeg d\u00f8 - Pax<\/title>\n<meta name=\"robots\" content=\"noindex, follow, max-snippet:-1, max-image-preview:large, max-video-preview:-1\" \/>\n<meta property=\"og:locale\" content=\"nb_NO\" \/>\n<meta property=\"og:type\" content=\"article\" \/>\n<meta property=\"og:title\" content=\"Og n\u00e5 skal jeg d\u00f8 - Pax\" \/>\n<meta property=\"og:description\" content=\"Hvilken omsorg, behandling og pleie har vi gitt de alvorlig syke og d\u00f8ende i Norge. Og hvilke medisinske, filosofiske og religi\u00f8se ideer er denne pleien basert p\u00e5? Norsk Hospicebevegelse og palliasjonsfaget har en kort men p\u00e5 mange m\u00e5ter dramatisk historie. Historien er preget av motsetninger, det gjenspeiles blant annet i profesjonskamp, kamp mellom sterk medisinsk [&hellip;]\" \/>\n<meta property=\"og:url\" content=\"https:\/\/staging.forenteforlag.no\/pax\/produkt\/og-na-skal-jeg-do\/\" \/>\n<meta property=\"og:site_name\" content=\"Pax\" \/>\n<meta property=\"article:modified_time\" content=\"2025-08-27T09:58:19+00:00\" \/>\n<meta property=\"og:image\" content=\"https:\/\/staging.forenteforlag.no\/pax\/wp-content\/uploads\/sites\/5\/2025\/08\/jpg-8813.jpg\" \/>\n\t<meta property=\"og:image:width\" content=\"314\" \/>\n\t<meta property=\"og:image:height\" content=\"450\" \/>\n\t<meta property=\"og:image:type\" content=\"image\/jpeg\" \/>\n<meta name=\"twitter:card\" content=\"summary_large_image\" \/>\n<meta name=\"twitter:label1\" content=\"Ansl. lesetid\" \/>\n\t<meta name=\"twitter:data1\" content=\"1 minutt\" \/>\n<script type=\"application\/ld+json\" class=\"yoast-schema-graph\">{\"@context\":\"https:\/\/schema.org\",\"@graph\":[{\"@type\":\"WebPage\",\"@id\":\"https:\/\/staging.forenteforlag.no\/pax\/produkt\/og-na-skal-jeg-do\/\",\"url\":\"https:\/\/staging.forenteforlag.no\/pax\/produkt\/og-na-skal-jeg-do\/\",\"name\":\"Og n\u00e5 skal jeg d\u00f8 - Pax\",\"isPartOf\":{\"@id\":\"https:\/\/staging.forenteforlag.no\/pax\/#website\"},\"primaryImageOfPage\":{\"@id\":\"https:\/\/staging.forenteforlag.no\/pax\/produkt\/og-na-skal-jeg-do\/#primaryimage\"},\"image\":{\"@id\":\"https:\/\/staging.forenteforlag.no\/pax\/produkt\/og-na-skal-jeg-do\/#primaryimage\"},\"thumbnailUrl\":\"https:\/\/staging.forenteforlag.no\/pax\/wp-content\/uploads\/sites\/5\/2025\/08\/jpg-8813.jpg\",\"datePublished\":\"2012-08-06T00:00:00+00:00\",\"dateModified\":\"2025-08-27T09:58:19+00:00\",\"breadcrumb\":{\"@id\":\"https:\/\/staging.forenteforlag.no\/pax\/produkt\/og-na-skal-jeg-do\/#breadcrumb\"},\"inLanguage\":\"nb-NO\",\"potentialAction\":[{\"@type\":\"ReadAction\",\"target\":[\"https:\/\/staging.forenteforlag.no\/pax\/produkt\/og-na-skal-jeg-do\/\"]}]},{\"@type\":\"ImageObject\",\"inLanguage\":\"nb-NO\",\"@id\":\"https:\/\/staging.forenteforlag.no\/pax\/produkt\/og-na-skal-jeg-do\/#primaryimage\",\"url\":\"https:\/\/staging.forenteforlag.no\/pax\/wp-content\/uploads\/sites\/5\/2025\/08\/jpg-8813.jpg\",\"contentUrl\":\"https:\/\/staging.forenteforlag.no\/pax\/wp-content\/uploads\/sites\/5\/2025\/08\/jpg-8813.jpg\",\"width\":314,\"height\":450},{\"@type\":\"BreadcrumbList\",\"@id\":\"https:\/\/staging.forenteforlag.no\/pax\/produkt\/og-na-skal-jeg-do\/#breadcrumb\",\"itemListElement\":[{\"@type\":\"ListItem\",\"position\":1,\"name\":\"Hjem\",\"item\":\"https:\/\/staging.forenteforlag.no\/pax\/\"},{\"@type\":\"ListItem\",\"position\":2,\"name\":\"Alle b\u00f8ker\",\"item\":\"https:\/\/staging.forenteforlag.no\/pax\/butikk\/\"},{\"@type\":\"ListItem\",\"position\":3,\"name\":\"Og n\u00e5 skal jeg d\u00f8\"}]},{\"@type\":\"WebSite\",\"@id\":\"https:\/\/staging.forenteforlag.no\/pax\/#website\",\"url\":\"https:\/\/staging.forenteforlag.no\/pax\/\",\"name\":\"Pax\",\"description\":\"\",\"potentialAction\":[{\"@type\":\"SearchAction\",\"target\":{\"@type\":\"EntryPoint\",\"urlTemplate\":\"https:\/\/staging.forenteforlag.no\/pax\/?s={search_term_string}\"},\"query-input\":{\"@type\":\"PropertyValueSpecification\",\"valueRequired\":true,\"valueName\":\"search_term_string\"}}],\"inLanguage\":\"nb-NO\"}]}<\/script>\n<!-- \/ Yoast SEO plugin. -->","yoast_head_json":{"title":"Og n\u00e5 skal jeg d\u00f8 - Pax","robots":{"index":"noindex","follow":"follow","max-snippet":"max-snippet:-1","max-image-preview":"max-image-preview:large","max-video-preview":"max-video-preview:-1"},"og_locale":"nb_NO","og_type":"article","og_title":"Og n\u00e5 skal jeg d\u00f8 - Pax","og_description":"Hvilken omsorg, behandling og pleie har vi gitt de alvorlig syke og d\u00f8ende i Norge. Og hvilke medisinske, filosofiske og religi\u00f8se ideer er denne pleien basert p\u00e5? Norsk Hospicebevegelse og palliasjonsfaget har en kort men p\u00e5 mange m\u00e5ter dramatisk historie. Historien er preget av motsetninger, det gjenspeiles blant annet i profesjonskamp, kamp mellom sterk medisinsk [&hellip;]","og_url":"https:\/\/staging.forenteforlag.no\/pax\/produkt\/og-na-skal-jeg-do\/","og_site_name":"Pax","article_modified_time":"2025-08-27T09:58:19+00:00","og_image":[{"width":314,"height":450,"url":"https:\/\/staging.forenteforlag.no\/pax\/wp-content\/uploads\/sites\/5\/2025\/08\/jpg-8813.jpg","type":"image\/jpeg"}],"twitter_card":"summary_large_image","twitter_misc":{"Ansl. lesetid":"1 minutt"},"schema":{"@context":"https:\/\/schema.org","@graph":[{"@type":"WebPage","@id":"https:\/\/staging.forenteforlag.no\/pax\/produkt\/og-na-skal-jeg-do\/","url":"https:\/\/staging.forenteforlag.no\/pax\/produkt\/og-na-skal-jeg-do\/","name":"Og n\u00e5 skal jeg d\u00f8 - Pax","isPartOf":{"@id":"https:\/\/staging.forenteforlag.no\/pax\/#website"},"primaryImageOfPage":{"@id":"https:\/\/staging.forenteforlag.no\/pax\/produkt\/og-na-skal-jeg-do\/#primaryimage"},"image":{"@id":"https:\/\/staging.forenteforlag.no\/pax\/produkt\/og-na-skal-jeg-do\/#primaryimage"},"thumbnailUrl":"https:\/\/staging.forenteforlag.no\/pax\/wp-content\/uploads\/sites\/5\/2025\/08\/jpg-8813.jpg","datePublished":"2012-08-06T00:00:00+00:00","dateModified":"2025-08-27T09:58:19+00:00","breadcrumb":{"@id":"https:\/\/staging.forenteforlag.no\/pax\/produkt\/og-na-skal-jeg-do\/#breadcrumb"},"inLanguage":"nb-NO","potentialAction":[{"@type":"ReadAction","target":["https:\/\/staging.forenteforlag.no\/pax\/produkt\/og-na-skal-jeg-do\/"]}]},{"@type":"ImageObject","inLanguage":"nb-NO","@id":"https:\/\/staging.forenteforlag.no\/pax\/produkt\/og-na-skal-jeg-do\/#primaryimage","url":"https:\/\/staging.forenteforlag.no\/pax\/wp-content\/uploads\/sites\/5\/2025\/08\/jpg-8813.jpg","contentUrl":"https:\/\/staging.forenteforlag.no\/pax\/wp-content\/uploads\/sites\/5\/2025\/08\/jpg-8813.jpg","width":314,"height":450},{"@type":"BreadcrumbList","@id":"https:\/\/staging.forenteforlag.no\/pax\/produkt\/og-na-skal-jeg-do\/#breadcrumb","itemListElement":[{"@type":"ListItem","position":1,"name":"Hjem","item":"https:\/\/staging.forenteforlag.no\/pax\/"},{"@type":"ListItem","position":2,"name":"Alle b\u00f8ker","item":"https:\/\/staging.forenteforlag.no\/pax\/butikk\/"},{"@type":"ListItem","position":3,"name":"Og n\u00e5 skal jeg d\u00f8"}]},{"@type":"WebSite","@id":"https:\/\/staging.forenteforlag.no\/pax\/#website","url":"https:\/\/staging.forenteforlag.no\/pax\/","name":"Pax","description":"","potentialAction":[{"@type":"SearchAction","target":{"@type":"EntryPoint","urlTemplate":"https:\/\/staging.forenteforlag.no\/pax\/?s={search_term_string}"},"query-input":{"@type":"PropertyValueSpecification","valueRequired":true,"valueName":"search_term_string"}}],"inLanguage":"nb-NO"}]}},"_links":{"self":[{"href":"https:\/\/staging.forenteforlag.no\/pax\/wp-json\/wp\/v2\/product\/23886","targetHints":{"allow":["GET"]}}],"collection":[{"href":"https:\/\/staging.forenteforlag.no\/pax\/wp-json\/wp\/v2\/product"}],"about":[{"href":"https:\/\/staging.forenteforlag.no\/pax\/wp-json\/wp\/v2\/types\/product"}],"wp:featuredmedia":[{"embeddable":true,"href":"https:\/\/staging.forenteforlag.no\/pax\/wp-json\/wp\/v2\/media\/29077"}],"wp:attachment":[{"href":"https:\/\/staging.forenteforlag.no\/pax\/wp-json\/wp\/v2\/media?parent=23886"}],"wp:term":[{"taxonomy":"product_brand","embeddable":true,"href":"https:\/\/staging.forenteforlag.no\/pax\/wp-json\/wp\/v2\/product_brand?post=23886"},{"taxonomy":"product_cat","embeddable":true,"href":"https:\/\/staging.forenteforlag.no\/pax\/wp-json\/wp\/v2\/product_cat?post=23886"},{"taxonomy":"product_tag","embeddable":true,"href":"https:\/\/staging.forenteforlag.no\/pax\/wp-json\/wp\/v2\/product_tag?post=23886"}],"curies":[{"name":"wp","href":"https:\/\/api.w.org\/{rel}","templated":true}]}}