{"id":23806,"date":"2024-12-10T23:16:14","date_gmt":"2024-12-10T22:16:14","guid":{"rendered":"https:\/\/pax.forenteforlag.no\/produkt\/pa-tynn-is\/"},"modified":"2026-03-04T19:46:31","modified_gmt":"2026-03-04T18:46:31","slug":"pa-tynn-is","status":"publish","type":"product","link":"https:\/\/staging.forenteforlag.no\/pax\/produkt\/pa-tynn-is\/","title":{"rendered":"P\u00e5 tynn is"},"content":{"rendered":"<p>Vi er i Russland i 1905. Krigen mot Japan g\u00e5r d\u00e5rlig, og folk trenger en syndebukk. Den j\u00f8diske familien Lemberg, med mor og far, de nesten voksne barna Rosa og Simon, elleve\u00e5ringene Daniel og Rebekka og lilles\u00f8ster Fanny, blir utsatt for mobben og m\u00e5 flykte fra hjemmet sitt. Boken skildrer opplevelsene deres p\u00e5 den lange veien til endelig sikkerhet i Norge.<\/p>\n","protected":false},"excerpt":{"rendered":"<p>Vi er i Russland i 1905. Krigen mot Japan g\u00e5r d\u00e5rlig, og folk trenger en syndebukk. Den j\u00f8diske familien Lemberg, med mor og far, de nesten voksne barna Rosa og Simon, elleve\u00e5ringene Daniel og Rebekka og lilles\u00f8ster Fanny, blir utsatt for mobben og m\u00e5 flykte fra hjemmet sitt. Boken skildrer opplevelsene deres p\u00e5 den lange [&hellip;]<\/p>\n","protected":false},"featured_media":0,"template":"","meta":{"_acf_changed":false,"inline_featured_image":false},"product_brand":[],"product_cat":[1782],"product_tag":[405,584,1095,452,532,370],"class_list":{"0":"post-23806","1":"product","2":"type-product","3":"status-publish","5":"product_cat-fripris","6":"product_tag-andre-verdenskrig","7":"product_tag-flyktninger","8":"product_tag-grafiske-romaner","9":"product_tag-joder","10":"product_tag-russland","11":"product_tag-skjonnlitteratur","13":"first","14":"outofstock","15":"taxable","16":"shipping-taxable","17":"purchasable","18":"product-type-simple"},"acf":{"anmeldelse":null},"yoast_head":"<!-- This site is optimized with the Yoast SEO plugin v26.6 - https:\/\/yoast.com\/wordpress\/plugins\/seo\/ -->\n<title>P\u00e5 tynn is - Pax<\/title>\n<meta name=\"robots\" content=\"noindex, follow, max-snippet:-1, max-image-preview:large, max-video-preview:-1\" \/>\n<meta property=\"og:locale\" content=\"nb_NO\" \/>\n<meta property=\"og:type\" content=\"article\" \/>\n<meta property=\"og:title\" content=\"P\u00e5 tynn is - Pax\" \/>\n<meta property=\"og:description\" content=\"Vi er i Russland i 1905. Krigen mot Japan g\u00e5r d\u00e5rlig, og folk trenger en syndebukk. Den j\u00f8diske familien Lemberg, med mor og far, de nesten voksne barna Rosa og Simon, elleve\u00e5ringene Daniel og Rebekka og lilles\u00f8ster Fanny, blir utsatt for mobben og m\u00e5 flykte fra hjemmet sitt. Boken skildrer opplevelsene deres p\u00e5 den lange [&hellip;]\" \/>\n<meta property=\"og:url\" content=\"https:\/\/staging.forenteforlag.no\/pax\/produkt\/pa-tynn-is\/\" \/>\n<meta property=\"og:site_name\" content=\"Pax\" \/>\n<meta property=\"article:modified_time\" content=\"2026-03-04T18:46:31+00:00\" \/>\n<meta property=\"og:image\" content=\"https:\/\/staging.forenteforlag.no\/pax\/wp-content\/uploads\/sites\/5\/2025\/02\/pax-hvit.jpg\" \/>\n\t<meta property=\"og:image:width\" content=\"1200\" \/>\n\t<meta property=\"og:image:height\" content=\"800\" \/>\n\t<meta property=\"og:image:type\" content=\"image\/jpeg\" \/>\n<meta name=\"twitter:card\" content=\"summary_large_image\" \/>\n<script type=\"application\/ld+json\" class=\"yoast-schema-graph\">{\"@context\":\"https:\/\/schema.org\",\"@graph\":[{\"@type\":\"WebPage\",\"@id\":\"https:\/\/staging.forenteforlag.no\/pax\/produkt\/pa-tynn-is\/\",\"url\":\"https:\/\/staging.forenteforlag.no\/pax\/produkt\/pa-tynn-is\/\",\"name\":\"P\u00e5 tynn is - Pax\",\"isPartOf\":{\"@id\":\"https:\/\/staging.forenteforlag.no\/pax\/#website\"},\"datePublished\":\"2024-12-10T22:16:14+00:00\",\"dateModified\":\"2026-03-04T18:46:31+00:00\",\"breadcrumb\":{\"@id\":\"https:\/\/staging.forenteforlag.no\/pax\/produkt\/pa-tynn-is\/#breadcrumb\"},\"inLanguage\":\"nb-NO\",\"potentialAction\":[{\"@type\":\"ReadAction\",\"target\":[\"https:\/\/staging.forenteforlag.no\/pax\/produkt\/pa-tynn-is\/\"]}]},{\"@type\":\"BreadcrumbList\",\"@id\":\"https:\/\/staging.forenteforlag.no\/pax\/produkt\/pa-tynn-is\/#breadcrumb\",\"itemListElement\":[{\"@type\":\"ListItem\",\"position\":1,\"name\":\"Hjem\",\"item\":\"https:\/\/staging.forenteforlag.no\/pax\/\"},{\"@type\":\"ListItem\",\"position\":2,\"name\":\"Alle b\u00f8ker\",\"item\":\"https:\/\/staging.forenteforlag.no\/pax\/butikk\/\"},{\"@type\":\"ListItem\",\"position\":3,\"name\":\"P\u00e5 tynn is\"}]},{\"@type\":\"WebSite\",\"@id\":\"https:\/\/staging.forenteforlag.no\/pax\/#website\",\"url\":\"https:\/\/staging.forenteforlag.no\/pax\/\",\"name\":\"Pax\",\"description\":\"\",\"potentialAction\":[{\"@type\":\"SearchAction\",\"target\":{\"@type\":\"EntryPoint\",\"urlTemplate\":\"https:\/\/staging.forenteforlag.no\/pax\/?s={search_term_string}\"},\"query-input\":{\"@type\":\"PropertyValueSpecification\",\"valueRequired\":true,\"valueName\":\"search_term_string\"}}],\"inLanguage\":\"nb-NO\"}]}<\/script>\n<!-- \/ Yoast SEO plugin. -->","yoast_head_json":{"title":"P\u00e5 tynn is - Pax","robots":{"index":"noindex","follow":"follow","max-snippet":"max-snippet:-1","max-image-preview":"max-image-preview:large","max-video-preview":"max-video-preview:-1"},"og_locale":"nb_NO","og_type":"article","og_title":"P\u00e5 tynn is - Pax","og_description":"Vi er i Russland i 1905. Krigen mot Japan g\u00e5r d\u00e5rlig, og folk trenger en syndebukk. Den j\u00f8diske familien Lemberg, med mor og far, de nesten voksne barna Rosa og Simon, elleve\u00e5ringene Daniel og Rebekka og lilles\u00f8ster Fanny, blir utsatt for mobben og m\u00e5 flykte fra hjemmet sitt. Boken skildrer opplevelsene deres p\u00e5 den lange [&hellip;]","og_url":"https:\/\/staging.forenteforlag.no\/pax\/produkt\/pa-tynn-is\/","og_site_name":"Pax","article_modified_time":"2026-03-04T18:46:31+00:00","og_image":[{"width":1200,"height":800,"url":"https:\/\/staging.forenteforlag.no\/pax\/wp-content\/uploads\/sites\/5\/2025\/02\/pax-hvit.jpg","type":"image\/jpeg"}],"twitter_card":"summary_large_image","schema":{"@context":"https:\/\/schema.org","@graph":[{"@type":"WebPage","@id":"https:\/\/staging.forenteforlag.no\/pax\/produkt\/pa-tynn-is\/","url":"https:\/\/staging.forenteforlag.no\/pax\/produkt\/pa-tynn-is\/","name":"P\u00e5 tynn is - Pax","isPartOf":{"@id":"https:\/\/staging.forenteforlag.no\/pax\/#website"},"datePublished":"2024-12-10T22:16:14+00:00","dateModified":"2026-03-04T18:46:31+00:00","breadcrumb":{"@id":"https:\/\/staging.forenteforlag.no\/pax\/produkt\/pa-tynn-is\/#breadcrumb"},"inLanguage":"nb-NO","potentialAction":[{"@type":"ReadAction","target":["https:\/\/staging.forenteforlag.no\/pax\/produkt\/pa-tynn-is\/"]}]},{"@type":"BreadcrumbList","@id":"https:\/\/staging.forenteforlag.no\/pax\/produkt\/pa-tynn-is\/#breadcrumb","itemListElement":[{"@type":"ListItem","position":1,"name":"Hjem","item":"https:\/\/staging.forenteforlag.no\/pax\/"},{"@type":"ListItem","position":2,"name":"Alle b\u00f8ker","item":"https:\/\/staging.forenteforlag.no\/pax\/butikk\/"},{"@type":"ListItem","position":3,"name":"P\u00e5 tynn is"}]},{"@type":"WebSite","@id":"https:\/\/staging.forenteforlag.no\/pax\/#website","url":"https:\/\/staging.forenteforlag.no\/pax\/","name":"Pax","description":"","potentialAction":[{"@type":"SearchAction","target":{"@type":"EntryPoint","urlTemplate":"https:\/\/staging.forenteforlag.no\/pax\/?s={search_term_string}"},"query-input":{"@type":"PropertyValueSpecification","valueRequired":true,"valueName":"search_term_string"}}],"inLanguage":"nb-NO"}]}},"_links":{"self":[{"href":"https:\/\/staging.forenteforlag.no\/pax\/wp-json\/wp\/v2\/product\/23806","targetHints":{"allow":["GET"]}}],"collection":[{"href":"https:\/\/staging.forenteforlag.no\/pax\/wp-json\/wp\/v2\/product"}],"about":[{"href":"https:\/\/staging.forenteforlag.no\/pax\/wp-json\/wp\/v2\/types\/product"}],"wp:attachment":[{"href":"https:\/\/staging.forenteforlag.no\/pax\/wp-json\/wp\/v2\/media?parent=23806"}],"wp:term":[{"taxonomy":"product_brand","embeddable":true,"href":"https:\/\/staging.forenteforlag.no\/pax\/wp-json\/wp\/v2\/product_brand?post=23806"},{"taxonomy":"product_cat","embeddable":true,"href":"https:\/\/staging.forenteforlag.no\/pax\/wp-json\/wp\/v2\/product_cat?post=23806"},{"taxonomy":"product_tag","embeddable":true,"href":"https:\/\/staging.forenteforlag.no\/pax\/wp-json\/wp\/v2\/product_tag?post=23806"}],"curies":[{"name":"wp","href":"https:\/\/api.w.org\/{rel}","templated":true}]}}