{"id":23591,"date":"2013-04-15T02:00:00","date_gmt":"2013-04-15T00:00:00","guid":{"rendered":"https:\/\/pax.forenteforlag.no\/produkt\/ikke-alle-drittsekker-kommer-fra-wien\/"},"modified":"2025-09-02T07:59:37","modified_gmt":"2025-09-02T05:59:37","slug":"ikke-alle-drittsekker-kommer-fra-wien","status":"publish","type":"product","link":"https:\/\/staging.forenteforlag.no\/pax\/produkt\/ikke-alle-drittsekker-kommer-fra-wien\/","title":{"rendered":"Ikke alle drittsekker kommer fra Wien"},"content":{"rendered":"<p>Italia, 1917: Mens f\u00f8rste verdenskrig g\u00e5r mot slutten, blir familien Spada tvunget til \u00e5 innlosjere en fiendtlig \u00f8sterriksk tropp i familievillaen. 17 \u00e5r gamle Paolo er nylig blitt foreldrel\u00f8s, og bor sammen med besteforeldrene og deres husholdning i det store huset. Etter hvert blir han rekruttert som l\u00f8pegutt for landsbyens italienske etterretningsagent. Han \u00f8nsker \u00e5 gj\u00f8re en innsats for fedrelandet &#8211; men kanskje enda mer \u00e5 gj\u00f8re et inntrykk p\u00e5 den vakre Giulia. Mens krigen g\u00e5r mot slutten, blir oppdragene stadig farligere. Skulle Paolo avsl\u00f8res, er det ikke lenger bare hans eget liv som st\u00e5r i fare. Dette er et uforglemmelig portrett av en italiensk familie i en historisk brytningstid. Skrevet i et presist og levende spr\u00e5k er dette en handlingsmettet roman full av dramatikk, gryende kj\u00e6rlighet og sterke personligheter.<\/p>\n","protected":false},"excerpt":{"rendered":"<p>Italia, 1917: Mens f\u00f8rste verdenskrig g\u00e5r mot slutten, blir familien Spada tvunget til \u00e5 innlosjere en fiendtlig \u00f8sterriksk tropp i familievillaen. 17 \u00e5r gamle Paolo er nylig blitt foreldrel\u00f8s, og bor sammen med besteforeldrene og deres husholdning i det store huset. Etter hvert blir han rekruttert som l\u00f8pegutt for landsbyens italienske etterretningsagent. Han \u00f8nsker \u00e5 [&hellip;]<\/p>\n","protected":false},"featured_media":28937,"template":"","meta":{"_acf_changed":false,"inline_featured_image":false},"product_brand":[],"product_cat":[40],"product_tag":[784,568,708,1095,650,510,370],"class_list":{"0":"post-23591","1":"product","2":"type-product","3":"status-publish","4":"has-post-thumbnail","6":"product_cat-romaner","7":"product_tag-1914-1918","8":"product_tag-bonusfamilie","9":"product_tag-forste-verdenskrig","10":"product_tag-grafiske-romaner","11":"product_tag-italia","12":"product_tag-kjaerlighet","13":"product_tag-skjonnlitteratur","14":"pa_format-innbundet","16":"first","17":"outofstock","18":"shipping-taxable","19":"purchasable","20":"product-type-simple"},"acf":{"anmeldelse":null},"yoast_head":"<!-- This site is optimized with the Yoast SEO plugin v26.6 - https:\/\/yoast.com\/wordpress\/plugins\/seo\/ -->\n<title>Ikke alle drittsekker kommer fra Wien - Pax<\/title>\n<meta name=\"robots\" content=\"noindex, follow, max-snippet:-1, max-image-preview:large, max-video-preview:-1\" \/>\n<meta property=\"og:locale\" content=\"nb_NO\" \/>\n<meta property=\"og:type\" content=\"article\" \/>\n<meta property=\"og:title\" content=\"Ikke alle drittsekker kommer fra Wien - Pax\" \/>\n<meta property=\"og:description\" content=\"Italia, 1917: Mens f\u00f8rste verdenskrig g\u00e5r mot slutten, blir familien Spada tvunget til \u00e5 innlosjere en fiendtlig \u00f8sterriksk tropp i familievillaen. 17 \u00e5r gamle Paolo er nylig blitt foreldrel\u00f8s, og bor sammen med besteforeldrene og deres husholdning i det store huset. Etter hvert blir han rekruttert som l\u00f8pegutt for landsbyens italienske etterretningsagent. Han \u00f8nsker \u00e5 [&hellip;]\" \/>\n<meta property=\"og:url\" content=\"https:\/\/staging.forenteforlag.no\/pax\/produkt\/ikke-alle-drittsekker-kommer-fra-wien\/\" \/>\n<meta property=\"og:site_name\" content=\"Pax\" \/>\n<meta property=\"article:modified_time\" content=\"2025-09-02T05:59:37+00:00\" \/>\n<meta property=\"og:image\" content=\"https:\/\/staging.forenteforlag.no\/pax\/wp-content\/uploads\/sites\/5\/2025\/08\/jpg-8405.jpg\" \/>\n\t<meta property=\"og:image:width\" content=\"284\" \/>\n\t<meta property=\"og:image:height\" content=\"450\" \/>\n\t<meta property=\"og:image:type\" content=\"image\/jpeg\" \/>\n<meta name=\"twitter:card\" content=\"summary_large_image\" \/>\n<meta name=\"twitter:label1\" content=\"Ansl. lesetid\" \/>\n\t<meta name=\"twitter:data1\" content=\"1 minutt\" \/>\n<script type=\"application\/ld+json\" class=\"yoast-schema-graph\">{\"@context\":\"https:\/\/schema.org\",\"@graph\":[{\"@type\":\"WebPage\",\"@id\":\"https:\/\/staging.forenteforlag.no\/pax\/produkt\/ikke-alle-drittsekker-kommer-fra-wien\/\",\"url\":\"https:\/\/staging.forenteforlag.no\/pax\/produkt\/ikke-alle-drittsekker-kommer-fra-wien\/\",\"name\":\"Ikke alle drittsekker kommer fra Wien - Pax\",\"isPartOf\":{\"@id\":\"https:\/\/staging.forenteforlag.no\/pax\/#website\"},\"primaryImageOfPage\":{\"@id\":\"https:\/\/staging.forenteforlag.no\/pax\/produkt\/ikke-alle-drittsekker-kommer-fra-wien\/#primaryimage\"},\"image\":{\"@id\":\"https:\/\/staging.forenteforlag.no\/pax\/produkt\/ikke-alle-drittsekker-kommer-fra-wien\/#primaryimage\"},\"thumbnailUrl\":\"https:\/\/staging.forenteforlag.no\/pax\/wp-content\/uploads\/sites\/5\/2025\/08\/jpg-8405.jpg\",\"datePublished\":\"2013-04-15T00:00:00+00:00\",\"dateModified\":\"2025-09-02T05:59:37+00:00\",\"breadcrumb\":{\"@id\":\"https:\/\/staging.forenteforlag.no\/pax\/produkt\/ikke-alle-drittsekker-kommer-fra-wien\/#breadcrumb\"},\"inLanguage\":\"nb-NO\",\"potentialAction\":[{\"@type\":\"ReadAction\",\"target\":[\"https:\/\/staging.forenteforlag.no\/pax\/produkt\/ikke-alle-drittsekker-kommer-fra-wien\/\"]}]},{\"@type\":\"ImageObject\",\"inLanguage\":\"nb-NO\",\"@id\":\"https:\/\/staging.forenteforlag.no\/pax\/produkt\/ikke-alle-drittsekker-kommer-fra-wien\/#primaryimage\",\"url\":\"https:\/\/staging.forenteforlag.no\/pax\/wp-content\/uploads\/sites\/5\/2025\/08\/jpg-8405.jpg\",\"contentUrl\":\"https:\/\/staging.forenteforlag.no\/pax\/wp-content\/uploads\/sites\/5\/2025\/08\/jpg-8405.jpg\",\"width\":284,\"height\":450},{\"@type\":\"BreadcrumbList\",\"@id\":\"https:\/\/staging.forenteforlag.no\/pax\/produkt\/ikke-alle-drittsekker-kommer-fra-wien\/#breadcrumb\",\"itemListElement\":[{\"@type\":\"ListItem\",\"position\":1,\"name\":\"Hjem\",\"item\":\"https:\/\/staging.forenteforlag.no\/pax\/\"},{\"@type\":\"ListItem\",\"position\":2,\"name\":\"Alle b\u00f8ker\",\"item\":\"https:\/\/staging.forenteforlag.no\/pax\/butikk\/\"},{\"@type\":\"ListItem\",\"position\":3,\"name\":\"Ikke alle drittsekker kommer fra Wien\"}]},{\"@type\":\"WebSite\",\"@id\":\"https:\/\/staging.forenteforlag.no\/pax\/#website\",\"url\":\"https:\/\/staging.forenteforlag.no\/pax\/\",\"name\":\"Pax\",\"description\":\"\",\"potentialAction\":[{\"@type\":\"SearchAction\",\"target\":{\"@type\":\"EntryPoint\",\"urlTemplate\":\"https:\/\/staging.forenteforlag.no\/pax\/?s={search_term_string}\"},\"query-input\":{\"@type\":\"PropertyValueSpecification\",\"valueRequired\":true,\"valueName\":\"search_term_string\"}}],\"inLanguage\":\"nb-NO\"}]}<\/script>\n<!-- \/ Yoast SEO plugin. -->","yoast_head_json":{"title":"Ikke alle drittsekker kommer fra Wien - Pax","robots":{"index":"noindex","follow":"follow","max-snippet":"max-snippet:-1","max-image-preview":"max-image-preview:large","max-video-preview":"max-video-preview:-1"},"og_locale":"nb_NO","og_type":"article","og_title":"Ikke alle drittsekker kommer fra Wien - Pax","og_description":"Italia, 1917: Mens f\u00f8rste verdenskrig g\u00e5r mot slutten, blir familien Spada tvunget til \u00e5 innlosjere en fiendtlig \u00f8sterriksk tropp i familievillaen. 17 \u00e5r gamle Paolo er nylig blitt foreldrel\u00f8s, og bor sammen med besteforeldrene og deres husholdning i det store huset. Etter hvert blir han rekruttert som l\u00f8pegutt for landsbyens italienske etterretningsagent. Han \u00f8nsker \u00e5 [&hellip;]","og_url":"https:\/\/staging.forenteforlag.no\/pax\/produkt\/ikke-alle-drittsekker-kommer-fra-wien\/","og_site_name":"Pax","article_modified_time":"2025-09-02T05:59:37+00:00","og_image":[{"width":284,"height":450,"url":"https:\/\/staging.forenteforlag.no\/pax\/wp-content\/uploads\/sites\/5\/2025\/08\/jpg-8405.jpg","type":"image\/jpeg"}],"twitter_card":"summary_large_image","twitter_misc":{"Ansl. lesetid":"1 minutt"},"schema":{"@context":"https:\/\/schema.org","@graph":[{"@type":"WebPage","@id":"https:\/\/staging.forenteforlag.no\/pax\/produkt\/ikke-alle-drittsekker-kommer-fra-wien\/","url":"https:\/\/staging.forenteforlag.no\/pax\/produkt\/ikke-alle-drittsekker-kommer-fra-wien\/","name":"Ikke alle drittsekker kommer fra Wien - Pax","isPartOf":{"@id":"https:\/\/staging.forenteforlag.no\/pax\/#website"},"primaryImageOfPage":{"@id":"https:\/\/staging.forenteforlag.no\/pax\/produkt\/ikke-alle-drittsekker-kommer-fra-wien\/#primaryimage"},"image":{"@id":"https:\/\/staging.forenteforlag.no\/pax\/produkt\/ikke-alle-drittsekker-kommer-fra-wien\/#primaryimage"},"thumbnailUrl":"https:\/\/staging.forenteforlag.no\/pax\/wp-content\/uploads\/sites\/5\/2025\/08\/jpg-8405.jpg","datePublished":"2013-04-15T00:00:00+00:00","dateModified":"2025-09-02T05:59:37+00:00","breadcrumb":{"@id":"https:\/\/staging.forenteforlag.no\/pax\/produkt\/ikke-alle-drittsekker-kommer-fra-wien\/#breadcrumb"},"inLanguage":"nb-NO","potentialAction":[{"@type":"ReadAction","target":["https:\/\/staging.forenteforlag.no\/pax\/produkt\/ikke-alle-drittsekker-kommer-fra-wien\/"]}]},{"@type":"ImageObject","inLanguage":"nb-NO","@id":"https:\/\/staging.forenteforlag.no\/pax\/produkt\/ikke-alle-drittsekker-kommer-fra-wien\/#primaryimage","url":"https:\/\/staging.forenteforlag.no\/pax\/wp-content\/uploads\/sites\/5\/2025\/08\/jpg-8405.jpg","contentUrl":"https:\/\/staging.forenteforlag.no\/pax\/wp-content\/uploads\/sites\/5\/2025\/08\/jpg-8405.jpg","width":284,"height":450},{"@type":"BreadcrumbList","@id":"https:\/\/staging.forenteforlag.no\/pax\/produkt\/ikke-alle-drittsekker-kommer-fra-wien\/#breadcrumb","itemListElement":[{"@type":"ListItem","position":1,"name":"Hjem","item":"https:\/\/staging.forenteforlag.no\/pax\/"},{"@type":"ListItem","position":2,"name":"Alle b\u00f8ker","item":"https:\/\/staging.forenteforlag.no\/pax\/butikk\/"},{"@type":"ListItem","position":3,"name":"Ikke alle drittsekker kommer fra Wien"}]},{"@type":"WebSite","@id":"https:\/\/staging.forenteforlag.no\/pax\/#website","url":"https:\/\/staging.forenteforlag.no\/pax\/","name":"Pax","description":"","potentialAction":[{"@type":"SearchAction","target":{"@type":"EntryPoint","urlTemplate":"https:\/\/staging.forenteforlag.no\/pax\/?s={search_term_string}"},"query-input":{"@type":"PropertyValueSpecification","valueRequired":true,"valueName":"search_term_string"}}],"inLanguage":"nb-NO"}]}},"_links":{"self":[{"href":"https:\/\/staging.forenteforlag.no\/pax\/wp-json\/wp\/v2\/product\/23591","targetHints":{"allow":["GET"]}}],"collection":[{"href":"https:\/\/staging.forenteforlag.no\/pax\/wp-json\/wp\/v2\/product"}],"about":[{"href":"https:\/\/staging.forenteforlag.no\/pax\/wp-json\/wp\/v2\/types\/product"}],"wp:featuredmedia":[{"embeddable":true,"href":"https:\/\/staging.forenteforlag.no\/pax\/wp-json\/wp\/v2\/media\/28937"}],"wp:attachment":[{"href":"https:\/\/staging.forenteforlag.no\/pax\/wp-json\/wp\/v2\/media?parent=23591"}],"wp:term":[{"taxonomy":"product_brand","embeddable":true,"href":"https:\/\/staging.forenteforlag.no\/pax\/wp-json\/wp\/v2\/product_brand?post=23591"},{"taxonomy":"product_cat","embeddable":true,"href":"https:\/\/staging.forenteforlag.no\/pax\/wp-json\/wp\/v2\/product_cat?post=23591"},{"taxonomy":"product_tag","embeddable":true,"href":"https:\/\/staging.forenteforlag.no\/pax\/wp-json\/wp\/v2\/product_tag?post=23591"}],"curies":[{"name":"wp","href":"https:\/\/api.w.org\/{rel}","templated":true}]}}