{"id":23444,"date":"2024-12-10T22:45:40","date_gmt":"2024-12-10T21:45:40","guid":{"rendered":"https:\/\/pax.forenteforlag.no\/produkt\/oslo-bak-fasaden\/"},"modified":"2026-03-04T17:11:48","modified_gmt":"2026-03-04T16:11:48","slug":"oslo-bak-fasaden","status":"publish","type":"product","link":"https:\/\/staging.forenteforlag.no\/pax\/produkt\/oslo-bak-fasaden\/","title":{"rendered":"Oslo bak fasaden"},"content":{"rendered":"<p>I denne boka gir forfatteren sitt bidrag til forst\u00e5elsen av hvorfor alt gikk s\u00e5 galt i Oslo by. Han jager ikke f\u00f8rst og fremst p\u00e5 pikante skandaler, roper ikke p\u00e5 politi, men p\u00e5 politikk. Byens mange skandaler og fadeser skyldes ikke kriminelle politikere, men en kriminelt d\u00e5rlig politikk. Boka gir samtidig en grundig innf\u00f8ring i landets st\u00f8rste kommunalpolitiske eksperiment, nemlig innf\u00f8ringen av bydels- og byr\u00e5dsordningen. Bokas prinsipielle behandling av dette stoffet gj\u00f8r den til en verdifull l\u00e6rebok i kommunalpolitikk, ogs\u00e5 utenfor Oslos grenser.<\/p>\n","protected":false},"excerpt":{"rendered":"<p>I denne boka gir forfatteren sitt bidrag til forst\u00e5elsen av hvorfor alt gikk s\u00e5 galt i Oslo by. Han jager ikke f\u00f8rst og fremst p\u00e5 pikante skandaler, roper ikke p\u00e5 politi, men p\u00e5 politikk. Byens mange skandaler og fadeser skyldes ikke kriminelle politikere, men en kriminelt d\u00e5rlig politikk. Boka gir samtidig en grundig innf\u00f8ring i [&hellip;]<\/p>\n","protected":false},"featured_media":0,"template":"","meta":{"_acf_changed":false,"inline_featured_image":false},"product_brand":[],"product_cat":[1782],"product_tag":[362,860,377],"class_list":{"0":"post-23444","1":"product","2":"type-product","3":"status-publish","5":"product_cat-fripris","6":"product_tag-faglitteratur","7":"product_tag-lokalforvaltning","8":"product_tag-oslo","10":"first","11":"outofstock","12":"taxable","13":"shipping-taxable","14":"purchasable","15":"product-type-simple"},"acf":{"anmeldelse":null},"yoast_head":"<!-- This site is optimized with the Yoast SEO plugin v26.6 - https:\/\/yoast.com\/wordpress\/plugins\/seo\/ -->\n<title>Oslo bak fasaden - Pax<\/title>\n<meta name=\"robots\" content=\"noindex, follow, max-snippet:-1, max-image-preview:large, max-video-preview:-1\" \/>\n<meta property=\"og:locale\" content=\"nb_NO\" \/>\n<meta property=\"og:type\" content=\"article\" \/>\n<meta property=\"og:title\" content=\"Oslo bak fasaden - Pax\" \/>\n<meta property=\"og:description\" content=\"I denne boka gir forfatteren sitt bidrag til forst\u00e5elsen av hvorfor alt gikk s\u00e5 galt i Oslo by. Han jager ikke f\u00f8rst og fremst p\u00e5 pikante skandaler, roper ikke p\u00e5 politi, men p\u00e5 politikk. Byens mange skandaler og fadeser skyldes ikke kriminelle politikere, men en kriminelt d\u00e5rlig politikk. Boka gir samtidig en grundig innf\u00f8ring i [&hellip;]\" \/>\n<meta property=\"og:url\" content=\"https:\/\/staging.forenteforlag.no\/pax\/produkt\/oslo-bak-fasaden\/\" \/>\n<meta property=\"og:site_name\" content=\"Pax\" \/>\n<meta property=\"article:modified_time\" content=\"2026-03-04T16:11:48+00:00\" \/>\n<meta property=\"og:image\" content=\"https:\/\/staging.forenteforlag.no\/pax\/wp-content\/uploads\/sites\/5\/2025\/02\/pax-hvit.jpg\" \/>\n\t<meta property=\"og:image:width\" content=\"1200\" \/>\n\t<meta property=\"og:image:height\" content=\"800\" \/>\n\t<meta property=\"og:image:type\" content=\"image\/jpeg\" \/>\n<meta name=\"twitter:card\" content=\"summary_large_image\" \/>\n<script type=\"application\/ld+json\" class=\"yoast-schema-graph\">{\"@context\":\"https:\/\/schema.org\",\"@graph\":[{\"@type\":\"WebPage\",\"@id\":\"https:\/\/staging.forenteforlag.no\/pax\/produkt\/oslo-bak-fasaden\/\",\"url\":\"https:\/\/staging.forenteforlag.no\/pax\/produkt\/oslo-bak-fasaden\/\",\"name\":\"Oslo bak fasaden - Pax\",\"isPartOf\":{\"@id\":\"https:\/\/staging.forenteforlag.no\/pax\/#website\"},\"datePublished\":\"2024-12-10T21:45:40+00:00\",\"dateModified\":\"2026-03-04T16:11:48+00:00\",\"breadcrumb\":{\"@id\":\"https:\/\/staging.forenteforlag.no\/pax\/produkt\/oslo-bak-fasaden\/#breadcrumb\"},\"inLanguage\":\"nb-NO\",\"potentialAction\":[{\"@type\":\"ReadAction\",\"target\":[\"https:\/\/staging.forenteforlag.no\/pax\/produkt\/oslo-bak-fasaden\/\"]}]},{\"@type\":\"BreadcrumbList\",\"@id\":\"https:\/\/staging.forenteforlag.no\/pax\/produkt\/oslo-bak-fasaden\/#breadcrumb\",\"itemListElement\":[{\"@type\":\"ListItem\",\"position\":1,\"name\":\"Hjem\",\"item\":\"https:\/\/staging.forenteforlag.no\/pax\/\"},{\"@type\":\"ListItem\",\"position\":2,\"name\":\"Alle b\u00f8ker\",\"item\":\"https:\/\/staging.forenteforlag.no\/pax\/butikk\/\"},{\"@type\":\"ListItem\",\"position\":3,\"name\":\"Oslo bak fasaden\"}]},{\"@type\":\"WebSite\",\"@id\":\"https:\/\/staging.forenteforlag.no\/pax\/#website\",\"url\":\"https:\/\/staging.forenteforlag.no\/pax\/\",\"name\":\"Pax\",\"description\":\"\",\"potentialAction\":[{\"@type\":\"SearchAction\",\"target\":{\"@type\":\"EntryPoint\",\"urlTemplate\":\"https:\/\/staging.forenteforlag.no\/pax\/?s={search_term_string}\"},\"query-input\":{\"@type\":\"PropertyValueSpecification\",\"valueRequired\":true,\"valueName\":\"search_term_string\"}}],\"inLanguage\":\"nb-NO\"}]}<\/script>\n<!-- \/ Yoast SEO plugin. -->","yoast_head_json":{"title":"Oslo bak fasaden - Pax","robots":{"index":"noindex","follow":"follow","max-snippet":"max-snippet:-1","max-image-preview":"max-image-preview:large","max-video-preview":"max-video-preview:-1"},"og_locale":"nb_NO","og_type":"article","og_title":"Oslo bak fasaden - Pax","og_description":"I denne boka gir forfatteren sitt bidrag til forst\u00e5elsen av hvorfor alt gikk s\u00e5 galt i Oslo by. Han jager ikke f\u00f8rst og fremst p\u00e5 pikante skandaler, roper ikke p\u00e5 politi, men p\u00e5 politikk. Byens mange skandaler og fadeser skyldes ikke kriminelle politikere, men en kriminelt d\u00e5rlig politikk. Boka gir samtidig en grundig innf\u00f8ring i [&hellip;]","og_url":"https:\/\/staging.forenteforlag.no\/pax\/produkt\/oslo-bak-fasaden\/","og_site_name":"Pax","article_modified_time":"2026-03-04T16:11:48+00:00","og_image":[{"width":1200,"height":800,"url":"https:\/\/staging.forenteforlag.no\/pax\/wp-content\/uploads\/sites\/5\/2025\/02\/pax-hvit.jpg","type":"image\/jpeg"}],"twitter_card":"summary_large_image","schema":{"@context":"https:\/\/schema.org","@graph":[{"@type":"WebPage","@id":"https:\/\/staging.forenteforlag.no\/pax\/produkt\/oslo-bak-fasaden\/","url":"https:\/\/staging.forenteforlag.no\/pax\/produkt\/oslo-bak-fasaden\/","name":"Oslo bak fasaden - Pax","isPartOf":{"@id":"https:\/\/staging.forenteforlag.no\/pax\/#website"},"datePublished":"2024-12-10T21:45:40+00:00","dateModified":"2026-03-04T16:11:48+00:00","breadcrumb":{"@id":"https:\/\/staging.forenteforlag.no\/pax\/produkt\/oslo-bak-fasaden\/#breadcrumb"},"inLanguage":"nb-NO","potentialAction":[{"@type":"ReadAction","target":["https:\/\/staging.forenteforlag.no\/pax\/produkt\/oslo-bak-fasaden\/"]}]},{"@type":"BreadcrumbList","@id":"https:\/\/staging.forenteforlag.no\/pax\/produkt\/oslo-bak-fasaden\/#breadcrumb","itemListElement":[{"@type":"ListItem","position":1,"name":"Hjem","item":"https:\/\/staging.forenteforlag.no\/pax\/"},{"@type":"ListItem","position":2,"name":"Alle b\u00f8ker","item":"https:\/\/staging.forenteforlag.no\/pax\/butikk\/"},{"@type":"ListItem","position":3,"name":"Oslo bak fasaden"}]},{"@type":"WebSite","@id":"https:\/\/staging.forenteforlag.no\/pax\/#website","url":"https:\/\/staging.forenteforlag.no\/pax\/","name":"Pax","description":"","potentialAction":[{"@type":"SearchAction","target":{"@type":"EntryPoint","urlTemplate":"https:\/\/staging.forenteforlag.no\/pax\/?s={search_term_string}"},"query-input":{"@type":"PropertyValueSpecification","valueRequired":true,"valueName":"search_term_string"}}],"inLanguage":"nb-NO"}]}},"_links":{"self":[{"href":"https:\/\/staging.forenteforlag.no\/pax\/wp-json\/wp\/v2\/product\/23444","targetHints":{"allow":["GET"]}}],"collection":[{"href":"https:\/\/staging.forenteforlag.no\/pax\/wp-json\/wp\/v2\/product"}],"about":[{"href":"https:\/\/staging.forenteforlag.no\/pax\/wp-json\/wp\/v2\/types\/product"}],"wp:attachment":[{"href":"https:\/\/staging.forenteforlag.no\/pax\/wp-json\/wp\/v2\/media?parent=23444"}],"wp:term":[{"taxonomy":"product_brand","embeddable":true,"href":"https:\/\/staging.forenteforlag.no\/pax\/wp-json\/wp\/v2\/product_brand?post=23444"},{"taxonomy":"product_cat","embeddable":true,"href":"https:\/\/staging.forenteforlag.no\/pax\/wp-json\/wp\/v2\/product_cat?post=23444"},{"taxonomy":"product_tag","embeddable":true,"href":"https:\/\/staging.forenteforlag.no\/pax\/wp-json\/wp\/v2\/product_tag?post=23444"}],"curies":[{"name":"wp","href":"https:\/\/api.w.org\/{rel}","templated":true}]}}