{"id":23224,"date":"2018-01-25T01:00:00","date_gmt":"2018-01-25T00:00:00","guid":{"rendered":"https:\/\/pax.forenteforlag.no\/produkt\/nar-tiden-er-inne\/"},"modified":"2025-08-27T08:39:48","modified_gmt":"2025-08-27T06:39:48","slug":"nar-tiden-er-inne","status":"publish","type":"product","link":"https:\/\/staging.forenteforlag.no\/pax\/produkt\/nar-tiden-er-inne\/","title":{"rendered":"N\u00e5r tiden er inne"},"content":{"rendered":"<p>Accabadora &#8211; hun som fullf\u00f8rer. I lokalsamfunnet betraktes hun ikke som en morder, men som en som spiller en helt spesiell rolle. Hun er den som avslutter liv n\u00e5r tiden er inne.<br \/>\nMaria vokser opp som fjerde datter i en fattig familie p\u00e5 Sardinia. Da den gamle syersken Tzia Bonaria ber om \u00e5 f\u00e5 ta til seg seks \u00e5r gamle Maria som fosterbarn, opplever familien det som en lettelse, og barnet knytter sterke b\u00e5nd til sin nye fors\u00f8rger. Tzia Bonaria er imidlertid ikke bare en gammel syerske. Maria aner at det er en forbindelse mellom fostermoren og d\u00f8dsfallene som finner sted i landsbyen. Men Maria forst\u00e5r ikke det alle rundt henne allerede vet &#8211; Tzia Bonaria er accabadora. <\/p>\n","protected":false},"excerpt":{"rendered":"<p>Accabadora &#8211; hun som fullf\u00f8rer. I lokalsamfunnet betraktes hun ikke som en morder, men som en som spiller en helt spesiell rolle. Hun er den som avslutter liv n\u00e5r tiden er inne. Maria vokser opp som fjerde datter i en fattig familie p\u00e5 Sardinia. Da den gamle syersken Tzia Bonaria ber om \u00e5 f\u00e5 ta [&hellip;]<\/p>\n","protected":false},"featured_media":28240,"template":"","meta":{"_acf_changed":false,"inline_featured_image":false},"product_brand":[],"product_cat":[40],"product_tag":[1351,1364,1095,1363,370],"class_list":{"0":"post-23224","1":"product","2":"type-product","3":"status-publish","4":"has-post-thumbnail","6":"product_cat-romaner","7":"product_tag-dodshjelp","8":"product_tag-fosterhjem","9":"product_tag-grafiske-romaner","10":"product_tag-sardinia","11":"product_tag-skjonnlitteratur","12":"pa_format-innbundet","14":"first","15":"outofstock","16":"shipping-taxable","17":"purchasable","18":"product-type-simple"},"acf":{"anmeldelse":null},"yoast_head":"<!-- This site is optimized with the Yoast SEO plugin v26.6 - https:\/\/yoast.com\/wordpress\/plugins\/seo\/ -->\n<title>N\u00e5r tiden er inne - Pax<\/title>\n<meta name=\"robots\" content=\"noindex, follow, max-snippet:-1, max-image-preview:large, max-video-preview:-1\" \/>\n<meta property=\"og:locale\" content=\"nb_NO\" \/>\n<meta property=\"og:type\" content=\"article\" \/>\n<meta property=\"og:title\" content=\"N\u00e5r tiden er inne - Pax\" \/>\n<meta property=\"og:description\" content=\"Accabadora &#8211; hun som fullf\u00f8rer. I lokalsamfunnet betraktes hun ikke som en morder, men som en som spiller en helt spesiell rolle. Hun er den som avslutter liv n\u00e5r tiden er inne. Maria vokser opp som fjerde datter i en fattig familie p\u00e5 Sardinia. Da den gamle syersken Tzia Bonaria ber om \u00e5 f\u00e5 ta [&hellip;]\" \/>\n<meta property=\"og:url\" content=\"https:\/\/staging.forenteforlag.no\/pax\/produkt\/nar-tiden-er-inne\/\" \/>\n<meta property=\"og:site_name\" content=\"Pax\" \/>\n<meta property=\"article:modified_time\" content=\"2025-08-27T06:39:48+00:00\" \/>\n<meta property=\"og:image\" content=\"https:\/\/staging.forenteforlag.no\/pax\/wp-content\/uploads\/sites\/5\/2025\/08\/jpg-6366-scaled.jpg\" \/>\n\t<meta property=\"og:image:width\" content=\"1221\" \/>\n\t<meta property=\"og:image:height\" content=\"1920\" \/>\n\t<meta property=\"og:image:type\" content=\"image\/jpeg\" \/>\n<meta name=\"twitter:card\" content=\"summary_large_image\" \/>\n<meta name=\"twitter:label1\" content=\"Ansl. lesetid\" \/>\n\t<meta name=\"twitter:data1\" content=\"1 minutt\" \/>\n<script type=\"application\/ld+json\" class=\"yoast-schema-graph\">{\"@context\":\"https:\/\/schema.org\",\"@graph\":[{\"@type\":\"WebPage\",\"@id\":\"https:\/\/staging.forenteforlag.no\/pax\/produkt\/nar-tiden-er-inne\/\",\"url\":\"https:\/\/staging.forenteforlag.no\/pax\/produkt\/nar-tiden-er-inne\/\",\"name\":\"N\u00e5r tiden er inne - Pax\",\"isPartOf\":{\"@id\":\"https:\/\/staging.forenteforlag.no\/pax\/#website\"},\"primaryImageOfPage\":{\"@id\":\"https:\/\/staging.forenteforlag.no\/pax\/produkt\/nar-tiden-er-inne\/#primaryimage\"},\"image\":{\"@id\":\"https:\/\/staging.forenteforlag.no\/pax\/produkt\/nar-tiden-er-inne\/#primaryimage\"},\"thumbnailUrl\":\"https:\/\/staging.forenteforlag.no\/pax\/wp-content\/uploads\/sites\/5\/2025\/08\/jpg-6366-scaled.jpg\",\"datePublished\":\"2018-01-25T00:00:00+00:00\",\"dateModified\":\"2025-08-27T06:39:48+00:00\",\"breadcrumb\":{\"@id\":\"https:\/\/staging.forenteforlag.no\/pax\/produkt\/nar-tiden-er-inne\/#breadcrumb\"},\"inLanguage\":\"nb-NO\",\"potentialAction\":[{\"@type\":\"ReadAction\",\"target\":[\"https:\/\/staging.forenteforlag.no\/pax\/produkt\/nar-tiden-er-inne\/\"]}]},{\"@type\":\"ImageObject\",\"inLanguage\":\"nb-NO\",\"@id\":\"https:\/\/staging.forenteforlag.no\/pax\/produkt\/nar-tiden-er-inne\/#primaryimage\",\"url\":\"https:\/\/staging.forenteforlag.no\/pax\/wp-content\/uploads\/sites\/5\/2025\/08\/jpg-6366-scaled.jpg\",\"contentUrl\":\"https:\/\/staging.forenteforlag.no\/pax\/wp-content\/uploads\/sites\/5\/2025\/08\/jpg-6366-scaled.jpg\",\"width\":1221,\"height\":1920},{\"@type\":\"BreadcrumbList\",\"@id\":\"https:\/\/staging.forenteforlag.no\/pax\/produkt\/nar-tiden-er-inne\/#breadcrumb\",\"itemListElement\":[{\"@type\":\"ListItem\",\"position\":1,\"name\":\"Hjem\",\"item\":\"https:\/\/staging.forenteforlag.no\/pax\/\"},{\"@type\":\"ListItem\",\"position\":2,\"name\":\"Alle b\u00f8ker\",\"item\":\"https:\/\/staging.forenteforlag.no\/pax\/butikk\/\"},{\"@type\":\"ListItem\",\"position\":3,\"name\":\"N\u00e5r tiden er inne\"}]},{\"@type\":\"WebSite\",\"@id\":\"https:\/\/staging.forenteforlag.no\/pax\/#website\",\"url\":\"https:\/\/staging.forenteforlag.no\/pax\/\",\"name\":\"Pax\",\"description\":\"\",\"potentialAction\":[{\"@type\":\"SearchAction\",\"target\":{\"@type\":\"EntryPoint\",\"urlTemplate\":\"https:\/\/staging.forenteforlag.no\/pax\/?s={search_term_string}\"},\"query-input\":{\"@type\":\"PropertyValueSpecification\",\"valueRequired\":true,\"valueName\":\"search_term_string\"}}],\"inLanguage\":\"nb-NO\"}]}<\/script>\n<!-- \/ Yoast SEO plugin. -->","yoast_head_json":{"title":"N\u00e5r tiden er inne - Pax","robots":{"index":"noindex","follow":"follow","max-snippet":"max-snippet:-1","max-image-preview":"max-image-preview:large","max-video-preview":"max-video-preview:-1"},"og_locale":"nb_NO","og_type":"article","og_title":"N\u00e5r tiden er inne - Pax","og_description":"Accabadora &#8211; hun som fullf\u00f8rer. I lokalsamfunnet betraktes hun ikke som en morder, men som en som spiller en helt spesiell rolle. Hun er den som avslutter liv n\u00e5r tiden er inne. Maria vokser opp som fjerde datter i en fattig familie p\u00e5 Sardinia. Da den gamle syersken Tzia Bonaria ber om \u00e5 f\u00e5 ta [&hellip;]","og_url":"https:\/\/staging.forenteforlag.no\/pax\/produkt\/nar-tiden-er-inne\/","og_site_name":"Pax","article_modified_time":"2025-08-27T06:39:48+00:00","og_image":[{"width":1221,"height":1920,"url":"https:\/\/staging.forenteforlag.no\/pax\/wp-content\/uploads\/sites\/5\/2025\/08\/jpg-6366-scaled.jpg","type":"image\/jpeg"}],"twitter_card":"summary_large_image","twitter_misc":{"Ansl. lesetid":"1 minutt"},"schema":{"@context":"https:\/\/schema.org","@graph":[{"@type":"WebPage","@id":"https:\/\/staging.forenteforlag.no\/pax\/produkt\/nar-tiden-er-inne\/","url":"https:\/\/staging.forenteforlag.no\/pax\/produkt\/nar-tiden-er-inne\/","name":"N\u00e5r tiden er inne - Pax","isPartOf":{"@id":"https:\/\/staging.forenteforlag.no\/pax\/#website"},"primaryImageOfPage":{"@id":"https:\/\/staging.forenteforlag.no\/pax\/produkt\/nar-tiden-er-inne\/#primaryimage"},"image":{"@id":"https:\/\/staging.forenteforlag.no\/pax\/produkt\/nar-tiden-er-inne\/#primaryimage"},"thumbnailUrl":"https:\/\/staging.forenteforlag.no\/pax\/wp-content\/uploads\/sites\/5\/2025\/08\/jpg-6366-scaled.jpg","datePublished":"2018-01-25T00:00:00+00:00","dateModified":"2025-08-27T06:39:48+00:00","breadcrumb":{"@id":"https:\/\/staging.forenteforlag.no\/pax\/produkt\/nar-tiden-er-inne\/#breadcrumb"},"inLanguage":"nb-NO","potentialAction":[{"@type":"ReadAction","target":["https:\/\/staging.forenteforlag.no\/pax\/produkt\/nar-tiden-er-inne\/"]}]},{"@type":"ImageObject","inLanguage":"nb-NO","@id":"https:\/\/staging.forenteforlag.no\/pax\/produkt\/nar-tiden-er-inne\/#primaryimage","url":"https:\/\/staging.forenteforlag.no\/pax\/wp-content\/uploads\/sites\/5\/2025\/08\/jpg-6366-scaled.jpg","contentUrl":"https:\/\/staging.forenteforlag.no\/pax\/wp-content\/uploads\/sites\/5\/2025\/08\/jpg-6366-scaled.jpg","width":1221,"height":1920},{"@type":"BreadcrumbList","@id":"https:\/\/staging.forenteforlag.no\/pax\/produkt\/nar-tiden-er-inne\/#breadcrumb","itemListElement":[{"@type":"ListItem","position":1,"name":"Hjem","item":"https:\/\/staging.forenteforlag.no\/pax\/"},{"@type":"ListItem","position":2,"name":"Alle b\u00f8ker","item":"https:\/\/staging.forenteforlag.no\/pax\/butikk\/"},{"@type":"ListItem","position":3,"name":"N\u00e5r tiden er inne"}]},{"@type":"WebSite","@id":"https:\/\/staging.forenteforlag.no\/pax\/#website","url":"https:\/\/staging.forenteforlag.no\/pax\/","name":"Pax","description":"","potentialAction":[{"@type":"SearchAction","target":{"@type":"EntryPoint","urlTemplate":"https:\/\/staging.forenteforlag.no\/pax\/?s={search_term_string}"},"query-input":{"@type":"PropertyValueSpecification","valueRequired":true,"valueName":"search_term_string"}}],"inLanguage":"nb-NO"}]}},"_links":{"self":[{"href":"https:\/\/staging.forenteforlag.no\/pax\/wp-json\/wp\/v2\/product\/23224","targetHints":{"allow":["GET"]}}],"collection":[{"href":"https:\/\/staging.forenteforlag.no\/pax\/wp-json\/wp\/v2\/product"}],"about":[{"href":"https:\/\/staging.forenteforlag.no\/pax\/wp-json\/wp\/v2\/types\/product"}],"wp:featuredmedia":[{"embeddable":true,"href":"https:\/\/staging.forenteforlag.no\/pax\/wp-json\/wp\/v2\/media\/28240"}],"wp:attachment":[{"href":"https:\/\/staging.forenteforlag.no\/pax\/wp-json\/wp\/v2\/media?parent=23224"}],"wp:term":[{"taxonomy":"product_brand","embeddable":true,"href":"https:\/\/staging.forenteforlag.no\/pax\/wp-json\/wp\/v2\/product_brand?post=23224"},{"taxonomy":"product_cat","embeddable":true,"href":"https:\/\/staging.forenteforlag.no\/pax\/wp-json\/wp\/v2\/product_cat?post=23224"},{"taxonomy":"product_tag","embeddable":true,"href":"https:\/\/staging.forenteforlag.no\/pax\/wp-json\/wp\/v2\/product_tag?post=23224"}],"curies":[{"name":"wp","href":"https:\/\/api.w.org\/{rel}","templated":true}]}}