{"id":22520,"date":"2024-12-10T22:16:05","date_gmt":"2024-12-10T21:16:05","guid":{"rendered":"https:\/\/pax.forenteforlag.no\/produkt\/diktatoren-og-hengekoya\/"},"modified":"2026-03-04T21:38:30","modified_gmt":"2026-03-04T20:38:30","slug":"diktatoren-og-hengekoya","status":"publish","type":"product","link":"https:\/\/staging.forenteforlag.no\/pax\/produkt\/diktatoren-og-hengekoya\/","title":{"rendered":"Diktatoren og hengek\u00f8ya"},"content":{"rendered":"<p>Daniel Pennac en av Frankrikes store og etablerte intellektuelle forfatterne, og har gitt ut alt fra romaner til barneb\u00f8ker. I Diktatoren og hengek\u00f8ya m\u00f8ter vi Pereira, diktatoren som er blitt hardt angrepet av agorafobi etter \u00e5 ha m\u00f8tt en sp\u00e5kvinne. Vi er i Piau\u00ed, et land som kan ligge i det indre av Brasil. For \u00e5 redde seg drar Pereira til Europa, der han kan nyte salonglivet inkognito. Men f\u00f8rst har han innsatt en dobbeltgjenger som kan vise seg frem p\u00e5 hovedstadens \u00e5pne plasser. N\u00e5r denne andre Pereira kommer over en filmfremviser og en Chaplin-film, ser ogs\u00e5 han for seg en ny fremtid. Han finner en ny dobbeltgjenger og setter kursen mot USA. Med tiden blir det flere Pereiraer ved makten, en av dem til og med en helgenaktig skikkelse, f\u00f8r historien er slutt. Og hengek\u00f8ya? Der ligger forfatteren. Men vi m\u00f8ter ham ogs\u00e5 i Paris, der han f\u00e5r bifiguren Sonja til \u00e5 fylle ut detaljer. Hun er kvinnen som var til stede den gang den andre Pereira d\u00f8de i en kinosal etter \u00e5 ha sett Chaplins Diktatoren. Og Sonja vokser for \u00f8ynene v\u00e5re mens hun kommenterer romanen vi leser. &#8211; Diktatoren og hengek\u00f8ya er en alvorlig og morsom bok om livet og litteraturen, og om historien som tragedie og farse. Pennac sjonglerer virtuost med romansjangeren, og boka har blitt en bestselger i Frankrike.<\/p>\n","protected":false},"excerpt":{"rendered":"<p>Daniel Pennac en av Frankrikes store og etablerte intellektuelle forfatterne, og har gitt ut alt fra romaner til barneb\u00f8ker. I Diktatoren og hengek\u00f8ya m\u00f8ter vi Pereira, diktatoren som er blitt hardt angrepet av agorafobi etter \u00e5 ha m\u00f8tt en sp\u00e5kvinne. Vi er i Piau\u00ed, et land som kan ligge i det indre av Brasil. For [&hellip;]<\/p>\n","protected":false},"featured_media":29162,"template":"","meta":{"_acf_changed":false,"inline_featured_image":false},"product_brand":[],"product_cat":[1782],"product_tag":[836,413,1095,601,370],"class_list":{"0":"post-22520","1":"product","2":"type-product","3":"status-publish","4":"has-post-thumbnail","6":"product_cat-fripris","7":"product_tag-diktatur","8":"product_tag-forfattere","9":"product_tag-grafiske-romaner","10":"product_tag-humor","11":"product_tag-skjonnlitteratur","13":"first","14":"outofstock","15":"taxable","16":"shipping-taxable","17":"purchasable","18":"product-type-simple"},"acf":{"anmeldelse":null},"yoast_head":"<!-- This site is optimized with the Yoast SEO plugin v26.6 - https:\/\/yoast.com\/wordpress\/plugins\/seo\/ -->\n<title>Diktatoren og hengek\u00f8ya - Pax<\/title>\n<meta name=\"robots\" content=\"noindex, follow, max-snippet:-1, max-image-preview:large, max-video-preview:-1\" \/>\n<meta property=\"og:locale\" content=\"nb_NO\" \/>\n<meta property=\"og:type\" content=\"article\" \/>\n<meta property=\"og:title\" content=\"Diktatoren og hengek\u00f8ya - Pax\" \/>\n<meta property=\"og:description\" content=\"Daniel Pennac en av Frankrikes store og etablerte intellektuelle forfatterne, og har gitt ut alt fra romaner til barneb\u00f8ker. I Diktatoren og hengek\u00f8ya m\u00f8ter vi Pereira, diktatoren som er blitt hardt angrepet av agorafobi etter \u00e5 ha m\u00f8tt en sp\u00e5kvinne. Vi er i Piau\u00ed, et land som kan ligge i det indre av Brasil. For [&hellip;]\" \/>\n<meta property=\"og:url\" content=\"https:\/\/staging.forenteforlag.no\/pax\/produkt\/diktatoren-og-hengekoya\/\" \/>\n<meta property=\"og:site_name\" content=\"Pax\" \/>\n<meta property=\"article:modified_time\" content=\"2026-03-04T20:38:30+00:00\" \/>\n<meta property=\"og:image\" content=\"https:\/\/staging.forenteforlag.no\/pax\/wp-content\/uploads\/sites\/5\/2025\/08\/jpg-9071.jpg\" \/>\n\t<meta property=\"og:image:width\" content=\"280\" \/>\n\t<meta property=\"og:image:height\" content=\"449\" \/>\n\t<meta property=\"og:image:type\" content=\"image\/jpeg\" \/>\n<meta name=\"twitter:card\" content=\"summary_large_image\" \/>\n<meta name=\"twitter:label1\" content=\"Ansl. lesetid\" \/>\n\t<meta name=\"twitter:data1\" content=\"1 minutt\" \/>\n<script type=\"application\/ld+json\" class=\"yoast-schema-graph\">{\"@context\":\"https:\/\/schema.org\",\"@graph\":[{\"@type\":\"WebPage\",\"@id\":\"https:\/\/staging.forenteforlag.no\/pax\/produkt\/diktatoren-og-hengekoya\/\",\"url\":\"https:\/\/staging.forenteforlag.no\/pax\/produkt\/diktatoren-og-hengekoya\/\",\"name\":\"Diktatoren og hengek\u00f8ya - Pax\",\"isPartOf\":{\"@id\":\"https:\/\/staging.forenteforlag.no\/pax\/#website\"},\"primaryImageOfPage\":{\"@id\":\"https:\/\/staging.forenteforlag.no\/pax\/produkt\/diktatoren-og-hengekoya\/#primaryimage\"},\"image\":{\"@id\":\"https:\/\/staging.forenteforlag.no\/pax\/produkt\/diktatoren-og-hengekoya\/#primaryimage\"},\"thumbnailUrl\":\"https:\/\/staging.forenteforlag.no\/pax\/wp-content\/uploads\/sites\/5\/2025\/08\/jpg-9071.jpg\",\"datePublished\":\"2024-12-10T21:16:05+00:00\",\"dateModified\":\"2026-03-04T20:38:30+00:00\",\"breadcrumb\":{\"@id\":\"https:\/\/staging.forenteforlag.no\/pax\/produkt\/diktatoren-og-hengekoya\/#breadcrumb\"},\"inLanguage\":\"nb-NO\",\"potentialAction\":[{\"@type\":\"ReadAction\",\"target\":[\"https:\/\/staging.forenteforlag.no\/pax\/produkt\/diktatoren-og-hengekoya\/\"]}]},{\"@type\":\"ImageObject\",\"inLanguage\":\"nb-NO\",\"@id\":\"https:\/\/staging.forenteforlag.no\/pax\/produkt\/diktatoren-og-hengekoya\/#primaryimage\",\"url\":\"https:\/\/staging.forenteforlag.no\/pax\/wp-content\/uploads\/sites\/5\/2025\/08\/jpg-9071.jpg\",\"contentUrl\":\"https:\/\/staging.forenteforlag.no\/pax\/wp-content\/uploads\/sites\/5\/2025\/08\/jpg-9071.jpg\",\"width\":280,\"height\":449},{\"@type\":\"BreadcrumbList\",\"@id\":\"https:\/\/staging.forenteforlag.no\/pax\/produkt\/diktatoren-og-hengekoya\/#breadcrumb\",\"itemListElement\":[{\"@type\":\"ListItem\",\"position\":1,\"name\":\"Hjem\",\"item\":\"https:\/\/staging.forenteforlag.no\/pax\/\"},{\"@type\":\"ListItem\",\"position\":2,\"name\":\"Alle b\u00f8ker\",\"item\":\"https:\/\/staging.forenteforlag.no\/pax\/butikk\/\"},{\"@type\":\"ListItem\",\"position\":3,\"name\":\"Diktatoren og hengek\u00f8ya\"}]},{\"@type\":\"WebSite\",\"@id\":\"https:\/\/staging.forenteforlag.no\/pax\/#website\",\"url\":\"https:\/\/staging.forenteforlag.no\/pax\/\",\"name\":\"Pax\",\"description\":\"\",\"potentialAction\":[{\"@type\":\"SearchAction\",\"target\":{\"@type\":\"EntryPoint\",\"urlTemplate\":\"https:\/\/staging.forenteforlag.no\/pax\/?s={search_term_string}\"},\"query-input\":{\"@type\":\"PropertyValueSpecification\",\"valueRequired\":true,\"valueName\":\"search_term_string\"}}],\"inLanguage\":\"nb-NO\"}]}<\/script>\n<!-- \/ Yoast SEO plugin. -->","yoast_head_json":{"title":"Diktatoren og hengek\u00f8ya - Pax","robots":{"index":"noindex","follow":"follow","max-snippet":"max-snippet:-1","max-image-preview":"max-image-preview:large","max-video-preview":"max-video-preview:-1"},"og_locale":"nb_NO","og_type":"article","og_title":"Diktatoren og hengek\u00f8ya - Pax","og_description":"Daniel Pennac en av Frankrikes store og etablerte intellektuelle forfatterne, og har gitt ut alt fra romaner til barneb\u00f8ker. I Diktatoren og hengek\u00f8ya m\u00f8ter vi Pereira, diktatoren som er blitt hardt angrepet av agorafobi etter \u00e5 ha m\u00f8tt en sp\u00e5kvinne. Vi er i Piau\u00ed, et land som kan ligge i det indre av Brasil. For [&hellip;]","og_url":"https:\/\/staging.forenteforlag.no\/pax\/produkt\/diktatoren-og-hengekoya\/","og_site_name":"Pax","article_modified_time":"2026-03-04T20:38:30+00:00","og_image":[{"width":280,"height":449,"url":"https:\/\/staging.forenteforlag.no\/pax\/wp-content\/uploads\/sites\/5\/2025\/08\/jpg-9071.jpg","type":"image\/jpeg"}],"twitter_card":"summary_large_image","twitter_misc":{"Ansl. lesetid":"1 minutt"},"schema":{"@context":"https:\/\/schema.org","@graph":[{"@type":"WebPage","@id":"https:\/\/staging.forenteforlag.no\/pax\/produkt\/diktatoren-og-hengekoya\/","url":"https:\/\/staging.forenteforlag.no\/pax\/produkt\/diktatoren-og-hengekoya\/","name":"Diktatoren og hengek\u00f8ya - Pax","isPartOf":{"@id":"https:\/\/staging.forenteforlag.no\/pax\/#website"},"primaryImageOfPage":{"@id":"https:\/\/staging.forenteforlag.no\/pax\/produkt\/diktatoren-og-hengekoya\/#primaryimage"},"image":{"@id":"https:\/\/staging.forenteforlag.no\/pax\/produkt\/diktatoren-og-hengekoya\/#primaryimage"},"thumbnailUrl":"https:\/\/staging.forenteforlag.no\/pax\/wp-content\/uploads\/sites\/5\/2025\/08\/jpg-9071.jpg","datePublished":"2024-12-10T21:16:05+00:00","dateModified":"2026-03-04T20:38:30+00:00","breadcrumb":{"@id":"https:\/\/staging.forenteforlag.no\/pax\/produkt\/diktatoren-og-hengekoya\/#breadcrumb"},"inLanguage":"nb-NO","potentialAction":[{"@type":"ReadAction","target":["https:\/\/staging.forenteforlag.no\/pax\/produkt\/diktatoren-og-hengekoya\/"]}]},{"@type":"ImageObject","inLanguage":"nb-NO","@id":"https:\/\/staging.forenteforlag.no\/pax\/produkt\/diktatoren-og-hengekoya\/#primaryimage","url":"https:\/\/staging.forenteforlag.no\/pax\/wp-content\/uploads\/sites\/5\/2025\/08\/jpg-9071.jpg","contentUrl":"https:\/\/staging.forenteforlag.no\/pax\/wp-content\/uploads\/sites\/5\/2025\/08\/jpg-9071.jpg","width":280,"height":449},{"@type":"BreadcrumbList","@id":"https:\/\/staging.forenteforlag.no\/pax\/produkt\/diktatoren-og-hengekoya\/#breadcrumb","itemListElement":[{"@type":"ListItem","position":1,"name":"Hjem","item":"https:\/\/staging.forenteforlag.no\/pax\/"},{"@type":"ListItem","position":2,"name":"Alle b\u00f8ker","item":"https:\/\/staging.forenteforlag.no\/pax\/butikk\/"},{"@type":"ListItem","position":3,"name":"Diktatoren og hengek\u00f8ya"}]},{"@type":"WebSite","@id":"https:\/\/staging.forenteforlag.no\/pax\/#website","url":"https:\/\/staging.forenteforlag.no\/pax\/","name":"Pax","description":"","potentialAction":[{"@type":"SearchAction","target":{"@type":"EntryPoint","urlTemplate":"https:\/\/staging.forenteforlag.no\/pax\/?s={search_term_string}"},"query-input":{"@type":"PropertyValueSpecification","valueRequired":true,"valueName":"search_term_string"}}],"inLanguage":"nb-NO"}]}},"_links":{"self":[{"href":"https:\/\/staging.forenteforlag.no\/pax\/wp-json\/wp\/v2\/product\/22520","targetHints":{"allow":["GET"]}}],"collection":[{"href":"https:\/\/staging.forenteforlag.no\/pax\/wp-json\/wp\/v2\/product"}],"about":[{"href":"https:\/\/staging.forenteforlag.no\/pax\/wp-json\/wp\/v2\/types\/product"}],"wp:featuredmedia":[{"embeddable":true,"href":"https:\/\/staging.forenteforlag.no\/pax\/wp-json\/wp\/v2\/media\/29162"}],"wp:attachment":[{"href":"https:\/\/staging.forenteforlag.no\/pax\/wp-json\/wp\/v2\/media?parent=22520"}],"wp:term":[{"taxonomy":"product_brand","embeddable":true,"href":"https:\/\/staging.forenteforlag.no\/pax\/wp-json\/wp\/v2\/product_brand?post=22520"},{"taxonomy":"product_cat","embeddable":true,"href":"https:\/\/staging.forenteforlag.no\/pax\/wp-json\/wp\/v2\/product_cat?post=22520"},{"taxonomy":"product_tag","embeddable":true,"href":"https:\/\/staging.forenteforlag.no\/pax\/wp-json\/wp\/v2\/product_tag?post=22520"}],"curies":[{"name":"wp","href":"https:\/\/api.w.org\/{rel}","templated":true}]}}