{"id":22490,"date":"2010-11-22T01:00:00","date_gmt":"2010-11-22T00:00:00","guid":{"rendered":"https:\/\/pax.forenteforlag.no\/produkt\/arkitektur-i-norge-5\/"},"modified":"2025-08-27T12:07:02","modified_gmt":"2025-08-27T10:07:02","slug":"arkitektur-i-norge-5","status":"publish","type":"product","link":"https:\/\/staging.forenteforlag.no\/pax\/produkt\/arkitektur-i-norge-5\/","title":{"rendered":"Arkitektur i Norge"},"content":{"rendered":"<p>I \u00e5rets bok kan vi blant annet lese om mellomkrigstid i Oslo vest, Nannestad r\u00e5dhus, Carl-Viggo H\u00f8lmebakk, CODE arkitekter og om alternativ til modernismen. \u00c5rboken inneholder ellers en kavalkade over de viktigste bygningene i \u00e5ret som er g\u00e5tt, og rekapitulerer hendelser fra arkitekturens verden. Kavalkaden presenteres b\u00e5de p\u00e5 norsk og engelsk. Alle bildetekster er p\u00e5 engelsk, og hver artikkel avsluttes med et resym\u00e9 p\u00e5 engelsk.<\/p>\n","protected":false},"excerpt":{"rendered":"<p>I \u00e5rets bok kan vi blant annet lese om mellomkrigstid i Oslo vest, Nannestad r\u00e5dhus, Carl-Viggo H\u00f8lmebakk, CODE arkitekter og om alternativ til modernismen. \u00c5rboken inneholder ellers en kavalkade over de viktigste bygningene i \u00e5ret som er g\u00e5tt, og rekapitulerer hendelser fra arkitekturens verden. Kavalkaden presenteres b\u00e5de p\u00e5 norsk og engelsk. Alle bildetekster er p\u00e5 [&hellip;]<\/p>\n","protected":false},"featured_media":29118,"template":"","meta":{"_acf_changed":false,"inline_featured_image":false},"product_brand":[],"product_cat":[19],"product_tag":[1146,438,362,439],"class_list":{"0":"post-22490","1":"product","2":"type-product","3":"status-publish","4":"has-post-thumbnail","6":"product_cat-arkitektur","7":"product_tag-arboker","8":"product_tag-arkitektur","9":"product_tag-faglitteratur","10":"product_tag-nord-norge","11":"pa_format-innbundet","13":"first","14":"outofstock","15":"shipping-taxable","16":"purchasable","17":"product-type-simple"},"acf":{"anmeldelse":null},"yoast_head":"<!-- This site is optimized with the Yoast SEO plugin v26.6 - https:\/\/yoast.com\/wordpress\/plugins\/seo\/ -->\n<title>Arkitektur i Norge - Pax<\/title>\n<meta name=\"robots\" content=\"noindex, follow, max-snippet:-1, max-image-preview:large, max-video-preview:-1\" \/>\n<meta property=\"og:locale\" content=\"nb_NO\" \/>\n<meta property=\"og:type\" content=\"article\" \/>\n<meta property=\"og:title\" content=\"Arkitektur i Norge - Pax\" \/>\n<meta property=\"og:description\" content=\"I \u00e5rets bok kan vi blant annet lese om mellomkrigstid i Oslo vest, Nannestad r\u00e5dhus, Carl-Viggo H\u00f8lmebakk, CODE arkitekter og om alternativ til modernismen. \u00c5rboken inneholder ellers en kavalkade over de viktigste bygningene i \u00e5ret som er g\u00e5tt, og rekapitulerer hendelser fra arkitekturens verden. Kavalkaden presenteres b\u00e5de p\u00e5 norsk og engelsk. Alle bildetekster er p\u00e5 [&hellip;]\" \/>\n<meta property=\"og:url\" content=\"https:\/\/staging.forenteforlag.no\/pax\/produkt\/arkitektur-i-norge-5\/\" \/>\n<meta property=\"og:site_name\" content=\"Pax\" \/>\n<meta property=\"article:modified_time\" content=\"2025-08-27T10:07:02+00:00\" \/>\n<meta property=\"og:image\" content=\"https:\/\/staging.forenteforlag.no\/pax\/wp-content\/uploads\/sites\/5\/2025\/08\/jpg-8943.jpg\" \/>\n\t<meta property=\"og:image:width\" content=\"358\" \/>\n\t<meta property=\"og:image:height\" content=\"450\" \/>\n\t<meta property=\"og:image:type\" content=\"image\/jpeg\" \/>\n<meta name=\"twitter:card\" content=\"summary_large_image\" \/>\n<script type=\"application\/ld+json\" class=\"yoast-schema-graph\">{\"@context\":\"https:\/\/schema.org\",\"@graph\":[{\"@type\":\"WebPage\",\"@id\":\"https:\/\/staging.forenteforlag.no\/pax\/produkt\/arkitektur-i-norge-5\/\",\"url\":\"https:\/\/staging.forenteforlag.no\/pax\/produkt\/arkitektur-i-norge-5\/\",\"name\":\"Arkitektur i Norge - Pax\",\"isPartOf\":{\"@id\":\"https:\/\/staging.forenteforlag.no\/pax\/#website\"},\"primaryImageOfPage\":{\"@id\":\"https:\/\/staging.forenteforlag.no\/pax\/produkt\/arkitektur-i-norge-5\/#primaryimage\"},\"image\":{\"@id\":\"https:\/\/staging.forenteforlag.no\/pax\/produkt\/arkitektur-i-norge-5\/#primaryimage\"},\"thumbnailUrl\":\"https:\/\/staging.forenteforlag.no\/pax\/wp-content\/uploads\/sites\/5\/2025\/08\/jpg-8943.jpg\",\"datePublished\":\"2010-11-22T00:00:00+00:00\",\"dateModified\":\"2025-08-27T10:07:02+00:00\",\"breadcrumb\":{\"@id\":\"https:\/\/staging.forenteforlag.no\/pax\/produkt\/arkitektur-i-norge-5\/#breadcrumb\"},\"inLanguage\":\"nb-NO\",\"potentialAction\":[{\"@type\":\"ReadAction\",\"target\":[\"https:\/\/staging.forenteforlag.no\/pax\/produkt\/arkitektur-i-norge-5\/\"]}]},{\"@type\":\"ImageObject\",\"inLanguage\":\"nb-NO\",\"@id\":\"https:\/\/staging.forenteforlag.no\/pax\/produkt\/arkitektur-i-norge-5\/#primaryimage\",\"url\":\"https:\/\/staging.forenteforlag.no\/pax\/wp-content\/uploads\/sites\/5\/2025\/08\/jpg-8943.jpg\",\"contentUrl\":\"https:\/\/staging.forenteforlag.no\/pax\/wp-content\/uploads\/sites\/5\/2025\/08\/jpg-8943.jpg\",\"width\":358,\"height\":450},{\"@type\":\"BreadcrumbList\",\"@id\":\"https:\/\/staging.forenteforlag.no\/pax\/produkt\/arkitektur-i-norge-5\/#breadcrumb\",\"itemListElement\":[{\"@type\":\"ListItem\",\"position\":1,\"name\":\"Hjem\",\"item\":\"https:\/\/staging.forenteforlag.no\/pax\/\"},{\"@type\":\"ListItem\",\"position\":2,\"name\":\"Alle b\u00f8ker\",\"item\":\"https:\/\/staging.forenteforlag.no\/pax\/butikk\/\"},{\"@type\":\"ListItem\",\"position\":3,\"name\":\"Arkitektur i Norge\"}]},{\"@type\":\"WebSite\",\"@id\":\"https:\/\/staging.forenteforlag.no\/pax\/#website\",\"url\":\"https:\/\/staging.forenteforlag.no\/pax\/\",\"name\":\"Pax\",\"description\":\"\",\"potentialAction\":[{\"@type\":\"SearchAction\",\"target\":{\"@type\":\"EntryPoint\",\"urlTemplate\":\"https:\/\/staging.forenteforlag.no\/pax\/?s={search_term_string}\"},\"query-input\":{\"@type\":\"PropertyValueSpecification\",\"valueRequired\":true,\"valueName\":\"search_term_string\"}}],\"inLanguage\":\"nb-NO\"}]}<\/script>\n<!-- \/ Yoast SEO plugin. -->","yoast_head_json":{"title":"Arkitektur i Norge - Pax","robots":{"index":"noindex","follow":"follow","max-snippet":"max-snippet:-1","max-image-preview":"max-image-preview:large","max-video-preview":"max-video-preview:-1"},"og_locale":"nb_NO","og_type":"article","og_title":"Arkitektur i Norge - Pax","og_description":"I \u00e5rets bok kan vi blant annet lese om mellomkrigstid i Oslo vest, Nannestad r\u00e5dhus, Carl-Viggo H\u00f8lmebakk, CODE arkitekter og om alternativ til modernismen. \u00c5rboken inneholder ellers en kavalkade over de viktigste bygningene i \u00e5ret som er g\u00e5tt, og rekapitulerer hendelser fra arkitekturens verden. Kavalkaden presenteres b\u00e5de p\u00e5 norsk og engelsk. Alle bildetekster er p\u00e5 [&hellip;]","og_url":"https:\/\/staging.forenteforlag.no\/pax\/produkt\/arkitektur-i-norge-5\/","og_site_name":"Pax","article_modified_time":"2025-08-27T10:07:02+00:00","og_image":[{"width":358,"height":450,"url":"https:\/\/staging.forenteforlag.no\/pax\/wp-content\/uploads\/sites\/5\/2025\/08\/jpg-8943.jpg","type":"image\/jpeg"}],"twitter_card":"summary_large_image","schema":{"@context":"https:\/\/schema.org","@graph":[{"@type":"WebPage","@id":"https:\/\/staging.forenteforlag.no\/pax\/produkt\/arkitektur-i-norge-5\/","url":"https:\/\/staging.forenteforlag.no\/pax\/produkt\/arkitektur-i-norge-5\/","name":"Arkitektur i Norge - Pax","isPartOf":{"@id":"https:\/\/staging.forenteforlag.no\/pax\/#website"},"primaryImageOfPage":{"@id":"https:\/\/staging.forenteforlag.no\/pax\/produkt\/arkitektur-i-norge-5\/#primaryimage"},"image":{"@id":"https:\/\/staging.forenteforlag.no\/pax\/produkt\/arkitektur-i-norge-5\/#primaryimage"},"thumbnailUrl":"https:\/\/staging.forenteforlag.no\/pax\/wp-content\/uploads\/sites\/5\/2025\/08\/jpg-8943.jpg","datePublished":"2010-11-22T00:00:00+00:00","dateModified":"2025-08-27T10:07:02+00:00","breadcrumb":{"@id":"https:\/\/staging.forenteforlag.no\/pax\/produkt\/arkitektur-i-norge-5\/#breadcrumb"},"inLanguage":"nb-NO","potentialAction":[{"@type":"ReadAction","target":["https:\/\/staging.forenteforlag.no\/pax\/produkt\/arkitektur-i-norge-5\/"]}]},{"@type":"ImageObject","inLanguage":"nb-NO","@id":"https:\/\/staging.forenteforlag.no\/pax\/produkt\/arkitektur-i-norge-5\/#primaryimage","url":"https:\/\/staging.forenteforlag.no\/pax\/wp-content\/uploads\/sites\/5\/2025\/08\/jpg-8943.jpg","contentUrl":"https:\/\/staging.forenteforlag.no\/pax\/wp-content\/uploads\/sites\/5\/2025\/08\/jpg-8943.jpg","width":358,"height":450},{"@type":"BreadcrumbList","@id":"https:\/\/staging.forenteforlag.no\/pax\/produkt\/arkitektur-i-norge-5\/#breadcrumb","itemListElement":[{"@type":"ListItem","position":1,"name":"Hjem","item":"https:\/\/staging.forenteforlag.no\/pax\/"},{"@type":"ListItem","position":2,"name":"Alle b\u00f8ker","item":"https:\/\/staging.forenteforlag.no\/pax\/butikk\/"},{"@type":"ListItem","position":3,"name":"Arkitektur i Norge"}]},{"@type":"WebSite","@id":"https:\/\/staging.forenteforlag.no\/pax\/#website","url":"https:\/\/staging.forenteforlag.no\/pax\/","name":"Pax","description":"","potentialAction":[{"@type":"SearchAction","target":{"@type":"EntryPoint","urlTemplate":"https:\/\/staging.forenteforlag.no\/pax\/?s={search_term_string}"},"query-input":{"@type":"PropertyValueSpecification","valueRequired":true,"valueName":"search_term_string"}}],"inLanguage":"nb-NO"}]}},"_links":{"self":[{"href":"https:\/\/staging.forenteforlag.no\/pax\/wp-json\/wp\/v2\/product\/22490","targetHints":{"allow":["GET"]}}],"collection":[{"href":"https:\/\/staging.forenteforlag.no\/pax\/wp-json\/wp\/v2\/product"}],"about":[{"href":"https:\/\/staging.forenteforlag.no\/pax\/wp-json\/wp\/v2\/types\/product"}],"wp:featuredmedia":[{"embeddable":true,"href":"https:\/\/staging.forenteforlag.no\/pax\/wp-json\/wp\/v2\/media\/29118"}],"wp:attachment":[{"href":"https:\/\/staging.forenteforlag.no\/pax\/wp-json\/wp\/v2\/media?parent=22490"}],"wp:term":[{"taxonomy":"product_brand","embeddable":true,"href":"https:\/\/staging.forenteforlag.no\/pax\/wp-json\/wp\/v2\/product_brand?post=22490"},{"taxonomy":"product_cat","embeddable":true,"href":"https:\/\/staging.forenteforlag.no\/pax\/wp-json\/wp\/v2\/product_cat?post=22490"},{"taxonomy":"product_tag","embeddable":true,"href":"https:\/\/staging.forenteforlag.no\/pax\/wp-json\/wp\/v2\/product_tag?post=22490"}],"curies":[{"name":"wp","href":"https:\/\/api.w.org\/{rel}","templated":true}]}}