{"id":22215,"date":"2024-12-10T22:08:22","date_gmt":"2024-12-10T21:08:22","guid":{"rendered":"https:\/\/pax.forenteforlag.no\/produkt\/image-i-politikken\/"},"modified":"2026-03-04T19:48:27","modified_gmt":"2026-03-04T18:48:27","slug":"image-i-politikken","status":"publish","type":"product","link":"https:\/\/staging.forenteforlag.no\/pax\/produkt\/image-i-politikken\/","title":{"rendered":"Image i politikken"},"content":{"rendered":"<p>Forfatteren analyserer med eksempler fra Norge, Sverige, Storbritannia og Frankrike politikernes image, deres bruk, eller ikke-bruk, av kj\u00f8nn, kropp og spr\u00e5k. Inntrykket av hva de er blir tidvis gjenstand for st\u00f8rre oppmerksomhet enn hva de faktisk sier. Forfatteren viser at politikere som fors\u00f8ker \u00e5 unnslippe kravene om image ved \u00e5 fokusere p\u00e5 sak, ofte blir innhentet av fenomenet. Med litteraturliste.<\/p>\n","protected":false},"excerpt":{"rendered":"<p>Forfatteren analyserer med eksempler fra Norge, Sverige, Storbritannia og Frankrike politikernes image, deres bruk, eller ikke-bruk, av kj\u00f8nn, kropp og spr\u00e5k. Inntrykket av hva de er blir tidvis gjenstand for st\u00f8rre oppmerksomhet enn hva de faktisk sier. Forfatteren viser at politikere som fors\u00f8ker \u00e5 unnslippe kravene om image ved \u00e5 fokusere p\u00e5 sak, ofte blir [&hellip;]<\/p>\n","protected":false},"featured_media":0,"template":"","meta":{"_acf_changed":false,"inline_featured_image":false},"product_brand":[],"product_cat":[1782],"product_tag":[1543,362,1724],"class_list":{"0":"post-22215","1":"product","2":"type-product","3":"status-publish","5":"product_cat-fripris","6":"product_tag-datakommunikasjon","7":"product_tag-faglitteratur","8":"product_tag-identitetspolitikk","10":"first","11":"outofstock","12":"taxable","13":"shipping-taxable","14":"purchasable","15":"product-type-simple"},"acf":{"anmeldelse":null},"yoast_head":"<!-- This site is optimized with the Yoast SEO plugin v26.6 - https:\/\/yoast.com\/wordpress\/plugins\/seo\/ -->\n<title>Image i politikken - Pax<\/title>\n<meta name=\"robots\" content=\"noindex, follow, max-snippet:-1, max-image-preview:large, max-video-preview:-1\" \/>\n<meta property=\"og:locale\" content=\"nb_NO\" \/>\n<meta property=\"og:type\" content=\"article\" \/>\n<meta property=\"og:title\" content=\"Image i politikken - Pax\" \/>\n<meta property=\"og:description\" content=\"Forfatteren analyserer med eksempler fra Norge, Sverige, Storbritannia og Frankrike politikernes image, deres bruk, eller ikke-bruk, av kj\u00f8nn, kropp og spr\u00e5k. Inntrykket av hva de er blir tidvis gjenstand for st\u00f8rre oppmerksomhet enn hva de faktisk sier. Forfatteren viser at politikere som fors\u00f8ker \u00e5 unnslippe kravene om image ved \u00e5 fokusere p\u00e5 sak, ofte blir [&hellip;]\" \/>\n<meta property=\"og:url\" content=\"https:\/\/staging.forenteforlag.no\/pax\/produkt\/image-i-politikken\/\" \/>\n<meta property=\"og:site_name\" content=\"Pax\" \/>\n<meta property=\"article:modified_time\" content=\"2026-03-04T18:48:27+00:00\" \/>\n<meta property=\"og:image\" content=\"https:\/\/staging.forenteforlag.no\/pax\/wp-content\/uploads\/sites\/5\/2025\/02\/pax-hvit.jpg\" \/>\n\t<meta property=\"og:image:width\" content=\"1200\" \/>\n\t<meta property=\"og:image:height\" content=\"800\" \/>\n\t<meta property=\"og:image:type\" content=\"image\/jpeg\" \/>\n<meta name=\"twitter:card\" content=\"summary_large_image\" \/>\n<script type=\"application\/ld+json\" class=\"yoast-schema-graph\">{\"@context\":\"https:\/\/schema.org\",\"@graph\":[{\"@type\":\"WebPage\",\"@id\":\"https:\/\/staging.forenteforlag.no\/pax\/produkt\/image-i-politikken\/\",\"url\":\"https:\/\/staging.forenteforlag.no\/pax\/produkt\/image-i-politikken\/\",\"name\":\"Image i politikken - Pax\",\"isPartOf\":{\"@id\":\"https:\/\/staging.forenteforlag.no\/pax\/#website\"},\"datePublished\":\"2024-12-10T21:08:22+00:00\",\"dateModified\":\"2026-03-04T18:48:27+00:00\",\"breadcrumb\":{\"@id\":\"https:\/\/staging.forenteforlag.no\/pax\/produkt\/image-i-politikken\/#breadcrumb\"},\"inLanguage\":\"nb-NO\",\"potentialAction\":[{\"@type\":\"ReadAction\",\"target\":[\"https:\/\/staging.forenteforlag.no\/pax\/produkt\/image-i-politikken\/\"]}]},{\"@type\":\"BreadcrumbList\",\"@id\":\"https:\/\/staging.forenteforlag.no\/pax\/produkt\/image-i-politikken\/#breadcrumb\",\"itemListElement\":[{\"@type\":\"ListItem\",\"position\":1,\"name\":\"Hjem\",\"item\":\"https:\/\/staging.forenteforlag.no\/pax\/\"},{\"@type\":\"ListItem\",\"position\":2,\"name\":\"Alle b\u00f8ker\",\"item\":\"https:\/\/staging.forenteforlag.no\/pax\/butikk\/\"},{\"@type\":\"ListItem\",\"position\":3,\"name\":\"Image i politikken\"}]},{\"@type\":\"WebSite\",\"@id\":\"https:\/\/staging.forenteforlag.no\/pax\/#website\",\"url\":\"https:\/\/staging.forenteforlag.no\/pax\/\",\"name\":\"Pax\",\"description\":\"\",\"potentialAction\":[{\"@type\":\"SearchAction\",\"target\":{\"@type\":\"EntryPoint\",\"urlTemplate\":\"https:\/\/staging.forenteforlag.no\/pax\/?s={search_term_string}\"},\"query-input\":{\"@type\":\"PropertyValueSpecification\",\"valueRequired\":true,\"valueName\":\"search_term_string\"}}],\"inLanguage\":\"nb-NO\"}]}<\/script>\n<!-- \/ Yoast SEO plugin. -->","yoast_head_json":{"title":"Image i politikken - Pax","robots":{"index":"noindex","follow":"follow","max-snippet":"max-snippet:-1","max-image-preview":"max-image-preview:large","max-video-preview":"max-video-preview:-1"},"og_locale":"nb_NO","og_type":"article","og_title":"Image i politikken - Pax","og_description":"Forfatteren analyserer med eksempler fra Norge, Sverige, Storbritannia og Frankrike politikernes image, deres bruk, eller ikke-bruk, av kj\u00f8nn, kropp og spr\u00e5k. Inntrykket av hva de er blir tidvis gjenstand for st\u00f8rre oppmerksomhet enn hva de faktisk sier. Forfatteren viser at politikere som fors\u00f8ker \u00e5 unnslippe kravene om image ved \u00e5 fokusere p\u00e5 sak, ofte blir [&hellip;]","og_url":"https:\/\/staging.forenteforlag.no\/pax\/produkt\/image-i-politikken\/","og_site_name":"Pax","article_modified_time":"2026-03-04T18:48:27+00:00","og_image":[{"width":1200,"height":800,"url":"https:\/\/staging.forenteforlag.no\/pax\/wp-content\/uploads\/sites\/5\/2025\/02\/pax-hvit.jpg","type":"image\/jpeg"}],"twitter_card":"summary_large_image","schema":{"@context":"https:\/\/schema.org","@graph":[{"@type":"WebPage","@id":"https:\/\/staging.forenteforlag.no\/pax\/produkt\/image-i-politikken\/","url":"https:\/\/staging.forenteforlag.no\/pax\/produkt\/image-i-politikken\/","name":"Image i politikken - Pax","isPartOf":{"@id":"https:\/\/staging.forenteforlag.no\/pax\/#website"},"datePublished":"2024-12-10T21:08:22+00:00","dateModified":"2026-03-04T18:48:27+00:00","breadcrumb":{"@id":"https:\/\/staging.forenteforlag.no\/pax\/produkt\/image-i-politikken\/#breadcrumb"},"inLanguage":"nb-NO","potentialAction":[{"@type":"ReadAction","target":["https:\/\/staging.forenteforlag.no\/pax\/produkt\/image-i-politikken\/"]}]},{"@type":"BreadcrumbList","@id":"https:\/\/staging.forenteforlag.no\/pax\/produkt\/image-i-politikken\/#breadcrumb","itemListElement":[{"@type":"ListItem","position":1,"name":"Hjem","item":"https:\/\/staging.forenteforlag.no\/pax\/"},{"@type":"ListItem","position":2,"name":"Alle b\u00f8ker","item":"https:\/\/staging.forenteforlag.no\/pax\/butikk\/"},{"@type":"ListItem","position":3,"name":"Image i politikken"}]},{"@type":"WebSite","@id":"https:\/\/staging.forenteforlag.no\/pax\/#website","url":"https:\/\/staging.forenteforlag.no\/pax\/","name":"Pax","description":"","potentialAction":[{"@type":"SearchAction","target":{"@type":"EntryPoint","urlTemplate":"https:\/\/staging.forenteforlag.no\/pax\/?s={search_term_string}"},"query-input":{"@type":"PropertyValueSpecification","valueRequired":true,"valueName":"search_term_string"}}],"inLanguage":"nb-NO"}]}},"_links":{"self":[{"href":"https:\/\/staging.forenteforlag.no\/pax\/wp-json\/wp\/v2\/product\/22215","targetHints":{"allow":["GET"]}}],"collection":[{"href":"https:\/\/staging.forenteforlag.no\/pax\/wp-json\/wp\/v2\/product"}],"about":[{"href":"https:\/\/staging.forenteforlag.no\/pax\/wp-json\/wp\/v2\/types\/product"}],"wp:attachment":[{"href":"https:\/\/staging.forenteforlag.no\/pax\/wp-json\/wp\/v2\/media?parent=22215"}],"wp:term":[{"taxonomy":"product_brand","embeddable":true,"href":"https:\/\/staging.forenteforlag.no\/pax\/wp-json\/wp\/v2\/product_brand?post=22215"},{"taxonomy":"product_cat","embeddable":true,"href":"https:\/\/staging.forenteforlag.no\/pax\/wp-json\/wp\/v2\/product_cat?post=22215"},{"taxonomy":"product_tag","embeddable":true,"href":"https:\/\/staging.forenteforlag.no\/pax\/wp-json\/wp\/v2\/product_tag?post=22215"}],"curies":[{"name":"wp","href":"https:\/\/api.w.org\/{rel}","templated":true}]}}