{"id":22181,"date":"2024-12-10T22:07:47","date_gmt":"2024-12-10T21:07:47","guid":{"rendered":"https:\/\/pax.forenteforlag.no\/produkt\/gutten-i-den-gronne-jakka\/"},"modified":"2026-03-04T18:56:56","modified_gmt":"2026-03-04T17:56:56","slug":"gutten-i-den-gronne-jakka","status":"publish","type":"product","link":"https:\/\/staging.forenteforlag.no\/pax\/produkt\/gutten-i-den-gronne-jakka\/","title":{"rendered":"Gutten i den gr\u00f8nne jakka"},"content":{"rendered":"<p>Dokumentarroman som tar utgangspunkt i den s\u00e5kalte Hadeland-saken i 1981 da to unge gutter ble skutt p\u00e5 en \u00f8de skogsvei. B\u00e5de de drepte og drapsmennene hadde tilknytning til Oslos nynazistiske milj\u00f8. De to som ble d\u00f8mt som hovedansvarlige fikk atten \u00e5rs fengsel hver.<\/p>\n","protected":false},"excerpt":{"rendered":"<p>Dokumentarroman som tar utgangspunkt i den s\u00e5kalte Hadeland-saken i 1981 da to unge gutter ble skutt p\u00e5 en \u00f8de skogsvei. B\u00e5de de drepte og drapsmennene hadde tilknytning til Oslos nynazistiske milj\u00f8. De to som ble d\u00f8mt som hovedansvarlige fikk atten \u00e5rs fengsel hver.<\/p>\n","protected":false},"featured_media":0,"template":"","meta":{"_acf_changed":false,"inline_featured_image":false},"product_brand":[],"product_cat":[1782],"product_tag":[1317,373,1095,370],"class_list":{"0":"post-22181","1":"product","2":"type-product","3":"status-publish","5":"product_cat-fripris","6":"product_tag-aeresdrap","7":"product_tag-gjengkriminalitet","8":"product_tag-grafiske-romaner","9":"product_tag-skjonnlitteratur","11":"first","12":"outofstock","13":"taxable","14":"shipping-taxable","15":"purchasable","16":"product-type-simple"},"acf":{"anmeldelse":null},"yoast_head":"<!-- This site is optimized with the Yoast SEO plugin v26.6 - https:\/\/yoast.com\/wordpress\/plugins\/seo\/ -->\n<title>Gutten i den gr\u00f8nne jakka - Pax<\/title>\n<meta name=\"robots\" content=\"noindex, follow, max-snippet:-1, max-image-preview:large, max-video-preview:-1\" \/>\n<meta property=\"og:locale\" content=\"nb_NO\" \/>\n<meta property=\"og:type\" content=\"article\" \/>\n<meta property=\"og:title\" content=\"Gutten i den gr\u00f8nne jakka - Pax\" \/>\n<meta property=\"og:description\" content=\"Dokumentarroman som tar utgangspunkt i den s\u00e5kalte Hadeland-saken i 1981 da to unge gutter ble skutt p\u00e5 en \u00f8de skogsvei. B\u00e5de de drepte og drapsmennene hadde tilknytning til Oslos nynazistiske milj\u00f8. De to som ble d\u00f8mt som hovedansvarlige fikk atten \u00e5rs fengsel hver.\" \/>\n<meta property=\"og:url\" content=\"https:\/\/staging.forenteforlag.no\/pax\/produkt\/gutten-i-den-gronne-jakka\/\" \/>\n<meta property=\"og:site_name\" content=\"Pax\" \/>\n<meta property=\"article:modified_time\" content=\"2026-03-04T17:56:56+00:00\" \/>\n<meta property=\"og:image\" content=\"https:\/\/staging.forenteforlag.no\/pax\/wp-content\/uploads\/sites\/5\/2025\/02\/pax-hvit.jpg\" \/>\n\t<meta property=\"og:image:width\" content=\"1200\" \/>\n\t<meta property=\"og:image:height\" content=\"800\" \/>\n\t<meta property=\"og:image:type\" content=\"image\/jpeg\" \/>\n<meta name=\"twitter:card\" content=\"summary_large_image\" \/>\n<script type=\"application\/ld+json\" class=\"yoast-schema-graph\">{\"@context\":\"https:\/\/schema.org\",\"@graph\":[{\"@type\":\"WebPage\",\"@id\":\"https:\/\/staging.forenteforlag.no\/pax\/produkt\/gutten-i-den-gronne-jakka\/\",\"url\":\"https:\/\/staging.forenteforlag.no\/pax\/produkt\/gutten-i-den-gronne-jakka\/\",\"name\":\"Gutten i den gr\u00f8nne jakka - Pax\",\"isPartOf\":{\"@id\":\"https:\/\/staging.forenteforlag.no\/pax\/#website\"},\"datePublished\":\"2024-12-10T21:07:47+00:00\",\"dateModified\":\"2026-03-04T17:56:56+00:00\",\"breadcrumb\":{\"@id\":\"https:\/\/staging.forenteforlag.no\/pax\/produkt\/gutten-i-den-gronne-jakka\/#breadcrumb\"},\"inLanguage\":\"nb-NO\",\"potentialAction\":[{\"@type\":\"ReadAction\",\"target\":[\"https:\/\/staging.forenteforlag.no\/pax\/produkt\/gutten-i-den-gronne-jakka\/\"]}]},{\"@type\":\"BreadcrumbList\",\"@id\":\"https:\/\/staging.forenteforlag.no\/pax\/produkt\/gutten-i-den-gronne-jakka\/#breadcrumb\",\"itemListElement\":[{\"@type\":\"ListItem\",\"position\":1,\"name\":\"Hjem\",\"item\":\"https:\/\/staging.forenteforlag.no\/pax\/\"},{\"@type\":\"ListItem\",\"position\":2,\"name\":\"Alle b\u00f8ker\",\"item\":\"https:\/\/staging.forenteforlag.no\/pax\/butikk\/\"},{\"@type\":\"ListItem\",\"position\":3,\"name\":\"Gutten i den gr\u00f8nne jakka\"}]},{\"@type\":\"WebSite\",\"@id\":\"https:\/\/staging.forenteforlag.no\/pax\/#website\",\"url\":\"https:\/\/staging.forenteforlag.no\/pax\/\",\"name\":\"Pax\",\"description\":\"\",\"potentialAction\":[{\"@type\":\"SearchAction\",\"target\":{\"@type\":\"EntryPoint\",\"urlTemplate\":\"https:\/\/staging.forenteforlag.no\/pax\/?s={search_term_string}\"},\"query-input\":{\"@type\":\"PropertyValueSpecification\",\"valueRequired\":true,\"valueName\":\"search_term_string\"}}],\"inLanguage\":\"nb-NO\"}]}<\/script>\n<!-- \/ Yoast SEO plugin. -->","yoast_head_json":{"title":"Gutten i den gr\u00f8nne jakka - Pax","robots":{"index":"noindex","follow":"follow","max-snippet":"max-snippet:-1","max-image-preview":"max-image-preview:large","max-video-preview":"max-video-preview:-1"},"og_locale":"nb_NO","og_type":"article","og_title":"Gutten i den gr\u00f8nne jakka - Pax","og_description":"Dokumentarroman som tar utgangspunkt i den s\u00e5kalte Hadeland-saken i 1981 da to unge gutter ble skutt p\u00e5 en \u00f8de skogsvei. B\u00e5de de drepte og drapsmennene hadde tilknytning til Oslos nynazistiske milj\u00f8. De to som ble d\u00f8mt som hovedansvarlige fikk atten \u00e5rs fengsel hver.","og_url":"https:\/\/staging.forenteforlag.no\/pax\/produkt\/gutten-i-den-gronne-jakka\/","og_site_name":"Pax","article_modified_time":"2026-03-04T17:56:56+00:00","og_image":[{"width":1200,"height":800,"url":"https:\/\/staging.forenteforlag.no\/pax\/wp-content\/uploads\/sites\/5\/2025\/02\/pax-hvit.jpg","type":"image\/jpeg"}],"twitter_card":"summary_large_image","schema":{"@context":"https:\/\/schema.org","@graph":[{"@type":"WebPage","@id":"https:\/\/staging.forenteforlag.no\/pax\/produkt\/gutten-i-den-gronne-jakka\/","url":"https:\/\/staging.forenteforlag.no\/pax\/produkt\/gutten-i-den-gronne-jakka\/","name":"Gutten i den gr\u00f8nne jakka - Pax","isPartOf":{"@id":"https:\/\/staging.forenteforlag.no\/pax\/#website"},"datePublished":"2024-12-10T21:07:47+00:00","dateModified":"2026-03-04T17:56:56+00:00","breadcrumb":{"@id":"https:\/\/staging.forenteforlag.no\/pax\/produkt\/gutten-i-den-gronne-jakka\/#breadcrumb"},"inLanguage":"nb-NO","potentialAction":[{"@type":"ReadAction","target":["https:\/\/staging.forenteforlag.no\/pax\/produkt\/gutten-i-den-gronne-jakka\/"]}]},{"@type":"BreadcrumbList","@id":"https:\/\/staging.forenteforlag.no\/pax\/produkt\/gutten-i-den-gronne-jakka\/#breadcrumb","itemListElement":[{"@type":"ListItem","position":1,"name":"Hjem","item":"https:\/\/staging.forenteforlag.no\/pax\/"},{"@type":"ListItem","position":2,"name":"Alle b\u00f8ker","item":"https:\/\/staging.forenteforlag.no\/pax\/butikk\/"},{"@type":"ListItem","position":3,"name":"Gutten i den gr\u00f8nne jakka"}]},{"@type":"WebSite","@id":"https:\/\/staging.forenteforlag.no\/pax\/#website","url":"https:\/\/staging.forenteforlag.no\/pax\/","name":"Pax","description":"","potentialAction":[{"@type":"SearchAction","target":{"@type":"EntryPoint","urlTemplate":"https:\/\/staging.forenteforlag.no\/pax\/?s={search_term_string}"},"query-input":{"@type":"PropertyValueSpecification","valueRequired":true,"valueName":"search_term_string"}}],"inLanguage":"nb-NO"}]}},"_links":{"self":[{"href":"https:\/\/staging.forenteforlag.no\/pax\/wp-json\/wp\/v2\/product\/22181","targetHints":{"allow":["GET"]}}],"collection":[{"href":"https:\/\/staging.forenteforlag.no\/pax\/wp-json\/wp\/v2\/product"}],"about":[{"href":"https:\/\/staging.forenteforlag.no\/pax\/wp-json\/wp\/v2\/types\/product"}],"wp:attachment":[{"href":"https:\/\/staging.forenteforlag.no\/pax\/wp-json\/wp\/v2\/media?parent=22181"}],"wp:term":[{"taxonomy":"product_brand","embeddable":true,"href":"https:\/\/staging.forenteforlag.no\/pax\/wp-json\/wp\/v2\/product_brand?post=22181"},{"taxonomy":"product_cat","embeddable":true,"href":"https:\/\/staging.forenteforlag.no\/pax\/wp-json\/wp\/v2\/product_cat?post=22181"},{"taxonomy":"product_tag","embeddable":true,"href":"https:\/\/staging.forenteforlag.no\/pax\/wp-json\/wp\/v2\/product_tag?post=22181"}],"curies":[{"name":"wp","href":"https:\/\/api.w.org\/{rel}","templated":true}]}}