{"id":21456,"date":"2024-12-10T22:31:44","date_gmt":"2024-12-10T21:31:44","guid":{"rendered":"https:\/\/pax.forenteforlag.no\/produkt\/var-forakt-for-svakhet-2\/"},"modified":"2026-03-04T17:14:15","modified_gmt":"2026-03-04T16:14:15","slug":"var-forakt-for-svakhet-2","status":"publish","type":"product","link":"https:\/\/staging.forenteforlag.no\/pax\/produkt\/var-forakt-for-svakhet-2\/","title":{"rendered":"V\u00e5r forakt for svakhet"},"content":{"rendered":"<p>Nazismen er l\u00e6ren om den autorit\u00e6re elitens rett til \u00e5 herske og utnytte andre, om den sterkes forakt for de svake og den konformes rett til \u00e5 d\u00f8mme avvikeren. Boka trenger dypt inn i psykologiske og filosofiske avgrunner i nazistisk ideologi, analyserer nazismens vurdering av normer og deres oppfatning av fakta, og pr\u00f8ver \u00e5 trenge inn i livsinnstillingen som l\u00e5 til grunn for handlingene.<\/p>\n","protected":false},"excerpt":{"rendered":"<p>Nazismen er l\u00e6ren om den autorit\u00e6re elitens rett til \u00e5 herske og utnytte andre, om den sterkes forakt for de svake og den konformes rett til \u00e5 d\u00f8mme avvikeren. Boka trenger dypt inn i psykologiske og filosofiske avgrunner i nazistisk ideologi, analyserer nazismens vurdering av normer og deres oppfatning av fakta, og pr\u00f8ver \u00e5 trenge [&hellip;]<\/p>\n","protected":false},"featured_media":0,"template":"","meta":{"_acf_changed":false,"inline_featured_image":false},"product_brand":[],"product_cat":[1782],"product_tag":[362,909,540],"class_list":{"0":"post-21456","1":"product","2":"type-product","3":"status-publish","5":"product_cat-fripris","6":"product_tag-faglitteratur","7":"product_tag-fascisme","8":"product_tag-nazisme","10":"first","11":"outofstock","12":"taxable","13":"shipping-taxable","14":"purchasable","15":"product-type-simple"},"acf":{"anmeldelse":null},"yoast_head":"<!-- This site is optimized with the Yoast SEO plugin v26.6 - https:\/\/yoast.com\/wordpress\/plugins\/seo\/ -->\n<title>V\u00e5r forakt for svakhet - Pax<\/title>\n<meta name=\"robots\" content=\"noindex, follow, max-snippet:-1, max-image-preview:large, max-video-preview:-1\" \/>\n<meta property=\"og:locale\" content=\"nb_NO\" \/>\n<meta property=\"og:type\" content=\"article\" \/>\n<meta property=\"og:title\" content=\"V\u00e5r forakt for svakhet - Pax\" \/>\n<meta property=\"og:description\" content=\"Nazismen er l\u00e6ren om den autorit\u00e6re elitens rett til \u00e5 herske og utnytte andre, om den sterkes forakt for de svake og den konformes rett til \u00e5 d\u00f8mme avvikeren. Boka trenger dypt inn i psykologiske og filosofiske avgrunner i nazistisk ideologi, analyserer nazismens vurdering av normer og deres oppfatning av fakta, og pr\u00f8ver \u00e5 trenge [&hellip;]\" \/>\n<meta property=\"og:url\" content=\"https:\/\/staging.forenteforlag.no\/pax\/produkt\/var-forakt-for-svakhet-2\/\" \/>\n<meta property=\"og:site_name\" content=\"Pax\" \/>\n<meta property=\"article:modified_time\" content=\"2026-03-04T16:14:15+00:00\" \/>\n<meta property=\"og:image\" content=\"https:\/\/staging.forenteforlag.no\/pax\/wp-content\/uploads\/sites\/5\/2025\/02\/pax-hvit.jpg\" \/>\n\t<meta property=\"og:image:width\" content=\"1200\" \/>\n\t<meta property=\"og:image:height\" content=\"800\" \/>\n\t<meta property=\"og:image:type\" content=\"image\/jpeg\" \/>\n<meta name=\"twitter:card\" content=\"summary_large_image\" \/>\n<script type=\"application\/ld+json\" class=\"yoast-schema-graph\">{\"@context\":\"https:\/\/schema.org\",\"@graph\":[{\"@type\":\"WebPage\",\"@id\":\"https:\/\/staging.forenteforlag.no\/pax\/produkt\/var-forakt-for-svakhet-2\/\",\"url\":\"https:\/\/staging.forenteforlag.no\/pax\/produkt\/var-forakt-for-svakhet-2\/\",\"name\":\"V\u00e5r forakt for svakhet - Pax\",\"isPartOf\":{\"@id\":\"https:\/\/staging.forenteforlag.no\/pax\/#website\"},\"datePublished\":\"2024-12-10T21:31:44+00:00\",\"dateModified\":\"2026-03-04T16:14:15+00:00\",\"breadcrumb\":{\"@id\":\"https:\/\/staging.forenteforlag.no\/pax\/produkt\/var-forakt-for-svakhet-2\/#breadcrumb\"},\"inLanguage\":\"nb-NO\",\"potentialAction\":[{\"@type\":\"ReadAction\",\"target\":[\"https:\/\/staging.forenteforlag.no\/pax\/produkt\/var-forakt-for-svakhet-2\/\"]}]},{\"@type\":\"BreadcrumbList\",\"@id\":\"https:\/\/staging.forenteforlag.no\/pax\/produkt\/var-forakt-for-svakhet-2\/#breadcrumb\",\"itemListElement\":[{\"@type\":\"ListItem\",\"position\":1,\"name\":\"Hjem\",\"item\":\"https:\/\/staging.forenteforlag.no\/pax\/\"},{\"@type\":\"ListItem\",\"position\":2,\"name\":\"Alle b\u00f8ker\",\"item\":\"https:\/\/staging.forenteforlag.no\/pax\/butikk\/\"},{\"@type\":\"ListItem\",\"position\":3,\"name\":\"V\u00e5r forakt for svakhet\"}]},{\"@type\":\"WebSite\",\"@id\":\"https:\/\/staging.forenteforlag.no\/pax\/#website\",\"url\":\"https:\/\/staging.forenteforlag.no\/pax\/\",\"name\":\"Pax\",\"description\":\"\",\"potentialAction\":[{\"@type\":\"SearchAction\",\"target\":{\"@type\":\"EntryPoint\",\"urlTemplate\":\"https:\/\/staging.forenteforlag.no\/pax\/?s={search_term_string}\"},\"query-input\":{\"@type\":\"PropertyValueSpecification\",\"valueRequired\":true,\"valueName\":\"search_term_string\"}}],\"inLanguage\":\"nb-NO\"}]}<\/script>\n<!-- \/ Yoast SEO plugin. -->","yoast_head_json":{"title":"V\u00e5r forakt for svakhet - Pax","robots":{"index":"noindex","follow":"follow","max-snippet":"max-snippet:-1","max-image-preview":"max-image-preview:large","max-video-preview":"max-video-preview:-1"},"og_locale":"nb_NO","og_type":"article","og_title":"V\u00e5r forakt for svakhet - Pax","og_description":"Nazismen er l\u00e6ren om den autorit\u00e6re elitens rett til \u00e5 herske og utnytte andre, om den sterkes forakt for de svake og den konformes rett til \u00e5 d\u00f8mme avvikeren. Boka trenger dypt inn i psykologiske og filosofiske avgrunner i nazistisk ideologi, analyserer nazismens vurdering av normer og deres oppfatning av fakta, og pr\u00f8ver \u00e5 trenge [&hellip;]","og_url":"https:\/\/staging.forenteforlag.no\/pax\/produkt\/var-forakt-for-svakhet-2\/","og_site_name":"Pax","article_modified_time":"2026-03-04T16:14:15+00:00","og_image":[{"width":1200,"height":800,"url":"https:\/\/staging.forenteforlag.no\/pax\/wp-content\/uploads\/sites\/5\/2025\/02\/pax-hvit.jpg","type":"image\/jpeg"}],"twitter_card":"summary_large_image","schema":{"@context":"https:\/\/schema.org","@graph":[{"@type":"WebPage","@id":"https:\/\/staging.forenteforlag.no\/pax\/produkt\/var-forakt-for-svakhet-2\/","url":"https:\/\/staging.forenteforlag.no\/pax\/produkt\/var-forakt-for-svakhet-2\/","name":"V\u00e5r forakt for svakhet - Pax","isPartOf":{"@id":"https:\/\/staging.forenteforlag.no\/pax\/#website"},"datePublished":"2024-12-10T21:31:44+00:00","dateModified":"2026-03-04T16:14:15+00:00","breadcrumb":{"@id":"https:\/\/staging.forenteforlag.no\/pax\/produkt\/var-forakt-for-svakhet-2\/#breadcrumb"},"inLanguage":"nb-NO","potentialAction":[{"@type":"ReadAction","target":["https:\/\/staging.forenteforlag.no\/pax\/produkt\/var-forakt-for-svakhet-2\/"]}]},{"@type":"BreadcrumbList","@id":"https:\/\/staging.forenteforlag.no\/pax\/produkt\/var-forakt-for-svakhet-2\/#breadcrumb","itemListElement":[{"@type":"ListItem","position":1,"name":"Hjem","item":"https:\/\/staging.forenteforlag.no\/pax\/"},{"@type":"ListItem","position":2,"name":"Alle b\u00f8ker","item":"https:\/\/staging.forenteforlag.no\/pax\/butikk\/"},{"@type":"ListItem","position":3,"name":"V\u00e5r forakt for svakhet"}]},{"@type":"WebSite","@id":"https:\/\/staging.forenteforlag.no\/pax\/#website","url":"https:\/\/staging.forenteforlag.no\/pax\/","name":"Pax","description":"","potentialAction":[{"@type":"SearchAction","target":{"@type":"EntryPoint","urlTemplate":"https:\/\/staging.forenteforlag.no\/pax\/?s={search_term_string}"},"query-input":{"@type":"PropertyValueSpecification","valueRequired":true,"valueName":"search_term_string"}}],"inLanguage":"nb-NO"}]}},"_links":{"self":[{"href":"https:\/\/staging.forenteforlag.no\/pax\/wp-json\/wp\/v2\/product\/21456","targetHints":{"allow":["GET"]}}],"collection":[{"href":"https:\/\/staging.forenteforlag.no\/pax\/wp-json\/wp\/v2\/product"}],"about":[{"href":"https:\/\/staging.forenteforlag.no\/pax\/wp-json\/wp\/v2\/types\/product"}],"wp:attachment":[{"href":"https:\/\/staging.forenteforlag.no\/pax\/wp-json\/wp\/v2\/media?parent=21456"}],"wp:term":[{"taxonomy":"product_brand","embeddable":true,"href":"https:\/\/staging.forenteforlag.no\/pax\/wp-json\/wp\/v2\/product_brand?post=21456"},{"taxonomy":"product_cat","embeddable":true,"href":"https:\/\/staging.forenteforlag.no\/pax\/wp-json\/wp\/v2\/product_cat?post=21456"},{"taxonomy":"product_tag","embeddable":true,"href":"https:\/\/staging.forenteforlag.no\/pax\/wp-json\/wp\/v2\/product_tag?post=21456"}],"curies":[{"name":"wp","href":"https:\/\/api.w.org\/{rel}","templated":true}]}}