{"id":21347,"date":"2010-08-23T02:00:00","date_gmt":"2010-08-23T00:00:00","guid":{"rendered":"https:\/\/pax.forenteforlag.no\/produkt\/de-indoeuropeiske-sprakenes-historie\/"},"modified":"2025-08-27T10:56:12","modified_gmt":"2025-08-27T08:56:12","slug":"de-indoeuropeiske-sprakenes-historie","status":"publish","type":"product","link":"https:\/\/staging.forenteforlag.no\/pax\/produkt\/de-indoeuropeiske-sprakenes-historie\/","title":{"rendered":"De indoeuropeiske spr\u00e5kenes historie"},"content":{"rendered":"<p>P\u00e5 hvilken m\u00e5te h\u00f8rer norsk, engelsk og latin egentlig sammen? Hvordan henger disse spr\u00e5kene igjen sammen med merkelige spr\u00e5k som hettittisk og luvisk, og med spr\u00e5k som urdu og panjabi? Den store indoeuropeiske spr\u00e5kfamilien omfatter et enormt antall spr\u00e5k i Europa og Asia. Allerede for 250 \u00e5r siden oppdaget man at disse m\u00e5tte stamme fra samme urspr\u00e5k. P\u00e5 en nesten magisk m\u00e5te har man gjenskapt dette spr\u00e5ket, urindoeuropeisk, som har spredt seg og blitt til mindre familier som germansk, slavisk, keltisk og indoiransk. Det unge, svenske spr\u00e5kgeniet Ola Wikander gir oss en entusiastisk innf\u00f8ring i en fascinerende historie.<\/p>\n","protected":false},"excerpt":{"rendered":"<p>P\u00e5 hvilken m\u00e5te h\u00f8rer norsk, engelsk og latin egentlig sammen? Hvordan henger disse spr\u00e5kene igjen sammen med merkelige spr\u00e5k som hettittisk og luvisk, og med spr\u00e5k som urdu og panjabi? Den store indoeuropeiske spr\u00e5kfamilien omfatter et enormt antall spr\u00e5k i Europa og Asia. Allerede for 250 \u00e5r siden oppdaget man at disse m\u00e5tte stamme fra [&hellip;]<\/p>\n","protected":false},"featured_media":28757,"template":"","meta":{"_acf_changed":false,"inline_featured_image":false},"product_brand":[],"product_cat":[33],"product_tag":[362,1357,574],"class_list":{"0":"post-21347","1":"product","2":"type-product","3":"status-publish","4":"has-post-thumbnail","6":"product_cat-sprak","7":"product_tag-faglitteratur","8":"product_tag-indoeuropeiske-sprak","9":"product_tag-sprakhistorie","10":"pa_format-innbundet","12":"first","13":"outofstock","14":"shipping-taxable","15":"purchasable","16":"product-type-simple"},"acf":{"anmeldelse":null},"yoast_head":"<!-- This site is optimized with the Yoast SEO plugin v26.6 - https:\/\/yoast.com\/wordpress\/plugins\/seo\/ -->\n<title>De indoeuropeiske spr\u00e5kenes historie - Pax<\/title>\n<meta name=\"robots\" content=\"noindex, follow, max-snippet:-1, max-image-preview:large, max-video-preview:-1\" \/>\n<meta property=\"og:locale\" content=\"nb_NO\" \/>\n<meta property=\"og:type\" content=\"article\" \/>\n<meta property=\"og:title\" content=\"De indoeuropeiske spr\u00e5kenes historie - Pax\" \/>\n<meta property=\"og:description\" content=\"P\u00e5 hvilken m\u00e5te h\u00f8rer norsk, engelsk og latin egentlig sammen? Hvordan henger disse spr\u00e5kene igjen sammen med merkelige spr\u00e5k som hettittisk og luvisk, og med spr\u00e5k som urdu og panjabi? Den store indoeuropeiske spr\u00e5kfamilien omfatter et enormt antall spr\u00e5k i Europa og Asia. Allerede for 250 \u00e5r siden oppdaget man at disse m\u00e5tte stamme fra [&hellip;]\" \/>\n<meta property=\"og:url\" content=\"https:\/\/staging.forenteforlag.no\/pax\/produkt\/de-indoeuropeiske-sprakenes-historie\/\" \/>\n<meta property=\"og:site_name\" content=\"Pax\" \/>\n<meta property=\"article:modified_time\" content=\"2025-08-27T08:56:12+00:00\" \/>\n<meta property=\"og:image\" content=\"https:\/\/staging.forenteforlag.no\/pax\/wp-content\/uploads\/sites\/5\/2025\/08\/jpg-7874.jpg\" \/>\n\t<meta property=\"og:image:width\" content=\"327\" \/>\n\t<meta property=\"og:image:height\" content=\"449\" \/>\n\t<meta property=\"og:image:type\" content=\"image\/jpeg\" \/>\n<meta name=\"twitter:card\" content=\"summary_large_image\" \/>\n<meta name=\"twitter:label1\" content=\"Ansl. lesetid\" \/>\n\t<meta name=\"twitter:data1\" content=\"1 minutt\" \/>\n<script type=\"application\/ld+json\" class=\"yoast-schema-graph\">{\"@context\":\"https:\/\/schema.org\",\"@graph\":[{\"@type\":\"WebPage\",\"@id\":\"https:\/\/staging.forenteforlag.no\/pax\/produkt\/de-indoeuropeiske-sprakenes-historie\/\",\"url\":\"https:\/\/staging.forenteforlag.no\/pax\/produkt\/de-indoeuropeiske-sprakenes-historie\/\",\"name\":\"De indoeuropeiske spr\u00e5kenes historie - Pax\",\"isPartOf\":{\"@id\":\"https:\/\/staging.forenteforlag.no\/pax\/#website\"},\"primaryImageOfPage\":{\"@id\":\"https:\/\/staging.forenteforlag.no\/pax\/produkt\/de-indoeuropeiske-sprakenes-historie\/#primaryimage\"},\"image\":{\"@id\":\"https:\/\/staging.forenteforlag.no\/pax\/produkt\/de-indoeuropeiske-sprakenes-historie\/#primaryimage\"},\"thumbnailUrl\":\"https:\/\/staging.forenteforlag.no\/pax\/wp-content\/uploads\/sites\/5\/2025\/08\/jpg-7874.jpg\",\"datePublished\":\"2010-08-23T00:00:00+00:00\",\"dateModified\":\"2025-08-27T08:56:12+00:00\",\"breadcrumb\":{\"@id\":\"https:\/\/staging.forenteforlag.no\/pax\/produkt\/de-indoeuropeiske-sprakenes-historie\/#breadcrumb\"},\"inLanguage\":\"nb-NO\",\"potentialAction\":[{\"@type\":\"ReadAction\",\"target\":[\"https:\/\/staging.forenteforlag.no\/pax\/produkt\/de-indoeuropeiske-sprakenes-historie\/\"]}]},{\"@type\":\"ImageObject\",\"inLanguage\":\"nb-NO\",\"@id\":\"https:\/\/staging.forenteforlag.no\/pax\/produkt\/de-indoeuropeiske-sprakenes-historie\/#primaryimage\",\"url\":\"https:\/\/staging.forenteforlag.no\/pax\/wp-content\/uploads\/sites\/5\/2025\/08\/jpg-7874.jpg\",\"contentUrl\":\"https:\/\/staging.forenteforlag.no\/pax\/wp-content\/uploads\/sites\/5\/2025\/08\/jpg-7874.jpg\",\"width\":327,\"height\":449},{\"@type\":\"BreadcrumbList\",\"@id\":\"https:\/\/staging.forenteforlag.no\/pax\/produkt\/de-indoeuropeiske-sprakenes-historie\/#breadcrumb\",\"itemListElement\":[{\"@type\":\"ListItem\",\"position\":1,\"name\":\"Hjem\",\"item\":\"https:\/\/staging.forenteforlag.no\/pax\/\"},{\"@type\":\"ListItem\",\"position\":2,\"name\":\"Alle b\u00f8ker\",\"item\":\"https:\/\/staging.forenteforlag.no\/pax\/butikk\/\"},{\"@type\":\"ListItem\",\"position\":3,\"name\":\"De indoeuropeiske spr\u00e5kenes historie\"}]},{\"@type\":\"WebSite\",\"@id\":\"https:\/\/staging.forenteforlag.no\/pax\/#website\",\"url\":\"https:\/\/staging.forenteforlag.no\/pax\/\",\"name\":\"Pax\",\"description\":\"\",\"potentialAction\":[{\"@type\":\"SearchAction\",\"target\":{\"@type\":\"EntryPoint\",\"urlTemplate\":\"https:\/\/staging.forenteforlag.no\/pax\/?s={search_term_string}\"},\"query-input\":{\"@type\":\"PropertyValueSpecification\",\"valueRequired\":true,\"valueName\":\"search_term_string\"}}],\"inLanguage\":\"nb-NO\"}]}<\/script>\n<!-- \/ Yoast SEO plugin. -->","yoast_head_json":{"title":"De indoeuropeiske spr\u00e5kenes historie - Pax","robots":{"index":"noindex","follow":"follow","max-snippet":"max-snippet:-1","max-image-preview":"max-image-preview:large","max-video-preview":"max-video-preview:-1"},"og_locale":"nb_NO","og_type":"article","og_title":"De indoeuropeiske spr\u00e5kenes historie - Pax","og_description":"P\u00e5 hvilken m\u00e5te h\u00f8rer norsk, engelsk og latin egentlig sammen? Hvordan henger disse spr\u00e5kene igjen sammen med merkelige spr\u00e5k som hettittisk og luvisk, og med spr\u00e5k som urdu og panjabi? Den store indoeuropeiske spr\u00e5kfamilien omfatter et enormt antall spr\u00e5k i Europa og Asia. Allerede for 250 \u00e5r siden oppdaget man at disse m\u00e5tte stamme fra [&hellip;]","og_url":"https:\/\/staging.forenteforlag.no\/pax\/produkt\/de-indoeuropeiske-sprakenes-historie\/","og_site_name":"Pax","article_modified_time":"2025-08-27T08:56:12+00:00","og_image":[{"width":327,"height":449,"url":"https:\/\/staging.forenteforlag.no\/pax\/wp-content\/uploads\/sites\/5\/2025\/08\/jpg-7874.jpg","type":"image\/jpeg"}],"twitter_card":"summary_large_image","twitter_misc":{"Ansl. lesetid":"1 minutt"},"schema":{"@context":"https:\/\/schema.org","@graph":[{"@type":"WebPage","@id":"https:\/\/staging.forenteforlag.no\/pax\/produkt\/de-indoeuropeiske-sprakenes-historie\/","url":"https:\/\/staging.forenteforlag.no\/pax\/produkt\/de-indoeuropeiske-sprakenes-historie\/","name":"De indoeuropeiske spr\u00e5kenes historie - Pax","isPartOf":{"@id":"https:\/\/staging.forenteforlag.no\/pax\/#website"},"primaryImageOfPage":{"@id":"https:\/\/staging.forenteforlag.no\/pax\/produkt\/de-indoeuropeiske-sprakenes-historie\/#primaryimage"},"image":{"@id":"https:\/\/staging.forenteforlag.no\/pax\/produkt\/de-indoeuropeiske-sprakenes-historie\/#primaryimage"},"thumbnailUrl":"https:\/\/staging.forenteforlag.no\/pax\/wp-content\/uploads\/sites\/5\/2025\/08\/jpg-7874.jpg","datePublished":"2010-08-23T00:00:00+00:00","dateModified":"2025-08-27T08:56:12+00:00","breadcrumb":{"@id":"https:\/\/staging.forenteforlag.no\/pax\/produkt\/de-indoeuropeiske-sprakenes-historie\/#breadcrumb"},"inLanguage":"nb-NO","potentialAction":[{"@type":"ReadAction","target":["https:\/\/staging.forenteforlag.no\/pax\/produkt\/de-indoeuropeiske-sprakenes-historie\/"]}]},{"@type":"ImageObject","inLanguage":"nb-NO","@id":"https:\/\/staging.forenteforlag.no\/pax\/produkt\/de-indoeuropeiske-sprakenes-historie\/#primaryimage","url":"https:\/\/staging.forenteforlag.no\/pax\/wp-content\/uploads\/sites\/5\/2025\/08\/jpg-7874.jpg","contentUrl":"https:\/\/staging.forenteforlag.no\/pax\/wp-content\/uploads\/sites\/5\/2025\/08\/jpg-7874.jpg","width":327,"height":449},{"@type":"BreadcrumbList","@id":"https:\/\/staging.forenteforlag.no\/pax\/produkt\/de-indoeuropeiske-sprakenes-historie\/#breadcrumb","itemListElement":[{"@type":"ListItem","position":1,"name":"Hjem","item":"https:\/\/staging.forenteforlag.no\/pax\/"},{"@type":"ListItem","position":2,"name":"Alle b\u00f8ker","item":"https:\/\/staging.forenteforlag.no\/pax\/butikk\/"},{"@type":"ListItem","position":3,"name":"De indoeuropeiske spr\u00e5kenes historie"}]},{"@type":"WebSite","@id":"https:\/\/staging.forenteforlag.no\/pax\/#website","url":"https:\/\/staging.forenteforlag.no\/pax\/","name":"Pax","description":"","potentialAction":[{"@type":"SearchAction","target":{"@type":"EntryPoint","urlTemplate":"https:\/\/staging.forenteforlag.no\/pax\/?s={search_term_string}"},"query-input":{"@type":"PropertyValueSpecification","valueRequired":true,"valueName":"search_term_string"}}],"inLanguage":"nb-NO"}]}},"_links":{"self":[{"href":"https:\/\/staging.forenteforlag.no\/pax\/wp-json\/wp\/v2\/product\/21347","targetHints":{"allow":["GET"]}}],"collection":[{"href":"https:\/\/staging.forenteforlag.no\/pax\/wp-json\/wp\/v2\/product"}],"about":[{"href":"https:\/\/staging.forenteforlag.no\/pax\/wp-json\/wp\/v2\/types\/product"}],"wp:featuredmedia":[{"embeddable":true,"href":"https:\/\/staging.forenteforlag.no\/pax\/wp-json\/wp\/v2\/media\/28757"}],"wp:attachment":[{"href":"https:\/\/staging.forenteforlag.no\/pax\/wp-json\/wp\/v2\/media?parent=21347"}],"wp:term":[{"taxonomy":"product_brand","embeddable":true,"href":"https:\/\/staging.forenteforlag.no\/pax\/wp-json\/wp\/v2\/product_brand?post=21347"},{"taxonomy":"product_cat","embeddable":true,"href":"https:\/\/staging.forenteforlag.no\/pax\/wp-json\/wp\/v2\/product_cat?post=21347"},{"taxonomy":"product_tag","embeddable":true,"href":"https:\/\/staging.forenteforlag.no\/pax\/wp-json\/wp\/v2\/product_tag?post=21347"}],"curies":[{"name":"wp","href":"https:\/\/api.w.org\/{rel}","templated":true}]}}