{"id":21320,"date":"2024-12-10T22:38:48","date_gmt":"2024-12-10T21:38:48","guid":{"rendered":"https:\/\/pax.forenteforlag.no\/produkt\/maktens-strateger\/"},"modified":"2026-03-04T20:17:11","modified_gmt":"2026-03-04T19:17:11","slug":"maktens-strateger","status":"publish","type":"product","link":"https:\/\/staging.forenteforlag.no\/pax\/produkt\/maktens-strateger\/","title":{"rendered":"Maktens strateger"},"content":{"rendered":"<p>Dette er den f\u00f8rste boka til Makt- og globaliseringsutredningen, der en rekke perspektiver p\u00e5 makt blir utforsket. \u00c5tte aktuelle og sentrale teoretikeres syn p\u00e5 makt og maktut\u00f8velse presenteres: Bourdieu, Luhmann, Greenblatt, Derrida, Castells, Irigaray, Foucault og Deleuze. De g\u00e5r alle ut over de tradisjonelle politiske og statsorienterte maktteoriene og f\u00e5r fram mangfoldige bilder av makten. Forfatterne har \u00f8nsket \u00e5 se p\u00e5 hvilke aspekter ved det sosiale som er spesielt gjennomtrukket av maktrelasjoner. Bidragsytere er Inger J. Birkeland, J. Peter Burgess, Thomas Hylland Eriksen, Kjetil Jakobsen, Eivind R\u00f8ssaak, Inger Johanne Sand, Knut Stene-Johansen og Arild Utaker.<\/p>\n","protected":false},"excerpt":{"rendered":"<p>Dette er den f\u00f8rste boka til Makt- og globaliseringsutredningen, der en rekke perspektiver p\u00e5 makt blir utforsket. \u00c5tte aktuelle og sentrale teoretikeres syn p\u00e5 makt og maktut\u00f8velse presenteres: Bourdieu, Luhmann, Greenblatt, Derrida, Castells, Irigaray, Foucault og Deleuze. De g\u00e5r alle ut over de tradisjonelle politiske og statsorienterte maktteoriene og f\u00e5r fram mangfoldige bilder av makten. [&hellip;]<\/p>\n","protected":false},"featured_media":29116,"template":"","meta":{"_acf_changed":false,"inline_featured_image":false},"product_brand":[],"product_cat":[1782],"product_tag":[362,555,602],"class_list":{"0":"post-21320","1":"product","2":"type-product","3":"status-publish","4":"has-post-thumbnail","6":"product_cat-fripris","7":"product_tag-faglitteratur","8":"product_tag-internasjonal-politikk","9":"product_tag-kultursosiologi","11":"first","12":"outofstock","13":"taxable","14":"shipping-taxable","15":"purchasable","16":"product-type-simple"},"acf":{"anmeldelse":null},"yoast_head":"<!-- This site is optimized with the Yoast SEO plugin v26.6 - https:\/\/yoast.com\/wordpress\/plugins\/seo\/ -->\n<title>Maktens strateger - Pax<\/title>\n<meta name=\"robots\" content=\"noindex, follow, max-snippet:-1, max-image-preview:large, max-video-preview:-1\" \/>\n<meta property=\"og:locale\" content=\"nb_NO\" \/>\n<meta property=\"og:type\" content=\"article\" \/>\n<meta property=\"og:title\" content=\"Maktens strateger - Pax\" \/>\n<meta property=\"og:description\" content=\"Dette er den f\u00f8rste boka til Makt- og globaliseringsutredningen, der en rekke perspektiver p\u00e5 makt blir utforsket. \u00c5tte aktuelle og sentrale teoretikeres syn p\u00e5 makt og maktut\u00f8velse presenteres: Bourdieu, Luhmann, Greenblatt, Derrida, Castells, Irigaray, Foucault og Deleuze. De g\u00e5r alle ut over de tradisjonelle politiske og statsorienterte maktteoriene og f\u00e5r fram mangfoldige bilder av makten. [&hellip;]\" \/>\n<meta property=\"og:url\" content=\"https:\/\/staging.forenteforlag.no\/pax\/produkt\/maktens-strateger\/\" \/>\n<meta property=\"og:site_name\" content=\"Pax\" \/>\n<meta property=\"article:modified_time\" content=\"2026-03-04T19:17:11+00:00\" \/>\n<meta property=\"og:image\" content=\"https:\/\/staging.forenteforlag.no\/pax\/wp-content\/uploads\/sites\/5\/2025\/08\/jpg-8936.jpg\" \/>\n\t<meta property=\"og:image:width\" content=\"320\" \/>\n\t<meta property=\"og:image:height\" content=\"450\" \/>\n\t<meta property=\"og:image:type\" content=\"image\/jpeg\" \/>\n<meta name=\"twitter:card\" content=\"summary_large_image\" \/>\n<script type=\"application\/ld+json\" class=\"yoast-schema-graph\">{\"@context\":\"https:\/\/schema.org\",\"@graph\":[{\"@type\":\"WebPage\",\"@id\":\"https:\/\/staging.forenteforlag.no\/pax\/produkt\/maktens-strateger\/\",\"url\":\"https:\/\/staging.forenteforlag.no\/pax\/produkt\/maktens-strateger\/\",\"name\":\"Maktens strateger - Pax\",\"isPartOf\":{\"@id\":\"https:\/\/staging.forenteforlag.no\/pax\/#website\"},\"primaryImageOfPage\":{\"@id\":\"https:\/\/staging.forenteforlag.no\/pax\/produkt\/maktens-strateger\/#primaryimage\"},\"image\":{\"@id\":\"https:\/\/staging.forenteforlag.no\/pax\/produkt\/maktens-strateger\/#primaryimage\"},\"thumbnailUrl\":\"https:\/\/staging.forenteforlag.no\/pax\/wp-content\/uploads\/sites\/5\/2025\/08\/jpg-8936.jpg\",\"datePublished\":\"2024-12-10T21:38:48+00:00\",\"dateModified\":\"2026-03-04T19:17:11+00:00\",\"breadcrumb\":{\"@id\":\"https:\/\/staging.forenteforlag.no\/pax\/produkt\/maktens-strateger\/#breadcrumb\"},\"inLanguage\":\"nb-NO\",\"potentialAction\":[{\"@type\":\"ReadAction\",\"target\":[\"https:\/\/staging.forenteforlag.no\/pax\/produkt\/maktens-strateger\/\"]}]},{\"@type\":\"ImageObject\",\"inLanguage\":\"nb-NO\",\"@id\":\"https:\/\/staging.forenteforlag.no\/pax\/produkt\/maktens-strateger\/#primaryimage\",\"url\":\"https:\/\/staging.forenteforlag.no\/pax\/wp-content\/uploads\/sites\/5\/2025\/08\/jpg-8936.jpg\",\"contentUrl\":\"https:\/\/staging.forenteforlag.no\/pax\/wp-content\/uploads\/sites\/5\/2025\/08\/jpg-8936.jpg\",\"width\":320,\"height\":450},{\"@type\":\"BreadcrumbList\",\"@id\":\"https:\/\/staging.forenteforlag.no\/pax\/produkt\/maktens-strateger\/#breadcrumb\",\"itemListElement\":[{\"@type\":\"ListItem\",\"position\":1,\"name\":\"Hjem\",\"item\":\"https:\/\/staging.forenteforlag.no\/pax\/\"},{\"@type\":\"ListItem\",\"position\":2,\"name\":\"Alle b\u00f8ker\",\"item\":\"https:\/\/staging.forenteforlag.no\/pax\/butikk\/\"},{\"@type\":\"ListItem\",\"position\":3,\"name\":\"Maktens strateger\"}]},{\"@type\":\"WebSite\",\"@id\":\"https:\/\/staging.forenteforlag.no\/pax\/#website\",\"url\":\"https:\/\/staging.forenteforlag.no\/pax\/\",\"name\":\"Pax\",\"description\":\"\",\"potentialAction\":[{\"@type\":\"SearchAction\",\"target\":{\"@type\":\"EntryPoint\",\"urlTemplate\":\"https:\/\/staging.forenteforlag.no\/pax\/?s={search_term_string}\"},\"query-input\":{\"@type\":\"PropertyValueSpecification\",\"valueRequired\":true,\"valueName\":\"search_term_string\"}}],\"inLanguage\":\"nb-NO\"}]}<\/script>\n<!-- \/ Yoast SEO plugin. -->","yoast_head_json":{"title":"Maktens strateger - Pax","robots":{"index":"noindex","follow":"follow","max-snippet":"max-snippet:-1","max-image-preview":"max-image-preview:large","max-video-preview":"max-video-preview:-1"},"og_locale":"nb_NO","og_type":"article","og_title":"Maktens strateger - Pax","og_description":"Dette er den f\u00f8rste boka til Makt- og globaliseringsutredningen, der en rekke perspektiver p\u00e5 makt blir utforsket. \u00c5tte aktuelle og sentrale teoretikeres syn p\u00e5 makt og maktut\u00f8velse presenteres: Bourdieu, Luhmann, Greenblatt, Derrida, Castells, Irigaray, Foucault og Deleuze. De g\u00e5r alle ut over de tradisjonelle politiske og statsorienterte maktteoriene og f\u00e5r fram mangfoldige bilder av makten. [&hellip;]","og_url":"https:\/\/staging.forenteforlag.no\/pax\/produkt\/maktens-strateger\/","og_site_name":"Pax","article_modified_time":"2026-03-04T19:17:11+00:00","og_image":[{"width":320,"height":450,"url":"https:\/\/staging.forenteforlag.no\/pax\/wp-content\/uploads\/sites\/5\/2025\/08\/jpg-8936.jpg","type":"image\/jpeg"}],"twitter_card":"summary_large_image","schema":{"@context":"https:\/\/schema.org","@graph":[{"@type":"WebPage","@id":"https:\/\/staging.forenteforlag.no\/pax\/produkt\/maktens-strateger\/","url":"https:\/\/staging.forenteforlag.no\/pax\/produkt\/maktens-strateger\/","name":"Maktens strateger - Pax","isPartOf":{"@id":"https:\/\/staging.forenteforlag.no\/pax\/#website"},"primaryImageOfPage":{"@id":"https:\/\/staging.forenteforlag.no\/pax\/produkt\/maktens-strateger\/#primaryimage"},"image":{"@id":"https:\/\/staging.forenteforlag.no\/pax\/produkt\/maktens-strateger\/#primaryimage"},"thumbnailUrl":"https:\/\/staging.forenteforlag.no\/pax\/wp-content\/uploads\/sites\/5\/2025\/08\/jpg-8936.jpg","datePublished":"2024-12-10T21:38:48+00:00","dateModified":"2026-03-04T19:17:11+00:00","breadcrumb":{"@id":"https:\/\/staging.forenteforlag.no\/pax\/produkt\/maktens-strateger\/#breadcrumb"},"inLanguage":"nb-NO","potentialAction":[{"@type":"ReadAction","target":["https:\/\/staging.forenteforlag.no\/pax\/produkt\/maktens-strateger\/"]}]},{"@type":"ImageObject","inLanguage":"nb-NO","@id":"https:\/\/staging.forenteforlag.no\/pax\/produkt\/maktens-strateger\/#primaryimage","url":"https:\/\/staging.forenteforlag.no\/pax\/wp-content\/uploads\/sites\/5\/2025\/08\/jpg-8936.jpg","contentUrl":"https:\/\/staging.forenteforlag.no\/pax\/wp-content\/uploads\/sites\/5\/2025\/08\/jpg-8936.jpg","width":320,"height":450},{"@type":"BreadcrumbList","@id":"https:\/\/staging.forenteforlag.no\/pax\/produkt\/maktens-strateger\/#breadcrumb","itemListElement":[{"@type":"ListItem","position":1,"name":"Hjem","item":"https:\/\/staging.forenteforlag.no\/pax\/"},{"@type":"ListItem","position":2,"name":"Alle b\u00f8ker","item":"https:\/\/staging.forenteforlag.no\/pax\/butikk\/"},{"@type":"ListItem","position":3,"name":"Maktens strateger"}]},{"@type":"WebSite","@id":"https:\/\/staging.forenteforlag.no\/pax\/#website","url":"https:\/\/staging.forenteforlag.no\/pax\/","name":"Pax","description":"","potentialAction":[{"@type":"SearchAction","target":{"@type":"EntryPoint","urlTemplate":"https:\/\/staging.forenteforlag.no\/pax\/?s={search_term_string}"},"query-input":{"@type":"PropertyValueSpecification","valueRequired":true,"valueName":"search_term_string"}}],"inLanguage":"nb-NO"}]}},"_links":{"self":[{"href":"https:\/\/staging.forenteforlag.no\/pax\/wp-json\/wp\/v2\/product\/21320","targetHints":{"allow":["GET"]}}],"collection":[{"href":"https:\/\/staging.forenteforlag.no\/pax\/wp-json\/wp\/v2\/product"}],"about":[{"href":"https:\/\/staging.forenteforlag.no\/pax\/wp-json\/wp\/v2\/types\/product"}],"wp:featuredmedia":[{"embeddable":true,"href":"https:\/\/staging.forenteforlag.no\/pax\/wp-json\/wp\/v2\/media\/29116"}],"wp:attachment":[{"href":"https:\/\/staging.forenteforlag.no\/pax\/wp-json\/wp\/v2\/media?parent=21320"}],"wp:term":[{"taxonomy":"product_brand","embeddable":true,"href":"https:\/\/staging.forenteforlag.no\/pax\/wp-json\/wp\/v2\/product_brand?post=21320"},{"taxonomy":"product_cat","embeddable":true,"href":"https:\/\/staging.forenteforlag.no\/pax\/wp-json\/wp\/v2\/product_cat?post=21320"},{"taxonomy":"product_tag","embeddable":true,"href":"https:\/\/staging.forenteforlag.no\/pax\/wp-json\/wp\/v2\/product_tag?post=21320"}],"curies":[{"name":"wp","href":"https:\/\/api.w.org\/{rel}","templated":true}]}}