{"id":21185,"date":"2018-08-15T02:00:00","date_gmt":"2018-08-15T00:00:00","guid":{"rendered":"https:\/\/pax.forenteforlag.no\/produkt\/dab\/"},"modified":"2025-08-27T13:00:29","modified_gmt":"2025-08-27T11:00:29","slug":"dab","status":"publish","type":"product","link":"https:\/\/staging.forenteforlag.no\/pax\/produkt\/dab\/","title":{"rendered":"DAB"},"content":{"rendered":"<p>Som f\u00f8rste land i verden innf\u00f8rte Norge i 2017 DAB som ny radioteknologi. Samtidig ble det ogs\u00e5 besluttet \u00e5 slukke det nasjonale FM-nettet. Der var vi ogs\u00e5 f\u00f8rste land p\u00e5 kloden. Hvordan i all verden havnet vi der? <\/p>\n<p>Overgangen fra FM til DAB var preget av stort rabalder. Det overveldende flertall av nordmenn forsto ikke meningen med det hele. Hva var det som skjedde? Hvilke krefter var i sving for \u00e5 innf\u00f8re dette nye radiouniverset, som ingen lyttere hadde bedt om? <\/p>\n<p>Thor Viksveen avdekker at det var NRK og P4 som styrte prosessen fram mot det DAB-resultatet de \u00f8nsket. Det skjedde i n\u00e6rt og villig samarbeid med Kulturdepartementet, og med et kunnskapsl\u00f8st storting som endelig beslutningstaker. Det var et kritikkverdig samr\u00f8re mellom de store radioakt\u00f8rene og statsmaktene, der de som \u00f8nsket en annen retning p\u00e5 radioens fremtid ble spilt utover sidelinjen.<\/p>\n","protected":false},"excerpt":{"rendered":"<p>Som f\u00f8rste land i verden innf\u00f8rte Norge i 2017 DAB som ny radioteknologi. Samtidig ble det ogs\u00e5 besluttet \u00e5 slukke det nasjonale FM-nettet. Der var vi ogs\u00e5 f\u00f8rste land p\u00e5 kloden. Hvordan i all verden havnet vi der? Overgangen fra FM til DAB var preget av stort rabalder. Det overveldende flertall av nordmenn forsto ikke [&hellip;]<\/p>\n","protected":false},"featured_media":29362,"template":"","meta":{"_acf_changed":false,"inline_featured_image":false},"product_brand":[],"product_cat":[32],"product_tag":[362,439,1395,846,1396],"class_list":{"0":"post-21185","1":"product","2":"type-product","3":"status-publish","4":"has-post-thumbnail","6":"product_cat-samfunn-og-politikk","7":"product_tag-faglitteratur","8":"product_tag-nord-norge","9":"product_tag-politiske-beslutninger","10":"product_tag-radio","11":"product_tag-radio-og-tv-teknikk","12":"pa_format-innbundet","14":"first","15":"outofstock","16":"shipping-taxable","17":"purchasable","18":"product-type-simple"},"acf":{"anmeldelse":null},"yoast_head":"<!-- This site is optimized with the Yoast SEO plugin v26.6 - https:\/\/yoast.com\/wordpress\/plugins\/seo\/ -->\n<title>DAB - Pax<\/title>\n<meta name=\"robots\" content=\"noindex, follow, max-snippet:-1, max-image-preview:large, max-video-preview:-1\" \/>\n<meta property=\"og:locale\" content=\"nb_NO\" \/>\n<meta property=\"og:type\" content=\"article\" \/>\n<meta property=\"og:title\" content=\"DAB - Pax\" \/>\n<meta property=\"og:description\" content=\"Som f\u00f8rste land i verden innf\u00f8rte Norge i 2017 DAB som ny radioteknologi. Samtidig ble det ogs\u00e5 besluttet \u00e5 slukke det nasjonale FM-nettet. Der var vi ogs\u00e5 f\u00f8rste land p\u00e5 kloden. Hvordan i all verden havnet vi der? Overgangen fra FM til DAB var preget av stort rabalder. Det overveldende flertall av nordmenn forsto ikke [&hellip;]\" \/>\n<meta property=\"og:url\" content=\"https:\/\/staging.forenteforlag.no\/pax\/produkt\/dab\/\" \/>\n<meta property=\"og:site_name\" content=\"Pax\" \/>\n<meta property=\"article:modified_time\" content=\"2025-08-27T11:00:29+00:00\" \/>\n<meta property=\"og:image\" content=\"https:\/\/staging.forenteforlag.no\/pax\/wp-content\/uploads\/sites\/5\/2025\/08\/jpg-9726.jpg\" \/>\n\t<meta property=\"og:image:width\" content=\"417\" \/>\n\t<meta property=\"og:image:height\" content=\"640\" \/>\n\t<meta property=\"og:image:type\" content=\"image\/jpeg\" \/>\n<meta name=\"twitter:card\" content=\"summary_large_image\" \/>\n<meta name=\"twitter:label1\" content=\"Ansl. lesetid\" \/>\n\t<meta name=\"twitter:data1\" content=\"1 minutt\" \/>\n<script type=\"application\/ld+json\" class=\"yoast-schema-graph\">{\"@context\":\"https:\/\/schema.org\",\"@graph\":[{\"@type\":\"WebPage\",\"@id\":\"https:\/\/staging.forenteforlag.no\/pax\/produkt\/dab\/\",\"url\":\"https:\/\/staging.forenteforlag.no\/pax\/produkt\/dab\/\",\"name\":\"DAB - Pax\",\"isPartOf\":{\"@id\":\"https:\/\/staging.forenteforlag.no\/pax\/#website\"},\"primaryImageOfPage\":{\"@id\":\"https:\/\/staging.forenteforlag.no\/pax\/produkt\/dab\/#primaryimage\"},\"image\":{\"@id\":\"https:\/\/staging.forenteforlag.no\/pax\/produkt\/dab\/#primaryimage\"},\"thumbnailUrl\":\"https:\/\/staging.forenteforlag.no\/pax\/wp-content\/uploads\/sites\/5\/2025\/08\/jpg-9726.jpg\",\"datePublished\":\"2018-08-15T00:00:00+00:00\",\"dateModified\":\"2025-08-27T11:00:29+00:00\",\"breadcrumb\":{\"@id\":\"https:\/\/staging.forenteforlag.no\/pax\/produkt\/dab\/#breadcrumb\"},\"inLanguage\":\"nb-NO\",\"potentialAction\":[{\"@type\":\"ReadAction\",\"target\":[\"https:\/\/staging.forenteforlag.no\/pax\/produkt\/dab\/\"]}]},{\"@type\":\"ImageObject\",\"inLanguage\":\"nb-NO\",\"@id\":\"https:\/\/staging.forenteforlag.no\/pax\/produkt\/dab\/#primaryimage\",\"url\":\"https:\/\/staging.forenteforlag.no\/pax\/wp-content\/uploads\/sites\/5\/2025\/08\/jpg-9726.jpg\",\"contentUrl\":\"https:\/\/staging.forenteforlag.no\/pax\/wp-content\/uploads\/sites\/5\/2025\/08\/jpg-9726.jpg\",\"width\":417,\"height\":640},{\"@type\":\"BreadcrumbList\",\"@id\":\"https:\/\/staging.forenteforlag.no\/pax\/produkt\/dab\/#breadcrumb\",\"itemListElement\":[{\"@type\":\"ListItem\",\"position\":1,\"name\":\"Hjem\",\"item\":\"https:\/\/staging.forenteforlag.no\/pax\/\"},{\"@type\":\"ListItem\",\"position\":2,\"name\":\"Alle b\u00f8ker\",\"item\":\"https:\/\/staging.forenteforlag.no\/pax\/butikk\/\"},{\"@type\":\"ListItem\",\"position\":3,\"name\":\"DAB\"}]},{\"@type\":\"WebSite\",\"@id\":\"https:\/\/staging.forenteforlag.no\/pax\/#website\",\"url\":\"https:\/\/staging.forenteforlag.no\/pax\/\",\"name\":\"Pax\",\"description\":\"\",\"potentialAction\":[{\"@type\":\"SearchAction\",\"target\":{\"@type\":\"EntryPoint\",\"urlTemplate\":\"https:\/\/staging.forenteforlag.no\/pax\/?s={search_term_string}\"},\"query-input\":{\"@type\":\"PropertyValueSpecification\",\"valueRequired\":true,\"valueName\":\"search_term_string\"}}],\"inLanguage\":\"nb-NO\"}]}<\/script>\n<!-- \/ Yoast SEO plugin. -->","yoast_head_json":{"title":"DAB - Pax","robots":{"index":"noindex","follow":"follow","max-snippet":"max-snippet:-1","max-image-preview":"max-image-preview:large","max-video-preview":"max-video-preview:-1"},"og_locale":"nb_NO","og_type":"article","og_title":"DAB - Pax","og_description":"Som f\u00f8rste land i verden innf\u00f8rte Norge i 2017 DAB som ny radioteknologi. Samtidig ble det ogs\u00e5 besluttet \u00e5 slukke det nasjonale FM-nettet. Der var vi ogs\u00e5 f\u00f8rste land p\u00e5 kloden. Hvordan i all verden havnet vi der? Overgangen fra FM til DAB var preget av stort rabalder. Det overveldende flertall av nordmenn forsto ikke [&hellip;]","og_url":"https:\/\/staging.forenteforlag.no\/pax\/produkt\/dab\/","og_site_name":"Pax","article_modified_time":"2025-08-27T11:00:29+00:00","og_image":[{"width":417,"height":640,"url":"https:\/\/staging.forenteforlag.no\/pax\/wp-content\/uploads\/sites\/5\/2025\/08\/jpg-9726.jpg","type":"image\/jpeg"}],"twitter_card":"summary_large_image","twitter_misc":{"Ansl. lesetid":"1 minutt"},"schema":{"@context":"https:\/\/schema.org","@graph":[{"@type":"WebPage","@id":"https:\/\/staging.forenteforlag.no\/pax\/produkt\/dab\/","url":"https:\/\/staging.forenteforlag.no\/pax\/produkt\/dab\/","name":"DAB - Pax","isPartOf":{"@id":"https:\/\/staging.forenteforlag.no\/pax\/#website"},"primaryImageOfPage":{"@id":"https:\/\/staging.forenteforlag.no\/pax\/produkt\/dab\/#primaryimage"},"image":{"@id":"https:\/\/staging.forenteforlag.no\/pax\/produkt\/dab\/#primaryimage"},"thumbnailUrl":"https:\/\/staging.forenteforlag.no\/pax\/wp-content\/uploads\/sites\/5\/2025\/08\/jpg-9726.jpg","datePublished":"2018-08-15T00:00:00+00:00","dateModified":"2025-08-27T11:00:29+00:00","breadcrumb":{"@id":"https:\/\/staging.forenteforlag.no\/pax\/produkt\/dab\/#breadcrumb"},"inLanguage":"nb-NO","potentialAction":[{"@type":"ReadAction","target":["https:\/\/staging.forenteforlag.no\/pax\/produkt\/dab\/"]}]},{"@type":"ImageObject","inLanguage":"nb-NO","@id":"https:\/\/staging.forenteforlag.no\/pax\/produkt\/dab\/#primaryimage","url":"https:\/\/staging.forenteforlag.no\/pax\/wp-content\/uploads\/sites\/5\/2025\/08\/jpg-9726.jpg","contentUrl":"https:\/\/staging.forenteforlag.no\/pax\/wp-content\/uploads\/sites\/5\/2025\/08\/jpg-9726.jpg","width":417,"height":640},{"@type":"BreadcrumbList","@id":"https:\/\/staging.forenteforlag.no\/pax\/produkt\/dab\/#breadcrumb","itemListElement":[{"@type":"ListItem","position":1,"name":"Hjem","item":"https:\/\/staging.forenteforlag.no\/pax\/"},{"@type":"ListItem","position":2,"name":"Alle b\u00f8ker","item":"https:\/\/staging.forenteforlag.no\/pax\/butikk\/"},{"@type":"ListItem","position":3,"name":"DAB"}]},{"@type":"WebSite","@id":"https:\/\/staging.forenteforlag.no\/pax\/#website","url":"https:\/\/staging.forenteforlag.no\/pax\/","name":"Pax","description":"","potentialAction":[{"@type":"SearchAction","target":{"@type":"EntryPoint","urlTemplate":"https:\/\/staging.forenteforlag.no\/pax\/?s={search_term_string}"},"query-input":{"@type":"PropertyValueSpecification","valueRequired":true,"valueName":"search_term_string"}}],"inLanguage":"nb-NO"}]}},"_links":{"self":[{"href":"https:\/\/staging.forenteforlag.no\/pax\/wp-json\/wp\/v2\/product\/21185","targetHints":{"allow":["GET"]}}],"collection":[{"href":"https:\/\/staging.forenteforlag.no\/pax\/wp-json\/wp\/v2\/product"}],"about":[{"href":"https:\/\/staging.forenteforlag.no\/pax\/wp-json\/wp\/v2\/types\/product"}],"wp:featuredmedia":[{"embeddable":true,"href":"https:\/\/staging.forenteforlag.no\/pax\/wp-json\/wp\/v2\/media\/29362"}],"wp:attachment":[{"href":"https:\/\/staging.forenteforlag.no\/pax\/wp-json\/wp\/v2\/media?parent=21185"}],"wp:term":[{"taxonomy":"product_brand","embeddable":true,"href":"https:\/\/staging.forenteforlag.no\/pax\/wp-json\/wp\/v2\/product_brand?post=21185"},{"taxonomy":"product_cat","embeddable":true,"href":"https:\/\/staging.forenteforlag.no\/pax\/wp-json\/wp\/v2\/product_cat?post=21185"},{"taxonomy":"product_tag","embeddable":true,"href":"https:\/\/staging.forenteforlag.no\/pax\/wp-json\/wp\/v2\/product_tag?post=21185"}],"curies":[{"name":"wp","href":"https:\/\/api.w.org\/{rel}","templated":true}]}}