{"id":21110,"date":"2013-10-08T02:00:00","date_gmt":"2013-10-08T00:00:00","guid":{"rendered":"https:\/\/pax.forenteforlag.no\/produkt\/men-viktigst-er-aeren\/"},"modified":"2025-11-12T08:39:08","modified_gmt":"2025-11-12T07:39:08","slug":"men-viktigst-er-aeren","status":"publish","type":"product","link":"https:\/\/staging.forenteforlag.no\/pax\/produkt\/men-viktigst-er-aeren\/","title":{"rendered":"Men viktigst er \u00e6ren"},"content":{"rendered":"<p>Nasjonen hedrer og feirer sine kunstnere. Til gjengjeld bringer de store kunstnerne \u00e6re over nasjonen. Men hva skjer n\u00e5r kunstnere blir landssvikere? <\/p>\n<p>Etter 1945 holdt Norge et oppgj\u00f8r med dem som hadde sveket og sviktet landet under krigen. Synderne kunne d\u00f8mmes og ford\u00f8mmes av s\u00e5vel rettsvesen og sivile organisasjoner som av folk flest. For kunstnerne som tr\u00e5dte feil, ble fallet oppfattet som s\u00e6rlig alvorlig, det var kampen om den nasjonale kulturen og \u00e6ren som sto p\u00e5 spill. Kunstnerorganisasjonene ekskluderte dem de fant hadde oppf\u00f8rt seg unasjonalt, og som dermed hadde vist seg som uverdige medlemmer. Dette utgjorde i mange tilfeller et yrkesforbud. Oppgj\u00f8ret fikk et vilk\u00e5rlig og uforutsigbart preg, da b\u00e5de regelverk og faktiske forhold ofte var uklare.<\/p>\n<p>Denne boken gjennomg\u00e5r en rekke sentrale kunstneres oppgj\u00f8r i detalj, ved siden av \u00e5 gi et oversiktsbilde over hvordan de ulike organisasjonene innen kunst- og kulturfeltet gjennomf\u00f8rte sine \u00e6resoppgj\u00f8r.<\/p>\n","protected":false},"excerpt":{"rendered":"<p>Nasjonen hedrer og feirer sine kunstnere. Til gjengjeld bringer de store kunstnerne \u00e6re over nasjonen. Men hva skjer n\u00e5r kunstnere blir landssvikere? Etter 1945 holdt Norge et oppgj\u00f8r med dem som hadde sveket og sviktet landet under krigen. Synderne kunne d\u00f8mmes og ford\u00f8mmes av s\u00e5vel rettsvesen og sivile organisasjoner som av folk flest. For kunstnerne [&hellip;]<\/p>\n","protected":false},"featured_media":27907,"template":"","meta":{"_acf_changed":false,"inline_featured_image":false},"product_brand":[],"product_cat":[23],"product_tag":[362],"class_list":{"0":"post-21110","1":"product","2":"type-product","3":"status-publish","4":"has-post-thumbnail","6":"product_cat-historie","7":"product_tag-faglitteratur","8":"pa_format-innbundet","10":"first","11":"outofstock","12":"shipping-taxable","13":"purchasable","14":"product-type-simple"},"acf":{"anmeldelse":null},"yoast_head":"<!-- This site is optimized with the Yoast SEO plugin v26.6 - https:\/\/yoast.com\/wordpress\/plugins\/seo\/ -->\n<title>Men viktigst er \u00e6ren - Pax<\/title>\n<meta name=\"robots\" content=\"noindex, follow, max-snippet:-1, max-image-preview:large, max-video-preview:-1\" \/>\n<meta property=\"og:locale\" content=\"nb_NO\" \/>\n<meta property=\"og:type\" content=\"article\" \/>\n<meta property=\"og:title\" content=\"Men viktigst er \u00e6ren - Pax\" \/>\n<meta property=\"og:description\" content=\"Nasjonen hedrer og feirer sine kunstnere. Til gjengjeld bringer de store kunstnerne \u00e6re over nasjonen. Men hva skjer n\u00e5r kunstnere blir landssvikere? Etter 1945 holdt Norge et oppgj\u00f8r med dem som hadde sveket og sviktet landet under krigen. Synderne kunne d\u00f8mmes og ford\u00f8mmes av s\u00e5vel rettsvesen og sivile organisasjoner som av folk flest. For kunstnerne [&hellip;]\" \/>\n<meta property=\"og:url\" content=\"https:\/\/staging.forenteforlag.no\/pax\/produkt\/men-viktigst-er-aeren\/\" \/>\n<meta property=\"og:site_name\" content=\"Pax\" \/>\n<meta property=\"article:modified_time\" content=\"2025-11-12T07:39:08+00:00\" \/>\n<meta property=\"og:image\" content=\"https:\/\/staging.forenteforlag.no\/pax\/wp-content\/uploads\/sites\/5\/2025\/08\/jpg-5422.jpg\" \/>\n\t<meta property=\"og:image:width\" content=\"352\" \/>\n\t<meta property=\"og:image:height\" content=\"449\" \/>\n\t<meta property=\"og:image:type\" content=\"image\/jpeg\" \/>\n<meta name=\"twitter:card\" content=\"summary_large_image\" \/>\n<meta name=\"twitter:label1\" content=\"Ansl. lesetid\" \/>\n\t<meta name=\"twitter:data1\" content=\"1 minutt\" \/>\n<script type=\"application\/ld+json\" class=\"yoast-schema-graph\">{\"@context\":\"https:\/\/schema.org\",\"@graph\":[{\"@type\":\"WebPage\",\"@id\":\"https:\/\/staging.forenteforlag.no\/pax\/produkt\/men-viktigst-er-aeren\/\",\"url\":\"https:\/\/staging.forenteforlag.no\/pax\/produkt\/men-viktigst-er-aeren\/\",\"name\":\"Men viktigst er \u00e6ren - Pax\",\"isPartOf\":{\"@id\":\"https:\/\/staging.forenteforlag.no\/pax\/#website\"},\"primaryImageOfPage\":{\"@id\":\"https:\/\/staging.forenteforlag.no\/pax\/produkt\/men-viktigst-er-aeren\/#primaryimage\"},\"image\":{\"@id\":\"https:\/\/staging.forenteforlag.no\/pax\/produkt\/men-viktigst-er-aeren\/#primaryimage\"},\"thumbnailUrl\":\"https:\/\/staging.forenteforlag.no\/pax\/wp-content\/uploads\/sites\/5\/2025\/08\/jpg-5422.jpg\",\"datePublished\":\"2013-10-08T00:00:00+00:00\",\"dateModified\":\"2025-11-12T07:39:08+00:00\",\"breadcrumb\":{\"@id\":\"https:\/\/staging.forenteforlag.no\/pax\/produkt\/men-viktigst-er-aeren\/#breadcrumb\"},\"inLanguage\":\"nb-NO\",\"potentialAction\":[{\"@type\":\"ReadAction\",\"target\":[\"https:\/\/staging.forenteforlag.no\/pax\/produkt\/men-viktigst-er-aeren\/\"]}]},{\"@type\":\"ImageObject\",\"inLanguage\":\"nb-NO\",\"@id\":\"https:\/\/staging.forenteforlag.no\/pax\/produkt\/men-viktigst-er-aeren\/#primaryimage\",\"url\":\"https:\/\/staging.forenteforlag.no\/pax\/wp-content\/uploads\/sites\/5\/2025\/08\/jpg-5422.jpg\",\"contentUrl\":\"https:\/\/staging.forenteforlag.no\/pax\/wp-content\/uploads\/sites\/5\/2025\/08\/jpg-5422.jpg\",\"width\":352,\"height\":449},{\"@type\":\"BreadcrumbList\",\"@id\":\"https:\/\/staging.forenteforlag.no\/pax\/produkt\/men-viktigst-er-aeren\/#breadcrumb\",\"itemListElement\":[{\"@type\":\"ListItem\",\"position\":1,\"name\":\"Hjem\",\"item\":\"https:\/\/staging.forenteforlag.no\/pax\/\"},{\"@type\":\"ListItem\",\"position\":2,\"name\":\"Alle b\u00f8ker\",\"item\":\"https:\/\/staging.forenteforlag.no\/pax\/butikk\/\"},{\"@type\":\"ListItem\",\"position\":3,\"name\":\"Men viktigst er \u00e6ren\"}]},{\"@type\":\"WebSite\",\"@id\":\"https:\/\/staging.forenteforlag.no\/pax\/#website\",\"url\":\"https:\/\/staging.forenteforlag.no\/pax\/\",\"name\":\"Pax\",\"description\":\"\",\"potentialAction\":[{\"@type\":\"SearchAction\",\"target\":{\"@type\":\"EntryPoint\",\"urlTemplate\":\"https:\/\/staging.forenteforlag.no\/pax\/?s={search_term_string}\"},\"query-input\":{\"@type\":\"PropertyValueSpecification\",\"valueRequired\":true,\"valueName\":\"search_term_string\"}}],\"inLanguage\":\"nb-NO\"}]}<\/script>\n<!-- \/ Yoast SEO plugin. -->","yoast_head_json":{"title":"Men viktigst er \u00e6ren - Pax","robots":{"index":"noindex","follow":"follow","max-snippet":"max-snippet:-1","max-image-preview":"max-image-preview:large","max-video-preview":"max-video-preview:-1"},"og_locale":"nb_NO","og_type":"article","og_title":"Men viktigst er \u00e6ren - Pax","og_description":"Nasjonen hedrer og feirer sine kunstnere. Til gjengjeld bringer de store kunstnerne \u00e6re over nasjonen. Men hva skjer n\u00e5r kunstnere blir landssvikere? Etter 1945 holdt Norge et oppgj\u00f8r med dem som hadde sveket og sviktet landet under krigen. Synderne kunne d\u00f8mmes og ford\u00f8mmes av s\u00e5vel rettsvesen og sivile organisasjoner som av folk flest. For kunstnerne [&hellip;]","og_url":"https:\/\/staging.forenteforlag.no\/pax\/produkt\/men-viktigst-er-aeren\/","og_site_name":"Pax","article_modified_time":"2025-11-12T07:39:08+00:00","og_image":[{"width":352,"height":449,"url":"https:\/\/staging.forenteforlag.no\/pax\/wp-content\/uploads\/sites\/5\/2025\/08\/jpg-5422.jpg","type":"image\/jpeg"}],"twitter_card":"summary_large_image","twitter_misc":{"Ansl. lesetid":"1 minutt"},"schema":{"@context":"https:\/\/schema.org","@graph":[{"@type":"WebPage","@id":"https:\/\/staging.forenteforlag.no\/pax\/produkt\/men-viktigst-er-aeren\/","url":"https:\/\/staging.forenteforlag.no\/pax\/produkt\/men-viktigst-er-aeren\/","name":"Men viktigst er \u00e6ren - Pax","isPartOf":{"@id":"https:\/\/staging.forenteforlag.no\/pax\/#website"},"primaryImageOfPage":{"@id":"https:\/\/staging.forenteforlag.no\/pax\/produkt\/men-viktigst-er-aeren\/#primaryimage"},"image":{"@id":"https:\/\/staging.forenteforlag.no\/pax\/produkt\/men-viktigst-er-aeren\/#primaryimage"},"thumbnailUrl":"https:\/\/staging.forenteforlag.no\/pax\/wp-content\/uploads\/sites\/5\/2025\/08\/jpg-5422.jpg","datePublished":"2013-10-08T00:00:00+00:00","dateModified":"2025-11-12T07:39:08+00:00","breadcrumb":{"@id":"https:\/\/staging.forenteforlag.no\/pax\/produkt\/men-viktigst-er-aeren\/#breadcrumb"},"inLanguage":"nb-NO","potentialAction":[{"@type":"ReadAction","target":["https:\/\/staging.forenteforlag.no\/pax\/produkt\/men-viktigst-er-aeren\/"]}]},{"@type":"ImageObject","inLanguage":"nb-NO","@id":"https:\/\/staging.forenteforlag.no\/pax\/produkt\/men-viktigst-er-aeren\/#primaryimage","url":"https:\/\/staging.forenteforlag.no\/pax\/wp-content\/uploads\/sites\/5\/2025\/08\/jpg-5422.jpg","contentUrl":"https:\/\/staging.forenteforlag.no\/pax\/wp-content\/uploads\/sites\/5\/2025\/08\/jpg-5422.jpg","width":352,"height":449},{"@type":"BreadcrumbList","@id":"https:\/\/staging.forenteforlag.no\/pax\/produkt\/men-viktigst-er-aeren\/#breadcrumb","itemListElement":[{"@type":"ListItem","position":1,"name":"Hjem","item":"https:\/\/staging.forenteforlag.no\/pax\/"},{"@type":"ListItem","position":2,"name":"Alle b\u00f8ker","item":"https:\/\/staging.forenteforlag.no\/pax\/butikk\/"},{"@type":"ListItem","position":3,"name":"Men viktigst er \u00e6ren"}]},{"@type":"WebSite","@id":"https:\/\/staging.forenteforlag.no\/pax\/#website","url":"https:\/\/staging.forenteforlag.no\/pax\/","name":"Pax","description":"","potentialAction":[{"@type":"SearchAction","target":{"@type":"EntryPoint","urlTemplate":"https:\/\/staging.forenteforlag.no\/pax\/?s={search_term_string}"},"query-input":{"@type":"PropertyValueSpecification","valueRequired":true,"valueName":"search_term_string"}}],"inLanguage":"nb-NO"}]}},"_links":{"self":[{"href":"https:\/\/staging.forenteforlag.no\/pax\/wp-json\/wp\/v2\/product\/21110","targetHints":{"allow":["GET"]}}],"collection":[{"href":"https:\/\/staging.forenteforlag.no\/pax\/wp-json\/wp\/v2\/product"}],"about":[{"href":"https:\/\/staging.forenteforlag.no\/pax\/wp-json\/wp\/v2\/types\/product"}],"wp:featuredmedia":[{"embeddable":true,"href":"https:\/\/staging.forenteforlag.no\/pax\/wp-json\/wp\/v2\/media\/27907"}],"wp:attachment":[{"href":"https:\/\/staging.forenteforlag.no\/pax\/wp-json\/wp\/v2\/media?parent=21110"}],"wp:term":[{"taxonomy":"product_brand","embeddable":true,"href":"https:\/\/staging.forenteforlag.no\/pax\/wp-json\/wp\/v2\/product_brand?post=21110"},{"taxonomy":"product_cat","embeddable":true,"href":"https:\/\/staging.forenteforlag.no\/pax\/wp-json\/wp\/v2\/product_cat?post=21110"},{"taxonomy":"product_tag","embeddable":true,"href":"https:\/\/staging.forenteforlag.no\/pax\/wp-json\/wp\/v2\/product_tag?post=21110"}],"curies":[{"name":"wp","href":"https:\/\/api.w.org\/{rel}","templated":true}]}}