{"id":20938,"date":"2024-12-10T22:56:00","date_gmt":"2024-12-10T21:56:00","guid":{"rendered":"https:\/\/pax.forenteforlag.no\/produkt\/pasienten-som-kurerte-terapauten-sin\/"},"modified":"2026-03-04T20:50:53","modified_gmt":"2026-03-04T19:50:53","slug":"pasienten-som-kurerte-terapauten-sin","status":"publish","type":"product","link":"https:\/\/staging.forenteforlag.no\/pax\/produkt\/pasienten-som-kurerte-terapauten-sin\/","title":{"rendered":"Pasienten som kurerte terapauten sin"},"content":{"rendered":"<p>Fortellingene i boka handler om forandring og transformasjonsprosesser, og om det \u00e5 unng\u00e5 eller derimot akseptere endringene av disse, om hva som plutselig kan skje n\u00e5r det som fremst\u00e5r som et gammelt problem, settes i et nytt lys, om hva som kan skje gradvis, i en prosess som er like enkel som det \u00e5 eldes. Forfatterne utfordrer den konvensjonelle tiln\u00e6rmingsm\u00e5ten til terapi. I stedet for \u00e5 holde klienten fast i en patologi eller tilstand og pr\u00f8ve \u00e5 fikse det, oppmuntrer han dem til \u00e5 stole p\u00e5 sin egen unike tilrettelegging av problemene. Dette gir uante muligheter, som disse pasientsamtalene klart indikerer.<\/p>\n","protected":false},"excerpt":{"rendered":"<p>Fortellingene i boka handler om forandring og transformasjonsprosesser, og om det \u00e5 unng\u00e5 eller derimot akseptere endringene av disse, om hva som plutselig kan skje n\u00e5r det som fremst\u00e5r som et gammelt problem, settes i et nytt lys, om hva som kan skje gradvis, i en prosess som er like enkel som det \u00e5 eldes. [&hellip;]<\/p>\n","protected":false},"featured_media":28856,"template":"","meta":{"_acf_changed":false,"inline_featured_image":false},"product_brand":[],"product_cat":[1782],"product_tag":[362,1068],"class_list":{"0":"post-20938","1":"product","2":"type-product","3":"status-publish","4":"has-post-thumbnail","6":"product_cat-fripris","7":"product_tag-faglitteratur","8":"product_tag-psykoterapi","10":"first","11":"outofstock","12":"taxable","13":"shipping-taxable","14":"purchasable","15":"product-type-simple"},"acf":{"anmeldelse":null},"yoast_head":"<!-- This site is optimized with the Yoast SEO plugin v26.6 - https:\/\/yoast.com\/wordpress\/plugins\/seo\/ -->\n<title>Pasienten som kurerte terapauten sin - Pax<\/title>\n<meta name=\"robots\" content=\"noindex, follow, max-snippet:-1, max-image-preview:large, max-video-preview:-1\" \/>\n<meta property=\"og:locale\" content=\"nb_NO\" \/>\n<meta property=\"og:type\" content=\"article\" \/>\n<meta property=\"og:title\" content=\"Pasienten som kurerte terapauten sin - Pax\" \/>\n<meta property=\"og:description\" content=\"Fortellingene i boka handler om forandring og transformasjonsprosesser, og om det \u00e5 unng\u00e5 eller derimot akseptere endringene av disse, om hva som plutselig kan skje n\u00e5r det som fremst\u00e5r som et gammelt problem, settes i et nytt lys, om hva som kan skje gradvis, i en prosess som er like enkel som det \u00e5 eldes. [&hellip;]\" \/>\n<meta property=\"og:url\" content=\"https:\/\/staging.forenteforlag.no\/pax\/produkt\/pasienten-som-kurerte-terapauten-sin\/\" \/>\n<meta property=\"og:site_name\" content=\"Pax\" \/>\n<meta property=\"article:modified_time\" content=\"2026-03-04T19:50:53+00:00\" \/>\n<meta property=\"og:image\" content=\"https:\/\/staging.forenteforlag.no\/pax\/wp-content\/uploads\/sites\/5\/2025\/08\/jpg-8182.jpg\" \/>\n\t<meta property=\"og:image:width\" content=\"275\" \/>\n\t<meta property=\"og:image:height\" content=\"450\" \/>\n\t<meta property=\"og:image:type\" content=\"image\/jpeg\" \/>\n<meta name=\"twitter:card\" content=\"summary_large_image\" \/>\n<meta name=\"twitter:label1\" content=\"Ansl. lesetid\" \/>\n\t<meta name=\"twitter:data1\" content=\"1 minutt\" \/>\n<script type=\"application\/ld+json\" class=\"yoast-schema-graph\">{\"@context\":\"https:\/\/schema.org\",\"@graph\":[{\"@type\":\"WebPage\",\"@id\":\"https:\/\/staging.forenteforlag.no\/pax\/produkt\/pasienten-som-kurerte-terapauten-sin\/\",\"url\":\"https:\/\/staging.forenteforlag.no\/pax\/produkt\/pasienten-som-kurerte-terapauten-sin\/\",\"name\":\"Pasienten som kurerte terapauten sin - Pax\",\"isPartOf\":{\"@id\":\"https:\/\/staging.forenteforlag.no\/pax\/#website\"},\"primaryImageOfPage\":{\"@id\":\"https:\/\/staging.forenteforlag.no\/pax\/produkt\/pasienten-som-kurerte-terapauten-sin\/#primaryimage\"},\"image\":{\"@id\":\"https:\/\/staging.forenteforlag.no\/pax\/produkt\/pasienten-som-kurerte-terapauten-sin\/#primaryimage\"},\"thumbnailUrl\":\"https:\/\/staging.forenteforlag.no\/pax\/wp-content\/uploads\/sites\/5\/2025\/08\/jpg-8182.jpg\",\"datePublished\":\"2024-12-10T21:56:00+00:00\",\"dateModified\":\"2026-03-04T19:50:53+00:00\",\"breadcrumb\":{\"@id\":\"https:\/\/staging.forenteforlag.no\/pax\/produkt\/pasienten-som-kurerte-terapauten-sin\/#breadcrumb\"},\"inLanguage\":\"nb-NO\",\"potentialAction\":[{\"@type\":\"ReadAction\",\"target\":[\"https:\/\/staging.forenteforlag.no\/pax\/produkt\/pasienten-som-kurerte-terapauten-sin\/\"]}]},{\"@type\":\"ImageObject\",\"inLanguage\":\"nb-NO\",\"@id\":\"https:\/\/staging.forenteforlag.no\/pax\/produkt\/pasienten-som-kurerte-terapauten-sin\/#primaryimage\",\"url\":\"https:\/\/staging.forenteforlag.no\/pax\/wp-content\/uploads\/sites\/5\/2025\/08\/jpg-8182.jpg\",\"contentUrl\":\"https:\/\/staging.forenteforlag.no\/pax\/wp-content\/uploads\/sites\/5\/2025\/08\/jpg-8182.jpg\",\"width\":275,\"height\":450},{\"@type\":\"BreadcrumbList\",\"@id\":\"https:\/\/staging.forenteforlag.no\/pax\/produkt\/pasienten-som-kurerte-terapauten-sin\/#breadcrumb\",\"itemListElement\":[{\"@type\":\"ListItem\",\"position\":1,\"name\":\"Hjem\",\"item\":\"https:\/\/staging.forenteforlag.no\/pax\/\"},{\"@type\":\"ListItem\",\"position\":2,\"name\":\"Alle b\u00f8ker\",\"item\":\"https:\/\/staging.forenteforlag.no\/pax\/butikk\/\"},{\"@type\":\"ListItem\",\"position\":3,\"name\":\"Pasienten som kurerte terapauten sin\"}]},{\"@type\":\"WebSite\",\"@id\":\"https:\/\/staging.forenteforlag.no\/pax\/#website\",\"url\":\"https:\/\/staging.forenteforlag.no\/pax\/\",\"name\":\"Pax\",\"description\":\"\",\"potentialAction\":[{\"@type\":\"SearchAction\",\"target\":{\"@type\":\"EntryPoint\",\"urlTemplate\":\"https:\/\/staging.forenteforlag.no\/pax\/?s={search_term_string}\"},\"query-input\":{\"@type\":\"PropertyValueSpecification\",\"valueRequired\":true,\"valueName\":\"search_term_string\"}}],\"inLanguage\":\"nb-NO\"}]}<\/script>\n<!-- \/ Yoast SEO plugin. -->","yoast_head_json":{"title":"Pasienten som kurerte terapauten sin - Pax","robots":{"index":"noindex","follow":"follow","max-snippet":"max-snippet:-1","max-image-preview":"max-image-preview:large","max-video-preview":"max-video-preview:-1"},"og_locale":"nb_NO","og_type":"article","og_title":"Pasienten som kurerte terapauten sin - Pax","og_description":"Fortellingene i boka handler om forandring og transformasjonsprosesser, og om det \u00e5 unng\u00e5 eller derimot akseptere endringene av disse, om hva som plutselig kan skje n\u00e5r det som fremst\u00e5r som et gammelt problem, settes i et nytt lys, om hva som kan skje gradvis, i en prosess som er like enkel som det \u00e5 eldes. [&hellip;]","og_url":"https:\/\/staging.forenteforlag.no\/pax\/produkt\/pasienten-som-kurerte-terapauten-sin\/","og_site_name":"Pax","article_modified_time":"2026-03-04T19:50:53+00:00","og_image":[{"width":275,"height":450,"url":"https:\/\/staging.forenteforlag.no\/pax\/wp-content\/uploads\/sites\/5\/2025\/08\/jpg-8182.jpg","type":"image\/jpeg"}],"twitter_card":"summary_large_image","twitter_misc":{"Ansl. lesetid":"1 minutt"},"schema":{"@context":"https:\/\/schema.org","@graph":[{"@type":"WebPage","@id":"https:\/\/staging.forenteforlag.no\/pax\/produkt\/pasienten-som-kurerte-terapauten-sin\/","url":"https:\/\/staging.forenteforlag.no\/pax\/produkt\/pasienten-som-kurerte-terapauten-sin\/","name":"Pasienten som kurerte terapauten sin - Pax","isPartOf":{"@id":"https:\/\/staging.forenteforlag.no\/pax\/#website"},"primaryImageOfPage":{"@id":"https:\/\/staging.forenteforlag.no\/pax\/produkt\/pasienten-som-kurerte-terapauten-sin\/#primaryimage"},"image":{"@id":"https:\/\/staging.forenteforlag.no\/pax\/produkt\/pasienten-som-kurerte-terapauten-sin\/#primaryimage"},"thumbnailUrl":"https:\/\/staging.forenteforlag.no\/pax\/wp-content\/uploads\/sites\/5\/2025\/08\/jpg-8182.jpg","datePublished":"2024-12-10T21:56:00+00:00","dateModified":"2026-03-04T19:50:53+00:00","breadcrumb":{"@id":"https:\/\/staging.forenteforlag.no\/pax\/produkt\/pasienten-som-kurerte-terapauten-sin\/#breadcrumb"},"inLanguage":"nb-NO","potentialAction":[{"@type":"ReadAction","target":["https:\/\/staging.forenteforlag.no\/pax\/produkt\/pasienten-som-kurerte-terapauten-sin\/"]}]},{"@type":"ImageObject","inLanguage":"nb-NO","@id":"https:\/\/staging.forenteforlag.no\/pax\/produkt\/pasienten-som-kurerte-terapauten-sin\/#primaryimage","url":"https:\/\/staging.forenteforlag.no\/pax\/wp-content\/uploads\/sites\/5\/2025\/08\/jpg-8182.jpg","contentUrl":"https:\/\/staging.forenteforlag.no\/pax\/wp-content\/uploads\/sites\/5\/2025\/08\/jpg-8182.jpg","width":275,"height":450},{"@type":"BreadcrumbList","@id":"https:\/\/staging.forenteforlag.no\/pax\/produkt\/pasienten-som-kurerte-terapauten-sin\/#breadcrumb","itemListElement":[{"@type":"ListItem","position":1,"name":"Hjem","item":"https:\/\/staging.forenteforlag.no\/pax\/"},{"@type":"ListItem","position":2,"name":"Alle b\u00f8ker","item":"https:\/\/staging.forenteforlag.no\/pax\/butikk\/"},{"@type":"ListItem","position":3,"name":"Pasienten som kurerte terapauten sin"}]},{"@type":"WebSite","@id":"https:\/\/staging.forenteforlag.no\/pax\/#website","url":"https:\/\/staging.forenteforlag.no\/pax\/","name":"Pax","description":"","potentialAction":[{"@type":"SearchAction","target":{"@type":"EntryPoint","urlTemplate":"https:\/\/staging.forenteforlag.no\/pax\/?s={search_term_string}"},"query-input":{"@type":"PropertyValueSpecification","valueRequired":true,"valueName":"search_term_string"}}],"inLanguage":"nb-NO"}]}},"_links":{"self":[{"href":"https:\/\/staging.forenteforlag.no\/pax\/wp-json\/wp\/v2\/product\/20938","targetHints":{"allow":["GET"]}}],"collection":[{"href":"https:\/\/staging.forenteforlag.no\/pax\/wp-json\/wp\/v2\/product"}],"about":[{"href":"https:\/\/staging.forenteforlag.no\/pax\/wp-json\/wp\/v2\/types\/product"}],"wp:featuredmedia":[{"embeddable":true,"href":"https:\/\/staging.forenteforlag.no\/pax\/wp-json\/wp\/v2\/media\/28856"}],"wp:attachment":[{"href":"https:\/\/staging.forenteforlag.no\/pax\/wp-json\/wp\/v2\/media?parent=20938"}],"wp:term":[{"taxonomy":"product_brand","embeddable":true,"href":"https:\/\/staging.forenteforlag.no\/pax\/wp-json\/wp\/v2\/product_brand?post=20938"},{"taxonomy":"product_cat","embeddable":true,"href":"https:\/\/staging.forenteforlag.no\/pax\/wp-json\/wp\/v2\/product_cat?post=20938"},{"taxonomy":"product_tag","embeddable":true,"href":"https:\/\/staging.forenteforlag.no\/pax\/wp-json\/wp\/v2\/product_tag?post=20938"}],"curies":[{"name":"wp","href":"https:\/\/api.w.org\/{rel}","templated":true}]}}