{"id":20832,"date":"2024-12-10T22:59:33","date_gmt":"2024-12-10T21:59:33","guid":{"rendered":"https:\/\/pax.forenteforlag.no\/produkt\/livet-for-fodselen\/"},"modified":"2026-03-04T18:52:57","modified_gmt":"2026-03-04T17:52:57","slug":"livet-for-fodselen","status":"publish","type":"product","link":"https:\/\/staging.forenteforlag.no\/pax\/produkt\/livet-for-fodselen\/","title":{"rendered":"Livet f\u00f8r f\u00f8dselen"},"content":{"rendered":"<p>En av USAs fremste f\u00f8dselsleger beskriver her menneskets opprinnelse og liv f\u00f8r f\u00f8dselen. Boka fokuserer s\u00e6rlig p\u00e5 svangerskapets fire siste m\u00e5neder: fosterets pustebevegelser, hjernens og sansenes utvikling, hvordan fosteret forteller at f\u00f8dselen skal begynne og hvordan nyf\u00f8dte barn tilpasser seg livet utenfor livmoren. Dessuten informeres leserne om hvor langt forskningen pr. 1996 er kommet n\u00e5r det gjelder kunnskap om livet i mors mage. Med stikkordregister.<\/p>\n","protected":false},"excerpt":{"rendered":"<p>En av USAs fremste f\u00f8dselsleger beskriver her menneskets opprinnelse og liv f\u00f8r f\u00f8dselen. Boka fokuserer s\u00e6rlig p\u00e5 svangerskapets fire siste m\u00e5neder: fosterets pustebevegelser, hjernens og sansenes utvikling, hvordan fosteret forteller at f\u00f8dselen skal begynne og hvordan nyf\u00f8dte barn tilpasser seg livet utenfor livmoren. Dessuten informeres leserne om hvor langt forskningen pr. 1996 er kommet n\u00e5r [&hellip;]<\/p>\n","protected":false},"featured_media":0,"template":"","meta":{"_acf_changed":false,"inline_featured_image":false},"product_brand":[],"product_cat":[1782],"product_tag":[362,1430],"class_list":{"0":"post-20832","1":"product","2":"type-product","3":"status-publish","5":"product_cat-fripris","6":"product_tag-faglitteratur","7":"product_tag-fosterutvikling","9":"first","10":"outofstock","11":"taxable","12":"shipping-taxable","13":"purchasable","14":"product-type-simple"},"acf":{"anmeldelse":null},"yoast_head":"<!-- This site is optimized with the Yoast SEO plugin v26.6 - https:\/\/yoast.com\/wordpress\/plugins\/seo\/ -->\n<title>Livet f\u00f8r f\u00f8dselen - Pax<\/title>\n<meta name=\"robots\" content=\"noindex, follow, max-snippet:-1, max-image-preview:large, max-video-preview:-1\" \/>\n<meta property=\"og:locale\" content=\"nb_NO\" \/>\n<meta property=\"og:type\" content=\"article\" \/>\n<meta property=\"og:title\" content=\"Livet f\u00f8r f\u00f8dselen - Pax\" \/>\n<meta property=\"og:description\" content=\"En av USAs fremste f\u00f8dselsleger beskriver her menneskets opprinnelse og liv f\u00f8r f\u00f8dselen. Boka fokuserer s\u00e6rlig p\u00e5 svangerskapets fire siste m\u00e5neder: fosterets pustebevegelser, hjernens og sansenes utvikling, hvordan fosteret forteller at f\u00f8dselen skal begynne og hvordan nyf\u00f8dte barn tilpasser seg livet utenfor livmoren. Dessuten informeres leserne om hvor langt forskningen pr. 1996 er kommet n\u00e5r [&hellip;]\" \/>\n<meta property=\"og:url\" content=\"https:\/\/staging.forenteforlag.no\/pax\/produkt\/livet-for-fodselen\/\" \/>\n<meta property=\"og:site_name\" content=\"Pax\" \/>\n<meta property=\"article:modified_time\" content=\"2026-03-04T17:52:57+00:00\" \/>\n<meta property=\"og:image\" content=\"https:\/\/staging.forenteforlag.no\/pax\/wp-content\/uploads\/sites\/5\/2025\/02\/pax-hvit.jpg\" \/>\n\t<meta property=\"og:image:width\" content=\"1200\" \/>\n\t<meta property=\"og:image:height\" content=\"800\" \/>\n\t<meta property=\"og:image:type\" content=\"image\/jpeg\" \/>\n<meta name=\"twitter:card\" content=\"summary_large_image\" \/>\n<script type=\"application\/ld+json\" class=\"yoast-schema-graph\">{\"@context\":\"https:\/\/schema.org\",\"@graph\":[{\"@type\":\"WebPage\",\"@id\":\"https:\/\/staging.forenteforlag.no\/pax\/produkt\/livet-for-fodselen\/\",\"url\":\"https:\/\/staging.forenteforlag.no\/pax\/produkt\/livet-for-fodselen\/\",\"name\":\"Livet f\u00f8r f\u00f8dselen - Pax\",\"isPartOf\":{\"@id\":\"https:\/\/staging.forenteforlag.no\/pax\/#website\"},\"datePublished\":\"2024-12-10T21:59:33+00:00\",\"dateModified\":\"2026-03-04T17:52:57+00:00\",\"breadcrumb\":{\"@id\":\"https:\/\/staging.forenteforlag.no\/pax\/produkt\/livet-for-fodselen\/#breadcrumb\"},\"inLanguage\":\"nb-NO\",\"potentialAction\":[{\"@type\":\"ReadAction\",\"target\":[\"https:\/\/staging.forenteforlag.no\/pax\/produkt\/livet-for-fodselen\/\"]}]},{\"@type\":\"BreadcrumbList\",\"@id\":\"https:\/\/staging.forenteforlag.no\/pax\/produkt\/livet-for-fodselen\/#breadcrumb\",\"itemListElement\":[{\"@type\":\"ListItem\",\"position\":1,\"name\":\"Hjem\",\"item\":\"https:\/\/staging.forenteforlag.no\/pax\/\"},{\"@type\":\"ListItem\",\"position\":2,\"name\":\"Alle b\u00f8ker\",\"item\":\"https:\/\/staging.forenteforlag.no\/pax\/butikk\/\"},{\"@type\":\"ListItem\",\"position\":3,\"name\":\"Livet f\u00f8r f\u00f8dselen\"}]},{\"@type\":\"WebSite\",\"@id\":\"https:\/\/staging.forenteforlag.no\/pax\/#website\",\"url\":\"https:\/\/staging.forenteforlag.no\/pax\/\",\"name\":\"Pax\",\"description\":\"\",\"potentialAction\":[{\"@type\":\"SearchAction\",\"target\":{\"@type\":\"EntryPoint\",\"urlTemplate\":\"https:\/\/staging.forenteforlag.no\/pax\/?s={search_term_string}\"},\"query-input\":{\"@type\":\"PropertyValueSpecification\",\"valueRequired\":true,\"valueName\":\"search_term_string\"}}],\"inLanguage\":\"nb-NO\"}]}<\/script>\n<!-- \/ Yoast SEO plugin. -->","yoast_head_json":{"title":"Livet f\u00f8r f\u00f8dselen - Pax","robots":{"index":"noindex","follow":"follow","max-snippet":"max-snippet:-1","max-image-preview":"max-image-preview:large","max-video-preview":"max-video-preview:-1"},"og_locale":"nb_NO","og_type":"article","og_title":"Livet f\u00f8r f\u00f8dselen - Pax","og_description":"En av USAs fremste f\u00f8dselsleger beskriver her menneskets opprinnelse og liv f\u00f8r f\u00f8dselen. Boka fokuserer s\u00e6rlig p\u00e5 svangerskapets fire siste m\u00e5neder: fosterets pustebevegelser, hjernens og sansenes utvikling, hvordan fosteret forteller at f\u00f8dselen skal begynne og hvordan nyf\u00f8dte barn tilpasser seg livet utenfor livmoren. Dessuten informeres leserne om hvor langt forskningen pr. 1996 er kommet n\u00e5r [&hellip;]","og_url":"https:\/\/staging.forenteforlag.no\/pax\/produkt\/livet-for-fodselen\/","og_site_name":"Pax","article_modified_time":"2026-03-04T17:52:57+00:00","og_image":[{"width":1200,"height":800,"url":"https:\/\/staging.forenteforlag.no\/pax\/wp-content\/uploads\/sites\/5\/2025\/02\/pax-hvit.jpg","type":"image\/jpeg"}],"twitter_card":"summary_large_image","schema":{"@context":"https:\/\/schema.org","@graph":[{"@type":"WebPage","@id":"https:\/\/staging.forenteforlag.no\/pax\/produkt\/livet-for-fodselen\/","url":"https:\/\/staging.forenteforlag.no\/pax\/produkt\/livet-for-fodselen\/","name":"Livet f\u00f8r f\u00f8dselen - Pax","isPartOf":{"@id":"https:\/\/staging.forenteforlag.no\/pax\/#website"},"datePublished":"2024-12-10T21:59:33+00:00","dateModified":"2026-03-04T17:52:57+00:00","breadcrumb":{"@id":"https:\/\/staging.forenteforlag.no\/pax\/produkt\/livet-for-fodselen\/#breadcrumb"},"inLanguage":"nb-NO","potentialAction":[{"@type":"ReadAction","target":["https:\/\/staging.forenteforlag.no\/pax\/produkt\/livet-for-fodselen\/"]}]},{"@type":"BreadcrumbList","@id":"https:\/\/staging.forenteforlag.no\/pax\/produkt\/livet-for-fodselen\/#breadcrumb","itemListElement":[{"@type":"ListItem","position":1,"name":"Hjem","item":"https:\/\/staging.forenteforlag.no\/pax\/"},{"@type":"ListItem","position":2,"name":"Alle b\u00f8ker","item":"https:\/\/staging.forenteforlag.no\/pax\/butikk\/"},{"@type":"ListItem","position":3,"name":"Livet f\u00f8r f\u00f8dselen"}]},{"@type":"WebSite","@id":"https:\/\/staging.forenteforlag.no\/pax\/#website","url":"https:\/\/staging.forenteforlag.no\/pax\/","name":"Pax","description":"","potentialAction":[{"@type":"SearchAction","target":{"@type":"EntryPoint","urlTemplate":"https:\/\/staging.forenteforlag.no\/pax\/?s={search_term_string}"},"query-input":{"@type":"PropertyValueSpecification","valueRequired":true,"valueName":"search_term_string"}}],"inLanguage":"nb-NO"}]}},"_links":{"self":[{"href":"https:\/\/staging.forenteforlag.no\/pax\/wp-json\/wp\/v2\/product\/20832","targetHints":{"allow":["GET"]}}],"collection":[{"href":"https:\/\/staging.forenteforlag.no\/pax\/wp-json\/wp\/v2\/product"}],"about":[{"href":"https:\/\/staging.forenteforlag.no\/pax\/wp-json\/wp\/v2\/types\/product"}],"wp:attachment":[{"href":"https:\/\/staging.forenteforlag.no\/pax\/wp-json\/wp\/v2\/media?parent=20832"}],"wp:term":[{"taxonomy":"product_brand","embeddable":true,"href":"https:\/\/staging.forenteforlag.no\/pax\/wp-json\/wp\/v2\/product_brand?post=20832"},{"taxonomy":"product_cat","embeddable":true,"href":"https:\/\/staging.forenteforlag.no\/pax\/wp-json\/wp\/v2\/product_cat?post=20832"},{"taxonomy":"product_tag","embeddable":true,"href":"https:\/\/staging.forenteforlag.no\/pax\/wp-json\/wp\/v2\/product_tag?post=20832"}],"curies":[{"name":"wp","href":"https:\/\/api.w.org\/{rel}","templated":true}]}}