{"id":20758,"date":"2018-08-29T02:00:00","date_gmt":"2018-08-29T00:00:00","guid":{"rendered":"https:\/\/pax.forenteforlag.no\/produkt\/en-kort-historie-om-rettsoppgjoret-etter-krigen\/"},"modified":"2025-11-06T09:32:53","modified_gmt":"2025-11-06T08:32:53","slug":"en-kort-historie-om-rettsoppgjoret-etter-krigen","status":"publish","type":"product","link":"https:\/\/staging.forenteforlag.no\/pax\/produkt\/en-kort-historie-om-rettsoppgjoret-etter-krigen\/","title":{"rendered":"En kort historie om rettsoppgj\u00f8ret etter krigen"},"content":{"rendered":"<p>Norge var en splittet nasjon etter krigen &#8211; ikke alle hadde kjempet mot de tyske okkupantene. Fem \u00e5r med krig hadde etterlatt dype s\u00e5r som m\u00e5tte leges i form av et rettslig oppgj\u00f8r med dem som hadde samarbeidet med tyskerne. Oppgj\u00f8ret skulle samle landet, og bli oppfattet som rettferdig, men var det mulig n\u00e5r befolkningen var s\u00e5 splittet? Rettsoppgj\u00f8ret ble opprivende, fullt av dilemmaer, og tok sv\u00e6rt lang tid.<\/p>\n<p>Hans Fredrik Dahl gir en kortfattet og oversiktlig introduksjon til rettsoppgj\u00f8ret, der sp\u00f8rsm\u00e5l om rettsf\u00f8lelse og mulige veier til forsoning var sentrale.<\/p>\n","protected":false},"excerpt":{"rendered":"<p>Norge var en splittet nasjon etter krigen &#8211; ikke alle hadde kjempet mot de tyske okkupantene. Fem \u00e5r med krig hadde etterlatt dype s\u00e5r som m\u00e5tte leges i form av et rettslig oppgj\u00f8r med dem som hadde samarbeidet med tyskerne. Oppgj\u00f8ret skulle samle landet, og bli oppfattet som rettferdig, men var det mulig n\u00e5r befolkningen [&hellip;]<\/p>\n","protected":false},"featured_media":28236,"template":"","meta":{"_acf_changed":false,"inline_featured_image":false},"product_brand":[],"product_cat":[1782,23],"product_tag":[362],"class_list":{"0":"post-20758","1":"product","2":"type-product","3":"status-publish","4":"has-post-thumbnail","6":"product_cat-fripris","7":"product_cat-historie","8":"product_tag-faglitteratur","9":"pa_format-innbundet","11":"first","12":"outofstock","13":"shipping-taxable","14":"purchasable","15":"product-type-simple"},"acf":{"anmeldelse":null},"yoast_head":"<!-- This site is optimized with the Yoast SEO plugin v26.6 - https:\/\/yoast.com\/wordpress\/plugins\/seo\/ -->\n<title>En kort historie om rettsoppgj\u00f8ret etter krigen - Pax<\/title>\n<meta name=\"robots\" content=\"noindex, follow, max-snippet:-1, max-image-preview:large, max-video-preview:-1\" \/>\n<meta property=\"og:locale\" content=\"nb_NO\" \/>\n<meta property=\"og:type\" content=\"article\" \/>\n<meta property=\"og:title\" content=\"En kort historie om rettsoppgj\u00f8ret etter krigen - Pax\" \/>\n<meta property=\"og:description\" content=\"Norge var en splittet nasjon etter krigen &#8211; ikke alle hadde kjempet mot de tyske okkupantene. Fem \u00e5r med krig hadde etterlatt dype s\u00e5r som m\u00e5tte leges i form av et rettslig oppgj\u00f8r med dem som hadde samarbeidet med tyskerne. Oppgj\u00f8ret skulle samle landet, og bli oppfattet som rettferdig, men var det mulig n\u00e5r befolkningen [&hellip;]\" \/>\n<meta property=\"og:url\" content=\"https:\/\/staging.forenteforlag.no\/pax\/produkt\/en-kort-historie-om-rettsoppgjoret-etter-krigen\/\" \/>\n<meta property=\"og:site_name\" content=\"Pax\" \/>\n<meta property=\"article:modified_time\" content=\"2025-11-06T08:32:53+00:00\" \/>\n<meta property=\"og:image\" content=\"https:\/\/staging.forenteforlag.no\/pax\/wp-content\/uploads\/sites\/5\/2025\/08\/jpg-6360.jpg\" \/>\n\t<meta property=\"og:image:width\" content=\"814\" \/>\n\t<meta property=\"og:image:height\" content=\"1280\" \/>\n\t<meta property=\"og:image:type\" content=\"image\/jpeg\" \/>\n<meta name=\"twitter:card\" content=\"summary_large_image\" \/>\n<meta name=\"twitter:label1\" content=\"Ansl. lesetid\" \/>\n\t<meta name=\"twitter:data1\" content=\"1 minutt\" \/>\n<script type=\"application\/ld+json\" class=\"yoast-schema-graph\">{\"@context\":\"https:\/\/schema.org\",\"@graph\":[{\"@type\":\"WebPage\",\"@id\":\"https:\/\/staging.forenteforlag.no\/pax\/produkt\/en-kort-historie-om-rettsoppgjoret-etter-krigen\/\",\"url\":\"https:\/\/staging.forenteforlag.no\/pax\/produkt\/en-kort-historie-om-rettsoppgjoret-etter-krigen\/\",\"name\":\"En kort historie om rettsoppgj\u00f8ret etter krigen - Pax\",\"isPartOf\":{\"@id\":\"https:\/\/staging.forenteforlag.no\/pax\/#website\"},\"primaryImageOfPage\":{\"@id\":\"https:\/\/staging.forenteforlag.no\/pax\/produkt\/en-kort-historie-om-rettsoppgjoret-etter-krigen\/#primaryimage\"},\"image\":{\"@id\":\"https:\/\/staging.forenteforlag.no\/pax\/produkt\/en-kort-historie-om-rettsoppgjoret-etter-krigen\/#primaryimage\"},\"thumbnailUrl\":\"https:\/\/staging.forenteforlag.no\/pax\/wp-content\/uploads\/sites\/5\/2025\/08\/jpg-6360.jpg\",\"datePublished\":\"2018-08-29T00:00:00+00:00\",\"dateModified\":\"2025-11-06T08:32:53+00:00\",\"breadcrumb\":{\"@id\":\"https:\/\/staging.forenteforlag.no\/pax\/produkt\/en-kort-historie-om-rettsoppgjoret-etter-krigen\/#breadcrumb\"},\"inLanguage\":\"nb-NO\",\"potentialAction\":[{\"@type\":\"ReadAction\",\"target\":[\"https:\/\/staging.forenteforlag.no\/pax\/produkt\/en-kort-historie-om-rettsoppgjoret-etter-krigen\/\"]}]},{\"@type\":\"ImageObject\",\"inLanguage\":\"nb-NO\",\"@id\":\"https:\/\/staging.forenteforlag.no\/pax\/produkt\/en-kort-historie-om-rettsoppgjoret-etter-krigen\/#primaryimage\",\"url\":\"https:\/\/staging.forenteforlag.no\/pax\/wp-content\/uploads\/sites\/5\/2025\/08\/jpg-6360.jpg\",\"contentUrl\":\"https:\/\/staging.forenteforlag.no\/pax\/wp-content\/uploads\/sites\/5\/2025\/08\/jpg-6360.jpg\",\"width\":814,\"height\":1280},{\"@type\":\"BreadcrumbList\",\"@id\":\"https:\/\/staging.forenteforlag.no\/pax\/produkt\/en-kort-historie-om-rettsoppgjoret-etter-krigen\/#breadcrumb\",\"itemListElement\":[{\"@type\":\"ListItem\",\"position\":1,\"name\":\"Hjem\",\"item\":\"https:\/\/staging.forenteforlag.no\/pax\/\"},{\"@type\":\"ListItem\",\"position\":2,\"name\":\"Alle b\u00f8ker\",\"item\":\"https:\/\/staging.forenteforlag.no\/pax\/butikk\/\"},{\"@type\":\"ListItem\",\"position\":3,\"name\":\"En kort historie om rettsoppgj\u00f8ret etter krigen\"}]},{\"@type\":\"WebSite\",\"@id\":\"https:\/\/staging.forenteforlag.no\/pax\/#website\",\"url\":\"https:\/\/staging.forenteforlag.no\/pax\/\",\"name\":\"Pax\",\"description\":\"\",\"potentialAction\":[{\"@type\":\"SearchAction\",\"target\":{\"@type\":\"EntryPoint\",\"urlTemplate\":\"https:\/\/staging.forenteforlag.no\/pax\/?s={search_term_string}\"},\"query-input\":{\"@type\":\"PropertyValueSpecification\",\"valueRequired\":true,\"valueName\":\"search_term_string\"}}],\"inLanguage\":\"nb-NO\"}]}<\/script>\n<!-- \/ Yoast SEO plugin. -->","yoast_head_json":{"title":"En kort historie om rettsoppgj\u00f8ret etter krigen - Pax","robots":{"index":"noindex","follow":"follow","max-snippet":"max-snippet:-1","max-image-preview":"max-image-preview:large","max-video-preview":"max-video-preview:-1"},"og_locale":"nb_NO","og_type":"article","og_title":"En kort historie om rettsoppgj\u00f8ret etter krigen - Pax","og_description":"Norge var en splittet nasjon etter krigen &#8211; ikke alle hadde kjempet mot de tyske okkupantene. Fem \u00e5r med krig hadde etterlatt dype s\u00e5r som m\u00e5tte leges i form av et rettslig oppgj\u00f8r med dem som hadde samarbeidet med tyskerne. Oppgj\u00f8ret skulle samle landet, og bli oppfattet som rettferdig, men var det mulig n\u00e5r befolkningen [&hellip;]","og_url":"https:\/\/staging.forenteforlag.no\/pax\/produkt\/en-kort-historie-om-rettsoppgjoret-etter-krigen\/","og_site_name":"Pax","article_modified_time":"2025-11-06T08:32:53+00:00","og_image":[{"width":814,"height":1280,"url":"https:\/\/staging.forenteforlag.no\/pax\/wp-content\/uploads\/sites\/5\/2025\/08\/jpg-6360.jpg","type":"image\/jpeg"}],"twitter_card":"summary_large_image","twitter_misc":{"Ansl. lesetid":"1 minutt"},"schema":{"@context":"https:\/\/schema.org","@graph":[{"@type":"WebPage","@id":"https:\/\/staging.forenteforlag.no\/pax\/produkt\/en-kort-historie-om-rettsoppgjoret-etter-krigen\/","url":"https:\/\/staging.forenteforlag.no\/pax\/produkt\/en-kort-historie-om-rettsoppgjoret-etter-krigen\/","name":"En kort historie om rettsoppgj\u00f8ret etter krigen - Pax","isPartOf":{"@id":"https:\/\/staging.forenteforlag.no\/pax\/#website"},"primaryImageOfPage":{"@id":"https:\/\/staging.forenteforlag.no\/pax\/produkt\/en-kort-historie-om-rettsoppgjoret-etter-krigen\/#primaryimage"},"image":{"@id":"https:\/\/staging.forenteforlag.no\/pax\/produkt\/en-kort-historie-om-rettsoppgjoret-etter-krigen\/#primaryimage"},"thumbnailUrl":"https:\/\/staging.forenteforlag.no\/pax\/wp-content\/uploads\/sites\/5\/2025\/08\/jpg-6360.jpg","datePublished":"2018-08-29T00:00:00+00:00","dateModified":"2025-11-06T08:32:53+00:00","breadcrumb":{"@id":"https:\/\/staging.forenteforlag.no\/pax\/produkt\/en-kort-historie-om-rettsoppgjoret-etter-krigen\/#breadcrumb"},"inLanguage":"nb-NO","potentialAction":[{"@type":"ReadAction","target":["https:\/\/staging.forenteforlag.no\/pax\/produkt\/en-kort-historie-om-rettsoppgjoret-etter-krigen\/"]}]},{"@type":"ImageObject","inLanguage":"nb-NO","@id":"https:\/\/staging.forenteforlag.no\/pax\/produkt\/en-kort-historie-om-rettsoppgjoret-etter-krigen\/#primaryimage","url":"https:\/\/staging.forenteforlag.no\/pax\/wp-content\/uploads\/sites\/5\/2025\/08\/jpg-6360.jpg","contentUrl":"https:\/\/staging.forenteforlag.no\/pax\/wp-content\/uploads\/sites\/5\/2025\/08\/jpg-6360.jpg","width":814,"height":1280},{"@type":"BreadcrumbList","@id":"https:\/\/staging.forenteforlag.no\/pax\/produkt\/en-kort-historie-om-rettsoppgjoret-etter-krigen\/#breadcrumb","itemListElement":[{"@type":"ListItem","position":1,"name":"Hjem","item":"https:\/\/staging.forenteforlag.no\/pax\/"},{"@type":"ListItem","position":2,"name":"Alle b\u00f8ker","item":"https:\/\/staging.forenteforlag.no\/pax\/butikk\/"},{"@type":"ListItem","position":3,"name":"En kort historie om rettsoppgj\u00f8ret etter krigen"}]},{"@type":"WebSite","@id":"https:\/\/staging.forenteforlag.no\/pax\/#website","url":"https:\/\/staging.forenteforlag.no\/pax\/","name":"Pax","description":"","potentialAction":[{"@type":"SearchAction","target":{"@type":"EntryPoint","urlTemplate":"https:\/\/staging.forenteforlag.no\/pax\/?s={search_term_string}"},"query-input":{"@type":"PropertyValueSpecification","valueRequired":true,"valueName":"search_term_string"}}],"inLanguage":"nb-NO"}]}},"_links":{"self":[{"href":"https:\/\/staging.forenteforlag.no\/pax\/wp-json\/wp\/v2\/product\/20758","targetHints":{"allow":["GET"]}}],"collection":[{"href":"https:\/\/staging.forenteforlag.no\/pax\/wp-json\/wp\/v2\/product"}],"about":[{"href":"https:\/\/staging.forenteforlag.no\/pax\/wp-json\/wp\/v2\/types\/product"}],"wp:featuredmedia":[{"embeddable":true,"href":"https:\/\/staging.forenteforlag.no\/pax\/wp-json\/wp\/v2\/media\/28236"}],"wp:attachment":[{"href":"https:\/\/staging.forenteforlag.no\/pax\/wp-json\/wp\/v2\/media?parent=20758"}],"wp:term":[{"taxonomy":"product_brand","embeddable":true,"href":"https:\/\/staging.forenteforlag.no\/pax\/wp-json\/wp\/v2\/product_brand?post=20758"},{"taxonomy":"product_cat","embeddable":true,"href":"https:\/\/staging.forenteforlag.no\/pax\/wp-json\/wp\/v2\/product_cat?post=20758"},{"taxonomy":"product_tag","embeddable":true,"href":"https:\/\/staging.forenteforlag.no\/pax\/wp-json\/wp\/v2\/product_tag?post=20758"}],"curies":[{"name":"wp","href":"https:\/\/api.w.org\/{rel}","templated":true}]}}