{"id":20443,"date":"2022-09-28T02:00:00","date_gmt":"2022-09-28T00:00:00","guid":{"rendered":"https:\/\/pax.forenteforlag.no\/produkt\/stemmer-fra-sapmi-2\/"},"modified":"2026-02-09T05:36:53","modified_gmt":"2026-02-09T04:36:53","slug":"stemmer-fra-sapmi-2","status":"publish","type":"product","link":"https:\/\/staging.forenteforlag.no\/pax\/produkt\/stemmer-fra-sapmi-2\/","title":{"rendered":"Stemmer fra S\u00e1pmi"},"content":{"rendered":"<p>Samene har blitt tvangsflyttet, de har mistet retten til landomr\u00e5dene sine, blitt plassert i internater og utsatt for rasebiologi. Spr\u00e5ket deres har blitt fortrengt, og de har blitt beskrevet som primitive og eksotiske. Hvordan p\u00e5virker denne historien samene, og hvordan st\u00e5r det egentlig til i de samiske samfunnene i dag? <\/p>\n<p>Stemmer fra S\u00e1pmi. Beretninger fra et stj\u00e5let land er en samling av over tjue tekster om det \u00e5 bli ber\u00f8vet sin identitet, vokse opp uten \u00e5 kunne sitt eget spr\u00e5k, om ikke \u00e5 bli oppfattet som samisk nok &#8211; tekster om \u00e5 b\u00e6re p\u00e5 flere kulturelle identiteter, og om undertrykkelse og motstand f\u00f8r og n\u00e5. <\/p>\n<p>Samene er et av verdens urfolk og hadde sitt hjem i S\u00e1pmi lenge f\u00f8r nasjonalstatene fantes. Landomr\u00e5det deres er grenseoverskridende og strekker seg over Norge, Sverige, Finland og Russland. De har en kollektiv historie og felles hukommelse. Stemmer fra S\u00e1pmi er en mosaikk av erfaringer og dr\u00f8mmer om en annen fremtid.<\/p>\n<p>Tekst p\u00e5 bokm\u00e5l, nordsamisk, kildinsamisk, tersamisk og lulesamisk<\/p>\n","protected":false},"excerpt":{"rendered":"<p>Samene har blitt tvangsflyttet, de har mistet retten til landomr\u00e5dene sine, blitt plassert i internater og utsatt for rasebiologi. Spr\u00e5ket deres har blitt fortrengt, og de har blitt beskrevet som primitive og eksotiske. Hvordan p\u00e5virker denne historien samene, og hvordan st\u00e5r det egentlig til i de samiske samfunnene i dag? Stemmer fra S\u00e1pmi. Beretninger fra [&hellip;]<\/p>\n","protected":false},"featured_media":27962,"template":"","meta":{"_acf_changed":false,"inline_featured_image":false},"product_brand":[],"product_cat":[20,1782,32],"product_tag":[362],"class_list":{"0":"post-20443","1":"product","2":"type-product","3":"status-publish","4":"has-post-thumbnail","6":"product_cat-biografier-og-memoarer","7":"product_cat-fripris","8":"product_cat-samfunn-og-politikk","9":"product_tag-faglitteratur","10":"pa_format-innbundet","12":"first","13":"instock","14":"shipping-taxable","15":"purchasable","16":"product-type-simple"},"acf":{"anmeldelse":null},"yoast_head":"<!-- This site is optimized with the Yoast SEO plugin v26.6 - https:\/\/yoast.com\/wordpress\/plugins\/seo\/ -->\n<title>Stemmer fra S\u00e1pmi - Pax<\/title>\n<meta name=\"robots\" content=\"noindex, follow, max-snippet:-1, max-image-preview:large, max-video-preview:-1\" \/>\n<meta property=\"og:locale\" content=\"nb_NO\" \/>\n<meta property=\"og:type\" content=\"article\" \/>\n<meta property=\"og:title\" content=\"Stemmer fra S\u00e1pmi - Pax\" \/>\n<meta property=\"og:description\" content=\"Samene har blitt tvangsflyttet, de har mistet retten til landomr\u00e5dene sine, blitt plassert i internater og utsatt for rasebiologi. Spr\u00e5ket deres har blitt fortrengt, og de har blitt beskrevet som primitive og eksotiske. Hvordan p\u00e5virker denne historien samene, og hvordan st\u00e5r det egentlig til i de samiske samfunnene i dag? Stemmer fra S\u00e1pmi. Beretninger fra [&hellip;]\" \/>\n<meta property=\"og:url\" content=\"https:\/\/staging.forenteforlag.no\/pax\/produkt\/stemmer-fra-sapmi-2\/\" \/>\n<meta property=\"og:site_name\" content=\"Pax\" \/>\n<meta property=\"article:modified_time\" content=\"2026-02-09T04:36:53+00:00\" \/>\n<meta property=\"og:image\" content=\"https:\/\/staging.forenteforlag.no\/pax\/wp-content\/uploads\/sites\/5\/2025\/08\/jpg-5594.jpg\" \/>\n\t<meta property=\"og:image:width\" content=\"457\" \/>\n\t<meta property=\"og:image:height\" content=\"640\" \/>\n\t<meta property=\"og:image:type\" content=\"image\/jpeg\" \/>\n<meta name=\"twitter:card\" content=\"summary_large_image\" \/>\n<meta name=\"twitter:label1\" content=\"Ansl. lesetid\" \/>\n\t<meta name=\"twitter:data1\" content=\"1 minutt\" \/>\n<script type=\"application\/ld+json\" class=\"yoast-schema-graph\">{\"@context\":\"https:\/\/schema.org\",\"@graph\":[{\"@type\":\"WebPage\",\"@id\":\"https:\/\/staging.forenteforlag.no\/pax\/produkt\/stemmer-fra-sapmi-2\/\",\"url\":\"https:\/\/staging.forenteforlag.no\/pax\/produkt\/stemmer-fra-sapmi-2\/\",\"name\":\"Stemmer fra S\u00e1pmi - Pax\",\"isPartOf\":{\"@id\":\"https:\/\/staging.forenteforlag.no\/pax\/#website\"},\"primaryImageOfPage\":{\"@id\":\"https:\/\/staging.forenteforlag.no\/pax\/produkt\/stemmer-fra-sapmi-2\/#primaryimage\"},\"image\":{\"@id\":\"https:\/\/staging.forenteforlag.no\/pax\/produkt\/stemmer-fra-sapmi-2\/#primaryimage\"},\"thumbnailUrl\":\"https:\/\/staging.forenteforlag.no\/pax\/wp-content\/uploads\/sites\/5\/2025\/08\/jpg-5594.jpg\",\"datePublished\":\"2022-09-28T00:00:00+00:00\",\"dateModified\":\"2026-02-09T04:36:53+00:00\",\"breadcrumb\":{\"@id\":\"https:\/\/staging.forenteforlag.no\/pax\/produkt\/stemmer-fra-sapmi-2\/#breadcrumb\"},\"inLanguage\":\"nb-NO\",\"potentialAction\":[{\"@type\":\"ReadAction\",\"target\":[\"https:\/\/staging.forenteforlag.no\/pax\/produkt\/stemmer-fra-sapmi-2\/\"]}]},{\"@type\":\"ImageObject\",\"inLanguage\":\"nb-NO\",\"@id\":\"https:\/\/staging.forenteforlag.no\/pax\/produkt\/stemmer-fra-sapmi-2\/#primaryimage\",\"url\":\"https:\/\/staging.forenteforlag.no\/pax\/wp-content\/uploads\/sites\/5\/2025\/08\/jpg-5594.jpg\",\"contentUrl\":\"https:\/\/staging.forenteforlag.no\/pax\/wp-content\/uploads\/sites\/5\/2025\/08\/jpg-5594.jpg\",\"width\":457,\"height\":640},{\"@type\":\"BreadcrumbList\",\"@id\":\"https:\/\/staging.forenteforlag.no\/pax\/produkt\/stemmer-fra-sapmi-2\/#breadcrumb\",\"itemListElement\":[{\"@type\":\"ListItem\",\"position\":1,\"name\":\"Hjem\",\"item\":\"https:\/\/staging.forenteforlag.no\/pax\/\"},{\"@type\":\"ListItem\",\"position\":2,\"name\":\"Alle b\u00f8ker\",\"item\":\"https:\/\/staging.forenteforlag.no\/pax\/butikk\/\"},{\"@type\":\"ListItem\",\"position\":3,\"name\":\"Stemmer fra S\u00e1pmi\"}]},{\"@type\":\"WebSite\",\"@id\":\"https:\/\/staging.forenteforlag.no\/pax\/#website\",\"url\":\"https:\/\/staging.forenteforlag.no\/pax\/\",\"name\":\"Pax\",\"description\":\"\",\"potentialAction\":[{\"@type\":\"SearchAction\",\"target\":{\"@type\":\"EntryPoint\",\"urlTemplate\":\"https:\/\/staging.forenteforlag.no\/pax\/?s={search_term_string}\"},\"query-input\":{\"@type\":\"PropertyValueSpecification\",\"valueRequired\":true,\"valueName\":\"search_term_string\"}}],\"inLanguage\":\"nb-NO\"}]}<\/script>\n<!-- \/ Yoast SEO plugin. -->","yoast_head_json":{"title":"Stemmer fra S\u00e1pmi - Pax","robots":{"index":"noindex","follow":"follow","max-snippet":"max-snippet:-1","max-image-preview":"max-image-preview:large","max-video-preview":"max-video-preview:-1"},"og_locale":"nb_NO","og_type":"article","og_title":"Stemmer fra S\u00e1pmi - Pax","og_description":"Samene har blitt tvangsflyttet, de har mistet retten til landomr\u00e5dene sine, blitt plassert i internater og utsatt for rasebiologi. Spr\u00e5ket deres har blitt fortrengt, og de har blitt beskrevet som primitive og eksotiske. Hvordan p\u00e5virker denne historien samene, og hvordan st\u00e5r det egentlig til i de samiske samfunnene i dag? Stemmer fra S\u00e1pmi. Beretninger fra [&hellip;]","og_url":"https:\/\/staging.forenteforlag.no\/pax\/produkt\/stemmer-fra-sapmi-2\/","og_site_name":"Pax","article_modified_time":"2026-02-09T04:36:53+00:00","og_image":[{"width":457,"height":640,"url":"https:\/\/staging.forenteforlag.no\/pax\/wp-content\/uploads\/sites\/5\/2025\/08\/jpg-5594.jpg","type":"image\/jpeg"}],"twitter_card":"summary_large_image","twitter_misc":{"Ansl. lesetid":"1 minutt"},"schema":{"@context":"https:\/\/schema.org","@graph":[{"@type":"WebPage","@id":"https:\/\/staging.forenteforlag.no\/pax\/produkt\/stemmer-fra-sapmi-2\/","url":"https:\/\/staging.forenteforlag.no\/pax\/produkt\/stemmer-fra-sapmi-2\/","name":"Stemmer fra S\u00e1pmi - Pax","isPartOf":{"@id":"https:\/\/staging.forenteforlag.no\/pax\/#website"},"primaryImageOfPage":{"@id":"https:\/\/staging.forenteforlag.no\/pax\/produkt\/stemmer-fra-sapmi-2\/#primaryimage"},"image":{"@id":"https:\/\/staging.forenteforlag.no\/pax\/produkt\/stemmer-fra-sapmi-2\/#primaryimage"},"thumbnailUrl":"https:\/\/staging.forenteforlag.no\/pax\/wp-content\/uploads\/sites\/5\/2025\/08\/jpg-5594.jpg","datePublished":"2022-09-28T00:00:00+00:00","dateModified":"2026-02-09T04:36:53+00:00","breadcrumb":{"@id":"https:\/\/staging.forenteforlag.no\/pax\/produkt\/stemmer-fra-sapmi-2\/#breadcrumb"},"inLanguage":"nb-NO","potentialAction":[{"@type":"ReadAction","target":["https:\/\/staging.forenteforlag.no\/pax\/produkt\/stemmer-fra-sapmi-2\/"]}]},{"@type":"ImageObject","inLanguage":"nb-NO","@id":"https:\/\/staging.forenteforlag.no\/pax\/produkt\/stemmer-fra-sapmi-2\/#primaryimage","url":"https:\/\/staging.forenteforlag.no\/pax\/wp-content\/uploads\/sites\/5\/2025\/08\/jpg-5594.jpg","contentUrl":"https:\/\/staging.forenteforlag.no\/pax\/wp-content\/uploads\/sites\/5\/2025\/08\/jpg-5594.jpg","width":457,"height":640},{"@type":"BreadcrumbList","@id":"https:\/\/staging.forenteforlag.no\/pax\/produkt\/stemmer-fra-sapmi-2\/#breadcrumb","itemListElement":[{"@type":"ListItem","position":1,"name":"Hjem","item":"https:\/\/staging.forenteforlag.no\/pax\/"},{"@type":"ListItem","position":2,"name":"Alle b\u00f8ker","item":"https:\/\/staging.forenteforlag.no\/pax\/butikk\/"},{"@type":"ListItem","position":3,"name":"Stemmer fra S\u00e1pmi"}]},{"@type":"WebSite","@id":"https:\/\/staging.forenteforlag.no\/pax\/#website","url":"https:\/\/staging.forenteforlag.no\/pax\/","name":"Pax","description":"","potentialAction":[{"@type":"SearchAction","target":{"@type":"EntryPoint","urlTemplate":"https:\/\/staging.forenteforlag.no\/pax\/?s={search_term_string}"},"query-input":{"@type":"PropertyValueSpecification","valueRequired":true,"valueName":"search_term_string"}}],"inLanguage":"nb-NO"}]}},"_links":{"self":[{"href":"https:\/\/staging.forenteforlag.no\/pax\/wp-json\/wp\/v2\/product\/20443","targetHints":{"allow":["GET"]}}],"collection":[{"href":"https:\/\/staging.forenteforlag.no\/pax\/wp-json\/wp\/v2\/product"}],"about":[{"href":"https:\/\/staging.forenteforlag.no\/pax\/wp-json\/wp\/v2\/types\/product"}],"wp:featuredmedia":[{"embeddable":true,"href":"https:\/\/staging.forenteforlag.no\/pax\/wp-json\/wp\/v2\/media\/27962"}],"wp:attachment":[{"href":"https:\/\/staging.forenteforlag.no\/pax\/wp-json\/wp\/v2\/media?parent=20443"}],"wp:term":[{"taxonomy":"product_brand","embeddable":true,"href":"https:\/\/staging.forenteforlag.no\/pax\/wp-json\/wp\/v2\/product_brand?post=20443"},{"taxonomy":"product_cat","embeddable":true,"href":"https:\/\/staging.forenteforlag.no\/pax\/wp-json\/wp\/v2\/product_cat?post=20443"},{"taxonomy":"product_tag","embeddable":true,"href":"https:\/\/staging.forenteforlag.no\/pax\/wp-json\/wp\/v2\/product_tag?post=20443"}],"curies":[{"name":"wp","href":"https:\/\/api.w.org\/{rel}","templated":true}]}}