{"id":20317,"date":"2020-09-02T02:00:00","date_gmt":"2020-09-02T00:00:00","guid":{"rendered":"https:\/\/pax.forenteforlag.no\/produkt\/nye-sprak-i-norge-2\/"},"modified":"2026-03-03T23:02:53","modified_gmt":"2026-03-03T22:02:53","slug":"nye-sprak-i-norge-2","status":"publish","type":"product","link":"https:\/\/staging.forenteforlag.no\/pax\/produkt\/nye-sprak-i-norge-2\/","title":{"rendered":"Nye spr\u00e5k i Norge"},"content":{"rendered":"<p>Persisk, arabisk, urdu, somali, tyrkisk, polsk, tamil og mange, mange fler. En spr\u00e5kelsker boltrer seg blant de st\u00f8rste innvandringsspr\u00e5kene v\u00e5re. Et nytt og fascinerende spr\u00e5kmangfold blomstrer rett utenfor stued\u00f8ra v\u00e5r. <\/p>\n<p>Visste du at tyrkisk spredte seg med et ridende nomadefolk som ikke bare snakket et velklingende spr\u00e5k, men ogs\u00e5 hadde en s\u00e6rlig forkj\u00e6rlighet for gj\u00e6ret hoppemelk, at somalierne p\u00e5 1960-tallet m\u00e5tte velge mellom atten ulike skriftspr\u00e5k, og at det ikke nytter \u00e5 l\u00e6re seg arabisk uten \u00e5 mestre et helt batteri av bisarre strupelyder? Og hvor mye vet du egentlig om polsk, russisk og de andre slaviske spr\u00e5kene? Ligger de fortsatt bak et slags spr\u00e5klig jernteppe? Visste du at spr\u00e5ket dari, det de fleste afghanere i Norge snakker, egentlig er en dialekt av persisk? At pakistanere flest snakker panjabi, selv om urdu (og engelsk) er landets offisielle spr\u00e5k, og at urdu og det indiske hindi i praksis er ett og samme spr\u00e5k, bare skrevet med to forskjellige alfabeter? Og at disse spr\u00e5kene stammer fra samme urspr\u00e5k som norsk? I denne boka blir du kjent med de st\u00f8rste av de nye spr\u00e5kene i Norge. <\/p>\n<p>Med stor kj\u00e6rlighet deler den entusiastiske multilingvisten P\u00e5l Kristian Eriksen av sin kunnskap om den store verdenen av spr\u00e5k som finnes utenfor den vestlige lekegrinden, spr\u00e5k som for de fleste av oss er helt ukjente og eksotiske.<\/p>\n","protected":false},"excerpt":{"rendered":"<p>Persisk, arabisk, urdu, somali, tyrkisk, polsk, tamil og mange, mange fler. En spr\u00e5kelsker boltrer seg blant de st\u00f8rste innvandringsspr\u00e5kene v\u00e5re. Et nytt og fascinerende spr\u00e5kmangfold blomstrer rett utenfor stued\u00f8ra v\u00e5r. Visste du at tyrkisk spredte seg med et ridende nomadefolk som ikke bare snakket et velklingende spr\u00e5k, men ogs\u00e5 hadde en s\u00e6rlig forkj\u00e6rlighet for gj\u00e6ret [&hellip;]<\/p>\n","protected":false},"featured_media":28583,"template":"","meta":{"_acf_changed":false,"inline_featured_image":false},"product_brand":[],"product_cat":[1782],"product_tag":[1679,362,439,574,1125],"class_list":{"0":"post-20317","1":"product","2":"type-product","3":"status-publish","4":"has-post-thumbnail","6":"product_cat-fripris","7":"product_tag-demografi","8":"product_tag-faglitteratur","9":"product_tag-nord-norge","10":"product_tag-sprakhistorie","11":"product_tag-spraksosiologi","13":"first","14":"instock","15":"shipping-taxable","16":"purchasable","17":"product-type-simple"},"acf":{"anmeldelse":[{"tekst_anmeldelser":"\u00abEt lystseilas av en spr\u00e5kbok som man\u00f8vrerer st\u00f8dig rundt p\u00e5 alle de sju verdenshav. Eriksen skriver s\u00e5 ubesv\u00e6ret man bare kan om man virkelig behersker sitt eget stoff.\u00bb","av_anmeldelser":"Siri Lindstad","terningkast":false,"kilde":"Forskerforum"},{"tekst_anmeldelser":"\u00abFest for spr\u00e5knerdar. Ei spr\u00e5kbok med kunnskap og humor i herleg blanding. [...] Boka er skriven med humor og boblande entusiasme. [...] Dersom du er blant dei som synest det er nok med eitt spr\u00e5k i Norge, eller at me er internasjonaliserte n\u00e5r alle snakkar halvgodt engelsk, er ikkje dette boka for deg. Men for dei som lar seg fascinera av det store spr\u00e5kmangfaldet i verda og gjerne vil vita meir, er Nye spr\u00e5k i Norge ein fest.\u00bb","av_anmeldelser":"Tom Hetland","terningkast":"<i class=\"fa-solid fa-dice-six\"><\/i>","kilde":"Stavanger Aftenblad"},{"tekst_anmeldelser":"\u00abJeg har hatt stor glede av boken Nye spr\u00e5k i Norge, som kom ut tidligere i \u00e5r. Den er skrevet av P\u00e5l Kristian Eriksen og b\u00e6rer den besn\u00e6rende undertittelen \u00aben spr\u00e5kodyss\u00e9\u00bb. Boken handler nettopp om spr\u00e5k som er ganske nye i Norge, som polsk, arabisk, somali, tyrkisk, kurdisk, persisk, urdu, hindi, panjabi, tamil, vietnamesisk, thai, litauisk, albansk, tigrinja og filippinsk. M\u00e5let med boken er at vi som bor i Norge, skal l\u00e6re mer om spr\u00e5kene som omgir oss. Vi kan lese om spr\u00e5kenes historie, om uttale, om skriftspr\u00e5ket \u2013 og selvsagt finnes det nok av lingvistiske godbiter \u00e5 imponere med i selskapslivet.\u00bb","av_anmeldelser":"Helene Uri","terningkast":false,"kilde":"Aftenposten"},{"tekst_anmeldelser":"\u00abFor Eriksen er poenget \u00e5 pirre nyfikna hos lesarane og alts\u00e5 trekke fram det han meiner kan fungere som appetittvekkarar. Eg er sj\u00f8lv ikkje ekspert p\u00e5 noko av dei spr\u00e5ka han beskriv, men i den grad eg, som spr\u00e5knerd p\u00e5 min m\u00e5te, kan kike han i korta, verkar det som han held seg godt innanfor det fagleg forsvarlege. Takkseiingane hans viser at han har hatt den beste eksperthjelpa han kan f\u00e5 i Noreg til beskrivinga av dei ymse spr\u00e5ka.\u00bb","av_anmeldelser":"Lars S. Vik\u00f8r","terningkast":false,"kilde":"Dag og Tid"},{"tekst_anmeldelser":"\u00abEtter endt lesning av Eriksens spr\u00e5kodyss\u00e9 er de fremmedartede spr\u00e5kene som omgir oss blitt mindre rare, og vi har f\u00e5tt et nytt perspektiv p\u00e5 v\u00e5rt eget\u00bb","av_anmeldelser":"Karin Gundersen","terningkast":false,"kilde":"Ordet"}]},"yoast_head":"<!-- This site is optimized with the Yoast SEO plugin v26.6 - https:\/\/yoast.com\/wordpress\/plugins\/seo\/ -->\n<title>Nye spr\u00e5k i Norge - Pax<\/title>\n<meta name=\"robots\" content=\"noindex, follow, max-snippet:-1, max-image-preview:large, max-video-preview:-1\" \/>\n<meta property=\"og:locale\" content=\"nb_NO\" \/>\n<meta property=\"og:type\" content=\"article\" \/>\n<meta property=\"og:title\" content=\"Nye spr\u00e5k i Norge - Pax\" \/>\n<meta property=\"og:description\" content=\"Persisk, arabisk, urdu, somali, tyrkisk, polsk, tamil og mange, mange fler. En spr\u00e5kelsker boltrer seg blant de st\u00f8rste innvandringsspr\u00e5kene v\u00e5re. Et nytt og fascinerende spr\u00e5kmangfold blomstrer rett utenfor stued\u00f8ra v\u00e5r. Visste du at tyrkisk spredte seg med et ridende nomadefolk som ikke bare snakket et velklingende spr\u00e5k, men ogs\u00e5 hadde en s\u00e6rlig forkj\u00e6rlighet for gj\u00e6ret [&hellip;]\" \/>\n<meta property=\"og:url\" content=\"https:\/\/staging.forenteforlag.no\/pax\/produkt\/nye-sprak-i-norge-2\/\" \/>\n<meta property=\"og:site_name\" content=\"Pax\" \/>\n<meta property=\"article:modified_time\" content=\"2026-03-03T22:02:53+00:00\" \/>\n<meta property=\"og:image\" content=\"https:\/\/staging.forenteforlag.no\/pax\/wp-content\/uploads\/sites\/5\/2025\/08\/jpg-7386.jpg\" \/>\n\t<meta property=\"og:image:width\" content=\"250\" \/>\n\t<meta property=\"og:image:height\" content=\"352\" \/>\n\t<meta property=\"og:image:type\" content=\"image\/jpeg\" \/>\n<meta name=\"twitter:card\" content=\"summary_large_image\" \/>\n<meta name=\"twitter:label1\" content=\"Ansl. lesetid\" \/>\n\t<meta name=\"twitter:data1\" content=\"1 minutt\" \/>\n<script type=\"application\/ld+json\" class=\"yoast-schema-graph\">{\"@context\":\"https:\/\/schema.org\",\"@graph\":[{\"@type\":\"WebPage\",\"@id\":\"https:\/\/staging.forenteforlag.no\/pax\/produkt\/nye-sprak-i-norge-2\/\",\"url\":\"https:\/\/staging.forenteforlag.no\/pax\/produkt\/nye-sprak-i-norge-2\/\",\"name\":\"Nye spr\u00e5k i Norge - Pax\",\"isPartOf\":{\"@id\":\"https:\/\/staging.forenteforlag.no\/pax\/#website\"},\"primaryImageOfPage\":{\"@id\":\"https:\/\/staging.forenteforlag.no\/pax\/produkt\/nye-sprak-i-norge-2\/#primaryimage\"},\"image\":{\"@id\":\"https:\/\/staging.forenteforlag.no\/pax\/produkt\/nye-sprak-i-norge-2\/#primaryimage\"},\"thumbnailUrl\":\"https:\/\/staging.forenteforlag.no\/pax\/wp-content\/uploads\/sites\/5\/2025\/08\/jpg-7386.jpg\",\"datePublished\":\"2020-09-02T00:00:00+00:00\",\"dateModified\":\"2026-03-03T22:02:53+00:00\",\"breadcrumb\":{\"@id\":\"https:\/\/staging.forenteforlag.no\/pax\/produkt\/nye-sprak-i-norge-2\/#breadcrumb\"},\"inLanguage\":\"nb-NO\",\"potentialAction\":[{\"@type\":\"ReadAction\",\"target\":[\"https:\/\/staging.forenteforlag.no\/pax\/produkt\/nye-sprak-i-norge-2\/\"]}]},{\"@type\":\"ImageObject\",\"inLanguage\":\"nb-NO\",\"@id\":\"https:\/\/staging.forenteforlag.no\/pax\/produkt\/nye-sprak-i-norge-2\/#primaryimage\",\"url\":\"https:\/\/staging.forenteforlag.no\/pax\/wp-content\/uploads\/sites\/5\/2025\/08\/jpg-7386.jpg\",\"contentUrl\":\"https:\/\/staging.forenteforlag.no\/pax\/wp-content\/uploads\/sites\/5\/2025\/08\/jpg-7386.jpg\",\"width\":250,\"height\":352},{\"@type\":\"BreadcrumbList\",\"@id\":\"https:\/\/staging.forenteforlag.no\/pax\/produkt\/nye-sprak-i-norge-2\/#breadcrumb\",\"itemListElement\":[{\"@type\":\"ListItem\",\"position\":1,\"name\":\"Hjem\",\"item\":\"https:\/\/staging.forenteforlag.no\/pax\/\"},{\"@type\":\"ListItem\",\"position\":2,\"name\":\"Alle b\u00f8ker\",\"item\":\"https:\/\/staging.forenteforlag.no\/pax\/butikk\/\"},{\"@type\":\"ListItem\",\"position\":3,\"name\":\"Nye spr\u00e5k i Norge\"}]},{\"@type\":\"WebSite\",\"@id\":\"https:\/\/staging.forenteforlag.no\/pax\/#website\",\"url\":\"https:\/\/staging.forenteforlag.no\/pax\/\",\"name\":\"Pax\",\"description\":\"\",\"potentialAction\":[{\"@type\":\"SearchAction\",\"target\":{\"@type\":\"EntryPoint\",\"urlTemplate\":\"https:\/\/staging.forenteforlag.no\/pax\/?s={search_term_string}\"},\"query-input\":{\"@type\":\"PropertyValueSpecification\",\"valueRequired\":true,\"valueName\":\"search_term_string\"}}],\"inLanguage\":\"nb-NO\"}]}<\/script>\n<!-- \/ Yoast SEO plugin. -->","yoast_head_json":{"title":"Nye spr\u00e5k i Norge - Pax","robots":{"index":"noindex","follow":"follow","max-snippet":"max-snippet:-1","max-image-preview":"max-image-preview:large","max-video-preview":"max-video-preview:-1"},"og_locale":"nb_NO","og_type":"article","og_title":"Nye spr\u00e5k i Norge - Pax","og_description":"Persisk, arabisk, urdu, somali, tyrkisk, polsk, tamil og mange, mange fler. En spr\u00e5kelsker boltrer seg blant de st\u00f8rste innvandringsspr\u00e5kene v\u00e5re. Et nytt og fascinerende spr\u00e5kmangfold blomstrer rett utenfor stued\u00f8ra v\u00e5r. Visste du at tyrkisk spredte seg med et ridende nomadefolk som ikke bare snakket et velklingende spr\u00e5k, men ogs\u00e5 hadde en s\u00e6rlig forkj\u00e6rlighet for gj\u00e6ret [&hellip;]","og_url":"https:\/\/staging.forenteforlag.no\/pax\/produkt\/nye-sprak-i-norge-2\/","og_site_name":"Pax","article_modified_time":"2026-03-03T22:02:53+00:00","og_image":[{"width":250,"height":352,"url":"https:\/\/staging.forenteforlag.no\/pax\/wp-content\/uploads\/sites\/5\/2025\/08\/jpg-7386.jpg","type":"image\/jpeg"}],"twitter_card":"summary_large_image","twitter_misc":{"Ansl. lesetid":"1 minutt"},"schema":{"@context":"https:\/\/schema.org","@graph":[{"@type":"WebPage","@id":"https:\/\/staging.forenteforlag.no\/pax\/produkt\/nye-sprak-i-norge-2\/","url":"https:\/\/staging.forenteforlag.no\/pax\/produkt\/nye-sprak-i-norge-2\/","name":"Nye spr\u00e5k i Norge - Pax","isPartOf":{"@id":"https:\/\/staging.forenteforlag.no\/pax\/#website"},"primaryImageOfPage":{"@id":"https:\/\/staging.forenteforlag.no\/pax\/produkt\/nye-sprak-i-norge-2\/#primaryimage"},"image":{"@id":"https:\/\/staging.forenteforlag.no\/pax\/produkt\/nye-sprak-i-norge-2\/#primaryimage"},"thumbnailUrl":"https:\/\/staging.forenteforlag.no\/pax\/wp-content\/uploads\/sites\/5\/2025\/08\/jpg-7386.jpg","datePublished":"2020-09-02T00:00:00+00:00","dateModified":"2026-03-03T22:02:53+00:00","breadcrumb":{"@id":"https:\/\/staging.forenteforlag.no\/pax\/produkt\/nye-sprak-i-norge-2\/#breadcrumb"},"inLanguage":"nb-NO","potentialAction":[{"@type":"ReadAction","target":["https:\/\/staging.forenteforlag.no\/pax\/produkt\/nye-sprak-i-norge-2\/"]}]},{"@type":"ImageObject","inLanguage":"nb-NO","@id":"https:\/\/staging.forenteforlag.no\/pax\/produkt\/nye-sprak-i-norge-2\/#primaryimage","url":"https:\/\/staging.forenteforlag.no\/pax\/wp-content\/uploads\/sites\/5\/2025\/08\/jpg-7386.jpg","contentUrl":"https:\/\/staging.forenteforlag.no\/pax\/wp-content\/uploads\/sites\/5\/2025\/08\/jpg-7386.jpg","width":250,"height":352},{"@type":"BreadcrumbList","@id":"https:\/\/staging.forenteforlag.no\/pax\/produkt\/nye-sprak-i-norge-2\/#breadcrumb","itemListElement":[{"@type":"ListItem","position":1,"name":"Hjem","item":"https:\/\/staging.forenteforlag.no\/pax\/"},{"@type":"ListItem","position":2,"name":"Alle b\u00f8ker","item":"https:\/\/staging.forenteforlag.no\/pax\/butikk\/"},{"@type":"ListItem","position":3,"name":"Nye spr\u00e5k i Norge"}]},{"@type":"WebSite","@id":"https:\/\/staging.forenteforlag.no\/pax\/#website","url":"https:\/\/staging.forenteforlag.no\/pax\/","name":"Pax","description":"","potentialAction":[{"@type":"SearchAction","target":{"@type":"EntryPoint","urlTemplate":"https:\/\/staging.forenteforlag.no\/pax\/?s={search_term_string}"},"query-input":{"@type":"PropertyValueSpecification","valueRequired":true,"valueName":"search_term_string"}}],"inLanguage":"nb-NO"}]}},"_links":{"self":[{"href":"https:\/\/staging.forenteforlag.no\/pax\/wp-json\/wp\/v2\/product\/20317","targetHints":{"allow":["GET"]}}],"collection":[{"href":"https:\/\/staging.forenteforlag.no\/pax\/wp-json\/wp\/v2\/product"}],"about":[{"href":"https:\/\/staging.forenteforlag.no\/pax\/wp-json\/wp\/v2\/types\/product"}],"wp:featuredmedia":[{"embeddable":true,"href":"https:\/\/staging.forenteforlag.no\/pax\/wp-json\/wp\/v2\/media\/28583"}],"wp:attachment":[{"href":"https:\/\/staging.forenteforlag.no\/pax\/wp-json\/wp\/v2\/media?parent=20317"}],"wp:term":[{"taxonomy":"product_brand","embeddable":true,"href":"https:\/\/staging.forenteforlag.no\/pax\/wp-json\/wp\/v2\/product_brand?post=20317"},{"taxonomy":"product_cat","embeddable":true,"href":"https:\/\/staging.forenteforlag.no\/pax\/wp-json\/wp\/v2\/product_cat?post=20317"},{"taxonomy":"product_tag","embeddable":true,"href":"https:\/\/staging.forenteforlag.no\/pax\/wp-json\/wp\/v2\/product_tag?post=20317"}],"curies":[{"name":"wp","href":"https:\/\/api.w.org\/{rel}","templated":true}]}}