{"id":20309,"date":"2019-09-10T02:00:00","date_gmt":"2019-09-10T00:00:00","guid":{"rendered":"https:\/\/pax.forenteforlag.no\/produkt\/hvordan-sprakene-ble-til-3\/"},"modified":"2025-11-06T09:10:42","modified_gmt":"2025-11-06T08:10:42","slug":"hvordan-sprakene-ble-til-3","status":"publish","type":"product","link":"https:\/\/staging.forenteforlag.no\/pax\/produkt\/hvordan-sprakene-ble-til-3\/","title":{"rendered":"Hvordan spr\u00e5kene ble til"},"content":{"rendered":"<p>Noe av det som skiller mennesker fra dyrene, inkludert de andre store primatene, er spr\u00e5k. Men n\u00e5r, hvordan og hvorfor oppstod egentlig de f\u00f8rste menneskespr\u00e5kene? Og n\u00e5r var de ferdigutviklet, i betydningen p\u00e5 niv\u00e5 med dagens spr\u00e5k? Nye arkeologiske funn og den genetiske revolusjonen gj\u00f8r at vi hele tiden m\u00e5 flytte tidspunktet for menneskets tilblivelse lenger bak i tid. Mye tyder n\u00e5 p\u00e5 at spr\u00e5k p\u00e5 dagens niv\u00e5 ogs\u00e5 fantes mye tidligere enn vi har trodd, antagelig allerede for 300 000 \u00e5r siden, og dermed lenge f\u00f8r v\u00e5r art vandret ut av Afrika og spredte seg over hele kloden. Begynnelsen til det hele vet vi adskillig mindre om.<\/p>\n<p>I denne boka begir den svenske spr\u00e5kforskeren Tore Janson seg inn i dette fascinerende landskapet av menneskeaper og tidlige mennesker og felles forfedre, av medf\u00f8dte signaler og av innl\u00e6rte lyder og av lyder som slutter \u00e5 v\u00e6re uttrykk for f\u00f8lelser og gradvis g\u00e5r over til \u00e5 bli til ord, ord med betydning. Forfatterens perspektiv er det evolusjon\u00e6re, og det er evnen til kommunikasjon som interesserer ham. Hvilke fordeler har mennesker, individer og grupper, hatt av \u00e5 kunne kommunisere? Mange av trinnene i denne prosessen, som kan ha tatt flere hundre tusen \u00e5r, er det bare mulig \u00e5 gjette rundt. Det v\u00e5ger Tore Janson, i det han lanserer et helt eget forslag til hvordan det hele kan ha g\u00e5tt til.<\/p>\n","protected":false},"excerpt":{"rendered":"<p>Noe av det som skiller mennesker fra dyrene, inkludert de andre store primatene, er spr\u00e5k. Men n\u00e5r, hvordan og hvorfor oppstod egentlig de f\u00f8rste menneskespr\u00e5kene? Og n\u00e5r var de ferdigutviklet, i betydningen p\u00e5 niv\u00e5 med dagens spr\u00e5k? Nye arkeologiske funn og den genetiske revolusjonen gj\u00f8r at vi hele tiden m\u00e5 flytte tidspunktet for menneskets tilblivelse [&hellip;]<\/p>\n","protected":false},"featured_media":28280,"template":"","meta":{"_acf_changed":false,"inline_featured_image":false},"product_brand":[],"product_cat":[1782,33],"product_tag":[362,502],"class_list":{"0":"post-20309","1":"product","2":"type-product","3":"status-publish","4":"has-post-thumbnail","6":"product_cat-fripris","7":"product_cat-sprak","8":"product_tag-faglitteratur","9":"product_tag-laereboker-hoyere-utd","10":"pa_format-innbundet","12":"first","13":"outofstock","14":"shipping-taxable","15":"purchasable","16":"product-type-simple"},"acf":{"anmeldelse":null},"yoast_head":"<!-- This site is optimized with the Yoast SEO plugin v26.6 - https:\/\/yoast.com\/wordpress\/plugins\/seo\/ -->\n<title>Hvordan spr\u00e5kene ble til - Pax<\/title>\n<meta name=\"robots\" content=\"noindex, follow, max-snippet:-1, max-image-preview:large, max-video-preview:-1\" \/>\n<meta property=\"og:locale\" content=\"nb_NO\" \/>\n<meta property=\"og:type\" content=\"article\" \/>\n<meta property=\"og:title\" content=\"Hvordan spr\u00e5kene ble til - Pax\" \/>\n<meta property=\"og:description\" content=\"Noe av det som skiller mennesker fra dyrene, inkludert de andre store primatene, er spr\u00e5k. Men n\u00e5r, hvordan og hvorfor oppstod egentlig de f\u00f8rste menneskespr\u00e5kene? Og n\u00e5r var de ferdigutviklet, i betydningen p\u00e5 niv\u00e5 med dagens spr\u00e5k? Nye arkeologiske funn og den genetiske revolusjonen gj\u00f8r at vi hele tiden m\u00e5 flytte tidspunktet for menneskets tilblivelse [&hellip;]\" \/>\n<meta property=\"og:url\" content=\"https:\/\/staging.forenteforlag.no\/pax\/produkt\/hvordan-sprakene-ble-til-3\/\" \/>\n<meta property=\"og:site_name\" content=\"Pax\" \/>\n<meta property=\"article:modified_time\" content=\"2025-11-06T08:10:42+00:00\" \/>\n<meta property=\"og:image\" content=\"https:\/\/staging.forenteforlag.no\/pax\/wp-content\/uploads\/sites\/5\/2025\/08\/jpg-6484-scaled-1-scaled.jpg\" \/>\n\t<meta property=\"og:image:width\" content=\"1328\" \/>\n\t<meta property=\"og:image:height\" content=\"1920\" \/>\n\t<meta property=\"og:image:type\" content=\"image\/jpeg\" \/>\n<meta name=\"twitter:card\" content=\"summary_large_image\" \/>\n<meta name=\"twitter:label1\" content=\"Ansl. lesetid\" \/>\n\t<meta name=\"twitter:data1\" content=\"1 minutt\" \/>\n<script type=\"application\/ld+json\" class=\"yoast-schema-graph\">{\"@context\":\"https:\/\/schema.org\",\"@graph\":[{\"@type\":\"WebPage\",\"@id\":\"https:\/\/staging.forenteforlag.no\/pax\/produkt\/hvordan-sprakene-ble-til-3\/\",\"url\":\"https:\/\/staging.forenteforlag.no\/pax\/produkt\/hvordan-sprakene-ble-til-3\/\",\"name\":\"Hvordan spr\u00e5kene ble til - Pax\",\"isPartOf\":{\"@id\":\"https:\/\/staging.forenteforlag.no\/pax\/#website\"},\"primaryImageOfPage\":{\"@id\":\"https:\/\/staging.forenteforlag.no\/pax\/produkt\/hvordan-sprakene-ble-til-3\/#primaryimage\"},\"image\":{\"@id\":\"https:\/\/staging.forenteforlag.no\/pax\/produkt\/hvordan-sprakene-ble-til-3\/#primaryimage\"},\"thumbnailUrl\":\"https:\/\/staging.forenteforlag.no\/pax\/wp-content\/uploads\/sites\/5\/2025\/08\/jpg-6484-scaled-1-scaled.jpg\",\"datePublished\":\"2019-09-10T00:00:00+00:00\",\"dateModified\":\"2025-11-06T08:10:42+00:00\",\"breadcrumb\":{\"@id\":\"https:\/\/staging.forenteforlag.no\/pax\/produkt\/hvordan-sprakene-ble-til-3\/#breadcrumb\"},\"inLanguage\":\"nb-NO\",\"potentialAction\":[{\"@type\":\"ReadAction\",\"target\":[\"https:\/\/staging.forenteforlag.no\/pax\/produkt\/hvordan-sprakene-ble-til-3\/\"]}]},{\"@type\":\"ImageObject\",\"inLanguage\":\"nb-NO\",\"@id\":\"https:\/\/staging.forenteforlag.no\/pax\/produkt\/hvordan-sprakene-ble-til-3\/#primaryimage\",\"url\":\"https:\/\/staging.forenteforlag.no\/pax\/wp-content\/uploads\/sites\/5\/2025\/08\/jpg-6484-scaled-1-scaled.jpg\",\"contentUrl\":\"https:\/\/staging.forenteforlag.no\/pax\/wp-content\/uploads\/sites\/5\/2025\/08\/jpg-6484-scaled-1-scaled.jpg\",\"width\":1328,\"height\":1920},{\"@type\":\"BreadcrumbList\",\"@id\":\"https:\/\/staging.forenteforlag.no\/pax\/produkt\/hvordan-sprakene-ble-til-3\/#breadcrumb\",\"itemListElement\":[{\"@type\":\"ListItem\",\"position\":1,\"name\":\"Hjem\",\"item\":\"https:\/\/staging.forenteforlag.no\/pax\/\"},{\"@type\":\"ListItem\",\"position\":2,\"name\":\"Alle b\u00f8ker\",\"item\":\"https:\/\/staging.forenteforlag.no\/pax\/butikk\/\"},{\"@type\":\"ListItem\",\"position\":3,\"name\":\"Hvordan spr\u00e5kene ble til\"}]},{\"@type\":\"WebSite\",\"@id\":\"https:\/\/staging.forenteforlag.no\/pax\/#website\",\"url\":\"https:\/\/staging.forenteforlag.no\/pax\/\",\"name\":\"Pax\",\"description\":\"\",\"potentialAction\":[{\"@type\":\"SearchAction\",\"target\":{\"@type\":\"EntryPoint\",\"urlTemplate\":\"https:\/\/staging.forenteforlag.no\/pax\/?s={search_term_string}\"},\"query-input\":{\"@type\":\"PropertyValueSpecification\",\"valueRequired\":true,\"valueName\":\"search_term_string\"}}],\"inLanguage\":\"nb-NO\"}]}<\/script>\n<!-- \/ Yoast SEO plugin. -->","yoast_head_json":{"title":"Hvordan spr\u00e5kene ble til - Pax","robots":{"index":"noindex","follow":"follow","max-snippet":"max-snippet:-1","max-image-preview":"max-image-preview:large","max-video-preview":"max-video-preview:-1"},"og_locale":"nb_NO","og_type":"article","og_title":"Hvordan spr\u00e5kene ble til - Pax","og_description":"Noe av det som skiller mennesker fra dyrene, inkludert de andre store primatene, er spr\u00e5k. Men n\u00e5r, hvordan og hvorfor oppstod egentlig de f\u00f8rste menneskespr\u00e5kene? Og n\u00e5r var de ferdigutviklet, i betydningen p\u00e5 niv\u00e5 med dagens spr\u00e5k? Nye arkeologiske funn og den genetiske revolusjonen gj\u00f8r at vi hele tiden m\u00e5 flytte tidspunktet for menneskets tilblivelse [&hellip;]","og_url":"https:\/\/staging.forenteforlag.no\/pax\/produkt\/hvordan-sprakene-ble-til-3\/","og_site_name":"Pax","article_modified_time":"2025-11-06T08:10:42+00:00","og_image":[{"width":1328,"height":1920,"url":"https:\/\/staging.forenteforlag.no\/pax\/wp-content\/uploads\/sites\/5\/2025\/08\/jpg-6484-scaled-1-scaled.jpg","type":"image\/jpeg"}],"twitter_card":"summary_large_image","twitter_misc":{"Ansl. lesetid":"1 minutt"},"schema":{"@context":"https:\/\/schema.org","@graph":[{"@type":"WebPage","@id":"https:\/\/staging.forenteforlag.no\/pax\/produkt\/hvordan-sprakene-ble-til-3\/","url":"https:\/\/staging.forenteforlag.no\/pax\/produkt\/hvordan-sprakene-ble-til-3\/","name":"Hvordan spr\u00e5kene ble til - Pax","isPartOf":{"@id":"https:\/\/staging.forenteforlag.no\/pax\/#website"},"primaryImageOfPage":{"@id":"https:\/\/staging.forenteforlag.no\/pax\/produkt\/hvordan-sprakene-ble-til-3\/#primaryimage"},"image":{"@id":"https:\/\/staging.forenteforlag.no\/pax\/produkt\/hvordan-sprakene-ble-til-3\/#primaryimage"},"thumbnailUrl":"https:\/\/staging.forenteforlag.no\/pax\/wp-content\/uploads\/sites\/5\/2025\/08\/jpg-6484-scaled-1-scaled.jpg","datePublished":"2019-09-10T00:00:00+00:00","dateModified":"2025-11-06T08:10:42+00:00","breadcrumb":{"@id":"https:\/\/staging.forenteforlag.no\/pax\/produkt\/hvordan-sprakene-ble-til-3\/#breadcrumb"},"inLanguage":"nb-NO","potentialAction":[{"@type":"ReadAction","target":["https:\/\/staging.forenteforlag.no\/pax\/produkt\/hvordan-sprakene-ble-til-3\/"]}]},{"@type":"ImageObject","inLanguage":"nb-NO","@id":"https:\/\/staging.forenteforlag.no\/pax\/produkt\/hvordan-sprakene-ble-til-3\/#primaryimage","url":"https:\/\/staging.forenteforlag.no\/pax\/wp-content\/uploads\/sites\/5\/2025\/08\/jpg-6484-scaled-1-scaled.jpg","contentUrl":"https:\/\/staging.forenteforlag.no\/pax\/wp-content\/uploads\/sites\/5\/2025\/08\/jpg-6484-scaled-1-scaled.jpg","width":1328,"height":1920},{"@type":"BreadcrumbList","@id":"https:\/\/staging.forenteforlag.no\/pax\/produkt\/hvordan-sprakene-ble-til-3\/#breadcrumb","itemListElement":[{"@type":"ListItem","position":1,"name":"Hjem","item":"https:\/\/staging.forenteforlag.no\/pax\/"},{"@type":"ListItem","position":2,"name":"Alle b\u00f8ker","item":"https:\/\/staging.forenteforlag.no\/pax\/butikk\/"},{"@type":"ListItem","position":3,"name":"Hvordan spr\u00e5kene ble til"}]},{"@type":"WebSite","@id":"https:\/\/staging.forenteforlag.no\/pax\/#website","url":"https:\/\/staging.forenteforlag.no\/pax\/","name":"Pax","description":"","potentialAction":[{"@type":"SearchAction","target":{"@type":"EntryPoint","urlTemplate":"https:\/\/staging.forenteforlag.no\/pax\/?s={search_term_string}"},"query-input":{"@type":"PropertyValueSpecification","valueRequired":true,"valueName":"search_term_string"}}],"inLanguage":"nb-NO"}]}},"_links":{"self":[{"href":"https:\/\/staging.forenteforlag.no\/pax\/wp-json\/wp\/v2\/product\/20309","targetHints":{"allow":["GET"]}}],"collection":[{"href":"https:\/\/staging.forenteforlag.no\/pax\/wp-json\/wp\/v2\/product"}],"about":[{"href":"https:\/\/staging.forenteforlag.no\/pax\/wp-json\/wp\/v2\/types\/product"}],"wp:featuredmedia":[{"embeddable":true,"href":"https:\/\/staging.forenteforlag.no\/pax\/wp-json\/wp\/v2\/media\/28280"}],"wp:attachment":[{"href":"https:\/\/staging.forenteforlag.no\/pax\/wp-json\/wp\/v2\/media?parent=20309"}],"wp:term":[{"taxonomy":"product_brand","embeddable":true,"href":"https:\/\/staging.forenteforlag.no\/pax\/wp-json\/wp\/v2\/product_brand?post=20309"},{"taxonomy":"product_cat","embeddable":true,"href":"https:\/\/staging.forenteforlag.no\/pax\/wp-json\/wp\/v2\/product_cat?post=20309"},{"taxonomy":"product_tag","embeddable":true,"href":"https:\/\/staging.forenteforlag.no\/pax\/wp-json\/wp\/v2\/product_tag?post=20309"}],"curies":[{"name":"wp","href":"https:\/\/api.w.org\/{rel}","templated":true}]}}