{"id":20303,"date":"2011-01-24T01:00:00","date_gmt":"2011-01-24T00:00:00","guid":{"rendered":"https:\/\/pax.forenteforlag.no\/produkt\/sprak-og-historie\/"},"modified":"2026-03-03T22:05:43","modified_gmt":"2026-03-03T21:05:43","slug":"sprak-og-historie","status":"publish","type":"product","link":"https:\/\/staging.forenteforlag.no\/pax\/produkt\/sprak-og-historie\/","title":{"rendered":"Spr\u00e5k og historie"},"content":{"rendered":"<p>Denne boken tar for seg hvordan historien og spr\u00e5kene har p\u00e5virket hverandre gjennom tidene. Fra menneskene p\u00e5 jorden var jegere og sankere og frem til n\u00e5.<\/p>\n","protected":false},"excerpt":{"rendered":"<p>Denne boken tar for seg hvordan historien og spr\u00e5kene har p\u00e5virket hverandre gjennom tidene. Fra menneskene p\u00e5 jorden var jegere og sankere og frem til n\u00e5.<\/p>\n","protected":false},"featured_media":28770,"template":"","meta":{"_acf_changed":false,"inline_featured_image":false},"product_brand":[],"product_cat":[1782],"product_tag":[362,574],"class_list":{"0":"post-20303","1":"product","2":"type-product","3":"status-publish","4":"has-post-thumbnail","6":"product_cat-fripris","7":"product_tag-faglitteratur","8":"product_tag-sprakhistorie","10":"first","11":"instock","12":"shipping-taxable","13":"purchasable","14":"product-type-simple"},"acf":{"anmeldelse":[{"tekst_anmeldelser":"\u00abI teknologien og de harde datas tid, gir Tore Jansons forfatterskap en p\u00e5minnelse om at humaniora p\u00e5 sitt beste har evig liv, som p\u00e5krevet bidrag til dannelse og historisk innsikt.\u00bb","av_anmeldelser":"Geir Kjell Andersland","terningkast":false,"kilde":"Bergens Tidende"}]},"yoast_head":"<!-- This site is optimized with the Yoast SEO plugin v26.6 - https:\/\/yoast.com\/wordpress\/plugins\/seo\/ -->\n<title>Spr\u00e5k og historie - Pax<\/title>\n<meta name=\"robots\" content=\"noindex, follow, max-snippet:-1, max-image-preview:large, max-video-preview:-1\" \/>\n<meta property=\"og:locale\" content=\"nb_NO\" \/>\n<meta property=\"og:type\" content=\"article\" \/>\n<meta property=\"og:title\" content=\"Spr\u00e5k og historie - Pax\" \/>\n<meta property=\"og:description\" content=\"Denne boken tar for seg hvordan historien og spr\u00e5kene har p\u00e5virket hverandre gjennom tidene. Fra menneskene p\u00e5 jorden var jegere og sankere og frem til n\u00e5.\" \/>\n<meta property=\"og:url\" content=\"https:\/\/staging.forenteforlag.no\/pax\/produkt\/sprak-og-historie\/\" \/>\n<meta property=\"og:site_name\" content=\"Pax\" \/>\n<meta property=\"article:modified_time\" content=\"2026-03-03T21:05:43+00:00\" \/>\n<meta property=\"og:image\" content=\"https:\/\/staging.forenteforlag.no\/pax\/wp-content\/uploads\/sites\/5\/2025\/08\/jpg-7929.jpg\" \/>\n\t<meta property=\"og:image:width\" content=\"328\" \/>\n\t<meta property=\"og:image:height\" content=\"449\" \/>\n\t<meta property=\"og:image:type\" content=\"image\/jpeg\" \/>\n<meta name=\"twitter:card\" content=\"summary_large_image\" \/>\n<script type=\"application\/ld+json\" class=\"yoast-schema-graph\">{\"@context\":\"https:\/\/schema.org\",\"@graph\":[{\"@type\":\"WebPage\",\"@id\":\"https:\/\/staging.forenteforlag.no\/pax\/produkt\/sprak-og-historie\/\",\"url\":\"https:\/\/staging.forenteforlag.no\/pax\/produkt\/sprak-og-historie\/\",\"name\":\"Spr\u00e5k og historie - Pax\",\"isPartOf\":{\"@id\":\"https:\/\/staging.forenteforlag.no\/pax\/#website\"},\"primaryImageOfPage\":{\"@id\":\"https:\/\/staging.forenteforlag.no\/pax\/produkt\/sprak-og-historie\/#primaryimage\"},\"image\":{\"@id\":\"https:\/\/staging.forenteforlag.no\/pax\/produkt\/sprak-og-historie\/#primaryimage\"},\"thumbnailUrl\":\"https:\/\/staging.forenteforlag.no\/pax\/wp-content\/uploads\/sites\/5\/2025\/08\/jpg-7929.jpg\",\"datePublished\":\"2011-01-24T00:00:00+00:00\",\"dateModified\":\"2026-03-03T21:05:43+00:00\",\"breadcrumb\":{\"@id\":\"https:\/\/staging.forenteforlag.no\/pax\/produkt\/sprak-og-historie\/#breadcrumb\"},\"inLanguage\":\"nb-NO\",\"potentialAction\":[{\"@type\":\"ReadAction\",\"target\":[\"https:\/\/staging.forenteforlag.no\/pax\/produkt\/sprak-og-historie\/\"]}]},{\"@type\":\"ImageObject\",\"inLanguage\":\"nb-NO\",\"@id\":\"https:\/\/staging.forenteforlag.no\/pax\/produkt\/sprak-og-historie\/#primaryimage\",\"url\":\"https:\/\/staging.forenteforlag.no\/pax\/wp-content\/uploads\/sites\/5\/2025\/08\/jpg-7929.jpg\",\"contentUrl\":\"https:\/\/staging.forenteforlag.no\/pax\/wp-content\/uploads\/sites\/5\/2025\/08\/jpg-7929.jpg\",\"width\":328,\"height\":449},{\"@type\":\"BreadcrumbList\",\"@id\":\"https:\/\/staging.forenteforlag.no\/pax\/produkt\/sprak-og-historie\/#breadcrumb\",\"itemListElement\":[{\"@type\":\"ListItem\",\"position\":1,\"name\":\"Hjem\",\"item\":\"https:\/\/staging.forenteforlag.no\/pax\/\"},{\"@type\":\"ListItem\",\"position\":2,\"name\":\"Alle b\u00f8ker\",\"item\":\"https:\/\/staging.forenteforlag.no\/pax\/butikk\/\"},{\"@type\":\"ListItem\",\"position\":3,\"name\":\"Spr\u00e5k og historie\"}]},{\"@type\":\"WebSite\",\"@id\":\"https:\/\/staging.forenteforlag.no\/pax\/#website\",\"url\":\"https:\/\/staging.forenteforlag.no\/pax\/\",\"name\":\"Pax\",\"description\":\"\",\"potentialAction\":[{\"@type\":\"SearchAction\",\"target\":{\"@type\":\"EntryPoint\",\"urlTemplate\":\"https:\/\/staging.forenteforlag.no\/pax\/?s={search_term_string}\"},\"query-input\":{\"@type\":\"PropertyValueSpecification\",\"valueRequired\":true,\"valueName\":\"search_term_string\"}}],\"inLanguage\":\"nb-NO\"}]}<\/script>\n<!-- \/ Yoast SEO plugin. -->","yoast_head_json":{"title":"Spr\u00e5k og historie - Pax","robots":{"index":"noindex","follow":"follow","max-snippet":"max-snippet:-1","max-image-preview":"max-image-preview:large","max-video-preview":"max-video-preview:-1"},"og_locale":"nb_NO","og_type":"article","og_title":"Spr\u00e5k og historie - Pax","og_description":"Denne boken tar for seg hvordan historien og spr\u00e5kene har p\u00e5virket hverandre gjennom tidene. Fra menneskene p\u00e5 jorden var jegere og sankere og frem til n\u00e5.","og_url":"https:\/\/staging.forenteforlag.no\/pax\/produkt\/sprak-og-historie\/","og_site_name":"Pax","article_modified_time":"2026-03-03T21:05:43+00:00","og_image":[{"width":328,"height":449,"url":"https:\/\/staging.forenteforlag.no\/pax\/wp-content\/uploads\/sites\/5\/2025\/08\/jpg-7929.jpg","type":"image\/jpeg"}],"twitter_card":"summary_large_image","schema":{"@context":"https:\/\/schema.org","@graph":[{"@type":"WebPage","@id":"https:\/\/staging.forenteforlag.no\/pax\/produkt\/sprak-og-historie\/","url":"https:\/\/staging.forenteforlag.no\/pax\/produkt\/sprak-og-historie\/","name":"Spr\u00e5k og historie - Pax","isPartOf":{"@id":"https:\/\/staging.forenteforlag.no\/pax\/#website"},"primaryImageOfPage":{"@id":"https:\/\/staging.forenteforlag.no\/pax\/produkt\/sprak-og-historie\/#primaryimage"},"image":{"@id":"https:\/\/staging.forenteforlag.no\/pax\/produkt\/sprak-og-historie\/#primaryimage"},"thumbnailUrl":"https:\/\/staging.forenteforlag.no\/pax\/wp-content\/uploads\/sites\/5\/2025\/08\/jpg-7929.jpg","datePublished":"2011-01-24T00:00:00+00:00","dateModified":"2026-03-03T21:05:43+00:00","breadcrumb":{"@id":"https:\/\/staging.forenteforlag.no\/pax\/produkt\/sprak-og-historie\/#breadcrumb"},"inLanguage":"nb-NO","potentialAction":[{"@type":"ReadAction","target":["https:\/\/staging.forenteforlag.no\/pax\/produkt\/sprak-og-historie\/"]}]},{"@type":"ImageObject","inLanguage":"nb-NO","@id":"https:\/\/staging.forenteforlag.no\/pax\/produkt\/sprak-og-historie\/#primaryimage","url":"https:\/\/staging.forenteforlag.no\/pax\/wp-content\/uploads\/sites\/5\/2025\/08\/jpg-7929.jpg","contentUrl":"https:\/\/staging.forenteforlag.no\/pax\/wp-content\/uploads\/sites\/5\/2025\/08\/jpg-7929.jpg","width":328,"height":449},{"@type":"BreadcrumbList","@id":"https:\/\/staging.forenteforlag.no\/pax\/produkt\/sprak-og-historie\/#breadcrumb","itemListElement":[{"@type":"ListItem","position":1,"name":"Hjem","item":"https:\/\/staging.forenteforlag.no\/pax\/"},{"@type":"ListItem","position":2,"name":"Alle b\u00f8ker","item":"https:\/\/staging.forenteforlag.no\/pax\/butikk\/"},{"@type":"ListItem","position":3,"name":"Spr\u00e5k og historie"}]},{"@type":"WebSite","@id":"https:\/\/staging.forenteforlag.no\/pax\/#website","url":"https:\/\/staging.forenteforlag.no\/pax\/","name":"Pax","description":"","potentialAction":[{"@type":"SearchAction","target":{"@type":"EntryPoint","urlTemplate":"https:\/\/staging.forenteforlag.no\/pax\/?s={search_term_string}"},"query-input":{"@type":"PropertyValueSpecification","valueRequired":true,"valueName":"search_term_string"}}],"inLanguage":"nb-NO"}]}},"_links":{"self":[{"href":"https:\/\/staging.forenteforlag.no\/pax\/wp-json\/wp\/v2\/product\/20303","targetHints":{"allow":["GET"]}}],"collection":[{"href":"https:\/\/staging.forenteforlag.no\/pax\/wp-json\/wp\/v2\/product"}],"about":[{"href":"https:\/\/staging.forenteforlag.no\/pax\/wp-json\/wp\/v2\/types\/product"}],"wp:featuredmedia":[{"embeddable":true,"href":"https:\/\/staging.forenteforlag.no\/pax\/wp-json\/wp\/v2\/media\/28770"}],"wp:attachment":[{"href":"https:\/\/staging.forenteforlag.no\/pax\/wp-json\/wp\/v2\/media?parent=20303"}],"wp:term":[{"taxonomy":"product_brand","embeddable":true,"href":"https:\/\/staging.forenteforlag.no\/pax\/wp-json\/wp\/v2\/product_brand?post=20303"},{"taxonomy":"product_cat","embeddable":true,"href":"https:\/\/staging.forenteforlag.no\/pax\/wp-json\/wp\/v2\/product_cat?post=20303"},{"taxonomy":"product_tag","embeddable":true,"href":"https:\/\/staging.forenteforlag.no\/pax\/wp-json\/wp\/v2\/product_tag?post=20303"}],"curies":[{"name":"wp","href":"https:\/\/api.w.org\/{rel}","templated":true}]}}