{"id":20301,"date":"2009-01-16T01:00:00","date_gmt":"2009-01-16T00:00:00","guid":{"rendered":"https:\/\/pax.forenteforlag.no\/produkt\/sprak-og-historie-2\/"},"modified":"2025-08-27T10:59:09","modified_gmt":"2025-08-27T08:59:09","slug":"sprak-og-historie-2","status":"publish","type":"product","link":"https:\/\/staging.forenteforlag.no\/pax\/produkt\/sprak-og-historie-2\/","title":{"rendered":"Spr\u00e5k og historie"},"content":{"rendered":"<p>Hva er egentlig et spr\u00e5k? Fantes det flere spr\u00e5k tidligere? Hvor lenge har det eksistert spr\u00e5k? N\u00e5r ble norsk et eget spr\u00e5k? Kommer de sm\u00e5 spr\u00e5kene i verden til \u00e5 leve videre, eller vil alle mennesker i verden snakke engelsk eller kinesisk om 200 \u00e5r?   Boka tar leseren med p\u00e5 en oppdagelsesreise som begynner for et par millioner \u00e5r siden og strekker seg langt inn i framtida. Vi starter da menneskene p\u00e5 jorda var jegere og sankere. Ingen vet akkurat n\u00e5r spr\u00e5kene oppstod, men i minst 40 000 \u00e5r (og kanskje veldig mye lenger) tror man det har eksistert minst like mange og like avanserte spr\u00e5k som n\u00e5.  Underveis ser vi n\u00e6rmere p\u00e5 en del store og kjente spr\u00e5k, som gresk, latin, italiensk og engelsk. Mange sm\u00e5 og ukjente spr\u00e5k er ogs\u00e5 omtalt, som khoisanspr\u00e5ket som snakkes i Kalahari\u00f8rkenen og kreolspr\u00e5k fra Vestindia. Hvert spr\u00e5k har sin historie og sin skjebne.   Tore Janson har skrevet flere b\u00f8ker, p\u00e5 norsk foreligger fra f\u00f8r Latin. Kulturen, historien, spr\u00e5ket (2004), som har solgt i store opplag og blitt utgitt i en rekke land og Romerinner og romere. Livet i Romerriket (2006). Janson har v\u00e6rt professor i latin ved Universitetet i G\u00f8teborg og ogs\u00e5 undervist ved University of California.<\/p>\n","protected":false},"excerpt":{"rendered":"<p>Hva er egentlig et spr\u00e5k? Fantes det flere spr\u00e5k tidligere? Hvor lenge har det eksistert spr\u00e5k? N\u00e5r ble norsk et eget spr\u00e5k? Kommer de sm\u00e5 spr\u00e5kene i verden til \u00e5 leve videre, eller vil alle mennesker i verden snakke engelsk eller kinesisk om 200 \u00e5r? Boka tar leseren med p\u00e5 en oppdagelsesreise som begynner for [&hellip;]<\/p>\n","protected":false},"featured_media":28774,"template":"","meta":{"_acf_changed":false,"inline_featured_image":false},"product_brand":[],"product_cat":[1782,33],"product_tag":[362,574],"class_list":{"0":"post-20301","1":"product","2":"type-product","3":"status-publish","4":"has-post-thumbnail","6":"product_cat-fripris","7":"product_cat-sprak","8":"product_tag-faglitteratur","9":"product_tag-sprakhistorie","10":"pa_format-innbundet","12":"first","13":"outofstock","14":"shipping-taxable","15":"purchasable","16":"product-type-simple"},"acf":{"anmeldelse":null},"yoast_head":"<!-- This site is optimized with the Yoast SEO plugin v26.6 - https:\/\/yoast.com\/wordpress\/plugins\/seo\/ -->\n<title>Spr\u00e5k og historie - Pax<\/title>\n<meta name=\"robots\" content=\"noindex, follow, max-snippet:-1, max-image-preview:large, max-video-preview:-1\" \/>\n<meta property=\"og:locale\" content=\"nb_NO\" \/>\n<meta property=\"og:type\" content=\"article\" \/>\n<meta property=\"og:title\" content=\"Spr\u00e5k og historie - Pax\" \/>\n<meta property=\"og:description\" content=\"Hva er egentlig et spr\u00e5k? Fantes det flere spr\u00e5k tidligere? Hvor lenge har det eksistert spr\u00e5k? N\u00e5r ble norsk et eget spr\u00e5k? Kommer de sm\u00e5 spr\u00e5kene i verden til \u00e5 leve videre, eller vil alle mennesker i verden snakke engelsk eller kinesisk om 200 \u00e5r? Boka tar leseren med p\u00e5 en oppdagelsesreise som begynner for [&hellip;]\" \/>\n<meta property=\"og:url\" content=\"https:\/\/staging.forenteforlag.no\/pax\/produkt\/sprak-og-historie-2\/\" \/>\n<meta property=\"og:site_name\" content=\"Pax\" \/>\n<meta property=\"article:modified_time\" content=\"2025-08-27T08:59:09+00:00\" \/>\n<meta property=\"og:image\" content=\"https:\/\/staging.forenteforlag.no\/pax\/wp-content\/uploads\/sites\/5\/2025\/08\/jpg-7934.jpg\" \/>\n\t<meta property=\"og:image:width\" content=\"328\" \/>\n\t<meta property=\"og:image:height\" content=\"450\" \/>\n\t<meta property=\"og:image:type\" content=\"image\/jpeg\" \/>\n<meta name=\"twitter:card\" content=\"summary_large_image\" \/>\n<meta name=\"twitter:label1\" content=\"Ansl. lesetid\" \/>\n\t<meta name=\"twitter:data1\" content=\"1 minutt\" \/>\n<script type=\"application\/ld+json\" class=\"yoast-schema-graph\">{\"@context\":\"https:\/\/schema.org\",\"@graph\":[{\"@type\":\"WebPage\",\"@id\":\"https:\/\/staging.forenteforlag.no\/pax\/produkt\/sprak-og-historie-2\/\",\"url\":\"https:\/\/staging.forenteforlag.no\/pax\/produkt\/sprak-og-historie-2\/\",\"name\":\"Spr\u00e5k og historie - Pax\",\"isPartOf\":{\"@id\":\"https:\/\/staging.forenteforlag.no\/pax\/#website\"},\"primaryImageOfPage\":{\"@id\":\"https:\/\/staging.forenteforlag.no\/pax\/produkt\/sprak-og-historie-2\/#primaryimage\"},\"image\":{\"@id\":\"https:\/\/staging.forenteforlag.no\/pax\/produkt\/sprak-og-historie-2\/#primaryimage\"},\"thumbnailUrl\":\"https:\/\/staging.forenteforlag.no\/pax\/wp-content\/uploads\/sites\/5\/2025\/08\/jpg-7934.jpg\",\"datePublished\":\"2009-01-16T00:00:00+00:00\",\"dateModified\":\"2025-08-27T08:59:09+00:00\",\"breadcrumb\":{\"@id\":\"https:\/\/staging.forenteforlag.no\/pax\/produkt\/sprak-og-historie-2\/#breadcrumb\"},\"inLanguage\":\"nb-NO\",\"potentialAction\":[{\"@type\":\"ReadAction\",\"target\":[\"https:\/\/staging.forenteforlag.no\/pax\/produkt\/sprak-og-historie-2\/\"]}]},{\"@type\":\"ImageObject\",\"inLanguage\":\"nb-NO\",\"@id\":\"https:\/\/staging.forenteforlag.no\/pax\/produkt\/sprak-og-historie-2\/#primaryimage\",\"url\":\"https:\/\/staging.forenteforlag.no\/pax\/wp-content\/uploads\/sites\/5\/2025\/08\/jpg-7934.jpg\",\"contentUrl\":\"https:\/\/staging.forenteforlag.no\/pax\/wp-content\/uploads\/sites\/5\/2025\/08\/jpg-7934.jpg\",\"width\":328,\"height\":450},{\"@type\":\"BreadcrumbList\",\"@id\":\"https:\/\/staging.forenteforlag.no\/pax\/produkt\/sprak-og-historie-2\/#breadcrumb\",\"itemListElement\":[{\"@type\":\"ListItem\",\"position\":1,\"name\":\"Hjem\",\"item\":\"https:\/\/staging.forenteforlag.no\/pax\/\"},{\"@type\":\"ListItem\",\"position\":2,\"name\":\"Alle b\u00f8ker\",\"item\":\"https:\/\/staging.forenteforlag.no\/pax\/butikk\/\"},{\"@type\":\"ListItem\",\"position\":3,\"name\":\"Spr\u00e5k og historie\"}]},{\"@type\":\"WebSite\",\"@id\":\"https:\/\/staging.forenteforlag.no\/pax\/#website\",\"url\":\"https:\/\/staging.forenteforlag.no\/pax\/\",\"name\":\"Pax\",\"description\":\"\",\"potentialAction\":[{\"@type\":\"SearchAction\",\"target\":{\"@type\":\"EntryPoint\",\"urlTemplate\":\"https:\/\/staging.forenteforlag.no\/pax\/?s={search_term_string}\"},\"query-input\":{\"@type\":\"PropertyValueSpecification\",\"valueRequired\":true,\"valueName\":\"search_term_string\"}}],\"inLanguage\":\"nb-NO\"}]}<\/script>\n<!-- \/ Yoast SEO plugin. -->","yoast_head_json":{"title":"Spr\u00e5k og historie - Pax","robots":{"index":"noindex","follow":"follow","max-snippet":"max-snippet:-1","max-image-preview":"max-image-preview:large","max-video-preview":"max-video-preview:-1"},"og_locale":"nb_NO","og_type":"article","og_title":"Spr\u00e5k og historie - Pax","og_description":"Hva er egentlig et spr\u00e5k? Fantes det flere spr\u00e5k tidligere? Hvor lenge har det eksistert spr\u00e5k? N\u00e5r ble norsk et eget spr\u00e5k? Kommer de sm\u00e5 spr\u00e5kene i verden til \u00e5 leve videre, eller vil alle mennesker i verden snakke engelsk eller kinesisk om 200 \u00e5r? Boka tar leseren med p\u00e5 en oppdagelsesreise som begynner for [&hellip;]","og_url":"https:\/\/staging.forenteforlag.no\/pax\/produkt\/sprak-og-historie-2\/","og_site_name":"Pax","article_modified_time":"2025-08-27T08:59:09+00:00","og_image":[{"width":328,"height":450,"url":"https:\/\/staging.forenteforlag.no\/pax\/wp-content\/uploads\/sites\/5\/2025\/08\/jpg-7934.jpg","type":"image\/jpeg"}],"twitter_card":"summary_large_image","twitter_misc":{"Ansl. lesetid":"1 minutt"},"schema":{"@context":"https:\/\/schema.org","@graph":[{"@type":"WebPage","@id":"https:\/\/staging.forenteforlag.no\/pax\/produkt\/sprak-og-historie-2\/","url":"https:\/\/staging.forenteforlag.no\/pax\/produkt\/sprak-og-historie-2\/","name":"Spr\u00e5k og historie - Pax","isPartOf":{"@id":"https:\/\/staging.forenteforlag.no\/pax\/#website"},"primaryImageOfPage":{"@id":"https:\/\/staging.forenteforlag.no\/pax\/produkt\/sprak-og-historie-2\/#primaryimage"},"image":{"@id":"https:\/\/staging.forenteforlag.no\/pax\/produkt\/sprak-og-historie-2\/#primaryimage"},"thumbnailUrl":"https:\/\/staging.forenteforlag.no\/pax\/wp-content\/uploads\/sites\/5\/2025\/08\/jpg-7934.jpg","datePublished":"2009-01-16T00:00:00+00:00","dateModified":"2025-08-27T08:59:09+00:00","breadcrumb":{"@id":"https:\/\/staging.forenteforlag.no\/pax\/produkt\/sprak-og-historie-2\/#breadcrumb"},"inLanguage":"nb-NO","potentialAction":[{"@type":"ReadAction","target":["https:\/\/staging.forenteforlag.no\/pax\/produkt\/sprak-og-historie-2\/"]}]},{"@type":"ImageObject","inLanguage":"nb-NO","@id":"https:\/\/staging.forenteforlag.no\/pax\/produkt\/sprak-og-historie-2\/#primaryimage","url":"https:\/\/staging.forenteforlag.no\/pax\/wp-content\/uploads\/sites\/5\/2025\/08\/jpg-7934.jpg","contentUrl":"https:\/\/staging.forenteforlag.no\/pax\/wp-content\/uploads\/sites\/5\/2025\/08\/jpg-7934.jpg","width":328,"height":450},{"@type":"BreadcrumbList","@id":"https:\/\/staging.forenteforlag.no\/pax\/produkt\/sprak-og-historie-2\/#breadcrumb","itemListElement":[{"@type":"ListItem","position":1,"name":"Hjem","item":"https:\/\/staging.forenteforlag.no\/pax\/"},{"@type":"ListItem","position":2,"name":"Alle b\u00f8ker","item":"https:\/\/staging.forenteforlag.no\/pax\/butikk\/"},{"@type":"ListItem","position":3,"name":"Spr\u00e5k og historie"}]},{"@type":"WebSite","@id":"https:\/\/staging.forenteforlag.no\/pax\/#website","url":"https:\/\/staging.forenteforlag.no\/pax\/","name":"Pax","description":"","potentialAction":[{"@type":"SearchAction","target":{"@type":"EntryPoint","urlTemplate":"https:\/\/staging.forenteforlag.no\/pax\/?s={search_term_string}"},"query-input":{"@type":"PropertyValueSpecification","valueRequired":true,"valueName":"search_term_string"}}],"inLanguage":"nb-NO"}]}},"_links":{"self":[{"href":"https:\/\/staging.forenteforlag.no\/pax\/wp-json\/wp\/v2\/product\/20301","targetHints":{"allow":["GET"]}}],"collection":[{"href":"https:\/\/staging.forenteforlag.no\/pax\/wp-json\/wp\/v2\/product"}],"about":[{"href":"https:\/\/staging.forenteforlag.no\/pax\/wp-json\/wp\/v2\/types\/product"}],"wp:featuredmedia":[{"embeddable":true,"href":"https:\/\/staging.forenteforlag.no\/pax\/wp-json\/wp\/v2\/media\/28774"}],"wp:attachment":[{"href":"https:\/\/staging.forenteforlag.no\/pax\/wp-json\/wp\/v2\/media?parent=20301"}],"wp:term":[{"taxonomy":"product_brand","embeddable":true,"href":"https:\/\/staging.forenteforlag.no\/pax\/wp-json\/wp\/v2\/product_brand?post=20301"},{"taxonomy":"product_cat","embeddable":true,"href":"https:\/\/staging.forenteforlag.no\/pax\/wp-json\/wp\/v2\/product_cat?post=20301"},{"taxonomy":"product_tag","embeddable":true,"href":"https:\/\/staging.forenteforlag.no\/pax\/wp-json\/wp\/v2\/product_tag?post=20301"}],"curies":[{"name":"wp","href":"https:\/\/api.w.org\/{rel}","templated":true}]}}