{"id":24632,"date":"2025-08-03T23:14:55","date_gmt":"2025-08-03T21:14:55","guid":{"rendered":"https:\/\/forlagetpress.no\/produkt\/de-forsvunne-fra-londres-nr-38\/"},"modified":"2026-03-02T17:09:17","modified_gmt":"2026-03-02T16:09:17","slug":"de-forsvunne-fra-londres-nr-38","status":"publish","type":"product","link":"https:\/\/staging.forenteforlag.no\/forlaget\/produkt\/de-forsvunne-fra-londres-nr-38\/","title":{"rendered":"De forsvunne fra Londres nr. 38"},"content":{"rendered":"<p>I &lt;em&gt;De forsvunne fra Londres nr.&lt;\/em&gt; &lt;em&gt;38&lt;\/em&gt; forener Philippe Sands personlige memoarer, historisk detektivarbeid og et gripende rettssalsdrama for \u00e5 unders\u00f8ke en dobbel historie om massemord. En historie som p\u00e5 sjokkerende vis knytter 1940-tallets grusomheter sammen med v\u00e5r egen tid.&amp;nbsp;&lt;br&gt;&amp;nbsp;&lt;br&gt;Om kvelden 16. oktober 1998 blir den chilenske diktatoren Augusto Pinochet arrestert p\u00e5 en legeklinikk i London og tiltalt for internasjonale forbrytelser. Tre ti\u00e5r tidligere, den 3. desember 1962, blir SS-kommand\u00f8r Walther Rauff arrestert i sitt hjem i Punta Arenas, p\u00e5 s\u00f8rspissen av Chile. Som ansvarlig for utvikling og bruk av mobile gasskamre under andre verdenskrig var han tiltalt for massedrap p\u00e5 titusenvis av j\u00f8der.&amp;nbsp;&amp;nbsp;&lt;br&gt;&amp;nbsp;&lt;br&gt;&lt;em&gt;De forsvunne fra Londres nr. 38&lt;\/em&gt; tar for seg noen av de mest omdiskuterte sp\u00f8rsm\u00e5lene i dag: Kontinuiteten mellom ny og gammel h\u00f8yreekstremisme, overlevelsesmekanismene for den klassiske fascismen og den totalit\u00e6re statens tilbakekomst. Men det er ogs\u00e5 en bok om det internasjonale rettssystemet som s\u00e5dan \u2013 dets berettigelse, styrke og framtidsutsikter. Og framfor alt er det en uforglemmelig og viktig skildring av den systematiske og n\u00e5del\u00f8se grusomheten som tyrannier er i stand til \u00e5 ut\u00f8ve.&amp;nbsp;&lt;br&gt;<\/p>\n","protected":false},"excerpt":{"rendered":"<p>I &lt;em&gt;De forsvunne fra Londres nr.&lt;\/em&gt; &lt;em&gt;38&lt;\/em&gt; forener Philippe Sands personlige memoarer, historisk detektivarbeid og et gripende rettssalsdrama for \u00e5 unders\u00f8ke en dobbel historie om massemord. En historie som p\u00e5 sjokkerende vis knytter 1940-tallets grusomheter sammen med v\u00e5r egen tid.&amp;nbsp;&lt;br&gt;&amp;nbsp;&lt;br&gt;Om kvelden 16. oktober 1998 blir den chilenske diktatoren Augusto Pinochet arrestert p\u00e5 en legeklinikk i [&hellip;]<\/p>\n","protected":false},"featured_media":26612,"template":"","meta":{"_acf_changed":false,"inline_featured_image":false},"product_brand":[],"product_cat":[1780],"product_tag":[362],"class_list":{"0":"post-24632","1":"product","2":"type-product","3":"status-publish","4":"has-post-thumbnail","6":"product_cat-fastpris","7":"product_tag-faglitteratur","9":"first","10":"instock","11":"purchasable","12":"product-type-simple"},"acf":{"anmeldelse":[{"tekst_anmeldelser":"Philippe Sands portrett av en chilensk diktator og en tysk nazileder er solid detektivarbeid. [Det] som kan sl\u00e5s fast, er at Sands enda en gang gir oss et personlig og veldokumentert bidrag som avdekker den europeiske fascismen, dens latinamerikanske varianter i nyere tid og \u2013 ikke minst \u2013 forbindelsene mellom dem. Christian Rugstad leverer ei solid oversetting her som i Sands tidligere b\u00f8ker.","av_anmeldelser":"Tore Linn\u00e9 Eriksen","terningkast":false,"kilde":"Klassekampen"},{"tekst_anmeldelser":"Philippe Sands har enda en gang klart \u00e5 skrive en glitrende bok med sterke menneskem\u00f8ter. Den minner ogs\u00e5 leseren n\u00f8kternt om at tilsynelatende trivelige mennesker kan gj\u00f8re forferdelige ting. [...] Den oppleves ogs\u00e5 som viktig. Blant annet ved \u00e5 belyse muligheten for at nasjonale og internasjonale domstoler kan s\u00f8rge for rettferdighet.","av_anmeldelser":"Espen Ottosen","terningkast":false,"kilde":"Dagen"}]},"yoast_head":"<!-- This site is optimized with the Yoast SEO plugin v26.6 - https:\/\/yoast.com\/wordpress\/plugins\/seo\/ -->\n<title>De forsvunne fra Londres nr. 38 - Forlaget Press<\/title>\n<meta name=\"robots\" content=\"noindex, follow, max-snippet:-1, max-image-preview:large, max-video-preview:-1\" \/>\n<meta property=\"og:locale\" content=\"nb_NO\" \/>\n<meta property=\"og:type\" content=\"article\" \/>\n<meta property=\"og:title\" content=\"De forsvunne fra Londres nr. 38 - Forlaget Press\" \/>\n<meta property=\"og:description\" content=\"I &lt;em&gt;De forsvunne fra Londres nr.&lt;\/em&gt; &lt;em&gt;38&lt;\/em&gt; forener Philippe Sands personlige memoarer, historisk detektivarbeid og et gripende rettssalsdrama for \u00e5 unders\u00f8ke en dobbel historie om massemord. En historie som p\u00e5 sjokkerende vis knytter 1940-tallets grusomheter sammen med v\u00e5r egen tid.&amp;nbsp;&lt;br&gt;&amp;nbsp;&lt;br&gt;Om kvelden 16. oktober 1998 blir den chilenske diktatoren Augusto Pinochet arrestert p\u00e5 en legeklinikk i [&hellip;]\" \/>\n<meta property=\"og:url\" content=\"https:\/\/staging.forenteforlag.no\/forlaget\/produkt\/de-forsvunne-fra-londres-nr-38\/\" \/>\n<meta property=\"og:site_name\" content=\"Forlaget Press\" \/>\n<meta property=\"article:publisher\" content=\"https:\/\/www.facebook.com\/Forlagetpress\" \/>\n<meta property=\"article:modified_time\" content=\"2026-03-02T16:09:17+00:00\" \/>\n<meta property=\"og:image\" content=\"https:\/\/staging.forenteforlag.no\/forlaget\/wp-content\/uploads\/sites\/3\/2026\/02\/9788232807291.jpg\" \/>\n\t<meta property=\"og:image:width\" content=\"720\" \/>\n\t<meta property=\"og:image:height\" content=\"1057\" \/>\n\t<meta property=\"og:image:type\" content=\"image\/jpeg\" \/>\n<meta name=\"twitter:card\" content=\"summary_large_image\" \/>\n<meta name=\"twitter:label1\" content=\"Ansl. lesetid\" \/>\n\t<meta name=\"twitter:data1\" content=\"1 minutt\" \/>\n<script type=\"application\/ld+json\" class=\"yoast-schema-graph\">{\"@context\":\"https:\/\/schema.org\",\"@graph\":[{\"@type\":\"WebPage\",\"@id\":\"https:\/\/staging.forenteforlag.no\/forlaget\/produkt\/de-forsvunne-fra-londres-nr-38\/\",\"url\":\"https:\/\/staging.forenteforlag.no\/forlaget\/produkt\/de-forsvunne-fra-londres-nr-38\/\",\"name\":\"De forsvunne fra Londres nr. 38 - Forlaget Press\",\"isPartOf\":{\"@id\":\"https:\/\/staging.forenteforlag.no\/forlaget\/#website\"},\"primaryImageOfPage\":{\"@id\":\"https:\/\/staging.forenteforlag.no\/forlaget\/produkt\/de-forsvunne-fra-londres-nr-38\/#primaryimage\"},\"image\":{\"@id\":\"https:\/\/staging.forenteforlag.no\/forlaget\/produkt\/de-forsvunne-fra-londres-nr-38\/#primaryimage\"},\"thumbnailUrl\":\"https:\/\/staging.forenteforlag.no\/forlaget\/wp-content\/uploads\/sites\/3\/2026\/02\/9788232807291.jpg\",\"datePublished\":\"2025-08-03T21:14:55+00:00\",\"dateModified\":\"2026-03-02T16:09:17+00:00\",\"breadcrumb\":{\"@id\":\"https:\/\/staging.forenteforlag.no\/forlaget\/produkt\/de-forsvunne-fra-londres-nr-38\/#breadcrumb\"},\"inLanguage\":\"nb-NO\",\"potentialAction\":[{\"@type\":\"ReadAction\",\"target\":[\"https:\/\/staging.forenteforlag.no\/forlaget\/produkt\/de-forsvunne-fra-londres-nr-38\/\"]}]},{\"@type\":\"ImageObject\",\"inLanguage\":\"nb-NO\",\"@id\":\"https:\/\/staging.forenteforlag.no\/forlaget\/produkt\/de-forsvunne-fra-londres-nr-38\/#primaryimage\",\"url\":\"https:\/\/staging.forenteforlag.no\/forlaget\/wp-content\/uploads\/sites\/3\/2026\/02\/9788232807291.jpg\",\"contentUrl\":\"https:\/\/staging.forenteforlag.no\/forlaget\/wp-content\/uploads\/sites\/3\/2026\/02\/9788232807291.jpg\",\"width\":720,\"height\":1057},{\"@type\":\"BreadcrumbList\",\"@id\":\"https:\/\/staging.forenteforlag.no\/forlaget\/produkt\/de-forsvunne-fra-londres-nr-38\/#breadcrumb\",\"itemListElement\":[{\"@type\":\"ListItem\",\"position\":1,\"name\":\"Hjem\",\"item\":\"https:\/\/staging.forenteforlag.no\/forlaget\/\"},{\"@type\":\"ListItem\",\"position\":2,\"name\":\"Alle b\u00f8ker\",\"item\":\"https:\/\/staging.forenteforlag.no\/forlaget\/butikk\/\"},{\"@type\":\"ListItem\",\"position\":3,\"name\":\"De forsvunne fra Londres nr. 38\"}]},{\"@type\":\"WebSite\",\"@id\":\"https:\/\/staging.forenteforlag.no\/forlaget\/#website\",\"url\":\"https:\/\/staging.forenteforlag.no\/forlaget\/\",\"name\":\"Forlaget Press\",\"description\":\"\",\"publisher\":{\"@id\":\"https:\/\/staging.forenteforlag.no\/forlaget\/#organization\"},\"potentialAction\":[{\"@type\":\"SearchAction\",\"target\":{\"@type\":\"EntryPoint\",\"urlTemplate\":\"https:\/\/staging.forenteforlag.no\/forlaget\/?s={search_term_string}\"},\"query-input\":{\"@type\":\"PropertyValueSpecification\",\"valueRequired\":true,\"valueName\":\"search_term_string\"}}],\"inLanguage\":\"nb-NO\"},{\"@type\":\"Organization\",\"@id\":\"https:\/\/staging.forenteforlag.no\/forlaget\/#organization\",\"name\":\"Forlaget Press\",\"url\":\"https:\/\/staging.forenteforlag.no\/forlaget\/\",\"logo\":{\"@type\":\"ImageObject\",\"inLanguage\":\"nb-NO\",\"@id\":\"https:\/\/staging.forenteforlag.no\/forlaget\/#\/schema\/logo\/image\/\",\"url\":\"https:\/\/staging.forenteforlag.no\/forlaget\/wp-content\/uploads\/sites\/3\/2024\/09\/Press_logo.svg\",\"contentUrl\":\"https:\/\/staging.forenteforlag.no\/forlaget\/wp-content\/uploads\/sites\/3\/2024\/09\/Press_logo.svg\",\"width\":100,\"height\":100,\"caption\":\"Forlaget Press\"},\"image\":{\"@id\":\"https:\/\/staging.forenteforlag.no\/forlaget\/#\/schema\/logo\/image\/\"},\"sameAs\":[\"https:\/\/www.facebook.com\/Forlagetpress\"]}]}<\/script>\n<!-- \/ Yoast SEO plugin. -->","yoast_head_json":{"title":"De forsvunne fra Londres nr. 38 - Forlaget Press","robots":{"index":"noindex","follow":"follow","max-snippet":"max-snippet:-1","max-image-preview":"max-image-preview:large","max-video-preview":"max-video-preview:-1"},"og_locale":"nb_NO","og_type":"article","og_title":"De forsvunne fra Londres nr. 38 - Forlaget Press","og_description":"I &lt;em&gt;De forsvunne fra Londres nr.&lt;\/em&gt; &lt;em&gt;38&lt;\/em&gt; forener Philippe Sands personlige memoarer, historisk detektivarbeid og et gripende rettssalsdrama for \u00e5 unders\u00f8ke en dobbel historie om massemord. En historie som p\u00e5 sjokkerende vis knytter 1940-tallets grusomheter sammen med v\u00e5r egen tid.&amp;nbsp;&lt;br&gt;&amp;nbsp;&lt;br&gt;Om kvelden 16. oktober 1998 blir den chilenske diktatoren Augusto Pinochet arrestert p\u00e5 en legeklinikk i [&hellip;]","og_url":"https:\/\/staging.forenteforlag.no\/forlaget\/produkt\/de-forsvunne-fra-londres-nr-38\/","og_site_name":"Forlaget Press","article_publisher":"https:\/\/www.facebook.com\/Forlagetpress","article_modified_time":"2026-03-02T16:09:17+00:00","og_image":[{"width":720,"height":1057,"url":"https:\/\/staging.forenteforlag.no\/forlaget\/wp-content\/uploads\/sites\/3\/2026\/02\/9788232807291.jpg","type":"image\/jpeg"}],"twitter_card":"summary_large_image","twitter_misc":{"Ansl. lesetid":"1 minutt"},"schema":{"@context":"https:\/\/schema.org","@graph":[{"@type":"WebPage","@id":"https:\/\/staging.forenteforlag.no\/forlaget\/produkt\/de-forsvunne-fra-londres-nr-38\/","url":"https:\/\/staging.forenteforlag.no\/forlaget\/produkt\/de-forsvunne-fra-londres-nr-38\/","name":"De forsvunne fra Londres nr. 38 - Forlaget Press","isPartOf":{"@id":"https:\/\/staging.forenteforlag.no\/forlaget\/#website"},"primaryImageOfPage":{"@id":"https:\/\/staging.forenteforlag.no\/forlaget\/produkt\/de-forsvunne-fra-londres-nr-38\/#primaryimage"},"image":{"@id":"https:\/\/staging.forenteforlag.no\/forlaget\/produkt\/de-forsvunne-fra-londres-nr-38\/#primaryimage"},"thumbnailUrl":"https:\/\/staging.forenteforlag.no\/forlaget\/wp-content\/uploads\/sites\/3\/2026\/02\/9788232807291.jpg","datePublished":"2025-08-03T21:14:55+00:00","dateModified":"2026-03-02T16:09:17+00:00","breadcrumb":{"@id":"https:\/\/staging.forenteforlag.no\/forlaget\/produkt\/de-forsvunne-fra-londres-nr-38\/#breadcrumb"},"inLanguage":"nb-NO","potentialAction":[{"@type":"ReadAction","target":["https:\/\/staging.forenteforlag.no\/forlaget\/produkt\/de-forsvunne-fra-londres-nr-38\/"]}]},{"@type":"ImageObject","inLanguage":"nb-NO","@id":"https:\/\/staging.forenteforlag.no\/forlaget\/produkt\/de-forsvunne-fra-londres-nr-38\/#primaryimage","url":"https:\/\/staging.forenteforlag.no\/forlaget\/wp-content\/uploads\/sites\/3\/2026\/02\/9788232807291.jpg","contentUrl":"https:\/\/staging.forenteforlag.no\/forlaget\/wp-content\/uploads\/sites\/3\/2026\/02\/9788232807291.jpg","width":720,"height":1057},{"@type":"BreadcrumbList","@id":"https:\/\/staging.forenteforlag.no\/forlaget\/produkt\/de-forsvunne-fra-londres-nr-38\/#breadcrumb","itemListElement":[{"@type":"ListItem","position":1,"name":"Hjem","item":"https:\/\/staging.forenteforlag.no\/forlaget\/"},{"@type":"ListItem","position":2,"name":"Alle b\u00f8ker","item":"https:\/\/staging.forenteforlag.no\/forlaget\/butikk\/"},{"@type":"ListItem","position":3,"name":"De forsvunne fra Londres nr. 38"}]},{"@type":"WebSite","@id":"https:\/\/staging.forenteforlag.no\/forlaget\/#website","url":"https:\/\/staging.forenteforlag.no\/forlaget\/","name":"Forlaget Press","description":"","publisher":{"@id":"https:\/\/staging.forenteforlag.no\/forlaget\/#organization"},"potentialAction":[{"@type":"SearchAction","target":{"@type":"EntryPoint","urlTemplate":"https:\/\/staging.forenteforlag.no\/forlaget\/?s={search_term_string}"},"query-input":{"@type":"PropertyValueSpecification","valueRequired":true,"valueName":"search_term_string"}}],"inLanguage":"nb-NO"},{"@type":"Organization","@id":"https:\/\/staging.forenteforlag.no\/forlaget\/#organization","name":"Forlaget Press","url":"https:\/\/staging.forenteforlag.no\/forlaget\/","logo":{"@type":"ImageObject","inLanguage":"nb-NO","@id":"https:\/\/staging.forenteforlag.no\/forlaget\/#\/schema\/logo\/image\/","url":"https:\/\/staging.forenteforlag.no\/forlaget\/wp-content\/uploads\/sites\/3\/2024\/09\/Press_logo.svg","contentUrl":"https:\/\/staging.forenteforlag.no\/forlaget\/wp-content\/uploads\/sites\/3\/2024\/09\/Press_logo.svg","width":100,"height":100,"caption":"Forlaget Press"},"image":{"@id":"https:\/\/staging.forenteforlag.no\/forlaget\/#\/schema\/logo\/image\/"},"sameAs":["https:\/\/www.facebook.com\/Forlagetpress"]}]}},"_links":{"self":[{"href":"https:\/\/staging.forenteforlag.no\/forlaget\/wp-json\/wp\/v2\/product\/24632","targetHints":{"allow":["GET"]}}],"collection":[{"href":"https:\/\/staging.forenteforlag.no\/forlaget\/wp-json\/wp\/v2\/product"}],"about":[{"href":"https:\/\/staging.forenteforlag.no\/forlaget\/wp-json\/wp\/v2\/types\/product"}],"wp:featuredmedia":[{"embeddable":true,"href":"https:\/\/staging.forenteforlag.no\/forlaget\/wp-json\/wp\/v2\/media\/26612"}],"wp:attachment":[{"href":"https:\/\/staging.forenteforlag.no\/forlaget\/wp-json\/wp\/v2\/media?parent=24632"}],"wp:term":[{"taxonomy":"product_brand","embeddable":true,"href":"https:\/\/staging.forenteforlag.no\/forlaget\/wp-json\/wp\/v2\/product_brand?post=24632"},{"taxonomy":"product_cat","embeddable":true,"href":"https:\/\/staging.forenteforlag.no\/forlaget\/wp-json\/wp\/v2\/product_cat?post=24632"},{"taxonomy":"product_tag","embeddable":true,"href":"https:\/\/staging.forenteforlag.no\/forlaget\/wp-json\/wp\/v2\/product_tag?post=24632"}],"curies":[{"name":"wp","href":"https:\/\/api.w.org\/{rel}","templated":true}]}}