{"id":23172,"date":"2025-03-27T14:02:03","date_gmt":"2025-03-27T13:02:03","guid":{"rendered":"https:\/\/forlagetpress.no\/produkt\/tung-tids-tale\/"},"modified":"2026-03-02T17:07:58","modified_gmt":"2026-03-02T16:07:58","slug":"tung-tids-tale","status":"publish","type":"product","link":"https:\/\/staging.forenteforlag.no\/forlaget\/produkt\/tung-tids-tale\/","title":{"rendered":"Tung tids tale"},"content":{"rendered":"<p>Rana Issas \u00e6rlige, skarpe og rike familiehistorie fra Libanon lar oss oppleve Midt\u00f8sten-konflikten som levd virkelighet, slik det sjelden har blitt gjort f\u00f8r i norsk sakprosa.&lt;br&gt;&lt;br&gt;I dag er Rana norsk. Men hun er f\u00f8dt og oppvokst i Libanon. Moren kom fra en palestinsk flyktningfamilie og vokste opp i en flyktningleir i Beirut. Faren var libaneser og foreldrene m\u00f8ttes i den radikale studentbevegelsen. Da hun var liten hendte det stadig at faren tok henne med \u00abp\u00e5 jobb\u00bb som en avveksling \u2013 ved fronten i den libanesiske borgerkrigen. N\u00e5 bor hun i Oslo med de to barna sine. Tung tids tale er et jublende, rasende og levende portrett av storfamilien som omga Rana Issa i oppveksten. P\u00e5 hvilken m\u00e5te kan familiehistorien hennes ogs\u00e5 v\u00e6re en norsk fortelling?&lt;br&gt;&lt;br&gt;<\/p>\n","protected":false},"excerpt":{"rendered":"<p>Rana Issas \u00e6rlige, skarpe og rike familiehistorie fra Libanon lar oss oppleve Midt\u00f8sten-konflikten som levd virkelighet, slik det sjelden har blitt gjort f\u00f8r i norsk sakprosa.&lt;br&gt;&lt;br&gt;I dag er Rana norsk. Men hun er f\u00f8dt og oppvokst i Libanon. Moren kom fra en palestinsk flyktningfamilie og vokste opp i en flyktningleir i Beirut. Faren var libaneser [&hellip;]<\/p>\n","protected":false},"featured_media":26592,"template":"","meta":{"_acf_changed":false,"inline_featured_image":false},"product_brand":[],"product_cat":[1780],"product_tag":[362],"class_list":{"0":"post-23172","1":"product","2":"type-product","3":"status-publish","4":"has-post-thumbnail","6":"product_cat-fastpris","7":"product_tag-faglitteratur","9":"first","10":"instock","11":"shipping-taxable","12":"purchasable","13":"product-type-simple"},"acf":{"anmeldelse":[{"tekst_anmeldelser":"Bunnsolid om familie i krig og p\u00e5 flukt. [...]\u00a0\u00abTung tids tale\u00bb er en str\u00e5lende bok om familieforhold og spr\u00e5k, samt historien som tynger oss alle, men noen mer enn andre. Den er obligatorisk lesning for alle som \u00f8nsker et annet perspektiv p\u00e5 menneskene som befolker en region vi ellers bare leser om som en slagmark.","av_anmeldelser":"Varg Lukas Folkman","terningkast":false,"kilde":"Dagens N\u00e6ringsliv"},{"tekst_anmeldelser":"Boka [har] kraft, stil og h\u00f8yde som gj\u00f8r den til en betydelig tekst, en gave av innsikt til oss som enn\u00e5 ikke har m\u00e5ttet flykte.","av_anmeldelser":"Jon Rognlien","terningkast":"<i class=\"fa-solid fa-dice-five\"><\/i>","kilde":"Dagbladet"},{"tekst_anmeldelser":"La det v\u00e6re sagt med en gang: Denne boka er en triumf, b\u00e5de i spr\u00e5k og innhold.","av_anmeldelser":"Tore Linn\u00e9 Eriksen","terningkast":false,"kilde":"Klassekampen"},{"tekst_anmeldelser":"\u00abTung tids tale\u00bb gjer det kanskje ikkje lettare \u00e5 sj\u00e5 l\u00f8ysingar p\u00e5 konfliktane i Midtausten. Men p\u00e5 meg verkar boka r\u00e5are, sannare og \u00e6rlegare enn noko anna eg har lese om den palestinske tragedien.","av_anmeldelser":"Tom Hetland","terningkast":"<i class=\"fa-solid fa-dice-five\"><\/i>","kilde":"Stavanger Aftenblad"},{"tekst_anmeldelser":"P\u00e5 den ene siden tenksom, l\u00e6rd og meningssterk, og p\u00e5 den andre siden \u00f8m, sorgfull og sint. Boken snakker p\u00e5 hele registeret, kunne man si, noe som for en norsk-palestinsk-libanesisk familiehistorie fortalt i 2025 oppleves som like emosjonelt som intellektuelt n\u00f8dvendig.","av_anmeldelser":"Olaf Haagensen","terningkast":false,"kilde":"Morgenbladet"}]},"yoast_head":"<!-- This site is optimized with the Yoast SEO plugin v26.6 - https:\/\/yoast.com\/wordpress\/plugins\/seo\/ -->\n<title>Tung tids tale - Forlaget Press<\/title>\n<meta name=\"robots\" content=\"noindex, follow, max-snippet:-1, max-image-preview:large, max-video-preview:-1\" \/>\n<meta property=\"og:locale\" content=\"nb_NO\" \/>\n<meta property=\"og:type\" content=\"article\" \/>\n<meta property=\"og:title\" content=\"Tung tids tale - Forlaget Press\" \/>\n<meta property=\"og:description\" content=\"Rana Issas \u00e6rlige, skarpe og rike familiehistorie fra Libanon lar oss oppleve Midt\u00f8sten-konflikten som levd virkelighet, slik det sjelden har blitt gjort f\u00f8r i norsk sakprosa.&lt;br&gt;&lt;br&gt;I dag er Rana norsk. Men hun er f\u00f8dt og oppvokst i Libanon. Moren kom fra en palestinsk flyktningfamilie og vokste opp i en flyktningleir i Beirut. Faren var libaneser [&hellip;]\" \/>\n<meta property=\"og:url\" content=\"https:\/\/staging.forenteforlag.no\/forlaget\/produkt\/tung-tids-tale\/\" \/>\n<meta property=\"og:site_name\" content=\"Forlaget Press\" \/>\n<meta property=\"article:publisher\" content=\"https:\/\/www.facebook.com\/Forlagetpress\" \/>\n<meta property=\"article:modified_time\" content=\"2026-03-02T16:07:58+00:00\" \/>\n<meta property=\"og:image\" content=\"https:\/\/staging.forenteforlag.no\/forlaget\/wp-content\/uploads\/sites\/3\/2026\/02\/9788232806966.jpg\" \/>\n\t<meta property=\"og:image:width\" content=\"720\" \/>\n\t<meta property=\"og:image:height\" content=\"1150\" \/>\n\t<meta property=\"og:image:type\" content=\"image\/jpeg\" \/>\n<meta name=\"twitter:card\" content=\"summary_large_image\" \/>\n<meta name=\"twitter:label1\" content=\"Ansl. lesetid\" \/>\n\t<meta name=\"twitter:data1\" content=\"1 minutt\" \/>\n<script type=\"application\/ld+json\" class=\"yoast-schema-graph\">{\"@context\":\"https:\/\/schema.org\",\"@graph\":[{\"@type\":\"WebPage\",\"@id\":\"https:\/\/staging.forenteforlag.no\/forlaget\/produkt\/tung-tids-tale\/\",\"url\":\"https:\/\/staging.forenteforlag.no\/forlaget\/produkt\/tung-tids-tale\/\",\"name\":\"Tung tids tale - Forlaget Press\",\"isPartOf\":{\"@id\":\"https:\/\/staging.forenteforlag.no\/forlaget\/#website\"},\"primaryImageOfPage\":{\"@id\":\"https:\/\/staging.forenteforlag.no\/forlaget\/produkt\/tung-tids-tale\/#primaryimage\"},\"image\":{\"@id\":\"https:\/\/staging.forenteforlag.no\/forlaget\/produkt\/tung-tids-tale\/#primaryimage\"},\"thumbnailUrl\":\"https:\/\/staging.forenteforlag.no\/forlaget\/wp-content\/uploads\/sites\/3\/2026\/02\/9788232806966.jpg\",\"datePublished\":\"2025-03-27T13:02:03+00:00\",\"dateModified\":\"2026-03-02T16:07:58+00:00\",\"breadcrumb\":{\"@id\":\"https:\/\/staging.forenteforlag.no\/forlaget\/produkt\/tung-tids-tale\/#breadcrumb\"},\"inLanguage\":\"nb-NO\",\"potentialAction\":[{\"@type\":\"ReadAction\",\"target\":[\"https:\/\/staging.forenteforlag.no\/forlaget\/produkt\/tung-tids-tale\/\"]}]},{\"@type\":\"ImageObject\",\"inLanguage\":\"nb-NO\",\"@id\":\"https:\/\/staging.forenteforlag.no\/forlaget\/produkt\/tung-tids-tale\/#primaryimage\",\"url\":\"https:\/\/staging.forenteforlag.no\/forlaget\/wp-content\/uploads\/sites\/3\/2026\/02\/9788232806966.jpg\",\"contentUrl\":\"https:\/\/staging.forenteforlag.no\/forlaget\/wp-content\/uploads\/sites\/3\/2026\/02\/9788232806966.jpg\",\"width\":720,\"height\":1150},{\"@type\":\"BreadcrumbList\",\"@id\":\"https:\/\/staging.forenteforlag.no\/forlaget\/produkt\/tung-tids-tale\/#breadcrumb\",\"itemListElement\":[{\"@type\":\"ListItem\",\"position\":1,\"name\":\"Hjem\",\"item\":\"https:\/\/staging.forenteforlag.no\/forlaget\/\"},{\"@type\":\"ListItem\",\"position\":2,\"name\":\"Alle b\u00f8ker\",\"item\":\"https:\/\/staging.forenteforlag.no\/forlaget\/butikk\/\"},{\"@type\":\"ListItem\",\"position\":3,\"name\":\"Tung tids tale\"}]},{\"@type\":\"WebSite\",\"@id\":\"https:\/\/staging.forenteforlag.no\/forlaget\/#website\",\"url\":\"https:\/\/staging.forenteforlag.no\/forlaget\/\",\"name\":\"Forlaget Press\",\"description\":\"\",\"publisher\":{\"@id\":\"https:\/\/staging.forenteforlag.no\/forlaget\/#organization\"},\"potentialAction\":[{\"@type\":\"SearchAction\",\"target\":{\"@type\":\"EntryPoint\",\"urlTemplate\":\"https:\/\/staging.forenteforlag.no\/forlaget\/?s={search_term_string}\"},\"query-input\":{\"@type\":\"PropertyValueSpecification\",\"valueRequired\":true,\"valueName\":\"search_term_string\"}}],\"inLanguage\":\"nb-NO\"},{\"@type\":\"Organization\",\"@id\":\"https:\/\/staging.forenteforlag.no\/forlaget\/#organization\",\"name\":\"Forlaget Press\",\"url\":\"https:\/\/staging.forenteforlag.no\/forlaget\/\",\"logo\":{\"@type\":\"ImageObject\",\"inLanguage\":\"nb-NO\",\"@id\":\"https:\/\/staging.forenteforlag.no\/forlaget\/#\/schema\/logo\/image\/\",\"url\":\"https:\/\/staging.forenteforlag.no\/forlaget\/wp-content\/uploads\/sites\/3\/2024\/09\/Press_logo.svg\",\"contentUrl\":\"https:\/\/staging.forenteforlag.no\/forlaget\/wp-content\/uploads\/sites\/3\/2024\/09\/Press_logo.svg\",\"width\":100,\"height\":100,\"caption\":\"Forlaget Press\"},\"image\":{\"@id\":\"https:\/\/staging.forenteforlag.no\/forlaget\/#\/schema\/logo\/image\/\"},\"sameAs\":[\"https:\/\/www.facebook.com\/Forlagetpress\"]}]}<\/script>\n<!-- \/ Yoast SEO plugin. -->","yoast_head_json":{"title":"Tung tids tale - Forlaget Press","robots":{"index":"noindex","follow":"follow","max-snippet":"max-snippet:-1","max-image-preview":"max-image-preview:large","max-video-preview":"max-video-preview:-1"},"og_locale":"nb_NO","og_type":"article","og_title":"Tung tids tale - Forlaget Press","og_description":"Rana Issas \u00e6rlige, skarpe og rike familiehistorie fra Libanon lar oss oppleve Midt\u00f8sten-konflikten som levd virkelighet, slik det sjelden har blitt gjort f\u00f8r i norsk sakprosa.&lt;br&gt;&lt;br&gt;I dag er Rana norsk. Men hun er f\u00f8dt og oppvokst i Libanon. Moren kom fra en palestinsk flyktningfamilie og vokste opp i en flyktningleir i Beirut. Faren var libaneser [&hellip;]","og_url":"https:\/\/staging.forenteforlag.no\/forlaget\/produkt\/tung-tids-tale\/","og_site_name":"Forlaget Press","article_publisher":"https:\/\/www.facebook.com\/Forlagetpress","article_modified_time":"2026-03-02T16:07:58+00:00","og_image":[{"width":720,"height":1150,"url":"https:\/\/staging.forenteforlag.no\/forlaget\/wp-content\/uploads\/sites\/3\/2026\/02\/9788232806966.jpg","type":"image\/jpeg"}],"twitter_card":"summary_large_image","twitter_misc":{"Ansl. lesetid":"1 minutt"},"schema":{"@context":"https:\/\/schema.org","@graph":[{"@type":"WebPage","@id":"https:\/\/staging.forenteforlag.no\/forlaget\/produkt\/tung-tids-tale\/","url":"https:\/\/staging.forenteforlag.no\/forlaget\/produkt\/tung-tids-tale\/","name":"Tung tids tale - Forlaget Press","isPartOf":{"@id":"https:\/\/staging.forenteforlag.no\/forlaget\/#website"},"primaryImageOfPage":{"@id":"https:\/\/staging.forenteforlag.no\/forlaget\/produkt\/tung-tids-tale\/#primaryimage"},"image":{"@id":"https:\/\/staging.forenteforlag.no\/forlaget\/produkt\/tung-tids-tale\/#primaryimage"},"thumbnailUrl":"https:\/\/staging.forenteforlag.no\/forlaget\/wp-content\/uploads\/sites\/3\/2026\/02\/9788232806966.jpg","datePublished":"2025-03-27T13:02:03+00:00","dateModified":"2026-03-02T16:07:58+00:00","breadcrumb":{"@id":"https:\/\/staging.forenteforlag.no\/forlaget\/produkt\/tung-tids-tale\/#breadcrumb"},"inLanguage":"nb-NO","potentialAction":[{"@type":"ReadAction","target":["https:\/\/staging.forenteforlag.no\/forlaget\/produkt\/tung-tids-tale\/"]}]},{"@type":"ImageObject","inLanguage":"nb-NO","@id":"https:\/\/staging.forenteforlag.no\/forlaget\/produkt\/tung-tids-tale\/#primaryimage","url":"https:\/\/staging.forenteforlag.no\/forlaget\/wp-content\/uploads\/sites\/3\/2026\/02\/9788232806966.jpg","contentUrl":"https:\/\/staging.forenteforlag.no\/forlaget\/wp-content\/uploads\/sites\/3\/2026\/02\/9788232806966.jpg","width":720,"height":1150},{"@type":"BreadcrumbList","@id":"https:\/\/staging.forenteforlag.no\/forlaget\/produkt\/tung-tids-tale\/#breadcrumb","itemListElement":[{"@type":"ListItem","position":1,"name":"Hjem","item":"https:\/\/staging.forenteforlag.no\/forlaget\/"},{"@type":"ListItem","position":2,"name":"Alle b\u00f8ker","item":"https:\/\/staging.forenteforlag.no\/forlaget\/butikk\/"},{"@type":"ListItem","position":3,"name":"Tung tids tale"}]},{"@type":"WebSite","@id":"https:\/\/staging.forenteforlag.no\/forlaget\/#website","url":"https:\/\/staging.forenteforlag.no\/forlaget\/","name":"Forlaget Press","description":"","publisher":{"@id":"https:\/\/staging.forenteforlag.no\/forlaget\/#organization"},"potentialAction":[{"@type":"SearchAction","target":{"@type":"EntryPoint","urlTemplate":"https:\/\/staging.forenteforlag.no\/forlaget\/?s={search_term_string}"},"query-input":{"@type":"PropertyValueSpecification","valueRequired":true,"valueName":"search_term_string"}}],"inLanguage":"nb-NO"},{"@type":"Organization","@id":"https:\/\/staging.forenteforlag.no\/forlaget\/#organization","name":"Forlaget Press","url":"https:\/\/staging.forenteforlag.no\/forlaget\/","logo":{"@type":"ImageObject","inLanguage":"nb-NO","@id":"https:\/\/staging.forenteforlag.no\/forlaget\/#\/schema\/logo\/image\/","url":"https:\/\/staging.forenteforlag.no\/forlaget\/wp-content\/uploads\/sites\/3\/2024\/09\/Press_logo.svg","contentUrl":"https:\/\/staging.forenteforlag.no\/forlaget\/wp-content\/uploads\/sites\/3\/2024\/09\/Press_logo.svg","width":100,"height":100,"caption":"Forlaget Press"},"image":{"@id":"https:\/\/staging.forenteforlag.no\/forlaget\/#\/schema\/logo\/image\/"},"sameAs":["https:\/\/www.facebook.com\/Forlagetpress"]}]}},"_links":{"self":[{"href":"https:\/\/staging.forenteforlag.no\/forlaget\/wp-json\/wp\/v2\/product\/23172","targetHints":{"allow":["GET"]}}],"collection":[{"href":"https:\/\/staging.forenteforlag.no\/forlaget\/wp-json\/wp\/v2\/product"}],"about":[{"href":"https:\/\/staging.forenteforlag.no\/forlaget\/wp-json\/wp\/v2\/types\/product"}],"wp:featuredmedia":[{"embeddable":true,"href":"https:\/\/staging.forenteforlag.no\/forlaget\/wp-json\/wp\/v2\/media\/26592"}],"wp:attachment":[{"href":"https:\/\/staging.forenteforlag.no\/forlaget\/wp-json\/wp\/v2\/media?parent=23172"}],"wp:term":[{"taxonomy":"product_brand","embeddable":true,"href":"https:\/\/staging.forenteforlag.no\/forlaget\/wp-json\/wp\/v2\/product_brand?post=23172"},{"taxonomy":"product_cat","embeddable":true,"href":"https:\/\/staging.forenteforlag.no\/forlaget\/wp-json\/wp\/v2\/product_cat?post=23172"},{"taxonomy":"product_tag","embeddable":true,"href":"https:\/\/staging.forenteforlag.no\/forlaget\/wp-json\/wp\/v2\/product_tag?post=23172"}],"curies":[{"name":"wp","href":"https:\/\/api.w.org\/{rel}","templated":true}]}}