{"id":22484,"date":"2024-10-17T02:00:00","date_gmt":"2024-10-17T00:00:00","guid":{"rendered":"https:\/\/forlagetpress.forenteforlag.no\/produkt\/fuglevokteren-fra-vega-2\/"},"modified":"2026-03-02T17:07:11","modified_gmt":"2026-03-02T16:07:11","slug":"fuglevokteren-fra-vega-2","status":"publish","type":"product","link":"https:\/\/staging.forenteforlag.no\/forlaget\/produkt\/fuglevokteren-fra-vega-2\/","title":{"rendered":"Fuglevokteren fra Vega"},"content":{"rendered":"<p>For noen \u00e5r siden bes\u00f8kte James Rebanks en avsidesliggende \u00f8y utenfor Vega i Nordland. Her m\u00f8tte han fuglevokteren Anna som tok seg av vill \u00e6rfugl og samlet ederdun, et eldgammelt yrke som var i ferd med \u00e5 forsvinne. Men mot alle odds holdt Anna tradisjonen i live.<\/p>\n<p>Hjemme igjen p\u00e5 g\u00e5rden i Lake District kunne ikke Rebanks slutte \u00e5 tenke p\u00e5 kvinnen ute i havgapet. Etter noen \u00e5r skriver han til henne og sp\u00f8r om han kan komme tilbake. Ta med arbeidskl\u00e6r og gode st\u00f8vler, og kom raskt for helsen min er i ferd med \u00e5 svikte, svarer hun. Rebanks reiser s\u00e5 nordover for \u00e5 v\u00e6re med p\u00e5 hennes siste sankesesong.<\/p>\n<p>Dette er historien om den sesongen. Det er historien om et unikt og eldgammelt landskap, og om kvinnen som holder det i live. Etter hvert som ukene g\u00e5r, blir det som begynte som en flukt forvandlet til en ekstraordin\u00e6r leksjon i selverkjennelse og tilgivelse.<\/p>\n","protected":false},"excerpt":{"rendered":"<p>For noen \u00e5r siden bes\u00f8kte James Rebanks en avsidesliggende \u00f8y utenfor Vega i Nordland. Her m\u00f8tte han fuglevokteren Anna som tok seg av vill \u00e6rfugl og samlet ederdun, et eldgammelt yrke som var i ferd med \u00e5 forsvinne. Men mot alle odds holdt Anna tradisjonen i live. Hjemme igjen p\u00e5 g\u00e5rden i Lake District kunne [&hellip;]<\/p>\n","protected":false},"featured_media":26581,"template":"","meta":{"_acf_changed":false,"inline_featured_image":false},"product_brand":[],"product_cat":[1781],"product_tag":[362],"class_list":{"0":"post-22484","1":"product","2":"type-product","3":"status-publish","4":"has-post-thumbnail","6":"product_cat-rabattkodekampanje","7":"product_tag-faglitteratur","9":"first","10":"outofstock","11":"shipping-taxable","12":"purchasable","13":"product-type-simple"},"acf":{"anmeldelse":[{"tekst_anmeldelser":"I Fuglevokteren fra Vega tegner forfatteren et varmt og innsiktsfullt portrett av den viljesterke fuglevokteren Anna. [...] Rebanks [gir]\u00a0en lavm\u00e6lt, men tydelig p\u00e5minning om hva vi er i ferd med \u00e5 miste. [Et] leseverdig, varmt og levende portrett av fuglevokteren og verdensarvtradisjonen hun forvalter.","av_anmeldelser":"Astrid Fosvold","terningkast":false,"kilde":"V\u00e5rt Land"},{"tekst_anmeldelser":"En usedvanlig vakker historie og et helst\u00f8pt portrett av Anna p\u00e5 Vega. [...] Det er en ytterst sjarmerende bok som alle, med hjertet p\u00e5 rette stedet, b\u00f8r unne seg.","av_anmeldelser":"Stein Roll","terningkast":"<i class=\"fa-solid fa-dice-six\"><\/i>","kilde":"Adresseavisen"},{"tekst_anmeldelser":"Berre ein ordentleg god forfattar kunne ha skrive denne boka. Alt skjer sv\u00e6rt sakte, men likevel har boka eit driv i seg. [...] Rebanks\u2019 stemme er heile tida prega av ein vilje og ei evne til \u00e5 forst\u00e5. Og han m\u00e5 heile tida justere si eiga oppfatning av kva som g\u00e5r f\u00f8re seg, ikkje minst psykologisk mellom dei tre personane, og mellom menneska og \u00e6rfuglane.","av_anmeldelser":"Morten A. Str\u00f8ksnes","terningkast":false,"kilde":"Dag og Tid"},{"tekst_anmeldelser":"Det er en dypt r\u00f8rende bok, b\u00e5de s\u00f8rgelig og h\u00e5pefull, up\u00e5klagelig oversatt fra engelsk av Hege Mehren. [...] Det er s\u00e5 mye \u00e5 l\u00e6re av James Rebanks\u2019 nydelige portrett av Anna.","av_anmeldelser":"Maria Norsteien Nielsen","terningkast":false,"kilde":"Klassekampen"}]},"yoast_head":"<!-- This site is optimized with the Yoast SEO plugin v26.6 - https:\/\/yoast.com\/wordpress\/plugins\/seo\/ -->\n<title>Fuglevokteren fra Vega - Forlaget Press<\/title>\n<meta name=\"robots\" content=\"noindex, follow, max-snippet:-1, max-image-preview:large, max-video-preview:-1\" \/>\n<meta property=\"og:locale\" content=\"nb_NO\" \/>\n<meta property=\"og:type\" content=\"article\" \/>\n<meta property=\"og:title\" content=\"Fuglevokteren fra Vega - Forlaget Press\" \/>\n<meta property=\"og:description\" content=\"For noen \u00e5r siden bes\u00f8kte James Rebanks en avsidesliggende \u00f8y utenfor Vega i Nordland. Her m\u00f8tte han fuglevokteren Anna som tok seg av vill \u00e6rfugl og samlet ederdun, et eldgammelt yrke som var i ferd med \u00e5 forsvinne. Men mot alle odds holdt Anna tradisjonen i live. Hjemme igjen p\u00e5 g\u00e5rden i Lake District kunne [&hellip;]\" \/>\n<meta property=\"og:url\" content=\"https:\/\/staging.forenteforlag.no\/forlaget\/produkt\/fuglevokteren-fra-vega-2\/\" \/>\n<meta property=\"og:site_name\" content=\"Forlaget Press\" \/>\n<meta property=\"article:publisher\" content=\"https:\/\/www.facebook.com\/Forlagetpress\" \/>\n<meta property=\"article:modified_time\" content=\"2026-03-02T16:07:11+00:00\" \/>\n<meta property=\"og:image\" content=\"https:\/\/staging.forenteforlag.no\/forlaget\/wp-content\/uploads\/sites\/3\/2026\/02\/9788232806683.jpg\" \/>\n\t<meta property=\"og:image:width\" content=\"720\" \/>\n\t<meta property=\"og:image:height\" content=\"1010\" \/>\n\t<meta property=\"og:image:type\" content=\"image\/jpeg\" \/>\n<meta name=\"twitter:card\" content=\"summary_large_image\" \/>\n<meta name=\"twitter:label1\" content=\"Ansl. lesetid\" \/>\n\t<meta name=\"twitter:data1\" content=\"2 minutter\" \/>\n<script type=\"application\/ld+json\" class=\"yoast-schema-graph\">{\"@context\":\"https:\/\/schema.org\",\"@graph\":[{\"@type\":\"WebPage\",\"@id\":\"https:\/\/staging.forenteforlag.no\/forlaget\/produkt\/fuglevokteren-fra-vega-2\/\",\"url\":\"https:\/\/staging.forenteforlag.no\/forlaget\/produkt\/fuglevokteren-fra-vega-2\/\",\"name\":\"Fuglevokteren fra Vega - Forlaget Press\",\"isPartOf\":{\"@id\":\"https:\/\/staging.forenteforlag.no\/forlaget\/#website\"},\"primaryImageOfPage\":{\"@id\":\"https:\/\/staging.forenteforlag.no\/forlaget\/produkt\/fuglevokteren-fra-vega-2\/#primaryimage\"},\"image\":{\"@id\":\"https:\/\/staging.forenteforlag.no\/forlaget\/produkt\/fuglevokteren-fra-vega-2\/#primaryimage\"},\"thumbnailUrl\":\"https:\/\/staging.forenteforlag.no\/forlaget\/wp-content\/uploads\/sites\/3\/2026\/02\/9788232806683.jpg\",\"datePublished\":\"2024-10-17T00:00:00+00:00\",\"dateModified\":\"2026-03-02T16:07:11+00:00\",\"breadcrumb\":{\"@id\":\"https:\/\/staging.forenteforlag.no\/forlaget\/produkt\/fuglevokteren-fra-vega-2\/#breadcrumb\"},\"inLanguage\":\"nb-NO\",\"potentialAction\":[{\"@type\":\"ReadAction\",\"target\":[\"https:\/\/staging.forenteforlag.no\/forlaget\/produkt\/fuglevokteren-fra-vega-2\/\"]}]},{\"@type\":\"ImageObject\",\"inLanguage\":\"nb-NO\",\"@id\":\"https:\/\/staging.forenteforlag.no\/forlaget\/produkt\/fuglevokteren-fra-vega-2\/#primaryimage\",\"url\":\"https:\/\/staging.forenteforlag.no\/forlaget\/wp-content\/uploads\/sites\/3\/2026\/02\/9788232806683.jpg\",\"contentUrl\":\"https:\/\/staging.forenteforlag.no\/forlaget\/wp-content\/uploads\/sites\/3\/2026\/02\/9788232806683.jpg\",\"width\":720,\"height\":1010},{\"@type\":\"BreadcrumbList\",\"@id\":\"https:\/\/staging.forenteforlag.no\/forlaget\/produkt\/fuglevokteren-fra-vega-2\/#breadcrumb\",\"itemListElement\":[{\"@type\":\"ListItem\",\"position\":1,\"name\":\"Hjem\",\"item\":\"https:\/\/staging.forenteforlag.no\/forlaget\/\"},{\"@type\":\"ListItem\",\"position\":2,\"name\":\"Alle b\u00f8ker\",\"item\":\"https:\/\/staging.forenteforlag.no\/forlaget\/butikk\/\"},{\"@type\":\"ListItem\",\"position\":3,\"name\":\"Fuglevokteren fra Vega\"}]},{\"@type\":\"WebSite\",\"@id\":\"https:\/\/staging.forenteforlag.no\/forlaget\/#website\",\"url\":\"https:\/\/staging.forenteforlag.no\/forlaget\/\",\"name\":\"Forlaget Press\",\"description\":\"\",\"publisher\":{\"@id\":\"https:\/\/staging.forenteforlag.no\/forlaget\/#organization\"},\"potentialAction\":[{\"@type\":\"SearchAction\",\"target\":{\"@type\":\"EntryPoint\",\"urlTemplate\":\"https:\/\/staging.forenteforlag.no\/forlaget\/?s={search_term_string}\"},\"query-input\":{\"@type\":\"PropertyValueSpecification\",\"valueRequired\":true,\"valueName\":\"search_term_string\"}}],\"inLanguage\":\"nb-NO\"},{\"@type\":\"Organization\",\"@id\":\"https:\/\/staging.forenteforlag.no\/forlaget\/#organization\",\"name\":\"Forlaget Press\",\"url\":\"https:\/\/staging.forenteforlag.no\/forlaget\/\",\"logo\":{\"@type\":\"ImageObject\",\"inLanguage\":\"nb-NO\",\"@id\":\"https:\/\/staging.forenteforlag.no\/forlaget\/#\/schema\/logo\/image\/\",\"url\":\"https:\/\/staging.forenteforlag.no\/forlaget\/wp-content\/uploads\/sites\/3\/2024\/09\/Press_logo.svg\",\"contentUrl\":\"https:\/\/staging.forenteforlag.no\/forlaget\/wp-content\/uploads\/sites\/3\/2024\/09\/Press_logo.svg\",\"width\":100,\"height\":100,\"caption\":\"Forlaget Press\"},\"image\":{\"@id\":\"https:\/\/staging.forenteforlag.no\/forlaget\/#\/schema\/logo\/image\/\"},\"sameAs\":[\"https:\/\/www.facebook.com\/Forlagetpress\"]}]}<\/script>\n<!-- \/ Yoast SEO plugin. -->","yoast_head_json":{"title":"Fuglevokteren fra Vega - Forlaget Press","robots":{"index":"noindex","follow":"follow","max-snippet":"max-snippet:-1","max-image-preview":"max-image-preview:large","max-video-preview":"max-video-preview:-1"},"og_locale":"nb_NO","og_type":"article","og_title":"Fuglevokteren fra Vega - Forlaget Press","og_description":"For noen \u00e5r siden bes\u00f8kte James Rebanks en avsidesliggende \u00f8y utenfor Vega i Nordland. Her m\u00f8tte han fuglevokteren Anna som tok seg av vill \u00e6rfugl og samlet ederdun, et eldgammelt yrke som var i ferd med \u00e5 forsvinne. Men mot alle odds holdt Anna tradisjonen i live. Hjemme igjen p\u00e5 g\u00e5rden i Lake District kunne [&hellip;]","og_url":"https:\/\/staging.forenteforlag.no\/forlaget\/produkt\/fuglevokteren-fra-vega-2\/","og_site_name":"Forlaget Press","article_publisher":"https:\/\/www.facebook.com\/Forlagetpress","article_modified_time":"2026-03-02T16:07:11+00:00","og_image":[{"width":720,"height":1010,"url":"https:\/\/staging.forenteforlag.no\/forlaget\/wp-content\/uploads\/sites\/3\/2026\/02\/9788232806683.jpg","type":"image\/jpeg"}],"twitter_card":"summary_large_image","twitter_misc":{"Ansl. lesetid":"2 minutter"},"schema":{"@context":"https:\/\/schema.org","@graph":[{"@type":"WebPage","@id":"https:\/\/staging.forenteforlag.no\/forlaget\/produkt\/fuglevokteren-fra-vega-2\/","url":"https:\/\/staging.forenteforlag.no\/forlaget\/produkt\/fuglevokteren-fra-vega-2\/","name":"Fuglevokteren fra Vega - Forlaget Press","isPartOf":{"@id":"https:\/\/staging.forenteforlag.no\/forlaget\/#website"},"primaryImageOfPage":{"@id":"https:\/\/staging.forenteforlag.no\/forlaget\/produkt\/fuglevokteren-fra-vega-2\/#primaryimage"},"image":{"@id":"https:\/\/staging.forenteforlag.no\/forlaget\/produkt\/fuglevokteren-fra-vega-2\/#primaryimage"},"thumbnailUrl":"https:\/\/staging.forenteforlag.no\/forlaget\/wp-content\/uploads\/sites\/3\/2026\/02\/9788232806683.jpg","datePublished":"2024-10-17T00:00:00+00:00","dateModified":"2026-03-02T16:07:11+00:00","breadcrumb":{"@id":"https:\/\/staging.forenteforlag.no\/forlaget\/produkt\/fuglevokteren-fra-vega-2\/#breadcrumb"},"inLanguage":"nb-NO","potentialAction":[{"@type":"ReadAction","target":["https:\/\/staging.forenteforlag.no\/forlaget\/produkt\/fuglevokteren-fra-vega-2\/"]}]},{"@type":"ImageObject","inLanguage":"nb-NO","@id":"https:\/\/staging.forenteforlag.no\/forlaget\/produkt\/fuglevokteren-fra-vega-2\/#primaryimage","url":"https:\/\/staging.forenteforlag.no\/forlaget\/wp-content\/uploads\/sites\/3\/2026\/02\/9788232806683.jpg","contentUrl":"https:\/\/staging.forenteforlag.no\/forlaget\/wp-content\/uploads\/sites\/3\/2026\/02\/9788232806683.jpg","width":720,"height":1010},{"@type":"BreadcrumbList","@id":"https:\/\/staging.forenteforlag.no\/forlaget\/produkt\/fuglevokteren-fra-vega-2\/#breadcrumb","itemListElement":[{"@type":"ListItem","position":1,"name":"Hjem","item":"https:\/\/staging.forenteforlag.no\/forlaget\/"},{"@type":"ListItem","position":2,"name":"Alle b\u00f8ker","item":"https:\/\/staging.forenteforlag.no\/forlaget\/butikk\/"},{"@type":"ListItem","position":3,"name":"Fuglevokteren fra Vega"}]},{"@type":"WebSite","@id":"https:\/\/staging.forenteforlag.no\/forlaget\/#website","url":"https:\/\/staging.forenteforlag.no\/forlaget\/","name":"Forlaget Press","description":"","publisher":{"@id":"https:\/\/staging.forenteforlag.no\/forlaget\/#organization"},"potentialAction":[{"@type":"SearchAction","target":{"@type":"EntryPoint","urlTemplate":"https:\/\/staging.forenteforlag.no\/forlaget\/?s={search_term_string}"},"query-input":{"@type":"PropertyValueSpecification","valueRequired":true,"valueName":"search_term_string"}}],"inLanguage":"nb-NO"},{"@type":"Organization","@id":"https:\/\/staging.forenteforlag.no\/forlaget\/#organization","name":"Forlaget Press","url":"https:\/\/staging.forenteforlag.no\/forlaget\/","logo":{"@type":"ImageObject","inLanguage":"nb-NO","@id":"https:\/\/staging.forenteforlag.no\/forlaget\/#\/schema\/logo\/image\/","url":"https:\/\/staging.forenteforlag.no\/forlaget\/wp-content\/uploads\/sites\/3\/2024\/09\/Press_logo.svg","contentUrl":"https:\/\/staging.forenteforlag.no\/forlaget\/wp-content\/uploads\/sites\/3\/2024\/09\/Press_logo.svg","width":100,"height":100,"caption":"Forlaget Press"},"image":{"@id":"https:\/\/staging.forenteforlag.no\/forlaget\/#\/schema\/logo\/image\/"},"sameAs":["https:\/\/www.facebook.com\/Forlagetpress"]}]}},"_links":{"self":[{"href":"https:\/\/staging.forenteforlag.no\/forlaget\/wp-json\/wp\/v2\/product\/22484","targetHints":{"allow":["GET"]}}],"collection":[{"href":"https:\/\/staging.forenteforlag.no\/forlaget\/wp-json\/wp\/v2\/product"}],"about":[{"href":"https:\/\/staging.forenteforlag.no\/forlaget\/wp-json\/wp\/v2\/types\/product"}],"wp:featuredmedia":[{"embeddable":true,"href":"https:\/\/staging.forenteforlag.no\/forlaget\/wp-json\/wp\/v2\/media\/26581"}],"wp:attachment":[{"href":"https:\/\/staging.forenteforlag.no\/forlaget\/wp-json\/wp\/v2\/media?parent=22484"}],"wp:term":[{"taxonomy":"product_brand","embeddable":true,"href":"https:\/\/staging.forenteforlag.no\/forlaget\/wp-json\/wp\/v2\/product_brand?post=22484"},{"taxonomy":"product_cat","embeddable":true,"href":"https:\/\/staging.forenteforlag.no\/forlaget\/wp-json\/wp\/v2\/product_cat?post=22484"},{"taxonomy":"product_tag","embeddable":true,"href":"https:\/\/staging.forenteforlag.no\/forlaget\/wp-json\/wp\/v2\/product_tag?post=22484"}],"curies":[{"name":"wp","href":"https:\/\/api.w.org\/{rel}","templated":true}]}}