{"id":22483,"date":"2024-09-11T02:00:00","date_gmt":"2024-09-11T00:00:00","guid":{"rendered":"https:\/\/forlagetpress.forenteforlag.no\/produkt\/sarajevos-roser-2\/"},"modified":"2026-03-02T17:05:26","modified_gmt":"2026-03-02T16:05:26","slug":"sarajevos-roser-2","status":"publish","type":"product","link":"https:\/\/staging.forenteforlag.no\/forlaget\/produkt\/sarajevos-roser-2\/","title":{"rendered":"Sarajevos roser"},"content":{"rendered":"<p>F\u00e5 hendelser har hatt st\u00f8rre betydning i moderne europeisk historie enn Balkan-krigene p\u00e5 1990-tallet. Krigene i det tidligere Jugoslavia f\u00f8rte med seg ubeskrivelige lidelser, og gjorde inntrykk p\u00e5 en hel verden. Da krigen i Ukraina br\u00f8t ut i 2022, var det likevel som konfliktene p\u00e5 Balkan aldri hadde skjedd: Folk snakket om sjokket over \u00e5 se krigens grusomheter i Europa for f\u00f8rste gang etter andre verdenskrig. Hvordan kunne de brutale krigene p\u00e5 Balkan forsvinne s\u00e5 raskt ut av den kollektive bevisstheten?<br \/>\n\u00a0<br \/>\nInger Skjelsb\u00e6k kom til Bosnia f\u00f8rste gang i 1997, som internasjonal observat\u00f8r ved et av de f\u00f8rste valgene i det nye landet. Siden har hun fulgt utviklingen i landet tett, ikke minst gjennom eget arbeid med kvinners krigserfaringer. I Sarajevos roser bruker Skjelsb\u00e6k sin forskning om kj\u00f8nn og seksuelle krigsforbrytelser som prisme for \u00e5 unders\u00f8ke en konflikt som fortsatt former verden: Hva hendte i Bosnia under krigen, og hva kan de kvinnelige vitnene fortelle oss om krigens virkelighet? P\u00e5 hvilken m\u00e5te har arven fra Balkankrigene preget oss siden? Og hvordan lever krigens motsetninger videre i Bosnia i dag?<\/p>\n<p>Nominert til Brageprisen 2024.<\/p>\n","protected":false},"excerpt":{"rendered":"<p>F\u00e5 hendelser har hatt st\u00f8rre betydning i moderne europeisk historie enn Balkan-krigene p\u00e5 1990-tallet. Krigene i det tidligere Jugoslavia f\u00f8rte med seg ubeskrivelige lidelser, og gjorde inntrykk p\u00e5 en hel verden. Da krigen i Ukraina br\u00f8t ut i 2022, var det likevel som konfliktene p\u00e5 Balkan aldri hadde skjedd: Folk snakket om sjokket over \u00e5 [&hellip;]<\/p>\n","protected":false},"featured_media":26558,"template":"","meta":{"_acf_changed":false,"inline_featured_image":false},"product_brand":[],"product_cat":[1781],"product_tag":[362],"class_list":{"0":"post-22483","1":"product","2":"type-product","3":"status-publish","4":"has-post-thumbnail","6":"product_cat-rabattkodekampanje","7":"product_tag-faglitteratur","9":"first","10":"instock","11":"shipping-taxable","12":"purchasable","13":"product-type-simple"},"acf":{"anmeldelse":[{"tekst_anmeldelser":"Lettlest, men likevel med kraft til \u00e5 ryste, kan Sarajevos roser v\u00e6re et passende sted \u00e5 begynne for den som \u00f8nsker kunnskaper om en krig som har s\u00e5 mange paralleller i v\u00e5r egen m\u00f8rke tid.","av_anmeldelser":"Geir Pollen","terningkast":false,"kilde":"Klassekampen"},{"tekst_anmeldelser":"Det er Inger Skjelsb\u00e6ks fortjeneste at hun deler denne innsikten med offentligheten i en leseverdig sakprosabok.","av_anmeldelser":"Espen S\u00f8bye","terningkast":false,"kilde":"Morgenbladet"},{"tekst_anmeldelser":"Skjelsb\u00e6k vever kyndig sammen fortellingene til mennesker hun har m\u00f8tt, tekster hun har lest, siterer vitneprov, diskuterer rettsdokumenter og gir en medrivende analyse av kj\u00f8nn og krig. Tittelen Sarajevos roser viser til de over 200 r\u00f8de merkene i Sarajevos gater; \u00abs\u00f8kk i asfalten omkranset av mindre hull og malt i r\u00f8dt\u00bb, sm\u00e5 minnesmerker som markerer artillerinedslag hvor minst tre personer ble drept: \u00abHva er det Sarajevos roser minner oss p\u00e5? Alle som d\u00f8de? At krigen er over? Eller at det kan skje igjen?\u00bb.","av_anmeldelser":"Juryens begrunnelse","terningkast":false,"kilde":"Brageprisen"},{"tekst_anmeldelser":"Sarajevos roser er en behersket bok om grusomheter, som setter ord p\u00e5 det som det knapt finnes ord for.","av_anmeldelser":"Siri Lindstad","terningkast":false,"kilde":"Forskerforum"}]},"yoast_head":"<!-- This site is optimized with the Yoast SEO plugin v26.6 - https:\/\/yoast.com\/wordpress\/plugins\/seo\/ -->\n<title>Sarajevos roser - Forlaget Press<\/title>\n<meta name=\"robots\" content=\"noindex, follow, max-snippet:-1, max-image-preview:large, max-video-preview:-1\" \/>\n<meta property=\"og:locale\" content=\"nb_NO\" \/>\n<meta property=\"og:type\" content=\"article\" \/>\n<meta property=\"og:title\" content=\"Sarajevos roser - Forlaget Press\" \/>\n<meta property=\"og:description\" content=\"F\u00e5 hendelser har hatt st\u00f8rre betydning i moderne europeisk historie enn Balkan-krigene p\u00e5 1990-tallet. Krigene i det tidligere Jugoslavia f\u00f8rte med seg ubeskrivelige lidelser, og gjorde inntrykk p\u00e5 en hel verden. Da krigen i Ukraina br\u00f8t ut i 2022, var det likevel som konfliktene p\u00e5 Balkan aldri hadde skjedd: Folk snakket om sjokket over \u00e5 [&hellip;]\" \/>\n<meta property=\"og:url\" content=\"https:\/\/staging.forenteforlag.no\/forlaget\/produkt\/sarajevos-roser-2\/\" \/>\n<meta property=\"og:site_name\" content=\"Forlaget Press\" \/>\n<meta property=\"article:publisher\" content=\"https:\/\/www.facebook.com\/Forlagetpress\" \/>\n<meta property=\"article:modified_time\" content=\"2026-03-02T16:05:26+00:00\" \/>\n<meta property=\"og:image\" content=\"https:\/\/staging.forenteforlag.no\/forlaget\/wp-content\/uploads\/sites\/3\/2026\/02\/9788232806140.jpg\" \/>\n\t<meta property=\"og:image:width\" content=\"720\" \/>\n\t<meta property=\"og:image:height\" content=\"1044\" \/>\n\t<meta property=\"og:image:type\" content=\"image\/jpeg\" \/>\n<meta name=\"twitter:card\" content=\"summary_large_image\" \/>\n<meta name=\"twitter:label1\" content=\"Ansl. lesetid\" \/>\n\t<meta name=\"twitter:data1\" content=\"1 minutt\" \/>\n<script type=\"application\/ld+json\" class=\"yoast-schema-graph\">{\"@context\":\"https:\/\/schema.org\",\"@graph\":[{\"@type\":\"WebPage\",\"@id\":\"https:\/\/staging.forenteforlag.no\/forlaget\/produkt\/sarajevos-roser-2\/\",\"url\":\"https:\/\/staging.forenteforlag.no\/forlaget\/produkt\/sarajevos-roser-2\/\",\"name\":\"Sarajevos roser - Forlaget Press\",\"isPartOf\":{\"@id\":\"https:\/\/staging.forenteforlag.no\/forlaget\/#website\"},\"primaryImageOfPage\":{\"@id\":\"https:\/\/staging.forenteforlag.no\/forlaget\/produkt\/sarajevos-roser-2\/#primaryimage\"},\"image\":{\"@id\":\"https:\/\/staging.forenteforlag.no\/forlaget\/produkt\/sarajevos-roser-2\/#primaryimage\"},\"thumbnailUrl\":\"https:\/\/staging.forenteforlag.no\/forlaget\/wp-content\/uploads\/sites\/3\/2026\/02\/9788232806140.jpg\",\"datePublished\":\"2024-09-11T00:00:00+00:00\",\"dateModified\":\"2026-03-02T16:05:26+00:00\",\"breadcrumb\":{\"@id\":\"https:\/\/staging.forenteforlag.no\/forlaget\/produkt\/sarajevos-roser-2\/#breadcrumb\"},\"inLanguage\":\"nb-NO\",\"potentialAction\":[{\"@type\":\"ReadAction\",\"target\":[\"https:\/\/staging.forenteforlag.no\/forlaget\/produkt\/sarajevos-roser-2\/\"]}]},{\"@type\":\"ImageObject\",\"inLanguage\":\"nb-NO\",\"@id\":\"https:\/\/staging.forenteforlag.no\/forlaget\/produkt\/sarajevos-roser-2\/#primaryimage\",\"url\":\"https:\/\/staging.forenteforlag.no\/forlaget\/wp-content\/uploads\/sites\/3\/2026\/02\/9788232806140.jpg\",\"contentUrl\":\"https:\/\/staging.forenteforlag.no\/forlaget\/wp-content\/uploads\/sites\/3\/2026\/02\/9788232806140.jpg\",\"width\":720,\"height\":1044},{\"@type\":\"BreadcrumbList\",\"@id\":\"https:\/\/staging.forenteforlag.no\/forlaget\/produkt\/sarajevos-roser-2\/#breadcrumb\",\"itemListElement\":[{\"@type\":\"ListItem\",\"position\":1,\"name\":\"Hjem\",\"item\":\"https:\/\/staging.forenteforlag.no\/forlaget\/\"},{\"@type\":\"ListItem\",\"position\":2,\"name\":\"Alle b\u00f8ker\",\"item\":\"https:\/\/staging.forenteforlag.no\/forlaget\/butikk\/\"},{\"@type\":\"ListItem\",\"position\":3,\"name\":\"Sarajevos roser\"}]},{\"@type\":\"WebSite\",\"@id\":\"https:\/\/staging.forenteforlag.no\/forlaget\/#website\",\"url\":\"https:\/\/staging.forenteforlag.no\/forlaget\/\",\"name\":\"Forlaget Press\",\"description\":\"\",\"publisher\":{\"@id\":\"https:\/\/staging.forenteforlag.no\/forlaget\/#organization\"},\"potentialAction\":[{\"@type\":\"SearchAction\",\"target\":{\"@type\":\"EntryPoint\",\"urlTemplate\":\"https:\/\/staging.forenteforlag.no\/forlaget\/?s={search_term_string}\"},\"query-input\":{\"@type\":\"PropertyValueSpecification\",\"valueRequired\":true,\"valueName\":\"search_term_string\"}}],\"inLanguage\":\"nb-NO\"},{\"@type\":\"Organization\",\"@id\":\"https:\/\/staging.forenteforlag.no\/forlaget\/#organization\",\"name\":\"Forlaget Press\",\"url\":\"https:\/\/staging.forenteforlag.no\/forlaget\/\",\"logo\":{\"@type\":\"ImageObject\",\"inLanguage\":\"nb-NO\",\"@id\":\"https:\/\/staging.forenteforlag.no\/forlaget\/#\/schema\/logo\/image\/\",\"url\":\"https:\/\/staging.forenteforlag.no\/forlaget\/wp-content\/uploads\/sites\/3\/2024\/09\/Press_logo.svg\",\"contentUrl\":\"https:\/\/staging.forenteforlag.no\/forlaget\/wp-content\/uploads\/sites\/3\/2024\/09\/Press_logo.svg\",\"width\":100,\"height\":100,\"caption\":\"Forlaget Press\"},\"image\":{\"@id\":\"https:\/\/staging.forenteforlag.no\/forlaget\/#\/schema\/logo\/image\/\"},\"sameAs\":[\"https:\/\/www.facebook.com\/Forlagetpress\"]}]}<\/script>\n<!-- \/ Yoast SEO plugin. -->","yoast_head_json":{"title":"Sarajevos roser - Forlaget Press","robots":{"index":"noindex","follow":"follow","max-snippet":"max-snippet:-1","max-image-preview":"max-image-preview:large","max-video-preview":"max-video-preview:-1"},"og_locale":"nb_NO","og_type":"article","og_title":"Sarajevos roser - Forlaget Press","og_description":"F\u00e5 hendelser har hatt st\u00f8rre betydning i moderne europeisk historie enn Balkan-krigene p\u00e5 1990-tallet. Krigene i det tidligere Jugoslavia f\u00f8rte med seg ubeskrivelige lidelser, og gjorde inntrykk p\u00e5 en hel verden. Da krigen i Ukraina br\u00f8t ut i 2022, var det likevel som konfliktene p\u00e5 Balkan aldri hadde skjedd: Folk snakket om sjokket over \u00e5 [&hellip;]","og_url":"https:\/\/staging.forenteforlag.no\/forlaget\/produkt\/sarajevos-roser-2\/","og_site_name":"Forlaget Press","article_publisher":"https:\/\/www.facebook.com\/Forlagetpress","article_modified_time":"2026-03-02T16:05:26+00:00","og_image":[{"width":720,"height":1044,"url":"https:\/\/staging.forenteforlag.no\/forlaget\/wp-content\/uploads\/sites\/3\/2026\/02\/9788232806140.jpg","type":"image\/jpeg"}],"twitter_card":"summary_large_image","twitter_misc":{"Ansl. lesetid":"1 minutt"},"schema":{"@context":"https:\/\/schema.org","@graph":[{"@type":"WebPage","@id":"https:\/\/staging.forenteforlag.no\/forlaget\/produkt\/sarajevos-roser-2\/","url":"https:\/\/staging.forenteforlag.no\/forlaget\/produkt\/sarajevos-roser-2\/","name":"Sarajevos roser - Forlaget Press","isPartOf":{"@id":"https:\/\/staging.forenteforlag.no\/forlaget\/#website"},"primaryImageOfPage":{"@id":"https:\/\/staging.forenteforlag.no\/forlaget\/produkt\/sarajevos-roser-2\/#primaryimage"},"image":{"@id":"https:\/\/staging.forenteforlag.no\/forlaget\/produkt\/sarajevos-roser-2\/#primaryimage"},"thumbnailUrl":"https:\/\/staging.forenteforlag.no\/forlaget\/wp-content\/uploads\/sites\/3\/2026\/02\/9788232806140.jpg","datePublished":"2024-09-11T00:00:00+00:00","dateModified":"2026-03-02T16:05:26+00:00","breadcrumb":{"@id":"https:\/\/staging.forenteforlag.no\/forlaget\/produkt\/sarajevos-roser-2\/#breadcrumb"},"inLanguage":"nb-NO","potentialAction":[{"@type":"ReadAction","target":["https:\/\/staging.forenteforlag.no\/forlaget\/produkt\/sarajevos-roser-2\/"]}]},{"@type":"ImageObject","inLanguage":"nb-NO","@id":"https:\/\/staging.forenteforlag.no\/forlaget\/produkt\/sarajevos-roser-2\/#primaryimage","url":"https:\/\/staging.forenteforlag.no\/forlaget\/wp-content\/uploads\/sites\/3\/2026\/02\/9788232806140.jpg","contentUrl":"https:\/\/staging.forenteforlag.no\/forlaget\/wp-content\/uploads\/sites\/3\/2026\/02\/9788232806140.jpg","width":720,"height":1044},{"@type":"BreadcrumbList","@id":"https:\/\/staging.forenteforlag.no\/forlaget\/produkt\/sarajevos-roser-2\/#breadcrumb","itemListElement":[{"@type":"ListItem","position":1,"name":"Hjem","item":"https:\/\/staging.forenteforlag.no\/forlaget\/"},{"@type":"ListItem","position":2,"name":"Alle b\u00f8ker","item":"https:\/\/staging.forenteforlag.no\/forlaget\/butikk\/"},{"@type":"ListItem","position":3,"name":"Sarajevos roser"}]},{"@type":"WebSite","@id":"https:\/\/staging.forenteforlag.no\/forlaget\/#website","url":"https:\/\/staging.forenteforlag.no\/forlaget\/","name":"Forlaget Press","description":"","publisher":{"@id":"https:\/\/staging.forenteforlag.no\/forlaget\/#organization"},"potentialAction":[{"@type":"SearchAction","target":{"@type":"EntryPoint","urlTemplate":"https:\/\/staging.forenteforlag.no\/forlaget\/?s={search_term_string}"},"query-input":{"@type":"PropertyValueSpecification","valueRequired":true,"valueName":"search_term_string"}}],"inLanguage":"nb-NO"},{"@type":"Organization","@id":"https:\/\/staging.forenteforlag.no\/forlaget\/#organization","name":"Forlaget Press","url":"https:\/\/staging.forenteforlag.no\/forlaget\/","logo":{"@type":"ImageObject","inLanguage":"nb-NO","@id":"https:\/\/staging.forenteforlag.no\/forlaget\/#\/schema\/logo\/image\/","url":"https:\/\/staging.forenteforlag.no\/forlaget\/wp-content\/uploads\/sites\/3\/2024\/09\/Press_logo.svg","contentUrl":"https:\/\/staging.forenteforlag.no\/forlaget\/wp-content\/uploads\/sites\/3\/2024\/09\/Press_logo.svg","width":100,"height":100,"caption":"Forlaget Press"},"image":{"@id":"https:\/\/staging.forenteforlag.no\/forlaget\/#\/schema\/logo\/image\/"},"sameAs":["https:\/\/www.facebook.com\/Forlagetpress"]}]}},"_links":{"self":[{"href":"https:\/\/staging.forenteforlag.no\/forlaget\/wp-json\/wp\/v2\/product\/22483","targetHints":{"allow":["GET"]}}],"collection":[{"href":"https:\/\/staging.forenteforlag.no\/forlaget\/wp-json\/wp\/v2\/product"}],"about":[{"href":"https:\/\/staging.forenteforlag.no\/forlaget\/wp-json\/wp\/v2\/types\/product"}],"wp:featuredmedia":[{"embeddable":true,"href":"https:\/\/staging.forenteforlag.no\/forlaget\/wp-json\/wp\/v2\/media\/26558"}],"wp:attachment":[{"href":"https:\/\/staging.forenteforlag.no\/forlaget\/wp-json\/wp\/v2\/media?parent=22483"}],"wp:term":[{"taxonomy":"product_brand","embeddable":true,"href":"https:\/\/staging.forenteforlag.no\/forlaget\/wp-json\/wp\/v2\/product_brand?post=22483"},{"taxonomy":"product_cat","embeddable":true,"href":"https:\/\/staging.forenteforlag.no\/forlaget\/wp-json\/wp\/v2\/product_cat?post=22483"},{"taxonomy":"product_tag","embeddable":true,"href":"https:\/\/staging.forenteforlag.no\/forlaget\/wp-json\/wp\/v2\/product_tag?post=22483"}],"curies":[{"name":"wp","href":"https:\/\/api.w.org\/{rel}","templated":true}]}}