{"id":22472,"date":"2024-07-31T02:00:00","date_gmt":"2024-07-31T00:00:00","guid":{"rendered":"https:\/\/forlagetpress.forenteforlag.no\/produkt\/min-mormors-hemmeligheter-eller-forsvunne-personer-2\/"},"modified":"2026-03-04T14:04:20","modified_gmt":"2026-03-04T13:04:20","slug":"min-mormors-hemmeligheter-eller-forsvunne-personer-2","status":"publish","type":"product","link":"https:\/\/staging.forenteforlag.no\/forlaget\/produkt\/min-mormors-hemmeligheter-eller-forsvunne-personer-2\/","title":{"rendered":"Min mormors hemmeligheter, eller Forsvunne personer"},"content":{"rendered":"<p>Clair Wills var i tjue\u00e5rene da hun oppdaget at hun hadde et s\u00f8skenbarn hun aldri hadde h\u00f8rt om. Kusinen Mary var f\u00f8dt og oppvokst i et m\u00f8drehjem i Irland p\u00e5 1950-tallet, ikke langt fra g\u00e5rden hvor Clair tilbrakte barndommens somre. I \u00e5rtier fulgte Wills opprullingen av stadig nye skandaler rundt behandlingen av enslige m\u00f8dre og deres barn i Irlands omsorgsinstitusjoner. Hele tiden visste hun at den nasjonale tragedien var \u2000 ettet sammen med hennes egen historie. Hvordan kunne en hel familie \u2013 en hel nasjon \u2013 svikte m\u00f8dre og barna deres, viske dem ut av historien? Og hva skjedde med Mary?<br \/>For \u00e5 finne svar m\u00e5tte Wills utforske ikke bare de offentlige arkivene, men ogs\u00e5 sin egen families opplevelser og minner. \u00c5 pusle sammen fakta ble til et krevende arbeid for \u00e5 pr\u00f8ve \u00e5 tolke de mest up\u00e5litelige bevis \u2013 fortellinger, hemmeligheter og tausheter. <br \/>Resultatet er en gripende og uts\u00f8kt fortalt bok om moderne irsk historie og om skjulte familiehemmeligheter, men ogs\u00e5 om hvordan vi alle forholder oss til fortiden: Hva vi glemmer og hva vi husker \u2013 og hvordan vi fors\u00f8ker \u00e5 leve med det som er umulig.<\/p>\n","protected":false},"excerpt":{"rendered":"<p>Clair Wills var i tjue\u00e5rene da hun oppdaget at hun hadde et s\u00f8skenbarn hun aldri hadde h\u00f8rt om. Kusinen Mary var f\u00f8dt og oppvokst i et m\u00f8drehjem i Irland p\u00e5 1950-tallet, ikke langt fra g\u00e5rden hvor Clair tilbrakte barndommens somre. I \u00e5rtier fulgte Wills opprullingen av stadig nye skandaler rundt behandlingen av enslige m\u00f8dre og [&hellip;]<\/p>\n","protected":false},"featured_media":26569,"template":"","meta":{"_acf_changed":false,"inline_featured_image":false},"product_brand":[],"product_cat":[1781],"product_tag":[1703,362,1740,709,361,380,383],"class_list":{"0":"post-22472","1":"product","2":"type-product","3":"status-publish","4":"has-post-thumbnail","6":"product_cat-rabattkodekampanje","7":"product_tag-aleneforeldre","8":"product_tag-faglitteratur","9":"product_tag-hverdagsbetraktninger","10":"product_tag-irland","11":"product_tag-kulturhistorie","12":"product_tag-kvinner","13":"product_tag-personlige-beretninger","15":"first","16":"instock","17":"shipping-taxable","18":"purchasable","19":"product-type-simple"},"acf":{"anmeldelse":[{"tekst_anmeldelser":"En forunderlig kompakt og kort bok som samtidig utvider og vokser seg st\u00f8rre under lesingen. Med sin personlige, sinte, fortvilede, kunnskapsrike, analytisk og kloke form gir boka ekko til Irlands store poet og aktivist Sin\u00e9ad O\u2019Connor [...]. Ja, dette er virkelig en av de beste b\u00f8kene jeg har lest s\u00e5 langt i \u00e5r.","av_anmeldelser":"Hilde Sl\u00e5tto","terningkast":false,"kilde":"V\u00e5rt Land"}]},"yoast_head":"<!-- This site is optimized with the Yoast SEO plugin v26.6 - https:\/\/yoast.com\/wordpress\/plugins\/seo\/ -->\n<title>Min mormors hemmeligheter, eller Forsvunne personer - Forlaget Press<\/title>\n<meta name=\"robots\" content=\"noindex, follow, max-snippet:-1, max-image-preview:large, max-video-preview:-1\" \/>\n<meta property=\"og:locale\" content=\"nb_NO\" \/>\n<meta property=\"og:type\" content=\"article\" \/>\n<meta property=\"og:title\" content=\"Min mormors hemmeligheter, eller Forsvunne personer - Forlaget Press\" \/>\n<meta property=\"og:description\" content=\"Clair Wills var i tjue\u00e5rene da hun oppdaget at hun hadde et s\u00f8skenbarn hun aldri hadde h\u00f8rt om. Kusinen Mary var f\u00f8dt og oppvokst i et m\u00f8drehjem i Irland p\u00e5 1950-tallet, ikke langt fra g\u00e5rden hvor Clair tilbrakte barndommens somre. I \u00e5rtier fulgte Wills opprullingen av stadig nye skandaler rundt behandlingen av enslige m\u00f8dre og [&hellip;]\" \/>\n<meta property=\"og:url\" content=\"https:\/\/staging.forenteforlag.no\/forlaget\/produkt\/min-mormors-hemmeligheter-eller-forsvunne-personer-2\/\" \/>\n<meta property=\"og:site_name\" content=\"Forlaget Press\" \/>\n<meta property=\"article:publisher\" content=\"https:\/\/www.facebook.com\/Forlagetpress\" \/>\n<meta property=\"article:modified_time\" content=\"2026-03-04T13:04:20+00:00\" \/>\n<meta property=\"og:image\" content=\"https:\/\/staging.forenteforlag.no\/forlaget\/wp-content\/uploads\/sites\/3\/2026\/02\/9788232806386.jpg\" \/>\n\t<meta property=\"og:image:width\" content=\"720\" \/>\n\t<meta property=\"og:image:height\" content=\"1062\" \/>\n\t<meta property=\"og:image:type\" content=\"image\/jpeg\" \/>\n<meta name=\"twitter:card\" content=\"summary_large_image\" \/>\n<meta name=\"twitter:label1\" content=\"Ansl. lesetid\" \/>\n\t<meta name=\"twitter:data1\" content=\"1 minutt\" \/>\n<script type=\"application\/ld+json\" class=\"yoast-schema-graph\">{\"@context\":\"https:\/\/schema.org\",\"@graph\":[{\"@type\":\"WebPage\",\"@id\":\"https:\/\/staging.forenteforlag.no\/forlaget\/produkt\/min-mormors-hemmeligheter-eller-forsvunne-personer-2\/\",\"url\":\"https:\/\/staging.forenteforlag.no\/forlaget\/produkt\/min-mormors-hemmeligheter-eller-forsvunne-personer-2\/\",\"name\":\"Min mormors hemmeligheter, eller Forsvunne personer - Forlaget Press\",\"isPartOf\":{\"@id\":\"https:\/\/staging.forenteforlag.no\/forlaget\/#website\"},\"primaryImageOfPage\":{\"@id\":\"https:\/\/staging.forenteforlag.no\/forlaget\/produkt\/min-mormors-hemmeligheter-eller-forsvunne-personer-2\/#primaryimage\"},\"image\":{\"@id\":\"https:\/\/staging.forenteforlag.no\/forlaget\/produkt\/min-mormors-hemmeligheter-eller-forsvunne-personer-2\/#primaryimage\"},\"thumbnailUrl\":\"https:\/\/staging.forenteforlag.no\/forlaget\/wp-content\/uploads\/sites\/3\/2026\/02\/9788232806386.jpg\",\"datePublished\":\"2024-07-31T00:00:00+00:00\",\"dateModified\":\"2026-03-04T13:04:20+00:00\",\"breadcrumb\":{\"@id\":\"https:\/\/staging.forenteforlag.no\/forlaget\/produkt\/min-mormors-hemmeligheter-eller-forsvunne-personer-2\/#breadcrumb\"},\"inLanguage\":\"nb-NO\",\"potentialAction\":[{\"@type\":\"ReadAction\",\"target\":[\"https:\/\/staging.forenteforlag.no\/forlaget\/produkt\/min-mormors-hemmeligheter-eller-forsvunne-personer-2\/\"]}]},{\"@type\":\"ImageObject\",\"inLanguage\":\"nb-NO\",\"@id\":\"https:\/\/staging.forenteforlag.no\/forlaget\/produkt\/min-mormors-hemmeligheter-eller-forsvunne-personer-2\/#primaryimage\",\"url\":\"https:\/\/staging.forenteforlag.no\/forlaget\/wp-content\/uploads\/sites\/3\/2026\/02\/9788232806386.jpg\",\"contentUrl\":\"https:\/\/staging.forenteforlag.no\/forlaget\/wp-content\/uploads\/sites\/3\/2026\/02\/9788232806386.jpg\",\"width\":720,\"height\":1062},{\"@type\":\"BreadcrumbList\",\"@id\":\"https:\/\/staging.forenteforlag.no\/forlaget\/produkt\/min-mormors-hemmeligheter-eller-forsvunne-personer-2\/#breadcrumb\",\"itemListElement\":[{\"@type\":\"ListItem\",\"position\":1,\"name\":\"Hjem\",\"item\":\"https:\/\/staging.forenteforlag.no\/forlaget\/\"},{\"@type\":\"ListItem\",\"position\":2,\"name\":\"Alle b\u00f8ker\",\"item\":\"https:\/\/staging.forenteforlag.no\/forlaget\/butikk\/\"},{\"@type\":\"ListItem\",\"position\":3,\"name\":\"Min mormors hemmeligheter, eller Forsvunne personer\"}]},{\"@type\":\"WebSite\",\"@id\":\"https:\/\/staging.forenteforlag.no\/forlaget\/#website\",\"url\":\"https:\/\/staging.forenteforlag.no\/forlaget\/\",\"name\":\"Forlaget Press\",\"description\":\"\",\"publisher\":{\"@id\":\"https:\/\/staging.forenteforlag.no\/forlaget\/#organization\"},\"potentialAction\":[{\"@type\":\"SearchAction\",\"target\":{\"@type\":\"EntryPoint\",\"urlTemplate\":\"https:\/\/staging.forenteforlag.no\/forlaget\/?s={search_term_string}\"},\"query-input\":{\"@type\":\"PropertyValueSpecification\",\"valueRequired\":true,\"valueName\":\"search_term_string\"}}],\"inLanguage\":\"nb-NO\"},{\"@type\":\"Organization\",\"@id\":\"https:\/\/staging.forenteforlag.no\/forlaget\/#organization\",\"name\":\"Forlaget Press\",\"url\":\"https:\/\/staging.forenteforlag.no\/forlaget\/\",\"logo\":{\"@type\":\"ImageObject\",\"inLanguage\":\"nb-NO\",\"@id\":\"https:\/\/staging.forenteforlag.no\/forlaget\/#\/schema\/logo\/image\/\",\"url\":\"https:\/\/staging.forenteforlag.no\/forlaget\/wp-content\/uploads\/sites\/3\/2024\/09\/Press_logo.svg\",\"contentUrl\":\"https:\/\/staging.forenteforlag.no\/forlaget\/wp-content\/uploads\/sites\/3\/2024\/09\/Press_logo.svg\",\"width\":100,\"height\":100,\"caption\":\"Forlaget Press\"},\"image\":{\"@id\":\"https:\/\/staging.forenteforlag.no\/forlaget\/#\/schema\/logo\/image\/\"},\"sameAs\":[\"https:\/\/www.facebook.com\/Forlagetpress\"]}]}<\/script>\n<!-- \/ Yoast SEO plugin. -->","yoast_head_json":{"title":"Min mormors hemmeligheter, eller Forsvunne personer - Forlaget Press","robots":{"index":"noindex","follow":"follow","max-snippet":"max-snippet:-1","max-image-preview":"max-image-preview:large","max-video-preview":"max-video-preview:-1"},"og_locale":"nb_NO","og_type":"article","og_title":"Min mormors hemmeligheter, eller Forsvunne personer - Forlaget Press","og_description":"Clair Wills var i tjue\u00e5rene da hun oppdaget at hun hadde et s\u00f8skenbarn hun aldri hadde h\u00f8rt om. Kusinen Mary var f\u00f8dt og oppvokst i et m\u00f8drehjem i Irland p\u00e5 1950-tallet, ikke langt fra g\u00e5rden hvor Clair tilbrakte barndommens somre. I \u00e5rtier fulgte Wills opprullingen av stadig nye skandaler rundt behandlingen av enslige m\u00f8dre og [&hellip;]","og_url":"https:\/\/staging.forenteforlag.no\/forlaget\/produkt\/min-mormors-hemmeligheter-eller-forsvunne-personer-2\/","og_site_name":"Forlaget Press","article_publisher":"https:\/\/www.facebook.com\/Forlagetpress","article_modified_time":"2026-03-04T13:04:20+00:00","og_image":[{"width":720,"height":1062,"url":"https:\/\/staging.forenteforlag.no\/forlaget\/wp-content\/uploads\/sites\/3\/2026\/02\/9788232806386.jpg","type":"image\/jpeg"}],"twitter_card":"summary_large_image","twitter_misc":{"Ansl. lesetid":"1 minutt"},"schema":{"@context":"https:\/\/schema.org","@graph":[{"@type":"WebPage","@id":"https:\/\/staging.forenteforlag.no\/forlaget\/produkt\/min-mormors-hemmeligheter-eller-forsvunne-personer-2\/","url":"https:\/\/staging.forenteforlag.no\/forlaget\/produkt\/min-mormors-hemmeligheter-eller-forsvunne-personer-2\/","name":"Min mormors hemmeligheter, eller Forsvunne personer - Forlaget Press","isPartOf":{"@id":"https:\/\/staging.forenteforlag.no\/forlaget\/#website"},"primaryImageOfPage":{"@id":"https:\/\/staging.forenteforlag.no\/forlaget\/produkt\/min-mormors-hemmeligheter-eller-forsvunne-personer-2\/#primaryimage"},"image":{"@id":"https:\/\/staging.forenteforlag.no\/forlaget\/produkt\/min-mormors-hemmeligheter-eller-forsvunne-personer-2\/#primaryimage"},"thumbnailUrl":"https:\/\/staging.forenteforlag.no\/forlaget\/wp-content\/uploads\/sites\/3\/2026\/02\/9788232806386.jpg","datePublished":"2024-07-31T00:00:00+00:00","dateModified":"2026-03-04T13:04:20+00:00","breadcrumb":{"@id":"https:\/\/staging.forenteforlag.no\/forlaget\/produkt\/min-mormors-hemmeligheter-eller-forsvunne-personer-2\/#breadcrumb"},"inLanguage":"nb-NO","potentialAction":[{"@type":"ReadAction","target":["https:\/\/staging.forenteforlag.no\/forlaget\/produkt\/min-mormors-hemmeligheter-eller-forsvunne-personer-2\/"]}]},{"@type":"ImageObject","inLanguage":"nb-NO","@id":"https:\/\/staging.forenteforlag.no\/forlaget\/produkt\/min-mormors-hemmeligheter-eller-forsvunne-personer-2\/#primaryimage","url":"https:\/\/staging.forenteforlag.no\/forlaget\/wp-content\/uploads\/sites\/3\/2026\/02\/9788232806386.jpg","contentUrl":"https:\/\/staging.forenteforlag.no\/forlaget\/wp-content\/uploads\/sites\/3\/2026\/02\/9788232806386.jpg","width":720,"height":1062},{"@type":"BreadcrumbList","@id":"https:\/\/staging.forenteforlag.no\/forlaget\/produkt\/min-mormors-hemmeligheter-eller-forsvunne-personer-2\/#breadcrumb","itemListElement":[{"@type":"ListItem","position":1,"name":"Hjem","item":"https:\/\/staging.forenteforlag.no\/forlaget\/"},{"@type":"ListItem","position":2,"name":"Alle b\u00f8ker","item":"https:\/\/staging.forenteforlag.no\/forlaget\/butikk\/"},{"@type":"ListItem","position":3,"name":"Min mormors hemmeligheter, eller Forsvunne personer"}]},{"@type":"WebSite","@id":"https:\/\/staging.forenteforlag.no\/forlaget\/#website","url":"https:\/\/staging.forenteforlag.no\/forlaget\/","name":"Forlaget Press","description":"","publisher":{"@id":"https:\/\/staging.forenteforlag.no\/forlaget\/#organization"},"potentialAction":[{"@type":"SearchAction","target":{"@type":"EntryPoint","urlTemplate":"https:\/\/staging.forenteforlag.no\/forlaget\/?s={search_term_string}"},"query-input":{"@type":"PropertyValueSpecification","valueRequired":true,"valueName":"search_term_string"}}],"inLanguage":"nb-NO"},{"@type":"Organization","@id":"https:\/\/staging.forenteforlag.no\/forlaget\/#organization","name":"Forlaget Press","url":"https:\/\/staging.forenteforlag.no\/forlaget\/","logo":{"@type":"ImageObject","inLanguage":"nb-NO","@id":"https:\/\/staging.forenteforlag.no\/forlaget\/#\/schema\/logo\/image\/","url":"https:\/\/staging.forenteforlag.no\/forlaget\/wp-content\/uploads\/sites\/3\/2024\/09\/Press_logo.svg","contentUrl":"https:\/\/staging.forenteforlag.no\/forlaget\/wp-content\/uploads\/sites\/3\/2024\/09\/Press_logo.svg","width":100,"height":100,"caption":"Forlaget Press"},"image":{"@id":"https:\/\/staging.forenteforlag.no\/forlaget\/#\/schema\/logo\/image\/"},"sameAs":["https:\/\/www.facebook.com\/Forlagetpress"]}]}},"_links":{"self":[{"href":"https:\/\/staging.forenteforlag.no\/forlaget\/wp-json\/wp\/v2\/product\/22472","targetHints":{"allow":["GET"]}}],"collection":[{"href":"https:\/\/staging.forenteforlag.no\/forlaget\/wp-json\/wp\/v2\/product"}],"about":[{"href":"https:\/\/staging.forenteforlag.no\/forlaget\/wp-json\/wp\/v2\/types\/product"}],"wp:featuredmedia":[{"embeddable":true,"href":"https:\/\/staging.forenteforlag.no\/forlaget\/wp-json\/wp\/v2\/media\/26569"}],"wp:attachment":[{"href":"https:\/\/staging.forenteforlag.no\/forlaget\/wp-json\/wp\/v2\/media?parent=22472"}],"wp:term":[{"taxonomy":"product_brand","embeddable":true,"href":"https:\/\/staging.forenteforlag.no\/forlaget\/wp-json\/wp\/v2\/product_brand?post=22472"},{"taxonomy":"product_cat","embeddable":true,"href":"https:\/\/staging.forenteforlag.no\/forlaget\/wp-json\/wp\/v2\/product_cat?post=22472"},{"taxonomy":"product_tag","embeddable":true,"href":"https:\/\/staging.forenteforlag.no\/forlaget\/wp-json\/wp\/v2\/product_tag?post=22472"}],"curies":[{"name":"wp","href":"https:\/\/api.w.org\/{rel}","templated":true}]}}