{"id":22427,"date":"2012-09-10T02:00:00","date_gmt":"2012-09-10T00:00:00","guid":{"rendered":"https:\/\/forlagetpress.forenteforlag.no\/produkt\/haren-med-oyne-av-rav-3\/"},"modified":"2026-03-03T23:30:47","modified_gmt":"2026-03-03T22:30:47","slug":"haren-med-oyne-av-rav-3","status":"publish","type":"product","link":"https:\/\/staging.forenteforlag.no\/forlaget\/produkt\/haren-med-oyne-av-rav-3\/","title":{"rendered":"Haren med \u00f8yne av rav"},"content":{"rendered":"<p>Edmund de Waals Haren med \u00f8yne av rav er en bok som knapt likner p\u00e5 noen andre: familiehistorie, memoarer, biografi, essay, fortelling, kunsthistorie, detektivroman. De f\u00e6rreste hadde forventninger til boken da den utkom i England sommeren 2010. N\u00e5 er de Waals bok et av de mest omtalte fenomenene i den internasjonale forlagsverdenen: hyllet som et mesterverk av engelske og amerikanske kritikere, en bestselger b\u00e5de i UK og USA, og k\u00e5ret til \u00e5rets beste bok i 2010 i et utall aviser og magasiner. Dagens N\u00e6ringsliv og Aftenposten pekte ut Haren med \u00f8yne av rav som en av de beste b\u00f8kene i 2011<\/p>\n","protected":false},"excerpt":{"rendered":"<p>Edmund de Waals Haren med \u00f8yne av rav er en bok som knapt likner p\u00e5 noen andre: familiehistorie, memoarer, biografi, essay, fortelling, kunsthistorie, detektivroman. De f\u00e6rreste hadde forventninger til boken da den utkom i England sommeren 2010. N\u00e5 er de Waals bok et av de mest omtalte fenomenene i den internasjonale forlagsverdenen: hyllet som et [&hellip;]<\/p>\n","protected":false},"featured_media":25500,"template":"","meta":{"_acf_changed":false,"inline_featured_image":false},"product_brand":[],"product_cat":[1781],"product_tag":[607,362,452,417,560,629],"class_list":{"0":"post-22427","1":"product","2":"type-product","3":"status-publish","4":"has-post-thumbnail","6":"product_cat-rabattkodekampanje","7":"product_tag-bedriftshistorie","8":"product_tag-faglitteratur","9":"product_tag-joder","10":"product_tag-selvbiografier","11":"product_tag-skulpturer","12":"product_tag-slekter","14":"first","15":"instock","16":"shipping-taxable","17":"purchasable","18":"product-type-simple"},"acf":{"anmeldelse":[{"tekst_anmeldelser":"\u00abFortellingen er s\u00e5 elegant bygget opp at det blir en nytelse \u00e5 lese denne boka.\u00bb","av_anmeldelser":"Lena Sj\u00f8str\u00f8m M\u00f8ller","terningkast":false,"kilde":"Romerikes Blad"},{"tekst_anmeldelser":"\u00abDette er en bok som b\u00f8r leses: en varm beretning om tap.\u00bb","av_anmeldelser":"Andreas Wiese","terningkast":false,"kilde":"Dagbladet"},{"tekst_anmeldelser":"\u00abFortellingen om et familiedynasti som mister alt under andre verdenskrig, bortsett fra en samling sm\u00e5 japanske skulpturer ville v\u00e6rt umulig \u00e5 tro p\u00e5 hvis den ikke var sann, forfatteren har samtidig et skjevt blikk som gj\u00f8r at han unng\u00e5r \u00e5 gj\u00f8re det unike til en sjangerfortelling.\u00bb","av_anmeldelser":"Bj\u00f8rn Gabrielsen","terningkast":false,"kilde":"Dagens N\u00e6ringsliv"},{"tekst_anmeldelser":"\u00abDette er den beste boka som er utgitt p\u00e5 mange \u00e5r. Terningkast seks.\u00bb","av_anmeldelser":"Solgunn Solli","terningkast":"<i class=\"fa-solid fa-dice-six\"><\/i>","kilde":"Altaposten"},{"tekst_anmeldelser":"\u00abFabelaktig slektssaga og enest\u00e5ende fortelling.\u00bb","av_anmeldelser":"Fredrik Wandrup","terningkast":false,"kilde":"Dagbladet"},{"tekst_anmeldelser":"\u00abHaren med \u00f8yne av rav l\u00e6rer meg en hel del, og er engasjerende lesning. Det er en s\u00e5nn bok man stadig kikker opp fra, i h\u00e5p om at det sitter noen i n\u00e6rheten s\u00e5 man kan fortelle om det man leser.\u00bb","av_anmeldelser":"Silje Bekeng","terningkast":false,"kilde":"Klassekampen"},{"tekst_anmeldelser":"\u00abJeg skj\u00f8nner hvorfor denne boken er blitt bestselger i Storbritannia. Haren med \u00f8yne av rav er fortellende sakprosa p\u00e5 sitt mest fascinerende.\u00bb","av_anmeldelser":"Knut Olav \u00c5m\u00e5s","terningkast":false,"kilde":"Aftenposten"}]},"yoast_head":"<!-- This site is optimized with the Yoast SEO plugin v26.6 - https:\/\/yoast.com\/wordpress\/plugins\/seo\/ -->\n<title>Haren med \u00f8yne av rav - Forlaget Press<\/title>\n<meta name=\"robots\" content=\"noindex, follow, max-snippet:-1, max-image-preview:large, max-video-preview:-1\" \/>\n<meta property=\"og:locale\" content=\"nb_NO\" \/>\n<meta property=\"og:type\" content=\"article\" \/>\n<meta property=\"og:title\" content=\"Haren med \u00f8yne av rav - Forlaget Press\" \/>\n<meta property=\"og:description\" content=\"Edmund de Waals Haren med \u00f8yne av rav er en bok som knapt likner p\u00e5 noen andre: familiehistorie, memoarer, biografi, essay, fortelling, kunsthistorie, detektivroman. De f\u00e6rreste hadde forventninger til boken da den utkom i England sommeren 2010. N\u00e5 er de Waals bok et av de mest omtalte fenomenene i den internasjonale forlagsverdenen: hyllet som et [&hellip;]\" \/>\n<meta property=\"og:url\" content=\"https:\/\/staging.forenteforlag.no\/forlaget\/produkt\/haren-med-oyne-av-rav-3\/\" \/>\n<meta property=\"og:site_name\" content=\"Forlaget Press\" \/>\n<meta property=\"article:publisher\" content=\"https:\/\/www.facebook.com\/Forlagetpress\" \/>\n<meta property=\"article:modified_time\" content=\"2026-03-03T22:30:47+00:00\" \/>\n<meta property=\"og:image\" content=\"https:\/\/staging.forenteforlag.no\/forlaget\/wp-content\/uploads\/sites\/3\/2025\/08\/jpg-9292.jpg\" \/>\n\t<meta property=\"og:image:width\" content=\"305\" \/>\n\t<meta property=\"og:image:height\" content=\"450\" \/>\n\t<meta property=\"og:image:type\" content=\"image\/jpeg\" \/>\n<meta name=\"twitter:card\" content=\"summary_large_image\" \/>\n<meta name=\"twitter:label1\" content=\"Ansl. lesetid\" \/>\n\t<meta name=\"twitter:data1\" content=\"1 minutt\" \/>\n<script type=\"application\/ld+json\" class=\"yoast-schema-graph\">{\"@context\":\"https:\/\/schema.org\",\"@graph\":[{\"@type\":\"WebPage\",\"@id\":\"https:\/\/staging.forenteforlag.no\/forlaget\/produkt\/haren-med-oyne-av-rav-3\/\",\"url\":\"https:\/\/staging.forenteforlag.no\/forlaget\/produkt\/haren-med-oyne-av-rav-3\/\",\"name\":\"Haren med \u00f8yne av rav - Forlaget Press\",\"isPartOf\":{\"@id\":\"https:\/\/staging.forenteforlag.no\/forlaget\/#website\"},\"primaryImageOfPage\":{\"@id\":\"https:\/\/staging.forenteforlag.no\/forlaget\/produkt\/haren-med-oyne-av-rav-3\/#primaryimage\"},\"image\":{\"@id\":\"https:\/\/staging.forenteforlag.no\/forlaget\/produkt\/haren-med-oyne-av-rav-3\/#primaryimage\"},\"thumbnailUrl\":\"https:\/\/staging.forenteforlag.no\/forlaget\/wp-content\/uploads\/sites\/3\/2025\/08\/jpg-9292.jpg\",\"datePublished\":\"2012-09-10T00:00:00+00:00\",\"dateModified\":\"2026-03-03T22:30:47+00:00\",\"breadcrumb\":{\"@id\":\"https:\/\/staging.forenteforlag.no\/forlaget\/produkt\/haren-med-oyne-av-rav-3\/#breadcrumb\"},\"inLanguage\":\"nb-NO\",\"potentialAction\":[{\"@type\":\"ReadAction\",\"target\":[\"https:\/\/staging.forenteforlag.no\/forlaget\/produkt\/haren-med-oyne-av-rav-3\/\"]}]},{\"@type\":\"ImageObject\",\"inLanguage\":\"nb-NO\",\"@id\":\"https:\/\/staging.forenteforlag.no\/forlaget\/produkt\/haren-med-oyne-av-rav-3\/#primaryimage\",\"url\":\"https:\/\/staging.forenteforlag.no\/forlaget\/wp-content\/uploads\/sites\/3\/2025\/08\/jpg-9292.jpg\",\"contentUrl\":\"https:\/\/staging.forenteforlag.no\/forlaget\/wp-content\/uploads\/sites\/3\/2025\/08\/jpg-9292.jpg\",\"width\":305,\"height\":450},{\"@type\":\"BreadcrumbList\",\"@id\":\"https:\/\/staging.forenteforlag.no\/forlaget\/produkt\/haren-med-oyne-av-rav-3\/#breadcrumb\",\"itemListElement\":[{\"@type\":\"ListItem\",\"position\":1,\"name\":\"Hjem\",\"item\":\"https:\/\/staging.forenteforlag.no\/forlaget\/\"},{\"@type\":\"ListItem\",\"position\":2,\"name\":\"Alle b\u00f8ker\",\"item\":\"https:\/\/staging.forenteforlag.no\/forlaget\/butikk\/\"},{\"@type\":\"ListItem\",\"position\":3,\"name\":\"Haren med \u00f8yne av rav\"}]},{\"@type\":\"WebSite\",\"@id\":\"https:\/\/staging.forenteforlag.no\/forlaget\/#website\",\"url\":\"https:\/\/staging.forenteforlag.no\/forlaget\/\",\"name\":\"Forlaget Press\",\"description\":\"\",\"publisher\":{\"@id\":\"https:\/\/staging.forenteforlag.no\/forlaget\/#organization\"},\"potentialAction\":[{\"@type\":\"SearchAction\",\"target\":{\"@type\":\"EntryPoint\",\"urlTemplate\":\"https:\/\/staging.forenteforlag.no\/forlaget\/?s={search_term_string}\"},\"query-input\":{\"@type\":\"PropertyValueSpecification\",\"valueRequired\":true,\"valueName\":\"search_term_string\"}}],\"inLanguage\":\"nb-NO\"},{\"@type\":\"Organization\",\"@id\":\"https:\/\/staging.forenteforlag.no\/forlaget\/#organization\",\"name\":\"Forlaget Press\",\"url\":\"https:\/\/staging.forenteforlag.no\/forlaget\/\",\"logo\":{\"@type\":\"ImageObject\",\"inLanguage\":\"nb-NO\",\"@id\":\"https:\/\/staging.forenteforlag.no\/forlaget\/#\/schema\/logo\/image\/\",\"url\":\"https:\/\/staging.forenteforlag.no\/forlaget\/wp-content\/uploads\/sites\/3\/2024\/09\/Press_logo.svg\",\"contentUrl\":\"https:\/\/staging.forenteforlag.no\/forlaget\/wp-content\/uploads\/sites\/3\/2024\/09\/Press_logo.svg\",\"width\":100,\"height\":100,\"caption\":\"Forlaget Press\"},\"image\":{\"@id\":\"https:\/\/staging.forenteforlag.no\/forlaget\/#\/schema\/logo\/image\/\"},\"sameAs\":[\"https:\/\/www.facebook.com\/Forlagetpress\"]}]}<\/script>\n<!-- \/ Yoast SEO plugin. -->","yoast_head_json":{"title":"Haren med \u00f8yne av rav - Forlaget Press","robots":{"index":"noindex","follow":"follow","max-snippet":"max-snippet:-1","max-image-preview":"max-image-preview:large","max-video-preview":"max-video-preview:-1"},"og_locale":"nb_NO","og_type":"article","og_title":"Haren med \u00f8yne av rav - Forlaget Press","og_description":"Edmund de Waals Haren med \u00f8yne av rav er en bok som knapt likner p\u00e5 noen andre: familiehistorie, memoarer, biografi, essay, fortelling, kunsthistorie, detektivroman. De f\u00e6rreste hadde forventninger til boken da den utkom i England sommeren 2010. N\u00e5 er de Waals bok et av de mest omtalte fenomenene i den internasjonale forlagsverdenen: hyllet som et [&hellip;]","og_url":"https:\/\/staging.forenteforlag.no\/forlaget\/produkt\/haren-med-oyne-av-rav-3\/","og_site_name":"Forlaget Press","article_publisher":"https:\/\/www.facebook.com\/Forlagetpress","article_modified_time":"2026-03-03T22:30:47+00:00","og_image":[{"width":305,"height":450,"url":"https:\/\/staging.forenteforlag.no\/forlaget\/wp-content\/uploads\/sites\/3\/2025\/08\/jpg-9292.jpg","type":"image\/jpeg"}],"twitter_card":"summary_large_image","twitter_misc":{"Ansl. lesetid":"1 minutt"},"schema":{"@context":"https:\/\/schema.org","@graph":[{"@type":"WebPage","@id":"https:\/\/staging.forenteforlag.no\/forlaget\/produkt\/haren-med-oyne-av-rav-3\/","url":"https:\/\/staging.forenteforlag.no\/forlaget\/produkt\/haren-med-oyne-av-rav-3\/","name":"Haren med \u00f8yne av rav - Forlaget Press","isPartOf":{"@id":"https:\/\/staging.forenteforlag.no\/forlaget\/#website"},"primaryImageOfPage":{"@id":"https:\/\/staging.forenteforlag.no\/forlaget\/produkt\/haren-med-oyne-av-rav-3\/#primaryimage"},"image":{"@id":"https:\/\/staging.forenteforlag.no\/forlaget\/produkt\/haren-med-oyne-av-rav-3\/#primaryimage"},"thumbnailUrl":"https:\/\/staging.forenteforlag.no\/forlaget\/wp-content\/uploads\/sites\/3\/2025\/08\/jpg-9292.jpg","datePublished":"2012-09-10T00:00:00+00:00","dateModified":"2026-03-03T22:30:47+00:00","breadcrumb":{"@id":"https:\/\/staging.forenteforlag.no\/forlaget\/produkt\/haren-med-oyne-av-rav-3\/#breadcrumb"},"inLanguage":"nb-NO","potentialAction":[{"@type":"ReadAction","target":["https:\/\/staging.forenteforlag.no\/forlaget\/produkt\/haren-med-oyne-av-rav-3\/"]}]},{"@type":"ImageObject","inLanguage":"nb-NO","@id":"https:\/\/staging.forenteforlag.no\/forlaget\/produkt\/haren-med-oyne-av-rav-3\/#primaryimage","url":"https:\/\/staging.forenteforlag.no\/forlaget\/wp-content\/uploads\/sites\/3\/2025\/08\/jpg-9292.jpg","contentUrl":"https:\/\/staging.forenteforlag.no\/forlaget\/wp-content\/uploads\/sites\/3\/2025\/08\/jpg-9292.jpg","width":305,"height":450},{"@type":"BreadcrumbList","@id":"https:\/\/staging.forenteforlag.no\/forlaget\/produkt\/haren-med-oyne-av-rav-3\/#breadcrumb","itemListElement":[{"@type":"ListItem","position":1,"name":"Hjem","item":"https:\/\/staging.forenteforlag.no\/forlaget\/"},{"@type":"ListItem","position":2,"name":"Alle b\u00f8ker","item":"https:\/\/staging.forenteforlag.no\/forlaget\/butikk\/"},{"@type":"ListItem","position":3,"name":"Haren med \u00f8yne av rav"}]},{"@type":"WebSite","@id":"https:\/\/staging.forenteforlag.no\/forlaget\/#website","url":"https:\/\/staging.forenteforlag.no\/forlaget\/","name":"Forlaget Press","description":"","publisher":{"@id":"https:\/\/staging.forenteforlag.no\/forlaget\/#organization"},"potentialAction":[{"@type":"SearchAction","target":{"@type":"EntryPoint","urlTemplate":"https:\/\/staging.forenteforlag.no\/forlaget\/?s={search_term_string}"},"query-input":{"@type":"PropertyValueSpecification","valueRequired":true,"valueName":"search_term_string"}}],"inLanguage":"nb-NO"},{"@type":"Organization","@id":"https:\/\/staging.forenteforlag.no\/forlaget\/#organization","name":"Forlaget Press","url":"https:\/\/staging.forenteforlag.no\/forlaget\/","logo":{"@type":"ImageObject","inLanguage":"nb-NO","@id":"https:\/\/staging.forenteforlag.no\/forlaget\/#\/schema\/logo\/image\/","url":"https:\/\/staging.forenteforlag.no\/forlaget\/wp-content\/uploads\/sites\/3\/2024\/09\/Press_logo.svg","contentUrl":"https:\/\/staging.forenteforlag.no\/forlaget\/wp-content\/uploads\/sites\/3\/2024\/09\/Press_logo.svg","width":100,"height":100,"caption":"Forlaget Press"},"image":{"@id":"https:\/\/staging.forenteforlag.no\/forlaget\/#\/schema\/logo\/image\/"},"sameAs":["https:\/\/www.facebook.com\/Forlagetpress"]}]}},"_links":{"self":[{"href":"https:\/\/staging.forenteforlag.no\/forlaget\/wp-json\/wp\/v2\/product\/22427","targetHints":{"allow":["GET"]}}],"collection":[{"href":"https:\/\/staging.forenteforlag.no\/forlaget\/wp-json\/wp\/v2\/product"}],"about":[{"href":"https:\/\/staging.forenteforlag.no\/forlaget\/wp-json\/wp\/v2\/types\/product"}],"wp:featuredmedia":[{"embeddable":true,"href":"https:\/\/staging.forenteforlag.no\/forlaget\/wp-json\/wp\/v2\/media\/25500"}],"wp:attachment":[{"href":"https:\/\/staging.forenteforlag.no\/forlaget\/wp-json\/wp\/v2\/media?parent=22427"}],"wp:term":[{"taxonomy":"product_brand","embeddable":true,"href":"https:\/\/staging.forenteforlag.no\/forlaget\/wp-json\/wp\/v2\/product_brand?post=22427"},{"taxonomy":"product_cat","embeddable":true,"href":"https:\/\/staging.forenteforlag.no\/forlaget\/wp-json\/wp\/v2\/product_cat?post=22427"},{"taxonomy":"product_tag","embeddable":true,"href":"https:\/\/staging.forenteforlag.no\/forlaget\/wp-json\/wp\/v2\/product_tag?post=22427"}],"curies":[{"name":"wp","href":"https:\/\/api.w.org\/{rel}","templated":true}]}}