{"id":22380,"date":"2017-02-13T01:00:00","date_gmt":"2017-02-13T00:00:00","guid":{"rendered":"https:\/\/forlagetpress.forenteforlag.no\/produkt\/den-forste-sten-3\/"},"modified":"2026-03-04T12:30:39","modified_gmt":"2026-03-04T11:30:39","slug":"den-forste-sten-3","status":"publish","type":"product","link":"https:\/\/staging.forenteforlag.no\/forlaget\/produkt\/den-forste-sten-3\/","title":{"rendered":"Den f\u00f8rste sten"},"content":{"rendered":"<p>Carsten Jensen er tilbake med en internasjonal begi.venhet av en fortelling. For snart 20 \u00e5r siden slo han gjennom med reiseskildringen Jeg har sett verden begyn.ne. For snart 10 \u00e5r siden gjenoppfant han seg selv som forfatter med sj\u00f8fartsromanen Vi, de druknede. N\u00e5 er han tilbake med Den f\u00f8rste sten &#8211; en storsl\u00e5tt, klassisk roman om krigens vesen, fortalt som en moderne thriller.  <\/p>\n<p>Troppen vi f\u00f8lger, m\u00f8tes i Afghanistan for \u00e5 tjenestegj\u00f8re under NATOs kommando. De kampklare soldatene skal ledes av danske offiserer uten krigserfaring. I maktva.kuumet som oppst\u00e5r, st\u00e5r den karismatiske Schr\u00f8der frem og innf\u00f8rer bel\u00f8nningssystemer som er hentet fra krigsspillene de sl\u00e5r ihjel ventetiden med. Alt de opple.ver, skal filmes. Med kamera p\u00e5 hjelmene dokumenteres soldatenes hverdagsliv og kamphandlinger for \u00e5 lagres i nettskyen som et minnesmerke over de falne og de leven.de. Den parallelle virkeligheten de unge soldatene skaper, skal imidlertid vise seg \u00e5 bli fatal. Merkelige hendelser begynner \u00e5 ramme familiene deres i K\u00f8benhavn. En dag forsvinner flere av soldatene sporl\u00f8st. Er de drept, har de g\u00e5tt over til fienden, er de blitt terrorister? Og hvem er egentlig Schr\u00f8der?<\/p>\n<p>Den f\u00f8rste sten er et intenst drama av bibelske dimensjo.ner, hvor det blir stadig mer krevende \u00e5 skjelne mellom godt og ondt, venn og fiende, og hvor afghansk stam.mejustis og skandinavisk moralisme virvles sammen i en d\u00f8dsdans av blodhevn. Med Den f\u00f8rste sten har krigen i Afghanistan f\u00e5tt sin store nordiske roman, og norske le.sere har f\u00e5tt en oppslukende thriller mettet med mening.<\/p>\n","protected":false},"excerpt":{"rendered":"<p>Carsten Jensen er tilbake med en internasjonal begi.venhet av en fortelling. For snart 20 \u00e5r siden slo han gjennom med reiseskildringen Jeg har sett verden begyn.ne. For snart 10 \u00e5r siden gjenoppfant han seg selv som forfatter med sj\u00f8fartsromanen Vi, de druknede. N\u00e5 er han tilbake med Den f\u00f8rste sten &#8211; en storsl\u00e5tt, klassisk roman [&hellip;]<\/p>\n","protected":false},"featured_media":26272,"template":"","meta":{"_acf_changed":false,"inline_featured_image":false},"product_brand":[],"product_cat":[1781],"product_tag":[592,1095,687,370,589],"class_list":{"0":"post-22380","1":"product","2":"type-product","3":"status-publish","4":"has-post-thumbnail","6":"product_cat-rabattkodekampanje","7":"product_tag-afghanistan","8":"product_tag-grafiske-romaner","9":"product_tag-militaere","10":"product_tag-skjonnlitteratur","11":"product_tag-vaepnede-konflikter","13":"first","14":"instock","15":"shipping-taxable","16":"purchasable","17":"product-type-simple"},"acf":{"anmeldelse":[{"tekst_anmeldelser":"\u00abDanske Carsten Jensens roman 'Den f\u00f8rste sten' er et storsl\u00e5tt verk, med thrillerens spenning og dokumentariske elementer som kvalitetssikrer bakgrunnsstoff og historie.\u00bb","av_anmeldelser":"Turid Larsen","terningkast":false,"kilde":"Dagsavisen"},{"tekst_anmeldelser":"\u00abRomanen er uhyre velskrevet p\u00e5 alle niv\u00e5er, fra landskapskildringer til dialoger, fra reflekterende partier til kunnskap om krigens tekniske detaljer. Den f\u00f8rste sten er en stor triumf for romanforfatteren Carsten Jensen.\u00bb","av_anmeldelser":"Fredrik Wandrup","terningkast":"<i class=\"fa-solid fa-dice-five\"><\/i>","kilde":"Dagbladet"},{"tekst_anmeldelser":"\u00abCarsten Jensen har skrevet en mektig og imponerende roman om Afghanistan.\u00bb","av_anmeldelser":"Tarald Aano","terningkast":"<i class=\"fa-solid fa-dice-six\"><\/i>","kilde":"Stavanger Aftenblad"},{"tekst_anmeldelser":"\u00abBildet av Afghanistan slik det stiger fram fra sidene av denne romanen er noe av det sterkeste jeg har lest p\u00e5 sv\u00e6rt, sv\u00e6rt lenge. [\u2026] en stor opplevelse, og n\u00e6rmest en n\u00f8dvendighet \u00e5 lese.\u00bb","av_anmeldelser":"Sindre Hovdenakk","terningkast":false,"kilde":"VG"},{"tekst_anmeldelser":"\u00abResearchen til dette storsl\u00e5tte krigseposet er imponerende, og formidlingen st\u00e5r ikke tilbake for noen spenningsforfatter. [...] en mektig og overrumplende roman som stiller det grunnleggende sp\u00f8rsm\u00e5let: Hva gj\u00f8r krig med oss? Hvilken mentalitet utvikler et menneske som lever i konstant livsfare, omgitt av forr\u00e6deri og med vissheten om kommende katastrofe som eneste lojale f\u00f8lgesvenn?\u00bb","av_anmeldelser":"Fartein Horgar","terningkast":"<i class=\"fa-solid fa-dice-six\"><\/i>","kilde":"Adresseavisen"},{"tekst_anmeldelser":"\u00abErna: Kj\u00f8p klassesett til forsvarsdepartementet, start lesesirkel i regjeringa, send eit eksemplar til Jens i same slengen. [...] dette er ein av dei aller viktigaste romanane: Her er stor kunnskap om regionen og om krigen kopla med ein sterk kritikk av ISAF og Natos strategiar og det danske forsvarets plass i dette. [...] Boka kunne like gjerne vore ei historie om norsk forsvar og ein norsk tropp. Les!\u00bb","av_anmeldelser":"Marta Nordheim","terningkast":false,"kilde":"NRK"},{"tekst_anmeldelser":"\u00abEn fartsfylt og bloddryppende thriller om en dansk tropp p\u00e5 oppdrag i Afghanistan. [\u2026] realistisk og eventyrlig p\u00e5 samme tid.\u00bb","av_anmeldelser":"Atle Christiansen","terningkast":false,"kilde":"Aftenposten"}]},"yoast_head":"<!-- This site is optimized with the Yoast SEO plugin v26.6 - https:\/\/yoast.com\/wordpress\/plugins\/seo\/ -->\n<title>Den f\u00f8rste sten - Forlaget Press<\/title>\n<meta name=\"robots\" content=\"noindex, follow, max-snippet:-1, max-image-preview:large, max-video-preview:-1\" \/>\n<meta property=\"og:locale\" content=\"nb_NO\" \/>\n<meta property=\"og:type\" content=\"article\" \/>\n<meta property=\"og:title\" content=\"Den f\u00f8rste sten - Forlaget Press\" \/>\n<meta property=\"og:description\" content=\"Carsten Jensen er tilbake med en internasjonal begi.venhet av en fortelling. For snart 20 \u00e5r siden slo han gjennom med reiseskildringen Jeg har sett verden begyn.ne. For snart 10 \u00e5r siden gjenoppfant han seg selv som forfatter med sj\u00f8fartsromanen Vi, de druknede. N\u00e5 er han tilbake med Den f\u00f8rste sten &#8211; en storsl\u00e5tt, klassisk roman [&hellip;]\" \/>\n<meta property=\"og:url\" content=\"https:\/\/staging.forenteforlag.no\/forlaget\/produkt\/den-forste-sten-3\/\" \/>\n<meta property=\"og:site_name\" content=\"Forlaget Press\" \/>\n<meta property=\"article:publisher\" content=\"https:\/\/www.facebook.com\/Forlagetpress\" \/>\n<meta property=\"article:modified_time\" content=\"2026-03-04T11:30:39+00:00\" \/>\n<meta property=\"og:image\" content=\"https:\/\/staging.forenteforlag.no\/forlaget\/wp-content\/uploads\/sites\/3\/2026\/02\/9788232801305.jpg\" \/>\n\t<meta property=\"og:image:width\" content=\"720\" \/>\n\t<meta property=\"og:image:height\" content=\"1058\" \/>\n\t<meta property=\"og:image:type\" content=\"image\/jpeg\" \/>\n<meta name=\"twitter:card\" content=\"summary_large_image\" \/>\n<meta name=\"twitter:label1\" content=\"Ansl. lesetid\" \/>\n\t<meta name=\"twitter:data1\" content=\"1 minutt\" \/>\n<script type=\"application\/ld+json\" class=\"yoast-schema-graph\">{\"@context\":\"https:\/\/schema.org\",\"@graph\":[{\"@type\":\"WebPage\",\"@id\":\"https:\/\/staging.forenteforlag.no\/forlaget\/produkt\/den-forste-sten-3\/\",\"url\":\"https:\/\/staging.forenteforlag.no\/forlaget\/produkt\/den-forste-sten-3\/\",\"name\":\"Den f\u00f8rste sten - Forlaget Press\",\"isPartOf\":{\"@id\":\"https:\/\/staging.forenteforlag.no\/forlaget\/#website\"},\"primaryImageOfPage\":{\"@id\":\"https:\/\/staging.forenteforlag.no\/forlaget\/produkt\/den-forste-sten-3\/#primaryimage\"},\"image\":{\"@id\":\"https:\/\/staging.forenteforlag.no\/forlaget\/produkt\/den-forste-sten-3\/#primaryimage\"},\"thumbnailUrl\":\"https:\/\/staging.forenteforlag.no\/forlaget\/wp-content\/uploads\/sites\/3\/2026\/02\/9788232801305.jpg\",\"datePublished\":\"2017-02-13T00:00:00+00:00\",\"dateModified\":\"2026-03-04T11:30:39+00:00\",\"breadcrumb\":{\"@id\":\"https:\/\/staging.forenteforlag.no\/forlaget\/produkt\/den-forste-sten-3\/#breadcrumb\"},\"inLanguage\":\"nb-NO\",\"potentialAction\":[{\"@type\":\"ReadAction\",\"target\":[\"https:\/\/staging.forenteforlag.no\/forlaget\/produkt\/den-forste-sten-3\/\"]}]},{\"@type\":\"ImageObject\",\"inLanguage\":\"nb-NO\",\"@id\":\"https:\/\/staging.forenteforlag.no\/forlaget\/produkt\/den-forste-sten-3\/#primaryimage\",\"url\":\"https:\/\/staging.forenteforlag.no\/forlaget\/wp-content\/uploads\/sites\/3\/2026\/02\/9788232801305.jpg\",\"contentUrl\":\"https:\/\/staging.forenteforlag.no\/forlaget\/wp-content\/uploads\/sites\/3\/2026\/02\/9788232801305.jpg\",\"width\":720,\"height\":1058},{\"@type\":\"BreadcrumbList\",\"@id\":\"https:\/\/staging.forenteforlag.no\/forlaget\/produkt\/den-forste-sten-3\/#breadcrumb\",\"itemListElement\":[{\"@type\":\"ListItem\",\"position\":1,\"name\":\"Hjem\",\"item\":\"https:\/\/staging.forenteforlag.no\/forlaget\/\"},{\"@type\":\"ListItem\",\"position\":2,\"name\":\"Alle b\u00f8ker\",\"item\":\"https:\/\/staging.forenteforlag.no\/forlaget\/butikk\/\"},{\"@type\":\"ListItem\",\"position\":3,\"name\":\"Den f\u00f8rste sten\"}]},{\"@type\":\"WebSite\",\"@id\":\"https:\/\/staging.forenteforlag.no\/forlaget\/#website\",\"url\":\"https:\/\/staging.forenteforlag.no\/forlaget\/\",\"name\":\"Forlaget Press\",\"description\":\"\",\"publisher\":{\"@id\":\"https:\/\/staging.forenteforlag.no\/forlaget\/#organization\"},\"potentialAction\":[{\"@type\":\"SearchAction\",\"target\":{\"@type\":\"EntryPoint\",\"urlTemplate\":\"https:\/\/staging.forenteforlag.no\/forlaget\/?s={search_term_string}\"},\"query-input\":{\"@type\":\"PropertyValueSpecification\",\"valueRequired\":true,\"valueName\":\"search_term_string\"}}],\"inLanguage\":\"nb-NO\"},{\"@type\":\"Organization\",\"@id\":\"https:\/\/staging.forenteforlag.no\/forlaget\/#organization\",\"name\":\"Forlaget Press\",\"url\":\"https:\/\/staging.forenteforlag.no\/forlaget\/\",\"logo\":{\"@type\":\"ImageObject\",\"inLanguage\":\"nb-NO\",\"@id\":\"https:\/\/staging.forenteforlag.no\/forlaget\/#\/schema\/logo\/image\/\",\"url\":\"https:\/\/staging.forenteforlag.no\/forlaget\/wp-content\/uploads\/sites\/3\/2024\/09\/Press_logo.svg\",\"contentUrl\":\"https:\/\/staging.forenteforlag.no\/forlaget\/wp-content\/uploads\/sites\/3\/2024\/09\/Press_logo.svg\",\"width\":100,\"height\":100,\"caption\":\"Forlaget Press\"},\"image\":{\"@id\":\"https:\/\/staging.forenteforlag.no\/forlaget\/#\/schema\/logo\/image\/\"},\"sameAs\":[\"https:\/\/www.facebook.com\/Forlagetpress\"]}]}<\/script>\n<!-- \/ Yoast SEO plugin. -->","yoast_head_json":{"title":"Den f\u00f8rste sten - Forlaget Press","robots":{"index":"noindex","follow":"follow","max-snippet":"max-snippet:-1","max-image-preview":"max-image-preview:large","max-video-preview":"max-video-preview:-1"},"og_locale":"nb_NO","og_type":"article","og_title":"Den f\u00f8rste sten - Forlaget Press","og_description":"Carsten Jensen er tilbake med en internasjonal begi.venhet av en fortelling. For snart 20 \u00e5r siden slo han gjennom med reiseskildringen Jeg har sett verden begyn.ne. For snart 10 \u00e5r siden gjenoppfant han seg selv som forfatter med sj\u00f8fartsromanen Vi, de druknede. N\u00e5 er han tilbake med Den f\u00f8rste sten &#8211; en storsl\u00e5tt, klassisk roman [&hellip;]","og_url":"https:\/\/staging.forenteforlag.no\/forlaget\/produkt\/den-forste-sten-3\/","og_site_name":"Forlaget Press","article_publisher":"https:\/\/www.facebook.com\/Forlagetpress","article_modified_time":"2026-03-04T11:30:39+00:00","og_image":[{"width":720,"height":1058,"url":"https:\/\/staging.forenteforlag.no\/forlaget\/wp-content\/uploads\/sites\/3\/2026\/02\/9788232801305.jpg","type":"image\/jpeg"}],"twitter_card":"summary_large_image","twitter_misc":{"Ansl. lesetid":"1 minutt"},"schema":{"@context":"https:\/\/schema.org","@graph":[{"@type":"WebPage","@id":"https:\/\/staging.forenteforlag.no\/forlaget\/produkt\/den-forste-sten-3\/","url":"https:\/\/staging.forenteforlag.no\/forlaget\/produkt\/den-forste-sten-3\/","name":"Den f\u00f8rste sten - Forlaget Press","isPartOf":{"@id":"https:\/\/staging.forenteforlag.no\/forlaget\/#website"},"primaryImageOfPage":{"@id":"https:\/\/staging.forenteforlag.no\/forlaget\/produkt\/den-forste-sten-3\/#primaryimage"},"image":{"@id":"https:\/\/staging.forenteforlag.no\/forlaget\/produkt\/den-forste-sten-3\/#primaryimage"},"thumbnailUrl":"https:\/\/staging.forenteforlag.no\/forlaget\/wp-content\/uploads\/sites\/3\/2026\/02\/9788232801305.jpg","datePublished":"2017-02-13T00:00:00+00:00","dateModified":"2026-03-04T11:30:39+00:00","breadcrumb":{"@id":"https:\/\/staging.forenteforlag.no\/forlaget\/produkt\/den-forste-sten-3\/#breadcrumb"},"inLanguage":"nb-NO","potentialAction":[{"@type":"ReadAction","target":["https:\/\/staging.forenteforlag.no\/forlaget\/produkt\/den-forste-sten-3\/"]}]},{"@type":"ImageObject","inLanguage":"nb-NO","@id":"https:\/\/staging.forenteforlag.no\/forlaget\/produkt\/den-forste-sten-3\/#primaryimage","url":"https:\/\/staging.forenteforlag.no\/forlaget\/wp-content\/uploads\/sites\/3\/2026\/02\/9788232801305.jpg","contentUrl":"https:\/\/staging.forenteforlag.no\/forlaget\/wp-content\/uploads\/sites\/3\/2026\/02\/9788232801305.jpg","width":720,"height":1058},{"@type":"BreadcrumbList","@id":"https:\/\/staging.forenteforlag.no\/forlaget\/produkt\/den-forste-sten-3\/#breadcrumb","itemListElement":[{"@type":"ListItem","position":1,"name":"Hjem","item":"https:\/\/staging.forenteforlag.no\/forlaget\/"},{"@type":"ListItem","position":2,"name":"Alle b\u00f8ker","item":"https:\/\/staging.forenteforlag.no\/forlaget\/butikk\/"},{"@type":"ListItem","position":3,"name":"Den f\u00f8rste sten"}]},{"@type":"WebSite","@id":"https:\/\/staging.forenteforlag.no\/forlaget\/#website","url":"https:\/\/staging.forenteforlag.no\/forlaget\/","name":"Forlaget Press","description":"","publisher":{"@id":"https:\/\/staging.forenteforlag.no\/forlaget\/#organization"},"potentialAction":[{"@type":"SearchAction","target":{"@type":"EntryPoint","urlTemplate":"https:\/\/staging.forenteforlag.no\/forlaget\/?s={search_term_string}"},"query-input":{"@type":"PropertyValueSpecification","valueRequired":true,"valueName":"search_term_string"}}],"inLanguage":"nb-NO"},{"@type":"Organization","@id":"https:\/\/staging.forenteforlag.no\/forlaget\/#organization","name":"Forlaget Press","url":"https:\/\/staging.forenteforlag.no\/forlaget\/","logo":{"@type":"ImageObject","inLanguage":"nb-NO","@id":"https:\/\/staging.forenteforlag.no\/forlaget\/#\/schema\/logo\/image\/","url":"https:\/\/staging.forenteforlag.no\/forlaget\/wp-content\/uploads\/sites\/3\/2024\/09\/Press_logo.svg","contentUrl":"https:\/\/staging.forenteforlag.no\/forlaget\/wp-content\/uploads\/sites\/3\/2024\/09\/Press_logo.svg","width":100,"height":100,"caption":"Forlaget Press"},"image":{"@id":"https:\/\/staging.forenteforlag.no\/forlaget\/#\/schema\/logo\/image\/"},"sameAs":["https:\/\/www.facebook.com\/Forlagetpress"]}]}},"_links":{"self":[{"href":"https:\/\/staging.forenteforlag.no\/forlaget\/wp-json\/wp\/v2\/product\/22380","targetHints":{"allow":["GET"]}}],"collection":[{"href":"https:\/\/staging.forenteforlag.no\/forlaget\/wp-json\/wp\/v2\/product"}],"about":[{"href":"https:\/\/staging.forenteforlag.no\/forlaget\/wp-json\/wp\/v2\/types\/product"}],"wp:featuredmedia":[{"embeddable":true,"href":"https:\/\/staging.forenteforlag.no\/forlaget\/wp-json\/wp\/v2\/media\/26272"}],"wp:attachment":[{"href":"https:\/\/staging.forenteforlag.no\/forlaget\/wp-json\/wp\/v2\/media?parent=22380"}],"wp:term":[{"taxonomy":"product_brand","embeddable":true,"href":"https:\/\/staging.forenteforlag.no\/forlaget\/wp-json\/wp\/v2\/product_brand?post=22380"},{"taxonomy":"product_cat","embeddable":true,"href":"https:\/\/staging.forenteforlag.no\/forlaget\/wp-json\/wp\/v2\/product_cat?post=22380"},{"taxonomy":"product_tag","embeddable":true,"href":"https:\/\/staging.forenteforlag.no\/forlaget\/wp-json\/wp\/v2\/product_tag?post=22380"}],"curies":[{"name":"wp","href":"https:\/\/api.w.org\/{rel}","templated":true}]}}