{"id":22306,"date":"2022-01-10T01:00:00","date_gmt":"2022-01-10T00:00:00","guid":{"rendered":"https:\/\/forlagetpress.forenteforlag.no\/produkt\/ditt-fravaer-er-morke-2\/"},"modified":"2026-03-03T18:46:37","modified_gmt":"2026-03-03T17:46:37","slug":"ditt-fravaer-er-morke-2","status":"publish","type":"product","link":"https:\/\/staging.forenteforlag.no\/forlaget\/produkt\/ditt-fravaer-er-morke-2\/","title":{"rendered":"Ditt frav\u00e6r er m\u00f8rke"},"content":{"rendered":"<p>Fortid og n\u00e5tid blir s\u00f8ml\u00f8st spunnet sammen i denne uforglemmelig familiesagaen som strekker seg over flere generasjoner. Fortelleren, som lider av hukommelsestap, forteller historier om dem som er rundt ham: en mor som er tvunget til \u00e5 forlate sitt barn, en d\u00f8d tysk dikter, en fisker som spesialiserer seg p\u00e5 Kierkegaard, en deprimert rockestjerne, d\u00f8de valper og en bussj\u00e5f\u00f8r som tidligere var prest. Akkompagnert av D\u00f8dens spilleliste blir kj\u00e6rlighet og sorg blottlagt, og et portrett av en familie trer fram. <\/p>\n<p>Ditt frav\u00e6r er m\u00f8rke er en historie om medmenneskelighet og skj\u00f8rhet, dr\u00f8mmer og forfengelighet, savn og begj\u00e6r, feiltrinn og lykke, og skjebnens standhaftige besluttsomhet.<\/p>\n","protected":false},"excerpt":{"rendered":"<p>Fortid og n\u00e5tid blir s\u00f8ml\u00f8st spunnet sammen i denne uforglemmelig familiesagaen som strekker seg over flere generasjoner. Fortelleren, som lider av hukommelsestap, forteller historier om dem som er rundt ham: en mor som er tvunget til \u00e5 forlate sitt barn, en d\u00f8d tysk dikter, en fisker som spesialiserer seg p\u00e5 Kierkegaard, en deprimert rockestjerne, d\u00f8de [&hellip;]<\/p>\n","protected":false},"featured_media":26469,"template":"","meta":{"_acf_changed":false,"inline_featured_image":false},"product_brand":[],"product_cat":[1781],"product_tag":[370],"class_list":{"0":"post-22306","1":"product","2":"type-product","3":"status-publish","4":"has-post-thumbnail","6":"product_cat-rabattkodekampanje","7":"product_tag-skjonnlitteratur","9":"first","10":"instock","11":"shipping-taxable","12":"purchasable","13":"product-type-simple"},"acf":{"anmeldelse":[{"tekst_anmeldelser":"\u00abDitt frav\u00e6r er m\u00f8rke er en familiehistorie, en kj\u00e6rlighetsfortelling, en beretning om livet p\u00e5 landet og en historie om historier. Det er poetisk og vakkert og s\u00e5 full av kj\u00e6rlighet og sorg at ingen kan unng\u00e5 \u00e5 bli ber\u00f8rt.\u00bb","av_anmeldelser":"","terningkast":false,"kilde":"Morgunbla\u00f0i\u00f0"},{"tekst_anmeldelser":"\u00abGudr\u00eddur, G\u00edsli, P\u00e9tur, Halla! Vi kjenner dem. Vi er litt som dem, og det virker som om ingen har bedre innsikt i dem, i oss, enn J\u00f3n Kalman Stef\u00e1nsson.\u00bb","av_anmeldelser":"Fartein Horgar","terningkast":false,"kilde":"Adresseavisa"},{"tekst_anmeldelser":"\u00abBisarr og gripende \u00e6ttesaga for v\u00e5r tid. [...] S\u00e5 sitatvennlig er denne boken at en stakkars anmelder m\u00e5 ta seg sammen for ikke bare sitte og gjengi store deler av den ordrett.\u00bb","av_anmeldelser":"Ola Hegdal","terningkast":false,"kilde":"NRK"},{"tekst_anmeldelser":"\u00abDet \u00e5 tilbring tid sammen med J\u00f3n Kalman Stef\u00e1nsson og hans fantastiske univers er nok en gang en helt unik opplevelse. Jeg unner alle \u00e5 ta seg en tur dit.\u00bb","av_anmeldelser":"Tor Hammer\u00f8","terningkast":"<i class=\"fa-solid fa-dice-six\"><\/i>","kilde":"Nettavisen"}]},"yoast_head":"<!-- This site is optimized with the Yoast SEO plugin v26.6 - https:\/\/yoast.com\/wordpress\/plugins\/seo\/ -->\n<title>Ditt frav\u00e6r er m\u00f8rke - Forlaget Press<\/title>\n<meta name=\"robots\" content=\"noindex, follow, max-snippet:-1, max-image-preview:large, max-video-preview:-1\" \/>\n<meta property=\"og:locale\" content=\"nb_NO\" \/>\n<meta property=\"og:type\" content=\"article\" \/>\n<meta property=\"og:title\" content=\"Ditt frav\u00e6r er m\u00f8rke - Forlaget Press\" \/>\n<meta property=\"og:description\" content=\"Fortid og n\u00e5tid blir s\u00f8ml\u00f8st spunnet sammen i denne uforglemmelig familiesagaen som strekker seg over flere generasjoner. Fortelleren, som lider av hukommelsestap, forteller historier om dem som er rundt ham: en mor som er tvunget til \u00e5 forlate sitt barn, en d\u00f8d tysk dikter, en fisker som spesialiserer seg p\u00e5 Kierkegaard, en deprimert rockestjerne, d\u00f8de [&hellip;]\" \/>\n<meta property=\"og:url\" content=\"https:\/\/staging.forenteforlag.no\/forlaget\/produkt\/ditt-fravaer-er-morke-2\/\" \/>\n<meta property=\"og:site_name\" content=\"Forlaget Press\" \/>\n<meta property=\"article:publisher\" content=\"https:\/\/www.facebook.com\/Forlagetpress\" \/>\n<meta property=\"article:modified_time\" content=\"2026-03-03T17:46:37+00:00\" \/>\n<meta property=\"og:image\" content=\"https:\/\/staging.forenteforlag.no\/forlaget\/wp-content\/uploads\/sites\/3\/2026\/02\/9788232804689.jpg\" \/>\n\t<meta property=\"og:image:width\" content=\"720\" \/>\n\t<meta property=\"og:image:height\" content=\"1025\" \/>\n\t<meta property=\"og:image:type\" content=\"image\/jpeg\" \/>\n<meta name=\"twitter:card\" content=\"summary_large_image\" \/>\n<meta name=\"twitter:label1\" content=\"Ansl. lesetid\" \/>\n\t<meta name=\"twitter:data1\" content=\"1 minutt\" \/>\n<script type=\"application\/ld+json\" class=\"yoast-schema-graph\">{\"@context\":\"https:\/\/schema.org\",\"@graph\":[{\"@type\":\"WebPage\",\"@id\":\"https:\/\/staging.forenteforlag.no\/forlaget\/produkt\/ditt-fravaer-er-morke-2\/\",\"url\":\"https:\/\/staging.forenteforlag.no\/forlaget\/produkt\/ditt-fravaer-er-morke-2\/\",\"name\":\"Ditt frav\u00e6r er m\u00f8rke - Forlaget Press\",\"isPartOf\":{\"@id\":\"https:\/\/staging.forenteforlag.no\/forlaget\/#website\"},\"primaryImageOfPage\":{\"@id\":\"https:\/\/staging.forenteforlag.no\/forlaget\/produkt\/ditt-fravaer-er-morke-2\/#primaryimage\"},\"image\":{\"@id\":\"https:\/\/staging.forenteforlag.no\/forlaget\/produkt\/ditt-fravaer-er-morke-2\/#primaryimage\"},\"thumbnailUrl\":\"https:\/\/staging.forenteforlag.no\/forlaget\/wp-content\/uploads\/sites\/3\/2026\/02\/9788232804689.jpg\",\"datePublished\":\"2022-01-10T00:00:00+00:00\",\"dateModified\":\"2026-03-03T17:46:37+00:00\",\"breadcrumb\":{\"@id\":\"https:\/\/staging.forenteforlag.no\/forlaget\/produkt\/ditt-fravaer-er-morke-2\/#breadcrumb\"},\"inLanguage\":\"nb-NO\",\"potentialAction\":[{\"@type\":\"ReadAction\",\"target\":[\"https:\/\/staging.forenteforlag.no\/forlaget\/produkt\/ditt-fravaer-er-morke-2\/\"]}]},{\"@type\":\"ImageObject\",\"inLanguage\":\"nb-NO\",\"@id\":\"https:\/\/staging.forenteforlag.no\/forlaget\/produkt\/ditt-fravaer-er-morke-2\/#primaryimage\",\"url\":\"https:\/\/staging.forenteforlag.no\/forlaget\/wp-content\/uploads\/sites\/3\/2026\/02\/9788232804689.jpg\",\"contentUrl\":\"https:\/\/staging.forenteforlag.no\/forlaget\/wp-content\/uploads\/sites\/3\/2026\/02\/9788232804689.jpg\",\"width\":720,\"height\":1025},{\"@type\":\"BreadcrumbList\",\"@id\":\"https:\/\/staging.forenteforlag.no\/forlaget\/produkt\/ditt-fravaer-er-morke-2\/#breadcrumb\",\"itemListElement\":[{\"@type\":\"ListItem\",\"position\":1,\"name\":\"Hjem\",\"item\":\"https:\/\/staging.forenteforlag.no\/forlaget\/\"},{\"@type\":\"ListItem\",\"position\":2,\"name\":\"Alle b\u00f8ker\",\"item\":\"https:\/\/staging.forenteforlag.no\/forlaget\/butikk\/\"},{\"@type\":\"ListItem\",\"position\":3,\"name\":\"Ditt frav\u00e6r er m\u00f8rke\"}]},{\"@type\":\"WebSite\",\"@id\":\"https:\/\/staging.forenteforlag.no\/forlaget\/#website\",\"url\":\"https:\/\/staging.forenteforlag.no\/forlaget\/\",\"name\":\"Forlaget Press\",\"description\":\"\",\"publisher\":{\"@id\":\"https:\/\/staging.forenteforlag.no\/forlaget\/#organization\"},\"potentialAction\":[{\"@type\":\"SearchAction\",\"target\":{\"@type\":\"EntryPoint\",\"urlTemplate\":\"https:\/\/staging.forenteforlag.no\/forlaget\/?s={search_term_string}\"},\"query-input\":{\"@type\":\"PropertyValueSpecification\",\"valueRequired\":true,\"valueName\":\"search_term_string\"}}],\"inLanguage\":\"nb-NO\"},{\"@type\":\"Organization\",\"@id\":\"https:\/\/staging.forenteforlag.no\/forlaget\/#organization\",\"name\":\"Forlaget Press\",\"url\":\"https:\/\/staging.forenteforlag.no\/forlaget\/\",\"logo\":{\"@type\":\"ImageObject\",\"inLanguage\":\"nb-NO\",\"@id\":\"https:\/\/staging.forenteforlag.no\/forlaget\/#\/schema\/logo\/image\/\",\"url\":\"https:\/\/staging.forenteforlag.no\/forlaget\/wp-content\/uploads\/sites\/3\/2024\/09\/Press_logo.svg\",\"contentUrl\":\"https:\/\/staging.forenteforlag.no\/forlaget\/wp-content\/uploads\/sites\/3\/2024\/09\/Press_logo.svg\",\"width\":100,\"height\":100,\"caption\":\"Forlaget Press\"},\"image\":{\"@id\":\"https:\/\/staging.forenteforlag.no\/forlaget\/#\/schema\/logo\/image\/\"},\"sameAs\":[\"https:\/\/www.facebook.com\/Forlagetpress\"]}]}<\/script>\n<!-- \/ Yoast SEO plugin. -->","yoast_head_json":{"title":"Ditt frav\u00e6r er m\u00f8rke - Forlaget Press","robots":{"index":"noindex","follow":"follow","max-snippet":"max-snippet:-1","max-image-preview":"max-image-preview:large","max-video-preview":"max-video-preview:-1"},"og_locale":"nb_NO","og_type":"article","og_title":"Ditt frav\u00e6r er m\u00f8rke - Forlaget Press","og_description":"Fortid og n\u00e5tid blir s\u00f8ml\u00f8st spunnet sammen i denne uforglemmelig familiesagaen som strekker seg over flere generasjoner. Fortelleren, som lider av hukommelsestap, forteller historier om dem som er rundt ham: en mor som er tvunget til \u00e5 forlate sitt barn, en d\u00f8d tysk dikter, en fisker som spesialiserer seg p\u00e5 Kierkegaard, en deprimert rockestjerne, d\u00f8de [&hellip;]","og_url":"https:\/\/staging.forenteforlag.no\/forlaget\/produkt\/ditt-fravaer-er-morke-2\/","og_site_name":"Forlaget Press","article_publisher":"https:\/\/www.facebook.com\/Forlagetpress","article_modified_time":"2026-03-03T17:46:37+00:00","og_image":[{"width":720,"height":1025,"url":"https:\/\/staging.forenteforlag.no\/forlaget\/wp-content\/uploads\/sites\/3\/2026\/02\/9788232804689.jpg","type":"image\/jpeg"}],"twitter_card":"summary_large_image","twitter_misc":{"Ansl. lesetid":"1 minutt"},"schema":{"@context":"https:\/\/schema.org","@graph":[{"@type":"WebPage","@id":"https:\/\/staging.forenteforlag.no\/forlaget\/produkt\/ditt-fravaer-er-morke-2\/","url":"https:\/\/staging.forenteforlag.no\/forlaget\/produkt\/ditt-fravaer-er-morke-2\/","name":"Ditt frav\u00e6r er m\u00f8rke - Forlaget Press","isPartOf":{"@id":"https:\/\/staging.forenteforlag.no\/forlaget\/#website"},"primaryImageOfPage":{"@id":"https:\/\/staging.forenteforlag.no\/forlaget\/produkt\/ditt-fravaer-er-morke-2\/#primaryimage"},"image":{"@id":"https:\/\/staging.forenteforlag.no\/forlaget\/produkt\/ditt-fravaer-er-morke-2\/#primaryimage"},"thumbnailUrl":"https:\/\/staging.forenteforlag.no\/forlaget\/wp-content\/uploads\/sites\/3\/2026\/02\/9788232804689.jpg","datePublished":"2022-01-10T00:00:00+00:00","dateModified":"2026-03-03T17:46:37+00:00","breadcrumb":{"@id":"https:\/\/staging.forenteforlag.no\/forlaget\/produkt\/ditt-fravaer-er-morke-2\/#breadcrumb"},"inLanguage":"nb-NO","potentialAction":[{"@type":"ReadAction","target":["https:\/\/staging.forenteforlag.no\/forlaget\/produkt\/ditt-fravaer-er-morke-2\/"]}]},{"@type":"ImageObject","inLanguage":"nb-NO","@id":"https:\/\/staging.forenteforlag.no\/forlaget\/produkt\/ditt-fravaer-er-morke-2\/#primaryimage","url":"https:\/\/staging.forenteforlag.no\/forlaget\/wp-content\/uploads\/sites\/3\/2026\/02\/9788232804689.jpg","contentUrl":"https:\/\/staging.forenteforlag.no\/forlaget\/wp-content\/uploads\/sites\/3\/2026\/02\/9788232804689.jpg","width":720,"height":1025},{"@type":"BreadcrumbList","@id":"https:\/\/staging.forenteforlag.no\/forlaget\/produkt\/ditt-fravaer-er-morke-2\/#breadcrumb","itemListElement":[{"@type":"ListItem","position":1,"name":"Hjem","item":"https:\/\/staging.forenteforlag.no\/forlaget\/"},{"@type":"ListItem","position":2,"name":"Alle b\u00f8ker","item":"https:\/\/staging.forenteforlag.no\/forlaget\/butikk\/"},{"@type":"ListItem","position":3,"name":"Ditt frav\u00e6r er m\u00f8rke"}]},{"@type":"WebSite","@id":"https:\/\/staging.forenteforlag.no\/forlaget\/#website","url":"https:\/\/staging.forenteforlag.no\/forlaget\/","name":"Forlaget Press","description":"","publisher":{"@id":"https:\/\/staging.forenteforlag.no\/forlaget\/#organization"},"potentialAction":[{"@type":"SearchAction","target":{"@type":"EntryPoint","urlTemplate":"https:\/\/staging.forenteforlag.no\/forlaget\/?s={search_term_string}"},"query-input":{"@type":"PropertyValueSpecification","valueRequired":true,"valueName":"search_term_string"}}],"inLanguage":"nb-NO"},{"@type":"Organization","@id":"https:\/\/staging.forenteforlag.no\/forlaget\/#organization","name":"Forlaget Press","url":"https:\/\/staging.forenteforlag.no\/forlaget\/","logo":{"@type":"ImageObject","inLanguage":"nb-NO","@id":"https:\/\/staging.forenteforlag.no\/forlaget\/#\/schema\/logo\/image\/","url":"https:\/\/staging.forenteforlag.no\/forlaget\/wp-content\/uploads\/sites\/3\/2024\/09\/Press_logo.svg","contentUrl":"https:\/\/staging.forenteforlag.no\/forlaget\/wp-content\/uploads\/sites\/3\/2024\/09\/Press_logo.svg","width":100,"height":100,"caption":"Forlaget Press"},"image":{"@id":"https:\/\/staging.forenteforlag.no\/forlaget\/#\/schema\/logo\/image\/"},"sameAs":["https:\/\/www.facebook.com\/Forlagetpress"]}]}},"_links":{"self":[{"href":"https:\/\/staging.forenteforlag.no\/forlaget\/wp-json\/wp\/v2\/product\/22306","targetHints":{"allow":["GET"]}}],"collection":[{"href":"https:\/\/staging.forenteforlag.no\/forlaget\/wp-json\/wp\/v2\/product"}],"about":[{"href":"https:\/\/staging.forenteforlag.no\/forlaget\/wp-json\/wp\/v2\/types\/product"}],"wp:featuredmedia":[{"embeddable":true,"href":"https:\/\/staging.forenteforlag.no\/forlaget\/wp-json\/wp\/v2\/media\/26469"}],"wp:attachment":[{"href":"https:\/\/staging.forenteforlag.no\/forlaget\/wp-json\/wp\/v2\/media?parent=22306"}],"wp:term":[{"taxonomy":"product_brand","embeddable":true,"href":"https:\/\/staging.forenteforlag.no\/forlaget\/wp-json\/wp\/v2\/product_brand?post=22306"},{"taxonomy":"product_cat","embeddable":true,"href":"https:\/\/staging.forenteforlag.no\/forlaget\/wp-json\/wp\/v2\/product_cat?post=22306"},{"taxonomy":"product_tag","embeddable":true,"href":"https:\/\/staging.forenteforlag.no\/forlaget\/wp-json\/wp\/v2\/product_tag?post=22306"}],"curies":[{"name":"wp","href":"https:\/\/api.w.org\/{rel}","templated":true}]}}