{"id":22254,"date":"2024-05-08T02:00:00","date_gmt":"2024-05-08T00:00:00","guid":{"rendered":"https:\/\/forlagetpress.forenteforlag.no\/produkt\/amy-og-isabelle-2\/"},"modified":"2026-03-04T14:02:14","modified_gmt":"2026-03-04T13:02:14","slug":"amy-og-isabelle-2","status":"publish","type":"product","link":"https:\/\/staging.forenteforlag.no\/forlaget\/produkt\/amy-og-isabelle-2\/","title":{"rendered":"Amy og Isabelle"},"content":{"rendered":"<p>I den kritikerroste debutromanen Amy og Isabelle (1998) f\u00f8lger vi alenemoren Isabelle og hennes seksten \u00e5r gamle datter Amy gjennom en kvelende varm sommer p\u00e5 1970-tallet hvor alt kommer for en dag. Hvert blikk de sender hverandre dirrer av en blanding av kj\u00e6rlighet og avsky og etter at Amy blir oppdaget bak nedduggede ruter i mattel\u00e6rerens bil s\u00e5 blir den enorme, iskalde avstanden mellom mor og datter helt uoverkommelig.  <\/p>\n<p>N\u00e5r skandalen n\u00e5r alles \u00f8rer s\u00e5 er det Isabelle som lider under den harde dommen fra innbyggerne i den lille industribyen Shirley Falls, og f\u00e5r forsterket skammen over sin egen hemmelige fortid. Amy og Isabelle skildrer ikke bare en ten\u00e5ringsjente som opplever kj\u00e6rlighet og svik for f\u00f8rste gang, men ogs\u00e5 en kvinne som i jakten p\u00e5 et respektabelt liv har fornektet sine dypeste f\u00f8lelser og lengsler.  <\/p>\n<p>\u00abEn roman som skinner av integritet og humor\u00bb  <\/p>\n<p>Alice Munro<\/p>\n","protected":false},"excerpt":{"rendered":"<p>I den kritikerroste debutromanen Amy og Isabelle (1998) f\u00f8lger vi alenemoren Isabelle og hennes seksten \u00e5r gamle datter Amy gjennom en kvelende varm sommer p\u00e5 1970-tallet hvor alt kommer for en dag. Hvert blikk de sender hverandre dirrer av en blanding av kj\u00e6rlighet og avsky og etter at Amy blir oppdaget bak nedduggede ruter i [&hellip;]<\/p>\n","protected":false},"featured_media":26554,"template":"","meta":{"_acf_changed":false,"inline_featured_image":false},"product_brand":[],"product_cat":[1781],"product_tag":[473,568,1095,869,409,370,389],"class_list":{"0":"post-22254","1":"product","2":"type-product","3":"status-publish","4":"has-post-thumbnail","6":"product_cat-rabattkodekampanje","7":"product_tag-1970-1979","8":"product_tag-bonusfamilie","9":"product_tag-grafiske-romaner","10":"product_tag-maine","11":"product_tag-oppvekst","12":"product_tag-skjonnlitteratur","13":"product_tag-smabyer","15":"first","16":"instock","17":"shipping-taxable","18":"purchasable","19":"product-type-simple"},"acf":{"anmeldelse":[{"tekst_anmeldelser":"Amerikanske Elizabeth Strout er virkelig en av de beste fortellerne om dagen \u2013 og n\u00e5r hennes 26 \u00e5r gamle debutroman n\u00e5 kommer p\u00e5 norsk, er det ingenting \u00e5 lure p\u00e5: Det er bare \u00e5 f\u00e5 med seg Strouts debut! [P]erfekt n\u00e5 inn i den varme norske sommeren.","av_anmeldelser":"Guri Hjeltnes","terningkast":"<i class=\"fa-solid fa-dice-five\"><\/i>","kilde":"VG"},{"tekst_anmeldelser":"Det er en sann fryd \u00e5 bli invitert inn i disse livene og disse fortellingene n\u00e5r det er en forfatter med Strouts helt spesielle evner som p\u00e5 et troverdig vis gj\u00f8r det.","av_anmeldelser":"Tor Hammer\u00f8","terningkast":"<i class=\"fa-solid fa-dice-six\"><\/i>","kilde":"Nettavisen"},{"tekst_anmeldelser":"Men det beste med Strout, her som i hennes seinere b\u00f8ker, er hvordan hun skildrer alle skikkelsene med en varm og samtidig n\u00f8kternt reservert empati.","av_anmeldelser":"Mats M\u00f8rk","terningkast":"<i class=\"fa-solid fa-dice-five\"><\/i>","kilde":"Dagbladet"},{"tekst_anmeldelser":"Og for ein debut! Setningane glitrar! [...] \u00c5 lese \u00abAmy og Isabelle\u00bb i Hilde R\u00f8d-Larsens gode norske omsetjing er ei p\u00e5minning om det l\u00f8ftet som finst i god litteratur. Strout veit at det gode finst. Det er varme i \u00abAmy og Isabelle\u00bb, som i resten av b\u00f8kene hennar. Eit empatisk l\u00f8ft. Stadige drypp av glede. Til og med h\u00e5p.\nI selskap med Elizabeth Strout sine roman\u00adkarakterar kjenner ein seg kanskje mindre aleine sj\u00f8lv. Mindre mislukka. Alle har sitt! Og kanskje er ikkje menneska s\u00e5 verst, trass alt.","av_anmeldelser":"Gerd Elin Stava Sandve","terningkast":"<i class=\"fa-solid fa-dice-six\"><\/i>","kilde":"NRK"}]},"yoast_head":"<!-- This site is optimized with the Yoast SEO plugin v26.6 - https:\/\/yoast.com\/wordpress\/plugins\/seo\/ -->\n<title>Amy og Isabelle - Forlaget Press<\/title>\n<meta name=\"robots\" content=\"noindex, follow, max-snippet:-1, max-image-preview:large, max-video-preview:-1\" \/>\n<meta property=\"og:locale\" content=\"nb_NO\" \/>\n<meta property=\"og:type\" content=\"article\" \/>\n<meta property=\"og:title\" content=\"Amy og Isabelle - Forlaget Press\" \/>\n<meta property=\"og:description\" content=\"I den kritikerroste debutromanen Amy og Isabelle (1998) f\u00f8lger vi alenemoren Isabelle og hennes seksten \u00e5r gamle datter Amy gjennom en kvelende varm sommer p\u00e5 1970-tallet hvor alt kommer for en dag. Hvert blikk de sender hverandre dirrer av en blanding av kj\u00e6rlighet og avsky og etter at Amy blir oppdaget bak nedduggede ruter i [&hellip;]\" \/>\n<meta property=\"og:url\" content=\"https:\/\/staging.forenteforlag.no\/forlaget\/produkt\/amy-og-isabelle-2\/\" \/>\n<meta property=\"og:site_name\" content=\"Forlaget Press\" \/>\n<meta property=\"article:publisher\" content=\"https:\/\/www.facebook.com\/Forlagetpress\" \/>\n<meta property=\"article:modified_time\" content=\"2026-03-04T13:02:14+00:00\" \/>\n<meta property=\"og:image\" content=\"https:\/\/staging.forenteforlag.no\/forlaget\/wp-content\/uploads\/sites\/3\/2026\/02\/9788232806102.jpg\" \/>\n\t<meta property=\"og:image:width\" content=\"720\" \/>\n\t<meta property=\"og:image:height\" content=\"1062\" \/>\n\t<meta property=\"og:image:type\" content=\"image\/jpeg\" \/>\n<meta name=\"twitter:card\" content=\"summary_large_image\" \/>\n<meta name=\"twitter:label1\" content=\"Ansl. lesetid\" \/>\n\t<meta name=\"twitter:data1\" content=\"1 minutt\" \/>\n<script type=\"application\/ld+json\" class=\"yoast-schema-graph\">{\"@context\":\"https:\/\/schema.org\",\"@graph\":[{\"@type\":\"WebPage\",\"@id\":\"https:\/\/staging.forenteforlag.no\/forlaget\/produkt\/amy-og-isabelle-2\/\",\"url\":\"https:\/\/staging.forenteforlag.no\/forlaget\/produkt\/amy-og-isabelle-2\/\",\"name\":\"Amy og Isabelle - Forlaget Press\",\"isPartOf\":{\"@id\":\"https:\/\/staging.forenteforlag.no\/forlaget\/#website\"},\"primaryImageOfPage\":{\"@id\":\"https:\/\/staging.forenteforlag.no\/forlaget\/produkt\/amy-og-isabelle-2\/#primaryimage\"},\"image\":{\"@id\":\"https:\/\/staging.forenteforlag.no\/forlaget\/produkt\/amy-og-isabelle-2\/#primaryimage\"},\"thumbnailUrl\":\"https:\/\/staging.forenteforlag.no\/forlaget\/wp-content\/uploads\/sites\/3\/2026\/02\/9788232806102.jpg\",\"datePublished\":\"2024-05-08T00:00:00+00:00\",\"dateModified\":\"2026-03-04T13:02:14+00:00\",\"breadcrumb\":{\"@id\":\"https:\/\/staging.forenteforlag.no\/forlaget\/produkt\/amy-og-isabelle-2\/#breadcrumb\"},\"inLanguage\":\"nb-NO\",\"potentialAction\":[{\"@type\":\"ReadAction\",\"target\":[\"https:\/\/staging.forenteforlag.no\/forlaget\/produkt\/amy-og-isabelle-2\/\"]}]},{\"@type\":\"ImageObject\",\"inLanguage\":\"nb-NO\",\"@id\":\"https:\/\/staging.forenteforlag.no\/forlaget\/produkt\/amy-og-isabelle-2\/#primaryimage\",\"url\":\"https:\/\/staging.forenteforlag.no\/forlaget\/wp-content\/uploads\/sites\/3\/2026\/02\/9788232806102.jpg\",\"contentUrl\":\"https:\/\/staging.forenteforlag.no\/forlaget\/wp-content\/uploads\/sites\/3\/2026\/02\/9788232806102.jpg\",\"width\":720,\"height\":1062},{\"@type\":\"BreadcrumbList\",\"@id\":\"https:\/\/staging.forenteforlag.no\/forlaget\/produkt\/amy-og-isabelle-2\/#breadcrumb\",\"itemListElement\":[{\"@type\":\"ListItem\",\"position\":1,\"name\":\"Hjem\",\"item\":\"https:\/\/staging.forenteforlag.no\/forlaget\/\"},{\"@type\":\"ListItem\",\"position\":2,\"name\":\"Alle b\u00f8ker\",\"item\":\"https:\/\/staging.forenteforlag.no\/forlaget\/butikk\/\"},{\"@type\":\"ListItem\",\"position\":3,\"name\":\"Amy og Isabelle\"}]},{\"@type\":\"WebSite\",\"@id\":\"https:\/\/staging.forenteforlag.no\/forlaget\/#website\",\"url\":\"https:\/\/staging.forenteforlag.no\/forlaget\/\",\"name\":\"Forlaget Press\",\"description\":\"\",\"publisher\":{\"@id\":\"https:\/\/staging.forenteforlag.no\/forlaget\/#organization\"},\"potentialAction\":[{\"@type\":\"SearchAction\",\"target\":{\"@type\":\"EntryPoint\",\"urlTemplate\":\"https:\/\/staging.forenteforlag.no\/forlaget\/?s={search_term_string}\"},\"query-input\":{\"@type\":\"PropertyValueSpecification\",\"valueRequired\":true,\"valueName\":\"search_term_string\"}}],\"inLanguage\":\"nb-NO\"},{\"@type\":\"Organization\",\"@id\":\"https:\/\/staging.forenteforlag.no\/forlaget\/#organization\",\"name\":\"Forlaget Press\",\"url\":\"https:\/\/staging.forenteforlag.no\/forlaget\/\",\"logo\":{\"@type\":\"ImageObject\",\"inLanguage\":\"nb-NO\",\"@id\":\"https:\/\/staging.forenteforlag.no\/forlaget\/#\/schema\/logo\/image\/\",\"url\":\"https:\/\/staging.forenteforlag.no\/forlaget\/wp-content\/uploads\/sites\/3\/2024\/09\/Press_logo.svg\",\"contentUrl\":\"https:\/\/staging.forenteforlag.no\/forlaget\/wp-content\/uploads\/sites\/3\/2024\/09\/Press_logo.svg\",\"width\":100,\"height\":100,\"caption\":\"Forlaget Press\"},\"image\":{\"@id\":\"https:\/\/staging.forenteforlag.no\/forlaget\/#\/schema\/logo\/image\/\"},\"sameAs\":[\"https:\/\/www.facebook.com\/Forlagetpress\"]}]}<\/script>\n<!-- \/ Yoast SEO plugin. -->","yoast_head_json":{"title":"Amy og Isabelle - Forlaget Press","robots":{"index":"noindex","follow":"follow","max-snippet":"max-snippet:-1","max-image-preview":"max-image-preview:large","max-video-preview":"max-video-preview:-1"},"og_locale":"nb_NO","og_type":"article","og_title":"Amy og Isabelle - Forlaget Press","og_description":"I den kritikerroste debutromanen Amy og Isabelle (1998) f\u00f8lger vi alenemoren Isabelle og hennes seksten \u00e5r gamle datter Amy gjennom en kvelende varm sommer p\u00e5 1970-tallet hvor alt kommer for en dag. Hvert blikk de sender hverandre dirrer av en blanding av kj\u00e6rlighet og avsky og etter at Amy blir oppdaget bak nedduggede ruter i [&hellip;]","og_url":"https:\/\/staging.forenteforlag.no\/forlaget\/produkt\/amy-og-isabelle-2\/","og_site_name":"Forlaget Press","article_publisher":"https:\/\/www.facebook.com\/Forlagetpress","article_modified_time":"2026-03-04T13:02:14+00:00","og_image":[{"width":720,"height":1062,"url":"https:\/\/staging.forenteforlag.no\/forlaget\/wp-content\/uploads\/sites\/3\/2026\/02\/9788232806102.jpg","type":"image\/jpeg"}],"twitter_card":"summary_large_image","twitter_misc":{"Ansl. lesetid":"1 minutt"},"schema":{"@context":"https:\/\/schema.org","@graph":[{"@type":"WebPage","@id":"https:\/\/staging.forenteforlag.no\/forlaget\/produkt\/amy-og-isabelle-2\/","url":"https:\/\/staging.forenteforlag.no\/forlaget\/produkt\/amy-og-isabelle-2\/","name":"Amy og Isabelle - Forlaget Press","isPartOf":{"@id":"https:\/\/staging.forenteforlag.no\/forlaget\/#website"},"primaryImageOfPage":{"@id":"https:\/\/staging.forenteforlag.no\/forlaget\/produkt\/amy-og-isabelle-2\/#primaryimage"},"image":{"@id":"https:\/\/staging.forenteforlag.no\/forlaget\/produkt\/amy-og-isabelle-2\/#primaryimage"},"thumbnailUrl":"https:\/\/staging.forenteforlag.no\/forlaget\/wp-content\/uploads\/sites\/3\/2026\/02\/9788232806102.jpg","datePublished":"2024-05-08T00:00:00+00:00","dateModified":"2026-03-04T13:02:14+00:00","breadcrumb":{"@id":"https:\/\/staging.forenteforlag.no\/forlaget\/produkt\/amy-og-isabelle-2\/#breadcrumb"},"inLanguage":"nb-NO","potentialAction":[{"@type":"ReadAction","target":["https:\/\/staging.forenteforlag.no\/forlaget\/produkt\/amy-og-isabelle-2\/"]}]},{"@type":"ImageObject","inLanguage":"nb-NO","@id":"https:\/\/staging.forenteforlag.no\/forlaget\/produkt\/amy-og-isabelle-2\/#primaryimage","url":"https:\/\/staging.forenteforlag.no\/forlaget\/wp-content\/uploads\/sites\/3\/2026\/02\/9788232806102.jpg","contentUrl":"https:\/\/staging.forenteforlag.no\/forlaget\/wp-content\/uploads\/sites\/3\/2026\/02\/9788232806102.jpg","width":720,"height":1062},{"@type":"BreadcrumbList","@id":"https:\/\/staging.forenteforlag.no\/forlaget\/produkt\/amy-og-isabelle-2\/#breadcrumb","itemListElement":[{"@type":"ListItem","position":1,"name":"Hjem","item":"https:\/\/staging.forenteforlag.no\/forlaget\/"},{"@type":"ListItem","position":2,"name":"Alle b\u00f8ker","item":"https:\/\/staging.forenteforlag.no\/forlaget\/butikk\/"},{"@type":"ListItem","position":3,"name":"Amy og Isabelle"}]},{"@type":"WebSite","@id":"https:\/\/staging.forenteforlag.no\/forlaget\/#website","url":"https:\/\/staging.forenteforlag.no\/forlaget\/","name":"Forlaget Press","description":"","publisher":{"@id":"https:\/\/staging.forenteforlag.no\/forlaget\/#organization"},"potentialAction":[{"@type":"SearchAction","target":{"@type":"EntryPoint","urlTemplate":"https:\/\/staging.forenteforlag.no\/forlaget\/?s={search_term_string}"},"query-input":{"@type":"PropertyValueSpecification","valueRequired":true,"valueName":"search_term_string"}}],"inLanguage":"nb-NO"},{"@type":"Organization","@id":"https:\/\/staging.forenteforlag.no\/forlaget\/#organization","name":"Forlaget Press","url":"https:\/\/staging.forenteforlag.no\/forlaget\/","logo":{"@type":"ImageObject","inLanguage":"nb-NO","@id":"https:\/\/staging.forenteforlag.no\/forlaget\/#\/schema\/logo\/image\/","url":"https:\/\/staging.forenteforlag.no\/forlaget\/wp-content\/uploads\/sites\/3\/2024\/09\/Press_logo.svg","contentUrl":"https:\/\/staging.forenteforlag.no\/forlaget\/wp-content\/uploads\/sites\/3\/2024\/09\/Press_logo.svg","width":100,"height":100,"caption":"Forlaget Press"},"image":{"@id":"https:\/\/staging.forenteforlag.no\/forlaget\/#\/schema\/logo\/image\/"},"sameAs":["https:\/\/www.facebook.com\/Forlagetpress"]}]}},"_links":{"self":[{"href":"https:\/\/staging.forenteforlag.no\/forlaget\/wp-json\/wp\/v2\/product\/22254","targetHints":{"allow":["GET"]}}],"collection":[{"href":"https:\/\/staging.forenteforlag.no\/forlaget\/wp-json\/wp\/v2\/product"}],"about":[{"href":"https:\/\/staging.forenteforlag.no\/forlaget\/wp-json\/wp\/v2\/types\/product"}],"wp:featuredmedia":[{"embeddable":true,"href":"https:\/\/staging.forenteforlag.no\/forlaget\/wp-json\/wp\/v2\/media\/26554"}],"wp:attachment":[{"href":"https:\/\/staging.forenteforlag.no\/forlaget\/wp-json\/wp\/v2\/media?parent=22254"}],"wp:term":[{"taxonomy":"product_brand","embeddable":true,"href":"https:\/\/staging.forenteforlag.no\/forlaget\/wp-json\/wp\/v2\/product_brand?post=22254"},{"taxonomy":"product_cat","embeddable":true,"href":"https:\/\/staging.forenteforlag.no\/forlaget\/wp-json\/wp\/v2\/product_cat?post=22254"},{"taxonomy":"product_tag","embeddable":true,"href":"https:\/\/staging.forenteforlag.no\/forlaget\/wp-json\/wp\/v2\/product_tag?post=22254"}],"curies":[{"name":"wp","href":"https:\/\/api.w.org\/{rel}","templated":true}]}}