{"id":20635,"date":"2018-05-29T02:00:00","date_gmt":"2018-05-29T00:00:00","guid":{"rendered":"https:\/\/forlagetpress.forenteforlag.no\/produkt\/en-antisemitt-trer-frem\/"},"modified":"2026-03-04T12:34:50","modified_gmt":"2026-03-04T11:34:50","slug":"en-antisemitt-trer-frem","status":"publish","type":"product","link":"https:\/\/staging.forenteforlag.no\/forlaget\/produkt\/en-antisemitt-trer-frem\/","title":{"rendered":"En antisemitt trer frem"},"content":{"rendered":"<p>Det er ingen hemmelighet at Tj\u00f8me-dikteren Alf Larsen (1885-1967) hadde et reaksjon\u00e6rt sinn. Men blant hans beundrere, og det var det i etterkrigstiden mange av, har det tjent ham til \u00e6re at han i sin voldsomme og veltalende polemikk under og etter krigen hadde front b\u00e5de mot kommunismen og nazismen. I dag er Larsen lite lest, men i \u00e5rtier var han en profetisk sanger av en naturpoet med dype kilder i den europeiske kulturen, og ogs\u00e5 kjent for sine oppgj\u00f8r med tids\u00e5nden i sine essays i tidsskriftene Janus og Spektrum. <\/p>\n<p>Ryktene om at inspiratoren ogs\u00e5 bar p\u00e5 et m\u00f8rke av j\u00f8dehat har fra tid til annen kommet til overflaten, men det var f\u00f8rst da id\u00e9historikeren Jan Erik Ebbestad Hansen, som selv kjente milj\u00f8et rundt Alf Larsen fra studentdagene p\u00e5 60-tallet, tok turen til  Nasjonalbiblioteket for \u00e5 se igjennom hans etterlatte skrifter under den store Bj\u00f8rneboe- debatten om Tore Rems biografi i 2010, at han ble oppmerksom p\u00e5 et manuskript med tittelen \u00abJ\u00f8deproblemet\u00bb. <\/p>\n<p>Manuskriptet er en samling tekster om j\u00f8dene som Alf Larsen hadde forfattet over en periode p\u00e5 flere \u00e5r etter annen verdenskrig, og manuskriptet etterlater ingen tvil om at dikteren var en gl\u00f8dende antisemitt. I tekstene eksellerer han i de fleste former for antisemittiske forestillinger vi kjenner fra gammel og nyere europeiske historie, inklusive holocaust-fornektelse og forbannelser av statens Israel.  <\/p>\n<p>Det er sjokkerende lesning, men samtidig en n\u00f8dvendig vekker om j\u00f8dehatets irrganger. Ebbestad Hansen sporer Larsens antij\u00f8diske holdninger tilbake til Rudolf Steiner, men ogs\u00e5 til en rekke av andre danske og svenske diktere og skribenter i mellomkrigstiden. Mest overraskende er kanskje de tidlige impulsene han finner i kretsen rundt Kristiania-bohemen Hans J\u00e6ger. Dermed blir boken ikke bare et m\u00f8te med norsk litteraturs st\u00f8rste antisemitt &#8211; med Hans Fredrik Dahls ord &#8211; men ogs\u00e5 et viktig bidrag til \u00e5 forst\u00e5 j\u00f8dehatets norske historie.<\/p>\n","protected":false},"excerpt":{"rendered":"<p>Det er ingen hemmelighet at Tj\u00f8me-dikteren Alf Larsen (1885-1967) hadde et reaksjon\u00e6rt sinn. Men blant hans beundrere, og det var det i etterkrigstiden mange av, har det tjent ham til \u00e6re at han i sin voldsomme og veltalende polemikk under og etter krigen hadde front b\u00e5de mot kommunismen og nazismen. I dag er Larsen lite [&hellip;]<\/p>\n","protected":false},"featured_media":26314,"template":"","meta":{"_acf_changed":false,"inline_featured_image":false},"product_brand":[],"product_cat":[1781],"product_tag":[441,388,362,413,439,417],"class_list":{"0":"post-20635","1":"product","2":"type-product","3":"status-publish","4":"has-post-thumbnail","6":"product_cat-rabattkodekampanje","7":"product_tag-1900-tallet","8":"product_tag-antisemittisme","9":"product_tag-faglitteratur","10":"product_tag-forfattere","11":"product_tag-nord-norge","12":"product_tag-selvbiografier","14":"first","15":"outofstock","16":"shipping-taxable","17":"purchasable","18":"product-type-simple"},"acf":{"anmeldelse":null},"yoast_head":"<!-- This site is optimized with the Yoast SEO plugin v26.6 - https:\/\/yoast.com\/wordpress\/plugins\/seo\/ -->\n<title>En antisemitt trer frem - Forlaget Press<\/title>\n<meta name=\"robots\" content=\"noindex, follow, max-snippet:-1, max-image-preview:large, max-video-preview:-1\" \/>\n<meta property=\"og:locale\" content=\"nb_NO\" \/>\n<meta property=\"og:type\" content=\"article\" \/>\n<meta property=\"og:title\" content=\"En antisemitt trer frem - Forlaget Press\" \/>\n<meta property=\"og:description\" content=\"Det er ingen hemmelighet at Tj\u00f8me-dikteren Alf Larsen (1885-1967) hadde et reaksjon\u00e6rt sinn. Men blant hans beundrere, og det var det i etterkrigstiden mange av, har det tjent ham til \u00e6re at han i sin voldsomme og veltalende polemikk under og etter krigen hadde front b\u00e5de mot kommunismen og nazismen. I dag er Larsen lite [&hellip;]\" \/>\n<meta property=\"og:url\" content=\"https:\/\/staging.forenteforlag.no\/forlaget\/produkt\/en-antisemitt-trer-frem\/\" \/>\n<meta property=\"og:site_name\" content=\"Forlaget Press\" \/>\n<meta property=\"article:publisher\" content=\"https:\/\/www.facebook.com\/Forlagetpress\" \/>\n<meta property=\"article:modified_time\" content=\"2026-03-04T11:34:50+00:00\" \/>\n<meta property=\"og:image\" content=\"https:\/\/staging.forenteforlag.no\/forlaget\/wp-content\/uploads\/sites\/3\/2026\/02\/9788232801947.jpg\" \/>\n\t<meta property=\"og:image:width\" content=\"720\" \/>\n\t<meta property=\"og:image:height\" content=\"1065\" \/>\n\t<meta property=\"og:image:type\" content=\"image\/jpeg\" \/>\n<meta name=\"twitter:card\" content=\"summary_large_image\" \/>\n<meta name=\"twitter:label1\" content=\"Ansl. lesetid\" \/>\n\t<meta name=\"twitter:data1\" content=\"2 minutter\" \/>\n<script type=\"application\/ld+json\" class=\"yoast-schema-graph\">{\"@context\":\"https:\/\/schema.org\",\"@graph\":[{\"@type\":\"WebPage\",\"@id\":\"https:\/\/staging.forenteforlag.no\/forlaget\/produkt\/en-antisemitt-trer-frem\/\",\"url\":\"https:\/\/staging.forenteforlag.no\/forlaget\/produkt\/en-antisemitt-trer-frem\/\",\"name\":\"En antisemitt trer frem - Forlaget Press\",\"isPartOf\":{\"@id\":\"https:\/\/staging.forenteforlag.no\/forlaget\/#website\"},\"primaryImageOfPage\":{\"@id\":\"https:\/\/staging.forenteforlag.no\/forlaget\/produkt\/en-antisemitt-trer-frem\/#primaryimage\"},\"image\":{\"@id\":\"https:\/\/staging.forenteforlag.no\/forlaget\/produkt\/en-antisemitt-trer-frem\/#primaryimage\"},\"thumbnailUrl\":\"https:\/\/staging.forenteforlag.no\/forlaget\/wp-content\/uploads\/sites\/3\/2026\/02\/9788232801947.jpg\",\"datePublished\":\"2018-05-29T00:00:00+00:00\",\"dateModified\":\"2026-03-04T11:34:50+00:00\",\"breadcrumb\":{\"@id\":\"https:\/\/staging.forenteforlag.no\/forlaget\/produkt\/en-antisemitt-trer-frem\/#breadcrumb\"},\"inLanguage\":\"nb-NO\",\"potentialAction\":[{\"@type\":\"ReadAction\",\"target\":[\"https:\/\/staging.forenteforlag.no\/forlaget\/produkt\/en-antisemitt-trer-frem\/\"]}]},{\"@type\":\"ImageObject\",\"inLanguage\":\"nb-NO\",\"@id\":\"https:\/\/staging.forenteforlag.no\/forlaget\/produkt\/en-antisemitt-trer-frem\/#primaryimage\",\"url\":\"https:\/\/staging.forenteforlag.no\/forlaget\/wp-content\/uploads\/sites\/3\/2026\/02\/9788232801947.jpg\",\"contentUrl\":\"https:\/\/staging.forenteforlag.no\/forlaget\/wp-content\/uploads\/sites\/3\/2026\/02\/9788232801947.jpg\",\"width\":720,\"height\":1065},{\"@type\":\"BreadcrumbList\",\"@id\":\"https:\/\/staging.forenteforlag.no\/forlaget\/produkt\/en-antisemitt-trer-frem\/#breadcrumb\",\"itemListElement\":[{\"@type\":\"ListItem\",\"position\":1,\"name\":\"Hjem\",\"item\":\"https:\/\/staging.forenteforlag.no\/forlaget\/\"},{\"@type\":\"ListItem\",\"position\":2,\"name\":\"Alle b\u00f8ker\",\"item\":\"https:\/\/staging.forenteforlag.no\/forlaget\/butikk\/\"},{\"@type\":\"ListItem\",\"position\":3,\"name\":\"En antisemitt trer frem\"}]},{\"@type\":\"WebSite\",\"@id\":\"https:\/\/staging.forenteforlag.no\/forlaget\/#website\",\"url\":\"https:\/\/staging.forenteforlag.no\/forlaget\/\",\"name\":\"Forlaget Press\",\"description\":\"\",\"publisher\":{\"@id\":\"https:\/\/staging.forenteforlag.no\/forlaget\/#organization\"},\"potentialAction\":[{\"@type\":\"SearchAction\",\"target\":{\"@type\":\"EntryPoint\",\"urlTemplate\":\"https:\/\/staging.forenteforlag.no\/forlaget\/?s={search_term_string}\"},\"query-input\":{\"@type\":\"PropertyValueSpecification\",\"valueRequired\":true,\"valueName\":\"search_term_string\"}}],\"inLanguage\":\"nb-NO\"},{\"@type\":\"Organization\",\"@id\":\"https:\/\/staging.forenteforlag.no\/forlaget\/#organization\",\"name\":\"Forlaget Press\",\"url\":\"https:\/\/staging.forenteforlag.no\/forlaget\/\",\"logo\":{\"@type\":\"ImageObject\",\"inLanguage\":\"nb-NO\",\"@id\":\"https:\/\/staging.forenteforlag.no\/forlaget\/#\/schema\/logo\/image\/\",\"url\":\"https:\/\/staging.forenteforlag.no\/forlaget\/wp-content\/uploads\/sites\/3\/2024\/09\/Press_logo.svg\",\"contentUrl\":\"https:\/\/staging.forenteforlag.no\/forlaget\/wp-content\/uploads\/sites\/3\/2024\/09\/Press_logo.svg\",\"width\":100,\"height\":100,\"caption\":\"Forlaget Press\"},\"image\":{\"@id\":\"https:\/\/staging.forenteforlag.no\/forlaget\/#\/schema\/logo\/image\/\"},\"sameAs\":[\"https:\/\/www.facebook.com\/Forlagetpress\"]}]}<\/script>\n<!-- \/ Yoast SEO plugin. -->","yoast_head_json":{"title":"En antisemitt trer frem - Forlaget Press","robots":{"index":"noindex","follow":"follow","max-snippet":"max-snippet:-1","max-image-preview":"max-image-preview:large","max-video-preview":"max-video-preview:-1"},"og_locale":"nb_NO","og_type":"article","og_title":"En antisemitt trer frem - Forlaget Press","og_description":"Det er ingen hemmelighet at Tj\u00f8me-dikteren Alf Larsen (1885-1967) hadde et reaksjon\u00e6rt sinn. Men blant hans beundrere, og det var det i etterkrigstiden mange av, har det tjent ham til \u00e6re at han i sin voldsomme og veltalende polemikk under og etter krigen hadde front b\u00e5de mot kommunismen og nazismen. I dag er Larsen lite [&hellip;]","og_url":"https:\/\/staging.forenteforlag.no\/forlaget\/produkt\/en-antisemitt-trer-frem\/","og_site_name":"Forlaget Press","article_publisher":"https:\/\/www.facebook.com\/Forlagetpress","article_modified_time":"2026-03-04T11:34:50+00:00","og_image":[{"width":720,"height":1065,"url":"https:\/\/staging.forenteforlag.no\/forlaget\/wp-content\/uploads\/sites\/3\/2026\/02\/9788232801947.jpg","type":"image\/jpeg"}],"twitter_card":"summary_large_image","twitter_misc":{"Ansl. lesetid":"2 minutter"},"schema":{"@context":"https:\/\/schema.org","@graph":[{"@type":"WebPage","@id":"https:\/\/staging.forenteforlag.no\/forlaget\/produkt\/en-antisemitt-trer-frem\/","url":"https:\/\/staging.forenteforlag.no\/forlaget\/produkt\/en-antisemitt-trer-frem\/","name":"En antisemitt trer frem - Forlaget Press","isPartOf":{"@id":"https:\/\/staging.forenteforlag.no\/forlaget\/#website"},"primaryImageOfPage":{"@id":"https:\/\/staging.forenteforlag.no\/forlaget\/produkt\/en-antisemitt-trer-frem\/#primaryimage"},"image":{"@id":"https:\/\/staging.forenteforlag.no\/forlaget\/produkt\/en-antisemitt-trer-frem\/#primaryimage"},"thumbnailUrl":"https:\/\/staging.forenteforlag.no\/forlaget\/wp-content\/uploads\/sites\/3\/2026\/02\/9788232801947.jpg","datePublished":"2018-05-29T00:00:00+00:00","dateModified":"2026-03-04T11:34:50+00:00","breadcrumb":{"@id":"https:\/\/staging.forenteforlag.no\/forlaget\/produkt\/en-antisemitt-trer-frem\/#breadcrumb"},"inLanguage":"nb-NO","potentialAction":[{"@type":"ReadAction","target":["https:\/\/staging.forenteforlag.no\/forlaget\/produkt\/en-antisemitt-trer-frem\/"]}]},{"@type":"ImageObject","inLanguage":"nb-NO","@id":"https:\/\/staging.forenteforlag.no\/forlaget\/produkt\/en-antisemitt-trer-frem\/#primaryimage","url":"https:\/\/staging.forenteforlag.no\/forlaget\/wp-content\/uploads\/sites\/3\/2026\/02\/9788232801947.jpg","contentUrl":"https:\/\/staging.forenteforlag.no\/forlaget\/wp-content\/uploads\/sites\/3\/2026\/02\/9788232801947.jpg","width":720,"height":1065},{"@type":"BreadcrumbList","@id":"https:\/\/staging.forenteforlag.no\/forlaget\/produkt\/en-antisemitt-trer-frem\/#breadcrumb","itemListElement":[{"@type":"ListItem","position":1,"name":"Hjem","item":"https:\/\/staging.forenteforlag.no\/forlaget\/"},{"@type":"ListItem","position":2,"name":"Alle b\u00f8ker","item":"https:\/\/staging.forenteforlag.no\/forlaget\/butikk\/"},{"@type":"ListItem","position":3,"name":"En antisemitt trer frem"}]},{"@type":"WebSite","@id":"https:\/\/staging.forenteforlag.no\/forlaget\/#website","url":"https:\/\/staging.forenteforlag.no\/forlaget\/","name":"Forlaget Press","description":"","publisher":{"@id":"https:\/\/staging.forenteforlag.no\/forlaget\/#organization"},"potentialAction":[{"@type":"SearchAction","target":{"@type":"EntryPoint","urlTemplate":"https:\/\/staging.forenteforlag.no\/forlaget\/?s={search_term_string}"},"query-input":{"@type":"PropertyValueSpecification","valueRequired":true,"valueName":"search_term_string"}}],"inLanguage":"nb-NO"},{"@type":"Organization","@id":"https:\/\/staging.forenteforlag.no\/forlaget\/#organization","name":"Forlaget Press","url":"https:\/\/staging.forenteforlag.no\/forlaget\/","logo":{"@type":"ImageObject","inLanguage":"nb-NO","@id":"https:\/\/staging.forenteforlag.no\/forlaget\/#\/schema\/logo\/image\/","url":"https:\/\/staging.forenteforlag.no\/forlaget\/wp-content\/uploads\/sites\/3\/2024\/09\/Press_logo.svg","contentUrl":"https:\/\/staging.forenteforlag.no\/forlaget\/wp-content\/uploads\/sites\/3\/2024\/09\/Press_logo.svg","width":100,"height":100,"caption":"Forlaget Press"},"image":{"@id":"https:\/\/staging.forenteforlag.no\/forlaget\/#\/schema\/logo\/image\/"},"sameAs":["https:\/\/www.facebook.com\/Forlagetpress"]}]}},"_links":{"self":[{"href":"https:\/\/staging.forenteforlag.no\/forlaget\/wp-json\/wp\/v2\/product\/20635","targetHints":{"allow":["GET"]}}],"collection":[{"href":"https:\/\/staging.forenteforlag.no\/forlaget\/wp-json\/wp\/v2\/product"}],"about":[{"href":"https:\/\/staging.forenteforlag.no\/forlaget\/wp-json\/wp\/v2\/types\/product"}],"wp:featuredmedia":[{"embeddable":true,"href":"https:\/\/staging.forenteforlag.no\/forlaget\/wp-json\/wp\/v2\/media\/26314"}],"wp:attachment":[{"href":"https:\/\/staging.forenteforlag.no\/forlaget\/wp-json\/wp\/v2\/media?parent=20635"}],"wp:term":[{"taxonomy":"product_brand","embeddable":true,"href":"https:\/\/staging.forenteforlag.no\/forlaget\/wp-json\/wp\/v2\/product_brand?post=20635"},{"taxonomy":"product_cat","embeddable":true,"href":"https:\/\/staging.forenteforlag.no\/forlaget\/wp-json\/wp\/v2\/product_cat?post=20635"},{"taxonomy":"product_tag","embeddable":true,"href":"https:\/\/staging.forenteforlag.no\/forlaget\/wp-json\/wp\/v2\/product_tag?post=20635"}],"curies":[{"name":"wp","href":"https:\/\/api.w.org\/{rel}","templated":true}]}}