{"id":20305,"date":"2022-08-22T02:00:00","date_gmt":"2022-08-22T00:00:00","guid":{"rendered":"https:\/\/forlagetpress.forenteforlag.no\/produkt\/brev-til-camondo-3\/"},"modified":"2026-03-04T13:55:57","modified_gmt":"2026-03-04T12:55:57","slug":"brev-til-camondo-3","status":"publish","type":"product","link":"https:\/\/staging.forenteforlag.no\/forlaget\/produkt\/brev-til-camondo-3\/","title":{"rendered":"Brev til Camondo"},"content":{"rendered":"<p>Familien Camondo bodde bare noen hus bortenfor Edmund de Waals slektninger i rue de Monceaux. Som de Waals forfedre, h\u00f8rte de hjemme i de \u00f8verste sirkler i Paris fra slutten av 1800-tallet og frem til annen verdenskrig. Som j\u00f8diske innvandrere med store formuer var begge familiene i \u00e5rtier m\u00e5lskiver for regelmessig sjikane i den antisemittiske pressen.<\/p>\n<p>Grev Mo\u00efse de Camondo kom fra en bankfamilie i Konstantinopel, men skapte seg et liv i Paris som assimilert fransk patriot og kunstsamler. Han bygde et hus til gjenstandene han samlet, som s\u00f8nnen skulle arve. Da s\u00f8nnen Nissim d\u00f8de i fransk tjeneste i 1. verdenskrig, ble det i stedet testamentert til den franske stat. Hundre \u00e5r senere utforsker Edmund de Waal det vakre huset med den overd\u00e5dige samlingen av kunst, m\u00f8bler og gjenstander fra la belle \u00e9poque. Og i en serie lavm\u00e6lte og gripende brev til greven, forteller han oss historien om hva som skjedde.<\/p>\n<p>\u00abJeg vet at du krever klare svar, s\u00e5 jeg vil fortelle deg n\u00f8yaktig hva som skjedde\u00bb, skriver de Waal i sitt 49. brev. Porselensmakeren de Waal hugger sannheten i stein: Slekten er utryddet. Kun tingene st\u00e5r. <\/p>\n<p>\u00abTingene gr\u00e5ter\u00bb. &#8211; Bj\u00f8rn Bredal, Politiken (seks hjerter)<\/p>\n","protected":false},"excerpt":{"rendered":"<p>Familien Camondo bodde bare noen hus bortenfor Edmund de Waals slektninger i rue de Monceaux. Som de Waals forfedre, h\u00f8rte de hjemme i de \u00f8verste sirkler i Paris fra slutten av 1800-tallet og frem til annen verdenskrig. Som j\u00f8diske innvandrere med store formuer var begge familiene i \u00e5rtier m\u00e5lskiver for regelmessig sjikane i den antisemittiske [&hellip;]<\/p>\n","protected":false},"featured_media":26452,"template":"","meta":{"_acf_changed":false,"inline_featured_image":false},"product_brand":[],"product_cat":[1781],"product_tag":[453,441,568,451,362,456,452,457,455,454],"class_list":{"0":"post-20305","1":"product","2":"type-product","3":"status-publish","4":"has-post-thumbnail","6":"product_cat-rabattkodekampanje","7":"product_tag-1850-1899","8":"product_tag-1900-tallet","9":"product_tag-bonusfamilie","10":"product_tag-brevsamlinger","11":"product_tag-faglitteratur","12":"product_tag-holocaust","13":"product_tag-joder","14":"product_tag-kunsthistorie","15":"product_tag-museer","16":"product_tag-paris","18":"first","19":"instock","20":"shipping-taxable","21":"purchasable","22":"product-type-simple"},"acf":{"anmeldelse":[{"tekst_anmeldelser":"\u00abEt overd\u00e5dig husmuseum leder i denne elegiske familiehistorien til en reverie over den ford\u00f8mte fransk-j\u00f8diske overklassen \u2026. De Waals elegante prosa, skarpe \u00f8ye for estetikk, subtile karakterskisser og nyanserte funderinger om j\u00f8disk identitet gir en rik, proustiansk gjenskapning av en tapt epoke.\u00bb","av_anmeldelser":"","terningkast":false,"kilde":"Publishers Weekly"},{"tekst_anmeldelser":"\u00abEdmund de Waals nydelige bok \u00e5pner et vindu til en fullstendig tapt verden.\u00bb","av_anmeldelser":"Ian Thomson","terningkast":false,"kilde":"The Evening Standard"},{"tekst_anmeldelser":"\u00abDe Waals setninger liker \u00e5 ta den historiske vekten til de objekter de beskriver. En uforglemmelig bok.\u00bb","av_anmeldelser":"","terningkast":false,"kilde":"The Observer"},{"tekst_anmeldelser":"\u00abBrev til Camondo hensetter deg til en annen tid ... De Waal skaper et blendende bilde.\u00bb","av_anmeldelser":"","terningkast":false,"kilde":"Financial Times"},{"tekst_anmeldelser":"\u00abTingene gr\u00e5ter.\u00bb","av_anmeldelser":"Bj\u00f8rn Bredal","terningkast":"<i class=\"fa-solid fa-dice-six\"><\/i>","kilde":"Politiken"},{"tekst_anmeldelser":"\u00abSuperb \u2026. Denne ledsagerboken til Haren med \u00f8yne av rav er en dyktig fortalt historie om en families samling av kunstgjenstander \u2026 gjennomg\u00e5ende str\u00e5lende \u2026 utmerket illustrert \u2026 Han er en klok veileder til mennesker og ting som er spredt og samlet inn \u2026 Denne boken er en fantastisk hyllest til en familie og til en id\u00e9.\u00bb","av_anmeldelser":"","terningkast":false,"kilde":"The Guardian"},{"tekst_anmeldelser":"\u00abDen vil f\u00e5 deg til \u00e5 tenke annerledes om kofferter p\u00e5 loftet og f\u00e5 deg til \u00e5 lese gamle brev med nye \u00f8yne.\u00bb","av_anmeldelser":"","terningkast":false,"kilde":"The Times"},{"tekst_anmeldelser":"\u00abDette er en vidunderlig bok, elegant, \u00f8m, kj\u00e6rlig, anerkjennende, uhyggelig, en p\u00e5minnelse b\u00e5de om h\u00f8ykulturens, sivilisasjonens, skj\u00f8rhet og motstandsdyktighet.\u00bb","av_anmeldelser":"Allan Massie","terningkast":false,"kilde":"The Scotsman"},{"tekst_anmeldelser":"","av_anmeldelser":"","terningkast":false,"kilde":""},{"tekst_anmeldelser":"","av_anmeldelser":"","terningkast":false,"kilde":""}]},"yoast_head":"<!-- This site is optimized with the Yoast SEO plugin v26.6 - https:\/\/yoast.com\/wordpress\/plugins\/seo\/ -->\n<title>Brev til Camondo - Forlaget Press<\/title>\n<meta name=\"robots\" content=\"noindex, follow, max-snippet:-1, max-image-preview:large, max-video-preview:-1\" \/>\n<meta property=\"og:locale\" content=\"nb_NO\" \/>\n<meta property=\"og:type\" content=\"article\" \/>\n<meta property=\"og:title\" content=\"Brev til Camondo - Forlaget Press\" \/>\n<meta property=\"og:description\" content=\"Familien Camondo bodde bare noen hus bortenfor Edmund de Waals slektninger i rue de Monceaux. Som de Waals forfedre, h\u00f8rte de hjemme i de \u00f8verste sirkler i Paris fra slutten av 1800-tallet og frem til annen verdenskrig. Som j\u00f8diske innvandrere med store formuer var begge familiene i \u00e5rtier m\u00e5lskiver for regelmessig sjikane i den antisemittiske [&hellip;]\" \/>\n<meta property=\"og:url\" content=\"https:\/\/staging.forenteforlag.no\/forlaget\/produkt\/brev-til-camondo-3\/\" \/>\n<meta property=\"og:site_name\" content=\"Forlaget Press\" \/>\n<meta property=\"article:publisher\" content=\"https:\/\/www.facebook.com\/Forlagetpress\" \/>\n<meta property=\"article:modified_time\" content=\"2026-03-04T12:55:57+00:00\" \/>\n<meta property=\"og:image\" content=\"https:\/\/staging.forenteforlag.no\/forlaget\/wp-content\/uploads\/sites\/3\/2026\/02\/9788232804429.jpg\" \/>\n\t<meta property=\"og:image:width\" content=\"720\" \/>\n\t<meta property=\"og:image:height\" content=\"1067\" \/>\n\t<meta property=\"og:image:type\" content=\"image\/jpeg\" \/>\n<meta name=\"twitter:card\" content=\"summary_large_image\" \/>\n<meta name=\"twitter:label1\" content=\"Ansl. lesetid\" \/>\n\t<meta name=\"twitter:data1\" content=\"1 minutt\" \/>\n<script type=\"application\/ld+json\" class=\"yoast-schema-graph\">{\"@context\":\"https:\/\/schema.org\",\"@graph\":[{\"@type\":\"WebPage\",\"@id\":\"https:\/\/staging.forenteforlag.no\/forlaget\/produkt\/brev-til-camondo-3\/\",\"url\":\"https:\/\/staging.forenteforlag.no\/forlaget\/produkt\/brev-til-camondo-3\/\",\"name\":\"Brev til Camondo - Forlaget Press\",\"isPartOf\":{\"@id\":\"https:\/\/staging.forenteforlag.no\/forlaget\/#website\"},\"primaryImageOfPage\":{\"@id\":\"https:\/\/staging.forenteforlag.no\/forlaget\/produkt\/brev-til-camondo-3\/#primaryimage\"},\"image\":{\"@id\":\"https:\/\/staging.forenteforlag.no\/forlaget\/produkt\/brev-til-camondo-3\/#primaryimage\"},\"thumbnailUrl\":\"https:\/\/staging.forenteforlag.no\/forlaget\/wp-content\/uploads\/sites\/3\/2026\/02\/9788232804429.jpg\",\"datePublished\":\"2022-08-22T00:00:00+00:00\",\"dateModified\":\"2026-03-04T12:55:57+00:00\",\"breadcrumb\":{\"@id\":\"https:\/\/staging.forenteforlag.no\/forlaget\/produkt\/brev-til-camondo-3\/#breadcrumb\"},\"inLanguage\":\"nb-NO\",\"potentialAction\":[{\"@type\":\"ReadAction\",\"target\":[\"https:\/\/staging.forenteforlag.no\/forlaget\/produkt\/brev-til-camondo-3\/\"]}]},{\"@type\":\"ImageObject\",\"inLanguage\":\"nb-NO\",\"@id\":\"https:\/\/staging.forenteforlag.no\/forlaget\/produkt\/brev-til-camondo-3\/#primaryimage\",\"url\":\"https:\/\/staging.forenteforlag.no\/forlaget\/wp-content\/uploads\/sites\/3\/2026\/02\/9788232804429.jpg\",\"contentUrl\":\"https:\/\/staging.forenteforlag.no\/forlaget\/wp-content\/uploads\/sites\/3\/2026\/02\/9788232804429.jpg\",\"width\":720,\"height\":1067},{\"@type\":\"BreadcrumbList\",\"@id\":\"https:\/\/staging.forenteforlag.no\/forlaget\/produkt\/brev-til-camondo-3\/#breadcrumb\",\"itemListElement\":[{\"@type\":\"ListItem\",\"position\":1,\"name\":\"Hjem\",\"item\":\"https:\/\/staging.forenteforlag.no\/forlaget\/\"},{\"@type\":\"ListItem\",\"position\":2,\"name\":\"Alle b\u00f8ker\",\"item\":\"https:\/\/staging.forenteforlag.no\/forlaget\/butikk\/\"},{\"@type\":\"ListItem\",\"position\":3,\"name\":\"Brev til Camondo\"}]},{\"@type\":\"WebSite\",\"@id\":\"https:\/\/staging.forenteforlag.no\/forlaget\/#website\",\"url\":\"https:\/\/staging.forenteforlag.no\/forlaget\/\",\"name\":\"Forlaget Press\",\"description\":\"\",\"publisher\":{\"@id\":\"https:\/\/staging.forenteforlag.no\/forlaget\/#organization\"},\"potentialAction\":[{\"@type\":\"SearchAction\",\"target\":{\"@type\":\"EntryPoint\",\"urlTemplate\":\"https:\/\/staging.forenteforlag.no\/forlaget\/?s={search_term_string}\"},\"query-input\":{\"@type\":\"PropertyValueSpecification\",\"valueRequired\":true,\"valueName\":\"search_term_string\"}}],\"inLanguage\":\"nb-NO\"},{\"@type\":\"Organization\",\"@id\":\"https:\/\/staging.forenteforlag.no\/forlaget\/#organization\",\"name\":\"Forlaget Press\",\"url\":\"https:\/\/staging.forenteforlag.no\/forlaget\/\",\"logo\":{\"@type\":\"ImageObject\",\"inLanguage\":\"nb-NO\",\"@id\":\"https:\/\/staging.forenteforlag.no\/forlaget\/#\/schema\/logo\/image\/\",\"url\":\"https:\/\/staging.forenteforlag.no\/forlaget\/wp-content\/uploads\/sites\/3\/2024\/09\/Press_logo.svg\",\"contentUrl\":\"https:\/\/staging.forenteforlag.no\/forlaget\/wp-content\/uploads\/sites\/3\/2024\/09\/Press_logo.svg\",\"width\":100,\"height\":100,\"caption\":\"Forlaget Press\"},\"image\":{\"@id\":\"https:\/\/staging.forenteforlag.no\/forlaget\/#\/schema\/logo\/image\/\"},\"sameAs\":[\"https:\/\/www.facebook.com\/Forlagetpress\"]}]}<\/script>\n<!-- \/ Yoast SEO plugin. -->","yoast_head_json":{"title":"Brev til Camondo - Forlaget Press","robots":{"index":"noindex","follow":"follow","max-snippet":"max-snippet:-1","max-image-preview":"max-image-preview:large","max-video-preview":"max-video-preview:-1"},"og_locale":"nb_NO","og_type":"article","og_title":"Brev til Camondo - Forlaget Press","og_description":"Familien Camondo bodde bare noen hus bortenfor Edmund de Waals slektninger i rue de Monceaux. Som de Waals forfedre, h\u00f8rte de hjemme i de \u00f8verste sirkler i Paris fra slutten av 1800-tallet og frem til annen verdenskrig. Som j\u00f8diske innvandrere med store formuer var begge familiene i \u00e5rtier m\u00e5lskiver for regelmessig sjikane i den antisemittiske [&hellip;]","og_url":"https:\/\/staging.forenteforlag.no\/forlaget\/produkt\/brev-til-camondo-3\/","og_site_name":"Forlaget Press","article_publisher":"https:\/\/www.facebook.com\/Forlagetpress","article_modified_time":"2026-03-04T12:55:57+00:00","og_image":[{"width":720,"height":1067,"url":"https:\/\/staging.forenteforlag.no\/forlaget\/wp-content\/uploads\/sites\/3\/2026\/02\/9788232804429.jpg","type":"image\/jpeg"}],"twitter_card":"summary_large_image","twitter_misc":{"Ansl. lesetid":"1 minutt"},"schema":{"@context":"https:\/\/schema.org","@graph":[{"@type":"WebPage","@id":"https:\/\/staging.forenteforlag.no\/forlaget\/produkt\/brev-til-camondo-3\/","url":"https:\/\/staging.forenteforlag.no\/forlaget\/produkt\/brev-til-camondo-3\/","name":"Brev til Camondo - Forlaget Press","isPartOf":{"@id":"https:\/\/staging.forenteforlag.no\/forlaget\/#website"},"primaryImageOfPage":{"@id":"https:\/\/staging.forenteforlag.no\/forlaget\/produkt\/brev-til-camondo-3\/#primaryimage"},"image":{"@id":"https:\/\/staging.forenteforlag.no\/forlaget\/produkt\/brev-til-camondo-3\/#primaryimage"},"thumbnailUrl":"https:\/\/staging.forenteforlag.no\/forlaget\/wp-content\/uploads\/sites\/3\/2026\/02\/9788232804429.jpg","datePublished":"2022-08-22T00:00:00+00:00","dateModified":"2026-03-04T12:55:57+00:00","breadcrumb":{"@id":"https:\/\/staging.forenteforlag.no\/forlaget\/produkt\/brev-til-camondo-3\/#breadcrumb"},"inLanguage":"nb-NO","potentialAction":[{"@type":"ReadAction","target":["https:\/\/staging.forenteforlag.no\/forlaget\/produkt\/brev-til-camondo-3\/"]}]},{"@type":"ImageObject","inLanguage":"nb-NO","@id":"https:\/\/staging.forenteforlag.no\/forlaget\/produkt\/brev-til-camondo-3\/#primaryimage","url":"https:\/\/staging.forenteforlag.no\/forlaget\/wp-content\/uploads\/sites\/3\/2026\/02\/9788232804429.jpg","contentUrl":"https:\/\/staging.forenteforlag.no\/forlaget\/wp-content\/uploads\/sites\/3\/2026\/02\/9788232804429.jpg","width":720,"height":1067},{"@type":"BreadcrumbList","@id":"https:\/\/staging.forenteforlag.no\/forlaget\/produkt\/brev-til-camondo-3\/#breadcrumb","itemListElement":[{"@type":"ListItem","position":1,"name":"Hjem","item":"https:\/\/staging.forenteforlag.no\/forlaget\/"},{"@type":"ListItem","position":2,"name":"Alle b\u00f8ker","item":"https:\/\/staging.forenteforlag.no\/forlaget\/butikk\/"},{"@type":"ListItem","position":3,"name":"Brev til Camondo"}]},{"@type":"WebSite","@id":"https:\/\/staging.forenteforlag.no\/forlaget\/#website","url":"https:\/\/staging.forenteforlag.no\/forlaget\/","name":"Forlaget Press","description":"","publisher":{"@id":"https:\/\/staging.forenteforlag.no\/forlaget\/#organization"},"potentialAction":[{"@type":"SearchAction","target":{"@type":"EntryPoint","urlTemplate":"https:\/\/staging.forenteforlag.no\/forlaget\/?s={search_term_string}"},"query-input":{"@type":"PropertyValueSpecification","valueRequired":true,"valueName":"search_term_string"}}],"inLanguage":"nb-NO"},{"@type":"Organization","@id":"https:\/\/staging.forenteforlag.no\/forlaget\/#organization","name":"Forlaget Press","url":"https:\/\/staging.forenteforlag.no\/forlaget\/","logo":{"@type":"ImageObject","inLanguage":"nb-NO","@id":"https:\/\/staging.forenteforlag.no\/forlaget\/#\/schema\/logo\/image\/","url":"https:\/\/staging.forenteforlag.no\/forlaget\/wp-content\/uploads\/sites\/3\/2024\/09\/Press_logo.svg","contentUrl":"https:\/\/staging.forenteforlag.no\/forlaget\/wp-content\/uploads\/sites\/3\/2024\/09\/Press_logo.svg","width":100,"height":100,"caption":"Forlaget Press"},"image":{"@id":"https:\/\/staging.forenteforlag.no\/forlaget\/#\/schema\/logo\/image\/"},"sameAs":["https:\/\/www.facebook.com\/Forlagetpress"]}]}},"_links":{"self":[{"href":"https:\/\/staging.forenteforlag.no\/forlaget\/wp-json\/wp\/v2\/product\/20305","targetHints":{"allow":["GET"]}}],"collection":[{"href":"https:\/\/staging.forenteforlag.no\/forlaget\/wp-json\/wp\/v2\/product"}],"about":[{"href":"https:\/\/staging.forenteforlag.no\/forlaget\/wp-json\/wp\/v2\/types\/product"}],"wp:featuredmedia":[{"embeddable":true,"href":"https:\/\/staging.forenteforlag.no\/forlaget\/wp-json\/wp\/v2\/media\/26452"}],"wp:attachment":[{"href":"https:\/\/staging.forenteforlag.no\/forlaget\/wp-json\/wp\/v2\/media?parent=20305"}],"wp:term":[{"taxonomy":"product_brand","embeddable":true,"href":"https:\/\/staging.forenteforlag.no\/forlaget\/wp-json\/wp\/v2\/product_brand?post=20305"},{"taxonomy":"product_cat","embeddable":true,"href":"https:\/\/staging.forenteforlag.no\/forlaget\/wp-json\/wp\/v2\/product_cat?post=20305"},{"taxonomy":"product_tag","embeddable":true,"href":"https:\/\/staging.forenteforlag.no\/forlaget\/wp-json\/wp\/v2\/product_tag?post=20305"}],"curies":[{"name":"wp","href":"https:\/\/api.w.org\/{rel}","templated":true}]}}