{"id":20303,"date":"2022-03-17T01:00:00","date_gmt":"2022-03-17T00:00:00","guid":{"rendered":"https:\/\/forlagetpress.forenteforlag.no\/produkt\/krigsdagboka\/"},"modified":"2026-03-04T13:57:13","modified_gmt":"2026-03-04T12:57:13","slug":"krigsdagboka","status":"publish","type":"product","link":"https:\/\/staging.forenteforlag.no\/forlaget\/produkt\/krigsdagboka\/","title":{"rendered":"Krigsdagboka"},"content":{"rendered":"<p>Den 9. april 1940 var Ronald Grini sju \u00e5r gammel. I august 1941, rett etter at han hadde fylt ni \u00e5r, begynte Ronald \u00e5 f\u00f8re dagbok. Det fortsatte han med til freden kom. I dag er Ronald Grini 89 \u00e5r gammel, og i Krigsdagboka leser og kommenterer han notatene fra barndommen. Hva kaller dagboka frem av minner fra krigs\u00e5rene? Hva forteller den om \u00e5 v\u00e6re barn under krigen? Og hvordan har erfaringene fra disse \u00e5rene preget livet hans siden? <\/p>\n<p>I krigsdagboka til Ronald Grini m\u00f8ter vi ordene og erfaringene til et lite barn, skrevet ned mens alt skjedde. V\u00e5ren 1940 opplevde Ronald bombingen av Kjeller flyplass. Senere var han \u00f8yenvitne til flyangrep og sabotasje aksjoner. Samtidig var han en vanlig sm\u00e5gutt som lekte med kamerater, gledet seg til jul og registrerte foreldrenes og storfamiliens liv. Hvilke skygger kaster krigen over livet som barn? Og hvordan husker vi krigen i dag? <\/p>\n<p>Krigsdagboka er et unikt bidrag til litteraturen om krigen i Norge, og en s\u00e6rpreget refleksjon over barndom, aldring, minner og krigserfaringer.<\/p>\n","protected":false},"excerpt":{"rendered":"<p>Den 9. april 1940 var Ronald Grini sju \u00e5r gammel. I august 1941, rett etter at han hadde fylt ni \u00e5r, begynte Ronald \u00e5 f\u00f8re dagbok. Det fortsatte han med til freden kom. I dag er Ronald Grini 89 \u00e5r gammel, og i Krigsdagboka leser og kommenterer han notatene fra barndommen. Hva kaller dagboka frem [&hellip;]<\/p>\n","protected":false},"featured_media":26464,"template":"","meta":{"_acf_changed":false,"inline_featured_image":false},"product_brand":[],"product_cat":[1781],"product_tag":[407,405,739,362,1740,383,1743],"class_list":{"0":"post-20303","1":"product","2":"type-product","3":"status-publish","4":"has-post-thumbnail","6":"product_cat-rabattkodekampanje","7":"product_tag-1939-1945","8":"product_tag-andre-verdenskrig","9":"product_tag-barndom","10":"product_tag-faglitteratur","11":"product_tag-hverdagsbetraktninger","12":"product_tag-personlige-beretninger","13":"product_tag-raelingen","15":"first","16":"instock","17":"shipping-taxable","18":"purchasable","19":"product-type-simple"},"acf":{"anmeldelse":[{"tekst_anmeldelser":"\u00abNoe av det som gj\u00f8r Krigsdagboka vellykket er de voldsomme sammenstillingene av det hverdagslige og h\u00f8ydramatiske. [...] Dagboken blir en m\u00e5te \u00e5 bearbeide inntrykk p\u00e5, og i Krigsdagboka er den voksne Grinis kommentarer med p\u00e5 \u00e5 kontekstualisere og berike barnets blikk p\u00e5 krigshandlingene.\u00bb","av_anmeldelser":"Johanne Elster Hanson","terningkast":false,"kilde":"Morgenbladet"},{"tekst_anmeldelser":"\u00abRonald Grinis barneblikk p\u00e5 krigen er en stillfaren historisk kilde. [...] Det er sl\u00e5ende hvor sterkt bare en datering kan virke p\u00e5 ettertiden, n\u00e5r man kjenner det st\u00f8rre bildet.\u00bb","av_anmeldelser":"Kaja Schjerven Mollerin","terningkast":false,"kilde":"Klassekampen"},{"tekst_anmeldelser":"\u00abRonald Grinis dagbok gir en spennende og sjelden tilgang til et barns egen beskrivelse av en krig.\u00bb","av_anmeldelser":"Erling Rimehaug","terningkast":false,"kilde":"V\u00e5rt Land"},{"tekst_anmeldelser":"\u00abGrini har tilf\u00f8rt norsk krigslitteratur et helt n\u00f8dvendig tidsvitneperspektiv, gjennom en upyntet gjengivelse av barnets minnearbeid.\u00bb","av_anmeldelser":"Anna Serafima S. Kvam","terningkast":"<i class=\"fa-solid fa-dice-six\"><\/i>","kilde":"Stavanger Aftenblad"}]},"yoast_head":"<!-- This site is optimized with the Yoast SEO plugin v26.6 - https:\/\/yoast.com\/wordpress\/plugins\/seo\/ -->\n<title>Krigsdagboka - Forlaget Press<\/title>\n<meta name=\"robots\" content=\"noindex, follow, max-snippet:-1, max-image-preview:large, max-video-preview:-1\" \/>\n<meta property=\"og:locale\" content=\"nb_NO\" \/>\n<meta property=\"og:type\" content=\"article\" \/>\n<meta property=\"og:title\" content=\"Krigsdagboka - Forlaget Press\" \/>\n<meta property=\"og:description\" content=\"Den 9. april 1940 var Ronald Grini sju \u00e5r gammel. I august 1941, rett etter at han hadde fylt ni \u00e5r, begynte Ronald \u00e5 f\u00f8re dagbok. Det fortsatte han med til freden kom. I dag er Ronald Grini 89 \u00e5r gammel, og i Krigsdagboka leser og kommenterer han notatene fra barndommen. Hva kaller dagboka frem [&hellip;]\" \/>\n<meta property=\"og:url\" content=\"https:\/\/staging.forenteforlag.no\/forlaget\/produkt\/krigsdagboka\/\" \/>\n<meta property=\"og:site_name\" content=\"Forlaget Press\" \/>\n<meta property=\"article:publisher\" content=\"https:\/\/www.facebook.com\/Forlagetpress\" \/>\n<meta property=\"article:modified_time\" content=\"2026-03-04T12:57:13+00:00\" \/>\n<meta property=\"og:image\" content=\"https:\/\/staging.forenteforlag.no\/forlaget\/wp-content\/uploads\/sites\/3\/2026\/02\/9788232804627.jpg\" \/>\n\t<meta property=\"og:image:width\" content=\"720\" \/>\n\t<meta property=\"og:image:height\" content=\"1003\" \/>\n\t<meta property=\"og:image:type\" content=\"image\/jpeg\" \/>\n<meta name=\"twitter:card\" content=\"summary_large_image\" \/>\n<meta name=\"twitter:label1\" content=\"Ansl. lesetid\" \/>\n\t<meta name=\"twitter:data1\" content=\"1 minutt\" \/>\n<script type=\"application\/ld+json\" class=\"yoast-schema-graph\">{\"@context\":\"https:\/\/schema.org\",\"@graph\":[{\"@type\":\"WebPage\",\"@id\":\"https:\/\/staging.forenteforlag.no\/forlaget\/produkt\/krigsdagboka\/\",\"url\":\"https:\/\/staging.forenteforlag.no\/forlaget\/produkt\/krigsdagboka\/\",\"name\":\"Krigsdagboka - Forlaget Press\",\"isPartOf\":{\"@id\":\"https:\/\/staging.forenteforlag.no\/forlaget\/#website\"},\"primaryImageOfPage\":{\"@id\":\"https:\/\/staging.forenteforlag.no\/forlaget\/produkt\/krigsdagboka\/#primaryimage\"},\"image\":{\"@id\":\"https:\/\/staging.forenteforlag.no\/forlaget\/produkt\/krigsdagboka\/#primaryimage\"},\"thumbnailUrl\":\"https:\/\/staging.forenteforlag.no\/forlaget\/wp-content\/uploads\/sites\/3\/2026\/02\/9788232804627.jpg\",\"datePublished\":\"2022-03-17T00:00:00+00:00\",\"dateModified\":\"2026-03-04T12:57:13+00:00\",\"breadcrumb\":{\"@id\":\"https:\/\/staging.forenteforlag.no\/forlaget\/produkt\/krigsdagboka\/#breadcrumb\"},\"inLanguage\":\"nb-NO\",\"potentialAction\":[{\"@type\":\"ReadAction\",\"target\":[\"https:\/\/staging.forenteforlag.no\/forlaget\/produkt\/krigsdagboka\/\"]}]},{\"@type\":\"ImageObject\",\"inLanguage\":\"nb-NO\",\"@id\":\"https:\/\/staging.forenteforlag.no\/forlaget\/produkt\/krigsdagboka\/#primaryimage\",\"url\":\"https:\/\/staging.forenteforlag.no\/forlaget\/wp-content\/uploads\/sites\/3\/2026\/02\/9788232804627.jpg\",\"contentUrl\":\"https:\/\/staging.forenteforlag.no\/forlaget\/wp-content\/uploads\/sites\/3\/2026\/02\/9788232804627.jpg\",\"width\":720,\"height\":1003},{\"@type\":\"BreadcrumbList\",\"@id\":\"https:\/\/staging.forenteforlag.no\/forlaget\/produkt\/krigsdagboka\/#breadcrumb\",\"itemListElement\":[{\"@type\":\"ListItem\",\"position\":1,\"name\":\"Hjem\",\"item\":\"https:\/\/staging.forenteforlag.no\/forlaget\/\"},{\"@type\":\"ListItem\",\"position\":2,\"name\":\"Alle b\u00f8ker\",\"item\":\"https:\/\/staging.forenteforlag.no\/forlaget\/butikk\/\"},{\"@type\":\"ListItem\",\"position\":3,\"name\":\"Krigsdagboka\"}]},{\"@type\":\"WebSite\",\"@id\":\"https:\/\/staging.forenteforlag.no\/forlaget\/#website\",\"url\":\"https:\/\/staging.forenteforlag.no\/forlaget\/\",\"name\":\"Forlaget Press\",\"description\":\"\",\"publisher\":{\"@id\":\"https:\/\/staging.forenteforlag.no\/forlaget\/#organization\"},\"potentialAction\":[{\"@type\":\"SearchAction\",\"target\":{\"@type\":\"EntryPoint\",\"urlTemplate\":\"https:\/\/staging.forenteforlag.no\/forlaget\/?s={search_term_string}\"},\"query-input\":{\"@type\":\"PropertyValueSpecification\",\"valueRequired\":true,\"valueName\":\"search_term_string\"}}],\"inLanguage\":\"nb-NO\"},{\"@type\":\"Organization\",\"@id\":\"https:\/\/staging.forenteforlag.no\/forlaget\/#organization\",\"name\":\"Forlaget Press\",\"url\":\"https:\/\/staging.forenteforlag.no\/forlaget\/\",\"logo\":{\"@type\":\"ImageObject\",\"inLanguage\":\"nb-NO\",\"@id\":\"https:\/\/staging.forenteforlag.no\/forlaget\/#\/schema\/logo\/image\/\",\"url\":\"https:\/\/staging.forenteforlag.no\/forlaget\/wp-content\/uploads\/sites\/3\/2024\/09\/Press_logo.svg\",\"contentUrl\":\"https:\/\/staging.forenteforlag.no\/forlaget\/wp-content\/uploads\/sites\/3\/2024\/09\/Press_logo.svg\",\"width\":100,\"height\":100,\"caption\":\"Forlaget Press\"},\"image\":{\"@id\":\"https:\/\/staging.forenteforlag.no\/forlaget\/#\/schema\/logo\/image\/\"},\"sameAs\":[\"https:\/\/www.facebook.com\/Forlagetpress\"]}]}<\/script>\n<!-- \/ Yoast SEO plugin. -->","yoast_head_json":{"title":"Krigsdagboka - Forlaget Press","robots":{"index":"noindex","follow":"follow","max-snippet":"max-snippet:-1","max-image-preview":"max-image-preview:large","max-video-preview":"max-video-preview:-1"},"og_locale":"nb_NO","og_type":"article","og_title":"Krigsdagboka - Forlaget Press","og_description":"Den 9. april 1940 var Ronald Grini sju \u00e5r gammel. I august 1941, rett etter at han hadde fylt ni \u00e5r, begynte Ronald \u00e5 f\u00f8re dagbok. Det fortsatte han med til freden kom. I dag er Ronald Grini 89 \u00e5r gammel, og i Krigsdagboka leser og kommenterer han notatene fra barndommen. Hva kaller dagboka frem [&hellip;]","og_url":"https:\/\/staging.forenteforlag.no\/forlaget\/produkt\/krigsdagboka\/","og_site_name":"Forlaget Press","article_publisher":"https:\/\/www.facebook.com\/Forlagetpress","article_modified_time":"2026-03-04T12:57:13+00:00","og_image":[{"width":720,"height":1003,"url":"https:\/\/staging.forenteforlag.no\/forlaget\/wp-content\/uploads\/sites\/3\/2026\/02\/9788232804627.jpg","type":"image\/jpeg"}],"twitter_card":"summary_large_image","twitter_misc":{"Ansl. lesetid":"1 minutt"},"schema":{"@context":"https:\/\/schema.org","@graph":[{"@type":"WebPage","@id":"https:\/\/staging.forenteforlag.no\/forlaget\/produkt\/krigsdagboka\/","url":"https:\/\/staging.forenteforlag.no\/forlaget\/produkt\/krigsdagboka\/","name":"Krigsdagboka - Forlaget Press","isPartOf":{"@id":"https:\/\/staging.forenteforlag.no\/forlaget\/#website"},"primaryImageOfPage":{"@id":"https:\/\/staging.forenteforlag.no\/forlaget\/produkt\/krigsdagboka\/#primaryimage"},"image":{"@id":"https:\/\/staging.forenteforlag.no\/forlaget\/produkt\/krigsdagboka\/#primaryimage"},"thumbnailUrl":"https:\/\/staging.forenteforlag.no\/forlaget\/wp-content\/uploads\/sites\/3\/2026\/02\/9788232804627.jpg","datePublished":"2022-03-17T00:00:00+00:00","dateModified":"2026-03-04T12:57:13+00:00","breadcrumb":{"@id":"https:\/\/staging.forenteforlag.no\/forlaget\/produkt\/krigsdagboka\/#breadcrumb"},"inLanguage":"nb-NO","potentialAction":[{"@type":"ReadAction","target":["https:\/\/staging.forenteforlag.no\/forlaget\/produkt\/krigsdagboka\/"]}]},{"@type":"ImageObject","inLanguage":"nb-NO","@id":"https:\/\/staging.forenteforlag.no\/forlaget\/produkt\/krigsdagboka\/#primaryimage","url":"https:\/\/staging.forenteforlag.no\/forlaget\/wp-content\/uploads\/sites\/3\/2026\/02\/9788232804627.jpg","contentUrl":"https:\/\/staging.forenteforlag.no\/forlaget\/wp-content\/uploads\/sites\/3\/2026\/02\/9788232804627.jpg","width":720,"height":1003},{"@type":"BreadcrumbList","@id":"https:\/\/staging.forenteforlag.no\/forlaget\/produkt\/krigsdagboka\/#breadcrumb","itemListElement":[{"@type":"ListItem","position":1,"name":"Hjem","item":"https:\/\/staging.forenteforlag.no\/forlaget\/"},{"@type":"ListItem","position":2,"name":"Alle b\u00f8ker","item":"https:\/\/staging.forenteforlag.no\/forlaget\/butikk\/"},{"@type":"ListItem","position":3,"name":"Krigsdagboka"}]},{"@type":"WebSite","@id":"https:\/\/staging.forenteforlag.no\/forlaget\/#website","url":"https:\/\/staging.forenteforlag.no\/forlaget\/","name":"Forlaget Press","description":"","publisher":{"@id":"https:\/\/staging.forenteforlag.no\/forlaget\/#organization"},"potentialAction":[{"@type":"SearchAction","target":{"@type":"EntryPoint","urlTemplate":"https:\/\/staging.forenteforlag.no\/forlaget\/?s={search_term_string}"},"query-input":{"@type":"PropertyValueSpecification","valueRequired":true,"valueName":"search_term_string"}}],"inLanguage":"nb-NO"},{"@type":"Organization","@id":"https:\/\/staging.forenteforlag.no\/forlaget\/#organization","name":"Forlaget Press","url":"https:\/\/staging.forenteforlag.no\/forlaget\/","logo":{"@type":"ImageObject","inLanguage":"nb-NO","@id":"https:\/\/staging.forenteforlag.no\/forlaget\/#\/schema\/logo\/image\/","url":"https:\/\/staging.forenteforlag.no\/forlaget\/wp-content\/uploads\/sites\/3\/2024\/09\/Press_logo.svg","contentUrl":"https:\/\/staging.forenteforlag.no\/forlaget\/wp-content\/uploads\/sites\/3\/2024\/09\/Press_logo.svg","width":100,"height":100,"caption":"Forlaget Press"},"image":{"@id":"https:\/\/staging.forenteforlag.no\/forlaget\/#\/schema\/logo\/image\/"},"sameAs":["https:\/\/www.facebook.com\/Forlagetpress"]}]}},"_links":{"self":[{"href":"https:\/\/staging.forenteforlag.no\/forlaget\/wp-json\/wp\/v2\/product\/20303","targetHints":{"allow":["GET"]}}],"collection":[{"href":"https:\/\/staging.forenteforlag.no\/forlaget\/wp-json\/wp\/v2\/product"}],"about":[{"href":"https:\/\/staging.forenteforlag.no\/forlaget\/wp-json\/wp\/v2\/types\/product"}],"wp:featuredmedia":[{"embeddable":true,"href":"https:\/\/staging.forenteforlag.no\/forlaget\/wp-json\/wp\/v2\/media\/26464"}],"wp:attachment":[{"href":"https:\/\/staging.forenteforlag.no\/forlaget\/wp-json\/wp\/v2\/media?parent=20303"}],"wp:term":[{"taxonomy":"product_brand","embeddable":true,"href":"https:\/\/staging.forenteforlag.no\/forlaget\/wp-json\/wp\/v2\/product_brand?post=20303"},{"taxonomy":"product_cat","embeddable":true,"href":"https:\/\/staging.forenteforlag.no\/forlaget\/wp-json\/wp\/v2\/product_cat?post=20303"},{"taxonomy":"product_tag","embeddable":true,"href":"https:\/\/staging.forenteforlag.no\/forlaget\/wp-json\/wp\/v2\/product_tag?post=20303"}],"curies":[{"name":"wp","href":"https:\/\/api.w.org\/{rel}","templated":true}]}}