{"id":20285,"date":"2021-01-21T01:00:00","date_gmt":"2021-01-21T00:00:00","guid":{"rendered":"https:\/\/forlagetpress.forenteforlag.no\/produkt\/hvor-ble-det-av-alt-sammen-2\/"},"modified":"2026-03-04T13:50:28","modified_gmt":"2026-03-04T12:50:28","slug":"hvor-ble-det-av-alt-sammen-2","status":"publish","type":"product","link":"https:\/\/staging.forenteforlag.no\/forlaget\/produkt\/hvor-ble-det-av-alt-sammen-2\/","title":{"rendered":"Hvor ble det av alt sammen?"},"content":{"rendered":"<p>Fra innsiden av det norste holocaust-oppgj\u00f8ret. <br \/>Holocaust var ogs\u00e5 en historie om eiendeler, eiendom, \u00f8konomi. Samtidig med arrestasjonene av mannlige j\u00f8der i oktober 1942, beslagla politimenn landet rundt verdisaker i j\u00f8diske hjem: smykker, klokker, s\u00f8lvt\u00f8y og kontanter. Hus og leiligheter, fabrikker og forretninger ble overdratt til fordel for staten. Etter deportasjonen ble eiendeler og innbo solgt p\u00e5 auksjon til naboer og andre interesserte. Da de overlevende j\u00f8dene vendte hjem i 1945, var lite igjen av alt de hadde eid. For mange av de overlevende ble kampen mot byr\u00e5krati, trenering og mistenkeliggj\u00f8ring i erstatningsprosessen en ny traumatisk erfaring.  <\/p>\n<p>I 1996 nedsatte staten et utvalg for \u00e5 se p\u00e5 sp\u00f8rsm\u00e5let p\u00e5 ny. Da Skarpnesutvalgets innstilling forel\u00e5 \u00e5ret etter, var flertallets konklusjon klar: Alle nordmenn hadde m\u00e5ttet lide tap under krigen, erstatningsprosessen hadde v\u00e6rt \u00abgod og grundig\u00bb. Blant flertallet var flere prominente historikere og jurister. Berit Reisel og Bjarte Bruland s\u00e5 annerledes p\u00e5 det: Plyndringen av de norske j\u00f8dene m\u00e5tte ses i sammenheng med nazistenes fors\u00f8k p\u00e5 \u00e5 utrydde den j\u00f8diske befolkningen i Norge. Hva som faktisk hadde skjedd med de norske j\u00f8dene og deres eiendeler m\u00e5tte kartlegges p\u00e5 ny. Mindretallets innfalls vinkel f\u00f8rte til en annen konklusjon. Utvalget ble splittet. Da Stortinget sommeren 1998 vedtok \u00e5 gi j\u00f8dene i Norge 450 millioner kroner i erstatning, var det mindre tallets innstilling som ble lagt til grunn. <\/p>\n<p>I ettertid utgj\u00f8r Skarpnesutvalget et viktig vendepunkt i den norske etterkrigshistorien. N\u00e5 fortelles for f\u00f8rste gang denne dramatiske historien innen fra. \u00abHvor ble det av alt sammen\u00bb er en oppsiktsvekkende beretning om politisk spill og dragkamp, om fordommer og motvilje b\u00e5de i byr\u00e5kratiet og fag milj\u00f8ene &#8211; og om et lite mindretall som klarte \u00e5 snu en tung, prestisje ladet prosess. Samtidig er det en personlig historie om den j\u00f8diske minoritetens erfaringer.<\/p>\n","protected":false},"excerpt":{"rendered":"<p>Fra innsiden av det norste holocaust-oppgj\u00f8ret. Holocaust var ogs\u00e5 en historie om eiendeler, eiendom, \u00f8konomi. Samtidig med arrestasjonene av mannlige j\u00f8der i oktober 1942, beslagla politimenn landet rundt verdisaker i j\u00f8diske hjem: smykker, klokker, s\u00f8lvt\u00f8y og kontanter. Hus og leiligheter, fabrikker og forretninger ble overdratt til fordel for staten. Etter deportasjonen ble eiendeler og innbo [&hellip;]<\/p>\n","protected":false},"featured_media":26410,"template":"","meta":{"_acf_changed":false,"inline_featured_image":false},"product_brand":[],"product_cat":[1781],"product_tag":[407,419,405,362,456,452,439,628,627],"class_list":{"0":"post-20285","1":"product","2":"type-product","3":"status-publish","4":"has-post-thumbnail","6":"product_cat-rabattkodekampanje","7":"product_tag-1939-1945","8":"product_tag-1990-1999","9":"product_tag-andre-verdenskrig","10":"product_tag-faglitteratur","11":"product_tag-holocaust","12":"product_tag-joder","13":"product_tag-nord-norge","14":"product_tag-statsforvaltning","15":"product_tag-tyveri","17":"first","18":"instock","19":"shipping-taxable","20":"purchasable","21":"product-type-simple"},"acf":{"anmeldelse":[{"tekst_anmeldelser":"\u00abOppsiktsvekkende og essensielt om prosessen bak oppreisningen til de norske j\u00f8dene. [...] P\u00e5 sitt beste har boken thrilleraktige kvaliteter. Leseren kan kjenne den anspente stemningen i utvalgets m\u00f8ter.\u00bb","av_anmeldelser":"Erle Marie S\u00f8rheim","terningkast":false,"kilde":"Aftenposten"},{"tekst_anmeldelser":"\u00abEn sjokkerende p\u00e5minnelse om fors\u00f8ket p\u00e5 \u00e5 tilintetgj\u00f8re b\u00e5de j\u00f8dene og sporene etter dem \u2013 og det norske samfunnets manglende forst\u00e5else av sitt ansvar for det. [B]\u00e5de rystende og l\u00e6rerikt. Fortsatt trenger vi \u00e5 bli minnet om det som skjedde.\u00bb","av_anmeldelser":"Erling Rimehaug","terningkast":false,"kilde":"V\u00e5rt Land"},{"tekst_anmeldelser":"\u00abBerit Reisels nye bok bringer s\u00e5 mye nytt om norske myndigheters neglisjering av j\u00f8dene at den b\u00f8r bli st\u00e5ende som en bauta i norsk etterkrigshistorie.\u00bb","av_anmeldelser":"Jan-Erik Smilden","terningkast":"<i class=\"fa-solid fa-dice-five\"><\/i>","kilde":"Dagbladet"},{"tekst_anmeldelser":"\u00abBerit Reisels dokumentarbok er et sylskarpt oppgj\u00f8r med norske myndigheters holdning til j\u00f8dene etter krigen. [...] Reisels fremstilling virker b\u00e5de veldokumentert og troverdig.\u00bb","av_anmeldelser":"Sindre Hovdenakk","terningkast":false,"kilde":"VG"},{"tekst_anmeldelser":"\u00abSamtalen om holocaust i Norge har v\u00e6rt i stor bevegelse de siste \u00e5rene, og f\u00e5 f\u00f8rer den like kampvillig som Reisel i sin oppsiktsvekkende thriller om 1990-tallets restitusjonsoppgj\u00f8r.\u00bb","av_anmeldelser":"Nikolai Melamed Kleivan, \u00c5rets beste b\u00f8ker","terningkast":false,"kilde":"Nikolai Melamed Kleivan, Morgenbladet"},{"tekst_anmeldelser":"\u00abBerit Reisel har maktet kunststykket \u00e5 skrive en pageturner om arbeidet med en NOU om plyndringen av j\u00f8dene under krigen.\u00bb","av_anmeldelser":"Per E. Heim, \u00c5rets beste b\u00f8ker","terningkast":false,"kilde":"Morgenbladet"},{"tekst_anmeldelser":"\u00abBerit Reisel gj\u00f8r et skikkelig krafttak for \u00e5 f\u00e5 historien om det norske Holocaust-oppgj\u00f8ret frem i lyset igjen. Hun forteller n\u00f8kternt og detaljert, Hvor ble det av alt sammen? er fylt med referater, kompliserte regnestykker og vitnesbyrd. Arbeidet med \u00e5 lete etter opplysninger om alt som var borte beskrives som \u00e5 \u00abvandre rundt i et gapende hull\u00bb. At det tidvis er utmattende lesning, understreker bare alvoret i situasjonen.\u00bb","av_anmeldelser":"Ellen Sofie Lauritzen","terningkast":false,"kilde":"Dagens N\u00e6ringsliv"}]},"yoast_head":"<!-- This site is optimized with the Yoast SEO plugin v26.6 - https:\/\/yoast.com\/wordpress\/plugins\/seo\/ -->\n<title>Hvor ble det av alt sammen? - Forlaget Press<\/title>\n<meta name=\"robots\" content=\"noindex, follow, max-snippet:-1, max-image-preview:large, max-video-preview:-1\" \/>\n<meta property=\"og:locale\" content=\"nb_NO\" \/>\n<meta property=\"og:type\" content=\"article\" \/>\n<meta property=\"og:title\" content=\"Hvor ble det av alt sammen? - Forlaget Press\" \/>\n<meta property=\"og:description\" content=\"Fra innsiden av det norste holocaust-oppgj\u00f8ret. Holocaust var ogs\u00e5 en historie om eiendeler, eiendom, \u00f8konomi. Samtidig med arrestasjonene av mannlige j\u00f8der i oktober 1942, beslagla politimenn landet rundt verdisaker i j\u00f8diske hjem: smykker, klokker, s\u00f8lvt\u00f8y og kontanter. Hus og leiligheter, fabrikker og forretninger ble overdratt til fordel for staten. Etter deportasjonen ble eiendeler og innbo [&hellip;]\" \/>\n<meta property=\"og:url\" content=\"https:\/\/staging.forenteforlag.no\/forlaget\/produkt\/hvor-ble-det-av-alt-sammen-2\/\" \/>\n<meta property=\"og:site_name\" content=\"Forlaget Press\" \/>\n<meta property=\"article:publisher\" content=\"https:\/\/www.facebook.com\/Forlagetpress\" \/>\n<meta property=\"article:modified_time\" content=\"2026-03-04T12:50:28+00:00\" \/>\n<meta property=\"og:image\" content=\"https:\/\/staging.forenteforlag.no\/forlaget\/wp-content\/uploads\/sites\/3\/2026\/02\/9788232803712.jpg\" \/>\n\t<meta property=\"og:image:width\" content=\"720\" \/>\n\t<meta property=\"og:image:height\" content=\"1066\" \/>\n\t<meta property=\"og:image:type\" content=\"image\/jpeg\" \/>\n<meta name=\"twitter:card\" content=\"summary_large_image\" \/>\n<meta name=\"twitter:label1\" content=\"Ansl. lesetid\" \/>\n\t<meta name=\"twitter:data1\" content=\"2 minutter\" \/>\n<script type=\"application\/ld+json\" class=\"yoast-schema-graph\">{\"@context\":\"https:\/\/schema.org\",\"@graph\":[{\"@type\":\"WebPage\",\"@id\":\"https:\/\/staging.forenteforlag.no\/forlaget\/produkt\/hvor-ble-det-av-alt-sammen-2\/\",\"url\":\"https:\/\/staging.forenteforlag.no\/forlaget\/produkt\/hvor-ble-det-av-alt-sammen-2\/\",\"name\":\"Hvor ble det av alt sammen? - Forlaget Press\",\"isPartOf\":{\"@id\":\"https:\/\/staging.forenteforlag.no\/forlaget\/#website\"},\"primaryImageOfPage\":{\"@id\":\"https:\/\/staging.forenteforlag.no\/forlaget\/produkt\/hvor-ble-det-av-alt-sammen-2\/#primaryimage\"},\"image\":{\"@id\":\"https:\/\/staging.forenteforlag.no\/forlaget\/produkt\/hvor-ble-det-av-alt-sammen-2\/#primaryimage\"},\"thumbnailUrl\":\"https:\/\/staging.forenteforlag.no\/forlaget\/wp-content\/uploads\/sites\/3\/2026\/02\/9788232803712.jpg\",\"datePublished\":\"2021-01-21T00:00:00+00:00\",\"dateModified\":\"2026-03-04T12:50:28+00:00\",\"breadcrumb\":{\"@id\":\"https:\/\/staging.forenteforlag.no\/forlaget\/produkt\/hvor-ble-det-av-alt-sammen-2\/#breadcrumb\"},\"inLanguage\":\"nb-NO\",\"potentialAction\":[{\"@type\":\"ReadAction\",\"target\":[\"https:\/\/staging.forenteforlag.no\/forlaget\/produkt\/hvor-ble-det-av-alt-sammen-2\/\"]}]},{\"@type\":\"ImageObject\",\"inLanguage\":\"nb-NO\",\"@id\":\"https:\/\/staging.forenteforlag.no\/forlaget\/produkt\/hvor-ble-det-av-alt-sammen-2\/#primaryimage\",\"url\":\"https:\/\/staging.forenteforlag.no\/forlaget\/wp-content\/uploads\/sites\/3\/2026\/02\/9788232803712.jpg\",\"contentUrl\":\"https:\/\/staging.forenteforlag.no\/forlaget\/wp-content\/uploads\/sites\/3\/2026\/02\/9788232803712.jpg\",\"width\":720,\"height\":1066},{\"@type\":\"BreadcrumbList\",\"@id\":\"https:\/\/staging.forenteforlag.no\/forlaget\/produkt\/hvor-ble-det-av-alt-sammen-2\/#breadcrumb\",\"itemListElement\":[{\"@type\":\"ListItem\",\"position\":1,\"name\":\"Hjem\",\"item\":\"https:\/\/staging.forenteforlag.no\/forlaget\/\"},{\"@type\":\"ListItem\",\"position\":2,\"name\":\"Alle b\u00f8ker\",\"item\":\"https:\/\/staging.forenteforlag.no\/forlaget\/butikk\/\"},{\"@type\":\"ListItem\",\"position\":3,\"name\":\"Hvor ble det av alt sammen?\"}]},{\"@type\":\"WebSite\",\"@id\":\"https:\/\/staging.forenteforlag.no\/forlaget\/#website\",\"url\":\"https:\/\/staging.forenteforlag.no\/forlaget\/\",\"name\":\"Forlaget Press\",\"description\":\"\",\"publisher\":{\"@id\":\"https:\/\/staging.forenteforlag.no\/forlaget\/#organization\"},\"potentialAction\":[{\"@type\":\"SearchAction\",\"target\":{\"@type\":\"EntryPoint\",\"urlTemplate\":\"https:\/\/staging.forenteforlag.no\/forlaget\/?s={search_term_string}\"},\"query-input\":{\"@type\":\"PropertyValueSpecification\",\"valueRequired\":true,\"valueName\":\"search_term_string\"}}],\"inLanguage\":\"nb-NO\"},{\"@type\":\"Organization\",\"@id\":\"https:\/\/staging.forenteforlag.no\/forlaget\/#organization\",\"name\":\"Forlaget Press\",\"url\":\"https:\/\/staging.forenteforlag.no\/forlaget\/\",\"logo\":{\"@type\":\"ImageObject\",\"inLanguage\":\"nb-NO\",\"@id\":\"https:\/\/staging.forenteforlag.no\/forlaget\/#\/schema\/logo\/image\/\",\"url\":\"https:\/\/staging.forenteforlag.no\/forlaget\/wp-content\/uploads\/sites\/3\/2024\/09\/Press_logo.svg\",\"contentUrl\":\"https:\/\/staging.forenteforlag.no\/forlaget\/wp-content\/uploads\/sites\/3\/2024\/09\/Press_logo.svg\",\"width\":100,\"height\":100,\"caption\":\"Forlaget Press\"},\"image\":{\"@id\":\"https:\/\/staging.forenteforlag.no\/forlaget\/#\/schema\/logo\/image\/\"},\"sameAs\":[\"https:\/\/www.facebook.com\/Forlagetpress\"]}]}<\/script>\n<!-- \/ Yoast SEO plugin. -->","yoast_head_json":{"title":"Hvor ble det av alt sammen? - Forlaget Press","robots":{"index":"noindex","follow":"follow","max-snippet":"max-snippet:-1","max-image-preview":"max-image-preview:large","max-video-preview":"max-video-preview:-1"},"og_locale":"nb_NO","og_type":"article","og_title":"Hvor ble det av alt sammen? - Forlaget Press","og_description":"Fra innsiden av det norste holocaust-oppgj\u00f8ret. Holocaust var ogs\u00e5 en historie om eiendeler, eiendom, \u00f8konomi. Samtidig med arrestasjonene av mannlige j\u00f8der i oktober 1942, beslagla politimenn landet rundt verdisaker i j\u00f8diske hjem: smykker, klokker, s\u00f8lvt\u00f8y og kontanter. Hus og leiligheter, fabrikker og forretninger ble overdratt til fordel for staten. Etter deportasjonen ble eiendeler og innbo [&hellip;]","og_url":"https:\/\/staging.forenteforlag.no\/forlaget\/produkt\/hvor-ble-det-av-alt-sammen-2\/","og_site_name":"Forlaget Press","article_publisher":"https:\/\/www.facebook.com\/Forlagetpress","article_modified_time":"2026-03-04T12:50:28+00:00","og_image":[{"width":720,"height":1066,"url":"https:\/\/staging.forenteforlag.no\/forlaget\/wp-content\/uploads\/sites\/3\/2026\/02\/9788232803712.jpg","type":"image\/jpeg"}],"twitter_card":"summary_large_image","twitter_misc":{"Ansl. lesetid":"2 minutter"},"schema":{"@context":"https:\/\/schema.org","@graph":[{"@type":"WebPage","@id":"https:\/\/staging.forenteforlag.no\/forlaget\/produkt\/hvor-ble-det-av-alt-sammen-2\/","url":"https:\/\/staging.forenteforlag.no\/forlaget\/produkt\/hvor-ble-det-av-alt-sammen-2\/","name":"Hvor ble det av alt sammen? - Forlaget Press","isPartOf":{"@id":"https:\/\/staging.forenteforlag.no\/forlaget\/#website"},"primaryImageOfPage":{"@id":"https:\/\/staging.forenteforlag.no\/forlaget\/produkt\/hvor-ble-det-av-alt-sammen-2\/#primaryimage"},"image":{"@id":"https:\/\/staging.forenteforlag.no\/forlaget\/produkt\/hvor-ble-det-av-alt-sammen-2\/#primaryimage"},"thumbnailUrl":"https:\/\/staging.forenteforlag.no\/forlaget\/wp-content\/uploads\/sites\/3\/2026\/02\/9788232803712.jpg","datePublished":"2021-01-21T00:00:00+00:00","dateModified":"2026-03-04T12:50:28+00:00","breadcrumb":{"@id":"https:\/\/staging.forenteforlag.no\/forlaget\/produkt\/hvor-ble-det-av-alt-sammen-2\/#breadcrumb"},"inLanguage":"nb-NO","potentialAction":[{"@type":"ReadAction","target":["https:\/\/staging.forenteforlag.no\/forlaget\/produkt\/hvor-ble-det-av-alt-sammen-2\/"]}]},{"@type":"ImageObject","inLanguage":"nb-NO","@id":"https:\/\/staging.forenteforlag.no\/forlaget\/produkt\/hvor-ble-det-av-alt-sammen-2\/#primaryimage","url":"https:\/\/staging.forenteforlag.no\/forlaget\/wp-content\/uploads\/sites\/3\/2026\/02\/9788232803712.jpg","contentUrl":"https:\/\/staging.forenteforlag.no\/forlaget\/wp-content\/uploads\/sites\/3\/2026\/02\/9788232803712.jpg","width":720,"height":1066},{"@type":"BreadcrumbList","@id":"https:\/\/staging.forenteforlag.no\/forlaget\/produkt\/hvor-ble-det-av-alt-sammen-2\/#breadcrumb","itemListElement":[{"@type":"ListItem","position":1,"name":"Hjem","item":"https:\/\/staging.forenteforlag.no\/forlaget\/"},{"@type":"ListItem","position":2,"name":"Alle b\u00f8ker","item":"https:\/\/staging.forenteforlag.no\/forlaget\/butikk\/"},{"@type":"ListItem","position":3,"name":"Hvor ble det av alt sammen?"}]},{"@type":"WebSite","@id":"https:\/\/staging.forenteforlag.no\/forlaget\/#website","url":"https:\/\/staging.forenteforlag.no\/forlaget\/","name":"Forlaget Press","description":"","publisher":{"@id":"https:\/\/staging.forenteforlag.no\/forlaget\/#organization"},"potentialAction":[{"@type":"SearchAction","target":{"@type":"EntryPoint","urlTemplate":"https:\/\/staging.forenteforlag.no\/forlaget\/?s={search_term_string}"},"query-input":{"@type":"PropertyValueSpecification","valueRequired":true,"valueName":"search_term_string"}}],"inLanguage":"nb-NO"},{"@type":"Organization","@id":"https:\/\/staging.forenteforlag.no\/forlaget\/#organization","name":"Forlaget Press","url":"https:\/\/staging.forenteforlag.no\/forlaget\/","logo":{"@type":"ImageObject","inLanguage":"nb-NO","@id":"https:\/\/staging.forenteforlag.no\/forlaget\/#\/schema\/logo\/image\/","url":"https:\/\/staging.forenteforlag.no\/forlaget\/wp-content\/uploads\/sites\/3\/2024\/09\/Press_logo.svg","contentUrl":"https:\/\/staging.forenteforlag.no\/forlaget\/wp-content\/uploads\/sites\/3\/2024\/09\/Press_logo.svg","width":100,"height":100,"caption":"Forlaget Press"},"image":{"@id":"https:\/\/staging.forenteforlag.no\/forlaget\/#\/schema\/logo\/image\/"},"sameAs":["https:\/\/www.facebook.com\/Forlagetpress"]}]}},"_links":{"self":[{"href":"https:\/\/staging.forenteforlag.no\/forlaget\/wp-json\/wp\/v2\/product\/20285","targetHints":{"allow":["GET"]}}],"collection":[{"href":"https:\/\/staging.forenteforlag.no\/forlaget\/wp-json\/wp\/v2\/product"}],"about":[{"href":"https:\/\/staging.forenteforlag.no\/forlaget\/wp-json\/wp\/v2\/types\/product"}],"wp:featuredmedia":[{"embeddable":true,"href":"https:\/\/staging.forenteforlag.no\/forlaget\/wp-json\/wp\/v2\/media\/26410"}],"wp:attachment":[{"href":"https:\/\/staging.forenteforlag.no\/forlaget\/wp-json\/wp\/v2\/media?parent=20285"}],"wp:term":[{"taxonomy":"product_brand","embeddable":true,"href":"https:\/\/staging.forenteforlag.no\/forlaget\/wp-json\/wp\/v2\/product_brand?post=20285"},{"taxonomy":"product_cat","embeddable":true,"href":"https:\/\/staging.forenteforlag.no\/forlaget\/wp-json\/wp\/v2\/product_cat?post=20285"},{"taxonomy":"product_tag","embeddable":true,"href":"https:\/\/staging.forenteforlag.no\/forlaget\/wp-json\/wp\/v2\/product_tag?post=20285"}],"curies":[{"name":"wp","href":"https:\/\/api.w.org\/{rel}","templated":true}]}}