{"id":20279,"date":"2021-05-25T02:00:00","date_gmt":"2021-05-25T00:00:00","guid":{"rendered":"https:\/\/forlagetpress.forenteforlag.no\/produkt\/hva-vet-historikerne-2\/"},"modified":"2026-03-02T16:57:47","modified_gmt":"2026-03-02T15:57:47","slug":"hva-vet-historikerne-2","status":"publish","type":"product","link":"https:\/\/staging.forenteforlag.no\/forlaget\/produkt\/hva-vet-historikerne-2\/","title":{"rendered":"Hva vet historikerne?"},"content":{"rendered":"<p>Deportasjonen av j\u00f8dene fra Norge h\u00f8sten 1942 har i flere \u00e5r v\u00e6rt et kontroversielt tema i norsk offentlighet. Debatten blusset opp igjen h\u00f8sten 2020, da historikerne Else B. Berggren, Bjarte Bruland og Mats Tangestuen rettet krass kritikk mot Marte Michelets bok &laquo;Hva visste hjemmefronten?&raquo; I &laquo;Hva vet historikerne?&raquo; sp\u00f8r Espen S\u00f8bye: Hva er det faglige grunnlaget for historikernes kritikk? G\u00e5r det fortsatt an \u00e5 forsvare Michelets teser? Og er vi n\u00e5 blitt klokere p\u00e5 hvorfor ikke flere av j\u00f8dene i Norge unnslapp arrestasjon, deportasjon og utryddelse? Med S\u00f8byes bok legges premissene for en norsk historikerstrid.<\/p>\n","protected":false},"excerpt":{"rendered":"<p>Deportasjonen av j\u00f8dene fra Norge h\u00f8sten 1942 har i flere \u00e5r v\u00e6rt et kontroversielt tema i norsk offentlighet. Debatten blusset opp igjen h\u00f8sten 2020, da historikerne Else B. Berggren, Bjarte Bruland og Mats Tangestuen rettet krass kritikk mot Marte Michelets bok &laquo;Hva visste hjemmefronten?&raquo; I &laquo;Hva vet historikerne?&raquo; sp\u00f8r Espen S\u00f8bye: Hva er det faglige [&hellip;]<\/p>\n","protected":false},"featured_media":26450,"template":"","meta":{"_acf_changed":false,"inline_featured_image":false},"product_brand":[],"product_cat":[1781],"product_tag":[362],"class_list":{"0":"post-20279","1":"product","2":"type-product","3":"status-publish","4":"has-post-thumbnail","6":"product_cat-rabattkodekampanje","7":"product_tag-faglitteratur","9":"first","10":"instock","11":"shipping-taxable","12":"purchasable","13":"product-type-simple"},"acf":{"anmeldelse":[{"tekst_anmeldelser":"\u00ab\u2026 Hva vet historikerne? er et ytterst viktig, veldokumentert og tankevekkende bidrag til forst\u00e5elsen av deportasjonen av j\u00f8dene og hjemmefrontens rolle.\u00bb","av_anmeldelser":"\ufeffMarius Wulfsberg","terningkast":"<i class=\"fa-solid fa-dice-five\"><\/i>","kilde":"Dagbladet"},{"tekst_anmeldelser":"\u00abEn betimelig og perspektivrik refleksjon over historiefaget, og [gir] samtidig Marte Michelet den anerkjennelsen hun fortjener.\u00bb","av_anmeldelser":"aja Scherven Mollerin, \u00c5rets beste b\u00f8ker","terningkast":false,"kilde":"Klassekampen"},{"tekst_anmeldelser":"\u00abEspen S\u00f8byes bok er et viktig og engasjert arbeid, den bringer diskusjonen om den norske j\u00f8deforf\u00f8lgelsen videre. Vi kan h\u00e5pe den tar oss til et sted der kilder og vedtatte sannheter kan bli satt under saklig debatt p\u00e5 nytt.\u00bb","av_anmeldelser":"\ufeffLeif Ekle","terningkast":false,"kilde":"NRK"},{"tekst_anmeldelser":"\u00abMed en omfattende gjennomgang av egne og andres feil bereder Espen S\u00f8bye grunnen for et oppgj\u00f8r om okkupasjonshistorien. (\u2026) Offentligheten f\u00e5r noe s\u00e5 sjeldent som en bok om en bok om en bok, formulert som innlegg i en l\u00f8pende debatt. S\u00f8byes bidrag s\u00f8rger for at verken kritisk granskning eller dr\u00f8fting stopper med denne utgivelsen.\u00bb","av_anmeldelser":"Tom Egil Hverven","terningkast":false,"kilde":"Klassekampen"}]},"yoast_head":"<!-- This site is optimized with the Yoast SEO plugin v26.6 - https:\/\/yoast.com\/wordpress\/plugins\/seo\/ -->\n<title>Hva vet historikerne? - Forlaget Press<\/title>\n<meta name=\"robots\" content=\"noindex, follow, max-snippet:-1, max-image-preview:large, max-video-preview:-1\" \/>\n<meta property=\"og:locale\" content=\"nb_NO\" \/>\n<meta property=\"og:type\" content=\"article\" \/>\n<meta property=\"og:title\" content=\"Hva vet historikerne? - Forlaget Press\" \/>\n<meta property=\"og:description\" content=\"Deportasjonen av j\u00f8dene fra Norge h\u00f8sten 1942 har i flere \u00e5r v\u00e6rt et kontroversielt tema i norsk offentlighet. Debatten blusset opp igjen h\u00f8sten 2020, da historikerne Else B. Berggren, Bjarte Bruland og Mats Tangestuen rettet krass kritikk mot Marte Michelets bok &laquo;Hva visste hjemmefronten?&raquo; I &laquo;Hva vet historikerne?&raquo; sp\u00f8r Espen S\u00f8bye: Hva er det faglige [&hellip;]\" \/>\n<meta property=\"og:url\" content=\"https:\/\/staging.forenteforlag.no\/forlaget\/produkt\/hva-vet-historikerne-2\/\" \/>\n<meta property=\"og:site_name\" content=\"Forlaget Press\" \/>\n<meta property=\"article:publisher\" content=\"https:\/\/www.facebook.com\/Forlagetpress\" \/>\n<meta property=\"article:modified_time\" content=\"2026-03-02T15:57:47+00:00\" \/>\n<meta property=\"og:image\" content=\"https:\/\/staging.forenteforlag.no\/forlaget\/wp-content\/uploads\/sites\/3\/2026\/02\/9788232804320.jpg\" \/>\n\t<meta property=\"og:image:width\" content=\"720\" \/>\n\t<meta property=\"og:image:height\" content=\"1052\" \/>\n\t<meta property=\"og:image:type\" content=\"image\/jpeg\" \/>\n<meta name=\"twitter:card\" content=\"summary_large_image\" \/>\n<meta name=\"twitter:label1\" content=\"Ansl. lesetid\" \/>\n\t<meta name=\"twitter:data1\" content=\"1 minutt\" \/>\n<script type=\"application\/ld+json\" class=\"yoast-schema-graph\">{\"@context\":\"https:\/\/schema.org\",\"@graph\":[{\"@type\":\"WebPage\",\"@id\":\"https:\/\/staging.forenteforlag.no\/forlaget\/produkt\/hva-vet-historikerne-2\/\",\"url\":\"https:\/\/staging.forenteforlag.no\/forlaget\/produkt\/hva-vet-historikerne-2\/\",\"name\":\"Hva vet historikerne? - Forlaget Press\",\"isPartOf\":{\"@id\":\"https:\/\/staging.forenteforlag.no\/forlaget\/#website\"},\"primaryImageOfPage\":{\"@id\":\"https:\/\/staging.forenteforlag.no\/forlaget\/produkt\/hva-vet-historikerne-2\/#primaryimage\"},\"image\":{\"@id\":\"https:\/\/staging.forenteforlag.no\/forlaget\/produkt\/hva-vet-historikerne-2\/#primaryimage\"},\"thumbnailUrl\":\"https:\/\/staging.forenteforlag.no\/forlaget\/wp-content\/uploads\/sites\/3\/2026\/02\/9788232804320.jpg\",\"datePublished\":\"2021-05-25T00:00:00+00:00\",\"dateModified\":\"2026-03-02T15:57:47+00:00\",\"breadcrumb\":{\"@id\":\"https:\/\/staging.forenteforlag.no\/forlaget\/produkt\/hva-vet-historikerne-2\/#breadcrumb\"},\"inLanguage\":\"nb-NO\",\"potentialAction\":[{\"@type\":\"ReadAction\",\"target\":[\"https:\/\/staging.forenteforlag.no\/forlaget\/produkt\/hva-vet-historikerne-2\/\"]}]},{\"@type\":\"ImageObject\",\"inLanguage\":\"nb-NO\",\"@id\":\"https:\/\/staging.forenteforlag.no\/forlaget\/produkt\/hva-vet-historikerne-2\/#primaryimage\",\"url\":\"https:\/\/staging.forenteforlag.no\/forlaget\/wp-content\/uploads\/sites\/3\/2026\/02\/9788232804320.jpg\",\"contentUrl\":\"https:\/\/staging.forenteforlag.no\/forlaget\/wp-content\/uploads\/sites\/3\/2026\/02\/9788232804320.jpg\",\"width\":720,\"height\":1052},{\"@type\":\"BreadcrumbList\",\"@id\":\"https:\/\/staging.forenteforlag.no\/forlaget\/produkt\/hva-vet-historikerne-2\/#breadcrumb\",\"itemListElement\":[{\"@type\":\"ListItem\",\"position\":1,\"name\":\"Hjem\",\"item\":\"https:\/\/staging.forenteforlag.no\/forlaget\/\"},{\"@type\":\"ListItem\",\"position\":2,\"name\":\"Alle b\u00f8ker\",\"item\":\"https:\/\/staging.forenteforlag.no\/forlaget\/butikk\/\"},{\"@type\":\"ListItem\",\"position\":3,\"name\":\"Hva vet historikerne?\"}]},{\"@type\":\"WebSite\",\"@id\":\"https:\/\/staging.forenteforlag.no\/forlaget\/#website\",\"url\":\"https:\/\/staging.forenteforlag.no\/forlaget\/\",\"name\":\"Forlaget Press\",\"description\":\"\",\"publisher\":{\"@id\":\"https:\/\/staging.forenteforlag.no\/forlaget\/#organization\"},\"potentialAction\":[{\"@type\":\"SearchAction\",\"target\":{\"@type\":\"EntryPoint\",\"urlTemplate\":\"https:\/\/staging.forenteforlag.no\/forlaget\/?s={search_term_string}\"},\"query-input\":{\"@type\":\"PropertyValueSpecification\",\"valueRequired\":true,\"valueName\":\"search_term_string\"}}],\"inLanguage\":\"nb-NO\"},{\"@type\":\"Organization\",\"@id\":\"https:\/\/staging.forenteforlag.no\/forlaget\/#organization\",\"name\":\"Forlaget Press\",\"url\":\"https:\/\/staging.forenteforlag.no\/forlaget\/\",\"logo\":{\"@type\":\"ImageObject\",\"inLanguage\":\"nb-NO\",\"@id\":\"https:\/\/staging.forenteforlag.no\/forlaget\/#\/schema\/logo\/image\/\",\"url\":\"https:\/\/staging.forenteforlag.no\/forlaget\/wp-content\/uploads\/sites\/3\/2024\/09\/Press_logo.svg\",\"contentUrl\":\"https:\/\/staging.forenteforlag.no\/forlaget\/wp-content\/uploads\/sites\/3\/2024\/09\/Press_logo.svg\",\"width\":100,\"height\":100,\"caption\":\"Forlaget Press\"},\"image\":{\"@id\":\"https:\/\/staging.forenteforlag.no\/forlaget\/#\/schema\/logo\/image\/\"},\"sameAs\":[\"https:\/\/www.facebook.com\/Forlagetpress\"]}]}<\/script>\n<!-- \/ Yoast SEO plugin. -->","yoast_head_json":{"title":"Hva vet historikerne? - Forlaget Press","robots":{"index":"noindex","follow":"follow","max-snippet":"max-snippet:-1","max-image-preview":"max-image-preview:large","max-video-preview":"max-video-preview:-1"},"og_locale":"nb_NO","og_type":"article","og_title":"Hva vet historikerne? - Forlaget Press","og_description":"Deportasjonen av j\u00f8dene fra Norge h\u00f8sten 1942 har i flere \u00e5r v\u00e6rt et kontroversielt tema i norsk offentlighet. Debatten blusset opp igjen h\u00f8sten 2020, da historikerne Else B. Berggren, Bjarte Bruland og Mats Tangestuen rettet krass kritikk mot Marte Michelets bok &laquo;Hva visste hjemmefronten?&raquo; I &laquo;Hva vet historikerne?&raquo; sp\u00f8r Espen S\u00f8bye: Hva er det faglige [&hellip;]","og_url":"https:\/\/staging.forenteforlag.no\/forlaget\/produkt\/hva-vet-historikerne-2\/","og_site_name":"Forlaget Press","article_publisher":"https:\/\/www.facebook.com\/Forlagetpress","article_modified_time":"2026-03-02T15:57:47+00:00","og_image":[{"width":720,"height":1052,"url":"https:\/\/staging.forenteforlag.no\/forlaget\/wp-content\/uploads\/sites\/3\/2026\/02\/9788232804320.jpg","type":"image\/jpeg"}],"twitter_card":"summary_large_image","twitter_misc":{"Ansl. lesetid":"1 minutt"},"schema":{"@context":"https:\/\/schema.org","@graph":[{"@type":"WebPage","@id":"https:\/\/staging.forenteforlag.no\/forlaget\/produkt\/hva-vet-historikerne-2\/","url":"https:\/\/staging.forenteforlag.no\/forlaget\/produkt\/hva-vet-historikerne-2\/","name":"Hva vet historikerne? - Forlaget Press","isPartOf":{"@id":"https:\/\/staging.forenteforlag.no\/forlaget\/#website"},"primaryImageOfPage":{"@id":"https:\/\/staging.forenteforlag.no\/forlaget\/produkt\/hva-vet-historikerne-2\/#primaryimage"},"image":{"@id":"https:\/\/staging.forenteforlag.no\/forlaget\/produkt\/hva-vet-historikerne-2\/#primaryimage"},"thumbnailUrl":"https:\/\/staging.forenteforlag.no\/forlaget\/wp-content\/uploads\/sites\/3\/2026\/02\/9788232804320.jpg","datePublished":"2021-05-25T00:00:00+00:00","dateModified":"2026-03-02T15:57:47+00:00","breadcrumb":{"@id":"https:\/\/staging.forenteforlag.no\/forlaget\/produkt\/hva-vet-historikerne-2\/#breadcrumb"},"inLanguage":"nb-NO","potentialAction":[{"@type":"ReadAction","target":["https:\/\/staging.forenteforlag.no\/forlaget\/produkt\/hva-vet-historikerne-2\/"]}]},{"@type":"ImageObject","inLanguage":"nb-NO","@id":"https:\/\/staging.forenteforlag.no\/forlaget\/produkt\/hva-vet-historikerne-2\/#primaryimage","url":"https:\/\/staging.forenteforlag.no\/forlaget\/wp-content\/uploads\/sites\/3\/2026\/02\/9788232804320.jpg","contentUrl":"https:\/\/staging.forenteforlag.no\/forlaget\/wp-content\/uploads\/sites\/3\/2026\/02\/9788232804320.jpg","width":720,"height":1052},{"@type":"BreadcrumbList","@id":"https:\/\/staging.forenteforlag.no\/forlaget\/produkt\/hva-vet-historikerne-2\/#breadcrumb","itemListElement":[{"@type":"ListItem","position":1,"name":"Hjem","item":"https:\/\/staging.forenteforlag.no\/forlaget\/"},{"@type":"ListItem","position":2,"name":"Alle b\u00f8ker","item":"https:\/\/staging.forenteforlag.no\/forlaget\/butikk\/"},{"@type":"ListItem","position":3,"name":"Hva vet historikerne?"}]},{"@type":"WebSite","@id":"https:\/\/staging.forenteforlag.no\/forlaget\/#website","url":"https:\/\/staging.forenteforlag.no\/forlaget\/","name":"Forlaget Press","description":"","publisher":{"@id":"https:\/\/staging.forenteforlag.no\/forlaget\/#organization"},"potentialAction":[{"@type":"SearchAction","target":{"@type":"EntryPoint","urlTemplate":"https:\/\/staging.forenteforlag.no\/forlaget\/?s={search_term_string}"},"query-input":{"@type":"PropertyValueSpecification","valueRequired":true,"valueName":"search_term_string"}}],"inLanguage":"nb-NO"},{"@type":"Organization","@id":"https:\/\/staging.forenteforlag.no\/forlaget\/#organization","name":"Forlaget Press","url":"https:\/\/staging.forenteforlag.no\/forlaget\/","logo":{"@type":"ImageObject","inLanguage":"nb-NO","@id":"https:\/\/staging.forenteforlag.no\/forlaget\/#\/schema\/logo\/image\/","url":"https:\/\/staging.forenteforlag.no\/forlaget\/wp-content\/uploads\/sites\/3\/2024\/09\/Press_logo.svg","contentUrl":"https:\/\/staging.forenteforlag.no\/forlaget\/wp-content\/uploads\/sites\/3\/2024\/09\/Press_logo.svg","width":100,"height":100,"caption":"Forlaget Press"},"image":{"@id":"https:\/\/staging.forenteforlag.no\/forlaget\/#\/schema\/logo\/image\/"},"sameAs":["https:\/\/www.facebook.com\/Forlagetpress"]}]}},"_links":{"self":[{"href":"https:\/\/staging.forenteforlag.no\/forlaget\/wp-json\/wp\/v2\/product\/20279","targetHints":{"allow":["GET"]}}],"collection":[{"href":"https:\/\/staging.forenteforlag.no\/forlaget\/wp-json\/wp\/v2\/product"}],"about":[{"href":"https:\/\/staging.forenteforlag.no\/forlaget\/wp-json\/wp\/v2\/types\/product"}],"wp:featuredmedia":[{"embeddable":true,"href":"https:\/\/staging.forenteforlag.no\/forlaget\/wp-json\/wp\/v2\/media\/26450"}],"wp:attachment":[{"href":"https:\/\/staging.forenteforlag.no\/forlaget\/wp-json\/wp\/v2\/media?parent=20279"}],"wp:term":[{"taxonomy":"product_brand","embeddable":true,"href":"https:\/\/staging.forenteforlag.no\/forlaget\/wp-json\/wp\/v2\/product_brand?post=20279"},{"taxonomy":"product_cat","embeddable":true,"href":"https:\/\/staging.forenteforlag.no\/forlaget\/wp-json\/wp\/v2\/product_cat?post=20279"},{"taxonomy":"product_tag","embeddable":true,"href":"https:\/\/staging.forenteforlag.no\/forlaget\/wp-json\/wp\/v2\/product_tag?post=20279"}],"curies":[{"name":"wp","href":"https:\/\/api.w.org\/{rel}","templated":true}]}}