{"id":20251,"date":"2015-02-27T01:00:00","date_gmt":"2015-02-27T00:00:00","guid":{"rendered":"https:\/\/forlagetpress.forenteforlag.no\/produkt\/den-sorte-greven-3\/"},"modified":"2026-03-03T23:34:22","modified_gmt":"2026-03-03T22:34:22","slug":"den-sorte-greven-3","status":"publish","type":"product","link":"https:\/\/staging.forenteforlag.no\/forlaget\/produkt\/den-sorte-greven-3\/","title":{"rendered":"Den sorte greven"},"content":{"rendered":"<p>Dette er historien om den franske revolusjonens st\u00f8rste og mest popul\u00e6re h\u00e6rf\u00f8rer, Napoleons rival og den virkelige greven av Monte Cristo: General Alex Dumas. Frem til Tom Reiss&#8217; oppsporing av den gamle helten har Dumas v\u00e6rt en glemt skikkelse i revolusjonshistorien. Men fortellingene om ham klinger liksom merkelig kjente og n\u00e6rv\u00e6rende, noe som skyldes hans s\u00f8nn, forfatteren Alexandre Dumas, som brukte farens milit\u00e6re bravader som stoff til sine storslagne historier da han skapte noen av de mest ber\u00f8mte helter litteraturen har sett.  <\/p>\n<p>Skjult bak forfatteren Dumas&#8217; eventyrlige helteskikkelser avsl\u00f8res en historie enda mer utrolig: Den virkelige helten var s\u00f8nn av en sort slave, men skulle klatre h\u00f8yere i den hvite manns verden enn noen m\u00f8rkhudet mann f\u00f8r ham. Alex Dumas ble f\u00f8dt i den franske kolonien Sainte-Domingue (n\u00e5 Haiti). Moren var sort slave og faren av fransk overklasse. Grunnet guttens usedvanlige evner og gode fysikk tok faren ham med seg til Paris der han som en del av det franske aristokratiet fikk utdannelse i fekting. Fra \u00e5 v\u00e6re fotsoldat i den franske h\u00e6ren skj\u00f8t hans milit\u00e6re karriere raskt fart, og han endte som revolusjonsh\u00e6rens mest fremgangsrike general &#8211; helt til han m\u00f8tte en usynlig fiende som han ikke kunne beseire, til tross for sin enorme styrke. <\/p>\n<p>Den sorte greven byr p\u00e5 en rik beskrivelse av 1800-tallets Frankrike<br \/> et vindu mot et Europa i en avgj\u00f8rende brytningstid, en idealistisk og multikulturell revolusjonstid der man kjemper for frihet, likhet og brorskap, og der man enn\u00e5 ikke har g\u00e5tt seg bort i raseteorier. Den underliggende nerven gjennom det hele er like fullt de ubrytelige b\u00e5nd mellom en far og en s\u00f8nn. <\/p>\n<p>Vinner av Pulitzerprisen 2013<\/p>\n","protected":false},"excerpt":{"rendered":"<p>Dette er historien om den franske revolusjonens st\u00f8rste og mest popul\u00e6re h\u00e6rf\u00f8rer, Napoleons rival og den virkelige greven av Monte Cristo: General Alex Dumas. Frem til Tom Reiss&#8217; oppsporing av den gamle helten har Dumas v\u00e6rt en glemt skikkelse i revolusjonshistorien. Men fortellingene om ham klinger liksom merkelig kjente og n\u00e6rv\u00e6rende, noe som skyldes hans [&hellip;]<\/p>\n","protected":false},"featured_media":24638,"template":"","meta":{"_acf_changed":false,"inline_featured_image":false},"product_brand":[],"product_cat":[1781],"product_tag":[395,362,777,811,658],"class_list":{"0":"post-20251","1":"product","2":"type-product","3":"status-publish","4":"has-post-thumbnail","6":"product_cat-rabattkodekampanje","7":"product_tag-1700-tallet","8":"product_tag-faglitteratur","9":"product_tag-frankrike","10":"product_tag-haeren","11":"product_tag-revolusjon","13":"first","14":"instock","15":"shipping-taxable","16":"purchasable","17":"product-type-simple"},"acf":{"anmeldelse":[{"tekst_anmeldelser":"\u00abEn gang fascinert av b\u00f8kene om greven av Monte Cristo og musketerne, er det med en slags gjenkjennelsens glede jeg f\u00f8lger Reiss i sporene etter Alex Dumas, full av detaljer og artige sidesprang. Dumas fortjener s\u00e5 visst \u00e5 bli husket for langt mer enn farskapet til en produktiv forfatter.\u00bb","av_anmeldelser":"Alf Kjetil Igland","terningkast":"<i class=\"fa-solid fa-dice-six\"><\/i>","kilde":"F\u00e6drelandsvennen"},{"tekst_anmeldelser":"\u00abTom Reiss\u2019 bok kan leses som et eventyr med fotnoter og er forrykende historiefortelling.\u00bb","av_anmeldelser":"Susanne Hedemann Hiorth","terningkast":false,"kilde":"Dagens N\u00e6ringsliv"},{"tekst_anmeldelser":"\u00abSuverent: En forrykende, dokumentarisk avlegger av Alexandre Dumas\u2019 eventyrromaner.\u00bb","av_anmeldelser":"Geir Pollen","terningkast":false,"kilde":"Klassekampen"},{"tekst_anmeldelser":"\u00abTom Reiss har beg\u00e5tt en bragd av en bok.\u00bb","av_anmeldelser":"Sten Inge J\u00f8rgensen","terningkast":"<i class=\"fa-solid fa-dice-six\"><\/i>","kilde":"VG"},{"tekst_anmeldelser":"\u00abReiss forteller en drivende god historie om en mann med et uvanlig utgangspunkt for en milit\u00e6r karriere.\u00bb","av_anmeldelser":"Ole Kallelid","terningkast":"<i class=\"fa-solid fa-dice-five\"><\/i>","kilde":"Stavanger Aftenblad"}]},"yoast_head":"<!-- This site is optimized with the Yoast SEO plugin v26.6 - https:\/\/yoast.com\/wordpress\/plugins\/seo\/ -->\n<title>Den sorte greven - Forlaget Press<\/title>\n<meta name=\"robots\" content=\"noindex, follow, max-snippet:-1, max-image-preview:large, max-video-preview:-1\" \/>\n<meta property=\"og:locale\" content=\"nb_NO\" \/>\n<meta property=\"og:type\" content=\"article\" \/>\n<meta property=\"og:title\" content=\"Den sorte greven - Forlaget Press\" \/>\n<meta property=\"og:description\" content=\"Dette er historien om den franske revolusjonens st\u00f8rste og mest popul\u00e6re h\u00e6rf\u00f8rer, Napoleons rival og den virkelige greven av Monte Cristo: General Alex Dumas. Frem til Tom Reiss&#8217; oppsporing av den gamle helten har Dumas v\u00e6rt en glemt skikkelse i revolusjonshistorien. Men fortellingene om ham klinger liksom merkelig kjente og n\u00e6rv\u00e6rende, noe som skyldes hans [&hellip;]\" \/>\n<meta property=\"og:url\" content=\"https:\/\/staging.forenteforlag.no\/forlaget\/produkt\/den-sorte-greven-3\/\" \/>\n<meta property=\"og:site_name\" content=\"Forlaget Press\" \/>\n<meta property=\"article:publisher\" content=\"https:\/\/www.facebook.com\/Forlagetpress\" \/>\n<meta property=\"article:modified_time\" content=\"2026-03-03T22:34:22+00:00\" \/>\n<meta property=\"og:image\" content=\"https:\/\/staging.forenteforlag.no\/forlaget\/wp-content\/uploads\/sites\/3\/2025\/08\/jpg-5146.jpg\" \/>\n\t<meta property=\"og:image:width\" content=\"774\" \/>\n\t<meta property=\"og:image:height\" content=\"1142\" \/>\n\t<meta property=\"og:image:type\" content=\"image\/jpeg\" \/>\n<meta name=\"twitter:card\" content=\"summary_large_image\" \/>\n<meta name=\"twitter:label1\" content=\"Ansl. lesetid\" \/>\n\t<meta name=\"twitter:data1\" content=\"1 minutt\" \/>\n<script type=\"application\/ld+json\" class=\"yoast-schema-graph\">{\"@context\":\"https:\/\/schema.org\",\"@graph\":[{\"@type\":\"WebPage\",\"@id\":\"https:\/\/staging.forenteforlag.no\/forlaget\/produkt\/den-sorte-greven-3\/\",\"url\":\"https:\/\/staging.forenteforlag.no\/forlaget\/produkt\/den-sorte-greven-3\/\",\"name\":\"Den sorte greven - Forlaget Press\",\"isPartOf\":{\"@id\":\"https:\/\/staging.forenteforlag.no\/forlaget\/#website\"},\"primaryImageOfPage\":{\"@id\":\"https:\/\/staging.forenteforlag.no\/forlaget\/produkt\/den-sorte-greven-3\/#primaryimage\"},\"image\":{\"@id\":\"https:\/\/staging.forenteforlag.no\/forlaget\/produkt\/den-sorte-greven-3\/#primaryimage\"},\"thumbnailUrl\":\"https:\/\/staging.forenteforlag.no\/forlaget\/wp-content\/uploads\/sites\/3\/2025\/08\/jpg-5146.jpg\",\"datePublished\":\"2015-02-27T00:00:00+00:00\",\"dateModified\":\"2026-03-03T22:34:22+00:00\",\"breadcrumb\":{\"@id\":\"https:\/\/staging.forenteforlag.no\/forlaget\/produkt\/den-sorte-greven-3\/#breadcrumb\"},\"inLanguage\":\"nb-NO\",\"potentialAction\":[{\"@type\":\"ReadAction\",\"target\":[\"https:\/\/staging.forenteforlag.no\/forlaget\/produkt\/den-sorte-greven-3\/\"]}]},{\"@type\":\"ImageObject\",\"inLanguage\":\"nb-NO\",\"@id\":\"https:\/\/staging.forenteforlag.no\/forlaget\/produkt\/den-sorte-greven-3\/#primaryimage\",\"url\":\"https:\/\/staging.forenteforlag.no\/forlaget\/wp-content\/uploads\/sites\/3\/2025\/08\/jpg-5146.jpg\",\"contentUrl\":\"https:\/\/staging.forenteforlag.no\/forlaget\/wp-content\/uploads\/sites\/3\/2025\/08\/jpg-5146.jpg\",\"width\":774,\"height\":1142},{\"@type\":\"BreadcrumbList\",\"@id\":\"https:\/\/staging.forenteforlag.no\/forlaget\/produkt\/den-sorte-greven-3\/#breadcrumb\",\"itemListElement\":[{\"@type\":\"ListItem\",\"position\":1,\"name\":\"Hjem\",\"item\":\"https:\/\/staging.forenteforlag.no\/forlaget\/\"},{\"@type\":\"ListItem\",\"position\":2,\"name\":\"Alle b\u00f8ker\",\"item\":\"https:\/\/staging.forenteforlag.no\/forlaget\/butikk\/\"},{\"@type\":\"ListItem\",\"position\":3,\"name\":\"Den sorte greven\"}]},{\"@type\":\"WebSite\",\"@id\":\"https:\/\/staging.forenteforlag.no\/forlaget\/#website\",\"url\":\"https:\/\/staging.forenteforlag.no\/forlaget\/\",\"name\":\"Forlaget Press\",\"description\":\"\",\"publisher\":{\"@id\":\"https:\/\/staging.forenteforlag.no\/forlaget\/#organization\"},\"potentialAction\":[{\"@type\":\"SearchAction\",\"target\":{\"@type\":\"EntryPoint\",\"urlTemplate\":\"https:\/\/staging.forenteforlag.no\/forlaget\/?s={search_term_string}\"},\"query-input\":{\"@type\":\"PropertyValueSpecification\",\"valueRequired\":true,\"valueName\":\"search_term_string\"}}],\"inLanguage\":\"nb-NO\"},{\"@type\":\"Organization\",\"@id\":\"https:\/\/staging.forenteforlag.no\/forlaget\/#organization\",\"name\":\"Forlaget Press\",\"url\":\"https:\/\/staging.forenteforlag.no\/forlaget\/\",\"logo\":{\"@type\":\"ImageObject\",\"inLanguage\":\"nb-NO\",\"@id\":\"https:\/\/staging.forenteforlag.no\/forlaget\/#\/schema\/logo\/image\/\",\"url\":\"https:\/\/staging.forenteforlag.no\/forlaget\/wp-content\/uploads\/sites\/3\/2024\/09\/Press_logo.svg\",\"contentUrl\":\"https:\/\/staging.forenteforlag.no\/forlaget\/wp-content\/uploads\/sites\/3\/2024\/09\/Press_logo.svg\",\"width\":100,\"height\":100,\"caption\":\"Forlaget Press\"},\"image\":{\"@id\":\"https:\/\/staging.forenteforlag.no\/forlaget\/#\/schema\/logo\/image\/\"},\"sameAs\":[\"https:\/\/www.facebook.com\/Forlagetpress\"]}]}<\/script>\n<!-- \/ Yoast SEO plugin. -->","yoast_head_json":{"title":"Den sorte greven - Forlaget Press","robots":{"index":"noindex","follow":"follow","max-snippet":"max-snippet:-1","max-image-preview":"max-image-preview:large","max-video-preview":"max-video-preview:-1"},"og_locale":"nb_NO","og_type":"article","og_title":"Den sorte greven - Forlaget Press","og_description":"Dette er historien om den franske revolusjonens st\u00f8rste og mest popul\u00e6re h\u00e6rf\u00f8rer, Napoleons rival og den virkelige greven av Monte Cristo: General Alex Dumas. Frem til Tom Reiss&#8217; oppsporing av den gamle helten har Dumas v\u00e6rt en glemt skikkelse i revolusjonshistorien. Men fortellingene om ham klinger liksom merkelig kjente og n\u00e6rv\u00e6rende, noe som skyldes hans [&hellip;]","og_url":"https:\/\/staging.forenteforlag.no\/forlaget\/produkt\/den-sorte-greven-3\/","og_site_name":"Forlaget Press","article_publisher":"https:\/\/www.facebook.com\/Forlagetpress","article_modified_time":"2026-03-03T22:34:22+00:00","og_image":[{"width":774,"height":1142,"url":"https:\/\/staging.forenteforlag.no\/forlaget\/wp-content\/uploads\/sites\/3\/2025\/08\/jpg-5146.jpg","type":"image\/jpeg"}],"twitter_card":"summary_large_image","twitter_misc":{"Ansl. lesetid":"1 minutt"},"schema":{"@context":"https:\/\/schema.org","@graph":[{"@type":"WebPage","@id":"https:\/\/staging.forenteforlag.no\/forlaget\/produkt\/den-sorte-greven-3\/","url":"https:\/\/staging.forenteforlag.no\/forlaget\/produkt\/den-sorte-greven-3\/","name":"Den sorte greven - Forlaget Press","isPartOf":{"@id":"https:\/\/staging.forenteforlag.no\/forlaget\/#website"},"primaryImageOfPage":{"@id":"https:\/\/staging.forenteforlag.no\/forlaget\/produkt\/den-sorte-greven-3\/#primaryimage"},"image":{"@id":"https:\/\/staging.forenteforlag.no\/forlaget\/produkt\/den-sorte-greven-3\/#primaryimage"},"thumbnailUrl":"https:\/\/staging.forenteforlag.no\/forlaget\/wp-content\/uploads\/sites\/3\/2025\/08\/jpg-5146.jpg","datePublished":"2015-02-27T00:00:00+00:00","dateModified":"2026-03-03T22:34:22+00:00","breadcrumb":{"@id":"https:\/\/staging.forenteforlag.no\/forlaget\/produkt\/den-sorte-greven-3\/#breadcrumb"},"inLanguage":"nb-NO","potentialAction":[{"@type":"ReadAction","target":["https:\/\/staging.forenteforlag.no\/forlaget\/produkt\/den-sorte-greven-3\/"]}]},{"@type":"ImageObject","inLanguage":"nb-NO","@id":"https:\/\/staging.forenteforlag.no\/forlaget\/produkt\/den-sorte-greven-3\/#primaryimage","url":"https:\/\/staging.forenteforlag.no\/forlaget\/wp-content\/uploads\/sites\/3\/2025\/08\/jpg-5146.jpg","contentUrl":"https:\/\/staging.forenteforlag.no\/forlaget\/wp-content\/uploads\/sites\/3\/2025\/08\/jpg-5146.jpg","width":774,"height":1142},{"@type":"BreadcrumbList","@id":"https:\/\/staging.forenteforlag.no\/forlaget\/produkt\/den-sorte-greven-3\/#breadcrumb","itemListElement":[{"@type":"ListItem","position":1,"name":"Hjem","item":"https:\/\/staging.forenteforlag.no\/forlaget\/"},{"@type":"ListItem","position":2,"name":"Alle b\u00f8ker","item":"https:\/\/staging.forenteforlag.no\/forlaget\/butikk\/"},{"@type":"ListItem","position":3,"name":"Den sorte greven"}]},{"@type":"WebSite","@id":"https:\/\/staging.forenteforlag.no\/forlaget\/#website","url":"https:\/\/staging.forenteforlag.no\/forlaget\/","name":"Forlaget Press","description":"","publisher":{"@id":"https:\/\/staging.forenteforlag.no\/forlaget\/#organization"},"potentialAction":[{"@type":"SearchAction","target":{"@type":"EntryPoint","urlTemplate":"https:\/\/staging.forenteforlag.no\/forlaget\/?s={search_term_string}"},"query-input":{"@type":"PropertyValueSpecification","valueRequired":true,"valueName":"search_term_string"}}],"inLanguage":"nb-NO"},{"@type":"Organization","@id":"https:\/\/staging.forenteforlag.no\/forlaget\/#organization","name":"Forlaget Press","url":"https:\/\/staging.forenteforlag.no\/forlaget\/","logo":{"@type":"ImageObject","inLanguage":"nb-NO","@id":"https:\/\/staging.forenteforlag.no\/forlaget\/#\/schema\/logo\/image\/","url":"https:\/\/staging.forenteforlag.no\/forlaget\/wp-content\/uploads\/sites\/3\/2024\/09\/Press_logo.svg","contentUrl":"https:\/\/staging.forenteforlag.no\/forlaget\/wp-content\/uploads\/sites\/3\/2024\/09\/Press_logo.svg","width":100,"height":100,"caption":"Forlaget Press"},"image":{"@id":"https:\/\/staging.forenteforlag.no\/forlaget\/#\/schema\/logo\/image\/"},"sameAs":["https:\/\/www.facebook.com\/Forlagetpress"]}]}},"_links":{"self":[{"href":"https:\/\/staging.forenteforlag.no\/forlaget\/wp-json\/wp\/v2\/product\/20251","targetHints":{"allow":["GET"]}}],"collection":[{"href":"https:\/\/staging.forenteforlag.no\/forlaget\/wp-json\/wp\/v2\/product"}],"about":[{"href":"https:\/\/staging.forenteforlag.no\/forlaget\/wp-json\/wp\/v2\/types\/product"}],"wp:featuredmedia":[{"embeddable":true,"href":"https:\/\/staging.forenteforlag.no\/forlaget\/wp-json\/wp\/v2\/media\/24638"}],"wp:attachment":[{"href":"https:\/\/staging.forenteforlag.no\/forlaget\/wp-json\/wp\/v2\/media?parent=20251"}],"wp:term":[{"taxonomy":"product_brand","embeddable":true,"href":"https:\/\/staging.forenteforlag.no\/forlaget\/wp-json\/wp\/v2\/product_brand?post=20251"},{"taxonomy":"product_cat","embeddable":true,"href":"https:\/\/staging.forenteforlag.no\/forlaget\/wp-json\/wp\/v2\/product_cat?post=20251"},{"taxonomy":"product_tag","embeddable":true,"href":"https:\/\/staging.forenteforlag.no\/forlaget\/wp-json\/wp\/v2\/product_tag?post=20251"}],"curies":[{"name":"wp","href":"https:\/\/api.w.org\/{rel}","templated":true}]}}