{"id":23026,"date":"2024-12-10T20:34:19","date_gmt":"2024-12-10T19:34:19","guid":{"rendered":"https:\/\/staging.forenteforlag.no\/forfatter\/peter-butenschon\/"},"modified":"2025-05-30T13:23:09","modified_gmt":"2025-05-30T11:23:09","slug":"peter-butenschon","status":"publish","type":"forfatter","link":"https:\/\/staging.forenteforlag.no\/forlaget\/forfatter\/peter-butenschon\/","title":{"rendered":"Peter Butensch\u00f8n"},"content":{"rendered":"<p>Peter Butensch\u00f8n er s\u00e6rlig kjent som arkitekturskribent og kritiker og som tidligere fast arkitekturmedarbeider i Dagbladet. Han har ogs\u00e5 v\u00e6rt redakt\u00f8r av tidsskriftet Byggekunst, prosjektsjef og daglig leder for IN\\&#8217;BY, r\u00e5dgiver i Kulturdepartementet. Han tok initiativet til opprettelsen av, og var mellom 1992\u20132002, direkt\u00f8r for institusjonen Norsk Form, et senter for arkitektur, design og bygningsmilj\u00f8. I 2000 ble han valgt til president i den internasjonale designorganisasjonen ICSID (International Council of Societies of Industrial Design). Fra 2002 var han rektor for Kunsth\u00f8gskolen i Oslo.<\/p>\n","protected":false},"featured_media":23027,"template":"","class_list":["post-23026","forfatter","type-forfatter","status-publish","has-post-thumbnail","hentry"],"acf":[],"yoast_head":"<!-- This site is optimized with the Yoast SEO plugin v26.6 - https:\/\/yoast.com\/wordpress\/plugins\/seo\/ -->\n<title>Peter Butensch\u00f8n - Forlaget Press<\/title>\n<meta name=\"robots\" content=\"noindex, follow, max-snippet:-1, max-image-preview:large, max-video-preview:-1\" \/>\n<meta property=\"og:locale\" content=\"nb_NO\" \/>\n<meta property=\"og:type\" content=\"article\" \/>\n<meta property=\"og:title\" content=\"Peter Butensch\u00f8n - Forlaget Press\" \/>\n<meta property=\"og:description\" content=\"Peter Butensch\u00f8n er s\u00e6rlig kjent som arkitekturskribent og kritiker og som tidligere fast arkitekturmedarbeider i Dagbladet. Han har ogs\u00e5 v\u00e6rt redakt\u00f8r av tidsskriftet Byggekunst, prosjektsjef og daglig leder for IN&#8217;BY, r\u00e5dgiver i Kulturdepartementet. Han tok initiativet til opprettelsen av, og var mellom 1992\u20132002, direkt\u00f8r for institusjonen Norsk Form, et senter for arkitektur, design og bygningsmilj\u00f8. [&hellip;]\" \/>\n<meta property=\"og:url\" content=\"https:\/\/staging.forenteforlag.no\/forlaget\/forfatter\/peter-butenschon\/\" \/>\n<meta property=\"og:site_name\" content=\"Forlaget Press\" \/>\n<meta property=\"article:publisher\" content=\"https:\/\/www.facebook.com\/Forlagetpress\" \/>\n<meta property=\"article:modified_time\" content=\"2025-05-30T11:23:09+00:00\" \/>\n<meta property=\"og:image\" content=\"https:\/\/staging.forenteforlag.no\/forlaget\/wp-content\/uploads\/sites\/3\/2025\/02\/peter-butenschon-scaled-1.jpg\" \/>\n\t<meta property=\"og:image:width\" content=\"1371\" \/>\n\t<meta property=\"og:image:height\" content=\"1920\" \/>\n\t<meta property=\"og:image:type\" content=\"image\/jpeg\" \/>\n<meta name=\"twitter:card\" content=\"summary_large_image\" \/>\n<meta name=\"twitter:label1\" content=\"Ansl. lesetid\" \/>\n\t<meta name=\"twitter:data1\" content=\"1 minutt\" \/>\n<script type=\"application\/ld+json\" class=\"yoast-schema-graph\">{\"@context\":\"https:\/\/schema.org\",\"@graph\":[{\"@type\":\"WebPage\",\"@id\":\"https:\/\/staging.forenteforlag.no\/forlaget\/forfatter\/peter-butenschon\/\",\"url\":\"https:\/\/staging.forenteforlag.no\/forlaget\/forfatter\/peter-butenschon\/\",\"name\":\"Peter Butensch\u00f8n - Forlaget Press\",\"isPartOf\":{\"@id\":\"https:\/\/staging.forenteforlag.no\/forlaget\/#website\"},\"primaryImageOfPage\":{\"@id\":\"https:\/\/staging.forenteforlag.no\/forlaget\/forfatter\/peter-butenschon\/#primaryimage\"},\"image\":{\"@id\":\"https:\/\/staging.forenteforlag.no\/forlaget\/forfatter\/peter-butenschon\/#primaryimage\"},\"thumbnailUrl\":\"https:\/\/staging.forenteforlag.no\/forlaget\/wp-content\/uploads\/sites\/3\/2025\/02\/peter-butenschon-scaled-1.jpg\",\"datePublished\":\"2024-12-10T19:34:19+00:00\",\"dateModified\":\"2025-05-30T11:23:09+00:00\",\"breadcrumb\":{\"@id\":\"https:\/\/staging.forenteforlag.no\/forlaget\/forfatter\/peter-butenschon\/#breadcrumb\"},\"inLanguage\":\"nb-NO\",\"potentialAction\":[{\"@type\":\"ReadAction\",\"target\":[\"https:\/\/staging.forenteforlag.no\/forlaget\/forfatter\/peter-butenschon\/\"]}]},{\"@type\":\"ImageObject\",\"inLanguage\":\"nb-NO\",\"@id\":\"https:\/\/staging.forenteforlag.no\/forlaget\/forfatter\/peter-butenschon\/#primaryimage\",\"url\":\"https:\/\/staging.forenteforlag.no\/forlaget\/wp-content\/uploads\/sites\/3\/2025\/02\/peter-butenschon-scaled-1.jpg\",\"contentUrl\":\"https:\/\/staging.forenteforlag.no\/forlaget\/wp-content\/uploads\/sites\/3\/2025\/02\/peter-butenschon-scaled-1.jpg\",\"width\":1371,\"height\":1920},{\"@type\":\"BreadcrumbList\",\"@id\":\"https:\/\/staging.forenteforlag.no\/forlaget\/forfatter\/peter-butenschon\/#breadcrumb\",\"itemListElement\":[{\"@type\":\"ListItem\",\"position\":1,\"name\":\"Hjem\",\"item\":\"https:\/\/staging.forenteforlag.no\/forlaget\/\"},{\"@type\":\"ListItem\",\"position\":2,\"name\":\"Peter Butensch\u00f8n\"}]},{\"@type\":\"WebSite\",\"@id\":\"https:\/\/staging.forenteforlag.no\/forlaget\/#website\",\"url\":\"https:\/\/staging.forenteforlag.no\/forlaget\/\",\"name\":\"Forlaget Press\",\"description\":\"\",\"publisher\":{\"@id\":\"https:\/\/staging.forenteforlag.no\/forlaget\/#organization\"},\"potentialAction\":[{\"@type\":\"SearchAction\",\"target\":{\"@type\":\"EntryPoint\",\"urlTemplate\":\"https:\/\/staging.forenteforlag.no\/forlaget\/?s={search_term_string}\"},\"query-input\":{\"@type\":\"PropertyValueSpecification\",\"valueRequired\":true,\"valueName\":\"search_term_string\"}}],\"inLanguage\":\"nb-NO\"},{\"@type\":\"Organization\",\"@id\":\"https:\/\/staging.forenteforlag.no\/forlaget\/#organization\",\"name\":\"Forlaget Press\",\"url\":\"https:\/\/staging.forenteforlag.no\/forlaget\/\",\"logo\":{\"@type\":\"ImageObject\",\"inLanguage\":\"nb-NO\",\"@id\":\"https:\/\/staging.forenteforlag.no\/forlaget\/#\/schema\/logo\/image\/\",\"url\":\"https:\/\/staging.forenteforlag.no\/forlaget\/wp-content\/uploads\/sites\/3\/2024\/09\/Press_logo.svg\",\"contentUrl\":\"https:\/\/staging.forenteforlag.no\/forlaget\/wp-content\/uploads\/sites\/3\/2024\/09\/Press_logo.svg\",\"width\":100,\"height\":100,\"caption\":\"Forlaget Press\"},\"image\":{\"@id\":\"https:\/\/staging.forenteforlag.no\/forlaget\/#\/schema\/logo\/image\/\"},\"sameAs\":[\"https:\/\/www.facebook.com\/Forlagetpress\"]}]}<\/script>\n<!-- \/ Yoast SEO plugin. -->","yoast_head_json":{"title":"Peter Butensch\u00f8n - Forlaget Press","robots":{"index":"noindex","follow":"follow","max-snippet":"max-snippet:-1","max-image-preview":"max-image-preview:large","max-video-preview":"max-video-preview:-1"},"og_locale":"nb_NO","og_type":"article","og_title":"Peter Butensch\u00f8n - Forlaget Press","og_description":"Peter Butensch\u00f8n er s\u00e6rlig kjent som arkitekturskribent og kritiker og som tidligere fast arkitekturmedarbeider i Dagbladet. Han har ogs\u00e5 v\u00e6rt redakt\u00f8r av tidsskriftet Byggekunst, prosjektsjef og daglig leder for IN&#8217;BY, r\u00e5dgiver i Kulturdepartementet. Han tok initiativet til opprettelsen av, og var mellom 1992\u20132002, direkt\u00f8r for institusjonen Norsk Form, et senter for arkitektur, design og bygningsmilj\u00f8. [&hellip;]","og_url":"https:\/\/staging.forenteforlag.no\/forlaget\/forfatter\/peter-butenschon\/","og_site_name":"Forlaget Press","article_publisher":"https:\/\/www.facebook.com\/Forlagetpress","article_modified_time":"2025-05-30T11:23:09+00:00","og_image":[{"width":1371,"height":1920,"url":"https:\/\/staging.forenteforlag.no\/forlaget\/wp-content\/uploads\/sites\/3\/2025\/02\/peter-butenschon-scaled-1.jpg","type":"image\/jpeg"}],"twitter_card":"summary_large_image","twitter_misc":{"Ansl. lesetid":"1 minutt"},"schema":{"@context":"https:\/\/schema.org","@graph":[{"@type":"WebPage","@id":"https:\/\/staging.forenteforlag.no\/forlaget\/forfatter\/peter-butenschon\/","url":"https:\/\/staging.forenteforlag.no\/forlaget\/forfatter\/peter-butenschon\/","name":"Peter Butensch\u00f8n - Forlaget Press","isPartOf":{"@id":"https:\/\/staging.forenteforlag.no\/forlaget\/#website"},"primaryImageOfPage":{"@id":"https:\/\/staging.forenteforlag.no\/forlaget\/forfatter\/peter-butenschon\/#primaryimage"},"image":{"@id":"https:\/\/staging.forenteforlag.no\/forlaget\/forfatter\/peter-butenschon\/#primaryimage"},"thumbnailUrl":"https:\/\/staging.forenteforlag.no\/forlaget\/wp-content\/uploads\/sites\/3\/2025\/02\/peter-butenschon-scaled-1.jpg","datePublished":"2024-12-10T19:34:19+00:00","dateModified":"2025-05-30T11:23:09+00:00","breadcrumb":{"@id":"https:\/\/staging.forenteforlag.no\/forlaget\/forfatter\/peter-butenschon\/#breadcrumb"},"inLanguage":"nb-NO","potentialAction":[{"@type":"ReadAction","target":["https:\/\/staging.forenteforlag.no\/forlaget\/forfatter\/peter-butenschon\/"]}]},{"@type":"ImageObject","inLanguage":"nb-NO","@id":"https:\/\/staging.forenteforlag.no\/forlaget\/forfatter\/peter-butenschon\/#primaryimage","url":"https:\/\/staging.forenteforlag.no\/forlaget\/wp-content\/uploads\/sites\/3\/2025\/02\/peter-butenschon-scaled-1.jpg","contentUrl":"https:\/\/staging.forenteforlag.no\/forlaget\/wp-content\/uploads\/sites\/3\/2025\/02\/peter-butenschon-scaled-1.jpg","width":1371,"height":1920},{"@type":"BreadcrumbList","@id":"https:\/\/staging.forenteforlag.no\/forlaget\/forfatter\/peter-butenschon\/#breadcrumb","itemListElement":[{"@type":"ListItem","position":1,"name":"Hjem","item":"https:\/\/staging.forenteforlag.no\/forlaget\/"},{"@type":"ListItem","position":2,"name":"Peter Butensch\u00f8n"}]},{"@type":"WebSite","@id":"https:\/\/staging.forenteforlag.no\/forlaget\/#website","url":"https:\/\/staging.forenteforlag.no\/forlaget\/","name":"Forlaget Press","description":"","publisher":{"@id":"https:\/\/staging.forenteforlag.no\/forlaget\/#organization"},"potentialAction":[{"@type":"SearchAction","target":{"@type":"EntryPoint","urlTemplate":"https:\/\/staging.forenteforlag.no\/forlaget\/?s={search_term_string}"},"query-input":{"@type":"PropertyValueSpecification","valueRequired":true,"valueName":"search_term_string"}}],"inLanguage":"nb-NO"},{"@type":"Organization","@id":"https:\/\/staging.forenteforlag.no\/forlaget\/#organization","name":"Forlaget Press","url":"https:\/\/staging.forenteforlag.no\/forlaget\/","logo":{"@type":"ImageObject","inLanguage":"nb-NO","@id":"https:\/\/staging.forenteforlag.no\/forlaget\/#\/schema\/logo\/image\/","url":"https:\/\/staging.forenteforlag.no\/forlaget\/wp-content\/uploads\/sites\/3\/2024\/09\/Press_logo.svg","contentUrl":"https:\/\/staging.forenteforlag.no\/forlaget\/wp-content\/uploads\/sites\/3\/2024\/09\/Press_logo.svg","width":100,"height":100,"caption":"Forlaget Press"},"image":{"@id":"https:\/\/staging.forenteforlag.no\/forlaget\/#\/schema\/logo\/image\/"},"sameAs":["https:\/\/www.facebook.com\/Forlagetpress"]}]}},"_links":{"self":[{"href":"https:\/\/staging.forenteforlag.no\/forlaget\/wp-json\/wp\/v2\/forfatter\/23026","targetHints":{"allow":["GET"]}}],"collection":[{"href":"https:\/\/staging.forenteforlag.no\/forlaget\/wp-json\/wp\/v2\/forfatter"}],"about":[{"href":"https:\/\/staging.forenteforlag.no\/forlaget\/wp-json\/wp\/v2\/types\/forfatter"}],"wp:featuredmedia":[{"embeddable":true,"href":"https:\/\/staging.forenteforlag.no\/forlaget\/wp-json\/wp\/v2\/media\/23027"}],"wp:attachment":[{"href":"https:\/\/staging.forenteforlag.no\/forlaget\/wp-json\/wp\/v2\/media?parent=23026"}],"curies":[{"name":"wp","href":"https:\/\/api.w.org\/{rel}","templated":true}]}}