{"id":23011,"date":"2024-12-10T20:34:09","date_gmt":"2024-12-10T19:34:09","guid":{"rendered":"https:\/\/staging.forenteforlag.no\/forfatter\/undefined-jon-kalman-stefansson\/"},"modified":"2025-08-19T10:32:47","modified_gmt":"2025-08-19T08:32:47","slug":"jon-kalman-stefansson","status":"publish","type":"forfatter","link":"https:\/\/staging.forenteforlag.no\/forlaget\/forfatter\/jon-kalman-stefansson\/","title":{"rendered":"J\u00f3n Kalman Stef\u00e1nsson"},"content":{"rendered":"<p>J\u00f3n Kalman Stef\u00e1nsson (f. 1963) er en av Islands st\u00f8rste n\u00e5levende forfattere, og en favoritt blant kritikere og lesere b\u00e5de i Norden og internasjonalt.<\/p>\n<p>Med romanen <em>Sommerlys<\/em>, og s\u00e5 kommer natten n\u00e5dde den tidligere poeten for alvor ut til brede lesergrupper, og Stef\u00e1nssons store internasjonale gjennombrudd kom s\u00e5 med den enest\u00e5ende trilogien om Gutten. B\u00f8kene hans er i dag oversatt til 27 spr\u00e5k. Stef\u00e1nsson har blitt nominert til Nordisk r\u00e5ds litteraturpris fire ganger i alt, og i 2017 ble han nominert til den prestisjefylte Man Booker International Prize. Han har vunnet P.O. Enquistprisen og Den store islandske litteraturprisen.<\/p>\n","protected":false},"featured_media":23012,"template":"","class_list":["post-23011","forfatter","type-forfatter","status-publish","has-post-thumbnail","hentry"],"acf":[],"yoast_head":"<!-- This site is optimized with the Yoast SEO plugin v26.6 - https:\/\/yoast.com\/wordpress\/plugins\/seo\/ -->\n<title>J\u00f3n Kalman Stef\u00e1nsson - Forlaget Press<\/title>\n<meta name=\"robots\" content=\"noindex, follow, max-snippet:-1, max-image-preview:large, max-video-preview:-1\" \/>\n<meta property=\"og:locale\" content=\"nb_NO\" \/>\n<meta property=\"og:type\" content=\"article\" \/>\n<meta property=\"og:title\" content=\"J\u00f3n Kalman Stef\u00e1nsson - Forlaget Press\" \/>\n<meta property=\"og:description\" content=\"J\u00f3n Kalman Stef\u00e1nsson (f. 1963) er en av Islands st\u00f8rste n\u00e5levende forfattere, og en favoritt blant kritikere og lesere b\u00e5de i Norden og internasjonalt. Med romanen Sommerlys, og s\u00e5 kommer natten n\u00e5dde den tidligere poeten for alvor ut til brede lesergrupper, og Stef\u00e1nssons store internasjonale gjennombrudd kom s\u00e5 med den enest\u00e5ende trilogien om Gutten. B\u00f8kene [&hellip;]\" \/>\n<meta property=\"og:url\" content=\"https:\/\/staging.forenteforlag.no\/forlaget\/forfatter\/jon-kalman-stefansson\/\" \/>\n<meta property=\"og:site_name\" content=\"Forlaget Press\" \/>\n<meta property=\"article:publisher\" content=\"https:\/\/www.facebook.com\/Forlagetpress\" \/>\n<meta property=\"article:modified_time\" content=\"2025-08-19T08:32:47+00:00\" \/>\n<meta property=\"og:image\" content=\"https:\/\/staging.forenteforlag.no\/forlaget\/wp-content\/uploads\/sites\/3\/2025\/02\/j-n-kalman-stef-nsson.jpg\" \/>\n\t<meta property=\"og:image:width\" content=\"709\" \/>\n\t<meta property=\"og:image:height\" content=\"1063\" \/>\n\t<meta property=\"og:image:type\" content=\"image\/jpeg\" \/>\n<meta name=\"twitter:card\" content=\"summary_large_image\" \/>\n<meta name=\"twitter:label1\" content=\"Ansl. lesetid\" \/>\n\t<meta name=\"twitter:data1\" content=\"1 minutt\" \/>\n<script type=\"application\/ld+json\" class=\"yoast-schema-graph\">{\"@context\":\"https:\/\/schema.org\",\"@graph\":[{\"@type\":\"WebPage\",\"@id\":\"https:\/\/staging.forenteforlag.no\/forlaget\/forfatter\/jon-kalman-stefansson\/\",\"url\":\"https:\/\/staging.forenteforlag.no\/forlaget\/forfatter\/jon-kalman-stefansson\/\",\"name\":\"J\u00f3n Kalman Stef\u00e1nsson - Forlaget Press\",\"isPartOf\":{\"@id\":\"https:\/\/staging.forenteforlag.no\/forlaget\/#website\"},\"primaryImageOfPage\":{\"@id\":\"https:\/\/staging.forenteforlag.no\/forlaget\/forfatter\/jon-kalman-stefansson\/#primaryimage\"},\"image\":{\"@id\":\"https:\/\/staging.forenteforlag.no\/forlaget\/forfatter\/jon-kalman-stefansson\/#primaryimage\"},\"thumbnailUrl\":\"https:\/\/staging.forenteforlag.no\/forlaget\/wp-content\/uploads\/sites\/3\/2025\/02\/j-n-kalman-stef-nsson.jpg\",\"datePublished\":\"2024-12-10T19:34:09+00:00\",\"dateModified\":\"2025-08-19T08:32:47+00:00\",\"breadcrumb\":{\"@id\":\"https:\/\/staging.forenteforlag.no\/forlaget\/forfatter\/jon-kalman-stefansson\/#breadcrumb\"},\"inLanguage\":\"nb-NO\",\"potentialAction\":[{\"@type\":\"ReadAction\",\"target\":[\"https:\/\/staging.forenteforlag.no\/forlaget\/forfatter\/jon-kalman-stefansson\/\"]}]},{\"@type\":\"ImageObject\",\"inLanguage\":\"nb-NO\",\"@id\":\"https:\/\/staging.forenteforlag.no\/forlaget\/forfatter\/jon-kalman-stefansson\/#primaryimage\",\"url\":\"https:\/\/staging.forenteforlag.no\/forlaget\/wp-content\/uploads\/sites\/3\/2025\/02\/j-n-kalman-stef-nsson.jpg\",\"contentUrl\":\"https:\/\/staging.forenteforlag.no\/forlaget\/wp-content\/uploads\/sites\/3\/2025\/02\/j-n-kalman-stef-nsson.jpg\",\"width\":709,\"height\":1063,\"caption\":\"J\u00f3n Kalman Stef\u00e1nsson. \u00cd vinnustofu sinni \u00ed Mosfellsb\u00e6 \u00ed j\u00fal\u00ed 2017. Lj\u00f3smyndari: Einar Falur Ing\u00f3lfsson. einarfalur@gmail.com. Tel: (+354) 669 1206\"},{\"@type\":\"BreadcrumbList\",\"@id\":\"https:\/\/staging.forenteforlag.no\/forlaget\/forfatter\/jon-kalman-stefansson\/#breadcrumb\",\"itemListElement\":[{\"@type\":\"ListItem\",\"position\":1,\"name\":\"Hjem\",\"item\":\"https:\/\/staging.forenteforlag.no\/forlaget\/\"},{\"@type\":\"ListItem\",\"position\":2,\"name\":\"J\u00f3n Kalman Stef\u00e1nsson\"}]},{\"@type\":\"WebSite\",\"@id\":\"https:\/\/staging.forenteforlag.no\/forlaget\/#website\",\"url\":\"https:\/\/staging.forenteforlag.no\/forlaget\/\",\"name\":\"Forlaget Press\",\"description\":\"\",\"publisher\":{\"@id\":\"https:\/\/staging.forenteforlag.no\/forlaget\/#organization\"},\"potentialAction\":[{\"@type\":\"SearchAction\",\"target\":{\"@type\":\"EntryPoint\",\"urlTemplate\":\"https:\/\/staging.forenteforlag.no\/forlaget\/?s={search_term_string}\"},\"query-input\":{\"@type\":\"PropertyValueSpecification\",\"valueRequired\":true,\"valueName\":\"search_term_string\"}}],\"inLanguage\":\"nb-NO\"},{\"@type\":\"Organization\",\"@id\":\"https:\/\/staging.forenteforlag.no\/forlaget\/#organization\",\"name\":\"Forlaget Press\",\"url\":\"https:\/\/staging.forenteforlag.no\/forlaget\/\",\"logo\":{\"@type\":\"ImageObject\",\"inLanguage\":\"nb-NO\",\"@id\":\"https:\/\/staging.forenteforlag.no\/forlaget\/#\/schema\/logo\/image\/\",\"url\":\"https:\/\/staging.forenteforlag.no\/forlaget\/wp-content\/uploads\/sites\/3\/2024\/09\/Press_logo.svg\",\"contentUrl\":\"https:\/\/staging.forenteforlag.no\/forlaget\/wp-content\/uploads\/sites\/3\/2024\/09\/Press_logo.svg\",\"width\":100,\"height\":100,\"caption\":\"Forlaget Press\"},\"image\":{\"@id\":\"https:\/\/staging.forenteforlag.no\/forlaget\/#\/schema\/logo\/image\/\"},\"sameAs\":[\"https:\/\/www.facebook.com\/Forlagetpress\"]}]}<\/script>\n<!-- \/ Yoast SEO plugin. -->","yoast_head_json":{"title":"J\u00f3n Kalman Stef\u00e1nsson - Forlaget Press","robots":{"index":"noindex","follow":"follow","max-snippet":"max-snippet:-1","max-image-preview":"max-image-preview:large","max-video-preview":"max-video-preview:-1"},"og_locale":"nb_NO","og_type":"article","og_title":"J\u00f3n Kalman Stef\u00e1nsson - Forlaget Press","og_description":"J\u00f3n Kalman Stef\u00e1nsson (f. 1963) er en av Islands st\u00f8rste n\u00e5levende forfattere, og en favoritt blant kritikere og lesere b\u00e5de i Norden og internasjonalt. Med romanen Sommerlys, og s\u00e5 kommer natten n\u00e5dde den tidligere poeten for alvor ut til brede lesergrupper, og Stef\u00e1nssons store internasjonale gjennombrudd kom s\u00e5 med den enest\u00e5ende trilogien om Gutten. B\u00f8kene [&hellip;]","og_url":"https:\/\/staging.forenteforlag.no\/forlaget\/forfatter\/jon-kalman-stefansson\/","og_site_name":"Forlaget Press","article_publisher":"https:\/\/www.facebook.com\/Forlagetpress","article_modified_time":"2025-08-19T08:32:47+00:00","og_image":[{"width":709,"height":1063,"url":"https:\/\/staging.forenteforlag.no\/forlaget\/wp-content\/uploads\/sites\/3\/2025\/02\/j-n-kalman-stef-nsson.jpg","type":"image\/jpeg"}],"twitter_card":"summary_large_image","twitter_misc":{"Ansl. lesetid":"1 minutt"},"schema":{"@context":"https:\/\/schema.org","@graph":[{"@type":"WebPage","@id":"https:\/\/staging.forenteforlag.no\/forlaget\/forfatter\/jon-kalman-stefansson\/","url":"https:\/\/staging.forenteforlag.no\/forlaget\/forfatter\/jon-kalman-stefansson\/","name":"J\u00f3n Kalman Stef\u00e1nsson - Forlaget Press","isPartOf":{"@id":"https:\/\/staging.forenteforlag.no\/forlaget\/#website"},"primaryImageOfPage":{"@id":"https:\/\/staging.forenteforlag.no\/forlaget\/forfatter\/jon-kalman-stefansson\/#primaryimage"},"image":{"@id":"https:\/\/staging.forenteforlag.no\/forlaget\/forfatter\/jon-kalman-stefansson\/#primaryimage"},"thumbnailUrl":"https:\/\/staging.forenteforlag.no\/forlaget\/wp-content\/uploads\/sites\/3\/2025\/02\/j-n-kalman-stef-nsson.jpg","datePublished":"2024-12-10T19:34:09+00:00","dateModified":"2025-08-19T08:32:47+00:00","breadcrumb":{"@id":"https:\/\/staging.forenteforlag.no\/forlaget\/forfatter\/jon-kalman-stefansson\/#breadcrumb"},"inLanguage":"nb-NO","potentialAction":[{"@type":"ReadAction","target":["https:\/\/staging.forenteforlag.no\/forlaget\/forfatter\/jon-kalman-stefansson\/"]}]},{"@type":"ImageObject","inLanguage":"nb-NO","@id":"https:\/\/staging.forenteforlag.no\/forlaget\/forfatter\/jon-kalman-stefansson\/#primaryimage","url":"https:\/\/staging.forenteforlag.no\/forlaget\/wp-content\/uploads\/sites\/3\/2025\/02\/j-n-kalman-stef-nsson.jpg","contentUrl":"https:\/\/staging.forenteforlag.no\/forlaget\/wp-content\/uploads\/sites\/3\/2025\/02\/j-n-kalman-stef-nsson.jpg","width":709,"height":1063,"caption":"J\u00f3n Kalman Stef\u00e1nsson. \u00cd vinnustofu sinni \u00ed Mosfellsb\u00e6 \u00ed j\u00fal\u00ed 2017. Lj\u00f3smyndari: Einar Falur Ing\u00f3lfsson. einarfalur@gmail.com. Tel: (+354) 669 1206"},{"@type":"BreadcrumbList","@id":"https:\/\/staging.forenteforlag.no\/forlaget\/forfatter\/jon-kalman-stefansson\/#breadcrumb","itemListElement":[{"@type":"ListItem","position":1,"name":"Hjem","item":"https:\/\/staging.forenteforlag.no\/forlaget\/"},{"@type":"ListItem","position":2,"name":"J\u00f3n Kalman Stef\u00e1nsson"}]},{"@type":"WebSite","@id":"https:\/\/staging.forenteforlag.no\/forlaget\/#website","url":"https:\/\/staging.forenteforlag.no\/forlaget\/","name":"Forlaget Press","description":"","publisher":{"@id":"https:\/\/staging.forenteforlag.no\/forlaget\/#organization"},"potentialAction":[{"@type":"SearchAction","target":{"@type":"EntryPoint","urlTemplate":"https:\/\/staging.forenteforlag.no\/forlaget\/?s={search_term_string}"},"query-input":{"@type":"PropertyValueSpecification","valueRequired":true,"valueName":"search_term_string"}}],"inLanguage":"nb-NO"},{"@type":"Organization","@id":"https:\/\/staging.forenteforlag.no\/forlaget\/#organization","name":"Forlaget Press","url":"https:\/\/staging.forenteforlag.no\/forlaget\/","logo":{"@type":"ImageObject","inLanguage":"nb-NO","@id":"https:\/\/staging.forenteforlag.no\/forlaget\/#\/schema\/logo\/image\/","url":"https:\/\/staging.forenteforlag.no\/forlaget\/wp-content\/uploads\/sites\/3\/2024\/09\/Press_logo.svg","contentUrl":"https:\/\/staging.forenteforlag.no\/forlaget\/wp-content\/uploads\/sites\/3\/2024\/09\/Press_logo.svg","width":100,"height":100,"caption":"Forlaget Press"},"image":{"@id":"https:\/\/staging.forenteforlag.no\/forlaget\/#\/schema\/logo\/image\/"},"sameAs":["https:\/\/www.facebook.com\/Forlagetpress"]}]}},"_links":{"self":[{"href":"https:\/\/staging.forenteforlag.no\/forlaget\/wp-json\/wp\/v2\/forfatter\/23011","targetHints":{"allow":["GET"]}}],"collection":[{"href":"https:\/\/staging.forenteforlag.no\/forlaget\/wp-json\/wp\/v2\/forfatter"}],"about":[{"href":"https:\/\/staging.forenteforlag.no\/forlaget\/wp-json\/wp\/v2\/types\/forfatter"}],"wp:featuredmedia":[{"embeddable":true,"href":"https:\/\/staging.forenteforlag.no\/forlaget\/wp-json\/wp\/v2\/media\/23012"}],"wp:attachment":[{"href":"https:\/\/staging.forenteforlag.no\/forlaget\/wp-json\/wp\/v2\/media?parent=23011"}],"curies":[{"name":"wp","href":"https:\/\/api.w.org\/{rel}","templated":true}]}}